{"id":2991,"date":"2025-04-14T07:44:58","date_gmt":"2025-04-14T05:44:58","guid":{"rendered":"https:\/\/twp-strafrecht.de\/?page_id=2991"},"modified":"2025-08-25T11:52:17","modified_gmt":"2025-08-25T09:52:17","slug":"auslieferung-tuerkei-2025-rechtliche-einschaetzung-verteidigung-in-hamburg","status":"publish","type":"page","link":"https:\/\/defenza.de\/de_de\/auslieferung-tuerkei-2025-rechtliche-einschaetzung-verteidigung-in-hamburg\/","title":{"rendered":"Auslieferung T\u00fcrkei 2025 \u2013 Rechtliche Einsch\u00e4tzung &#038; Verteidigung in Hamburg"},"content":{"rendered":"<p>[et_pb_section fb_built=&#8220;1&#8243; disabled_on=&#8220;off|on|on&#8220; admin_label=&#8220;Hero Section&#8220; _builder_version=&#8220;4.16&#8243; custom_padding=&#8220;0|0px|0px|0px&#8220; global_colors_info=&#8220;{}&#8220;][et_pb_row use_custom_gutter=&#8220;on&#8220; make_equal=&#8220;on&#8220; _builder_version=&#8220;4.16&#8243; width=&#8220;100%&#8220; max_width=&#8220;100%&#8220; custom_padding=&#8220;0px|0|0px|&#8220; use_custom_width=&#8220;on&#8220; width_unit=&#8220;off&#8220; custom_width_percent=&#8220;100%&#8220; global_colors_info=&#8220;{}&#8220;][et_pb_column type=&#8220;4_4&#8243; _builder_version=&#8220;4.16&#8243; custom_padding=&#8220;200px|4%|200px|8%&#8220; custom_padding_tablet=&#8220;60px|10%|60px|10%&#8220; custom_padding_phone=&#8220;&#8220; custom_padding_last_edited=&#8220;on|tablet&#8220; global_colors_info=&#8220;{}&#8220; padding_tablet=&#8220;60px|10%|60px|10%&#8220; padding_last_edited=&#8220;on|tablet&#8220; custom_padding__hover=&#8220;|||&#8220; padding_phone=&#8220;60px|10%|60px|10%&#8220;][et_pb_image src=&#8220;https:\/\/defenza.de\/wp-content\/uploads\/2021\/05\/IMG_2732-2-scaled.jpg&#8220; alt=&#8220;Rechtsanw\u00e4lt*innen&#8220; title_text=&#8220;G\u00fcl Pinar \/ Arne Weller \/ Andreas Thiel&#8220; align_tablet=&#8220;center&#8220; align_phone=&#8220;&#8220; align_last_edited=&#8220;on|desktop&#8220; disabled_on=&#8220;off|on|on&#8220; _builder_version=&#8220;4.16&#8243; max_width=&#8220;600px&#8220; max_width_tablet=&#8220;&#8220; max_width_phone=&#8220;&#8220; max_width_last_edited=&#8220;on|desktop&#8220; custom_margin=&#8220;|||-8%&#8220; custom_margin_tablet=&#8220;60px|60px|60px|60px&#8220; custom_margin_phone=&#8220;0px|0px|0px|0px|false|false&#8220; custom_margin_last_edited=&#8220;on|phone&#8220; custom_padding=&#8220;|||&#8220; animation_style=&#8220;slide&#8220; animation_direction=&#8220;right&#8220; animation_intensity_slide=&#8220;4%&#8220; animation_starting_opacity=&#8220;50%&#8220; box_shadow_style=&#8220;preset3&#8243; box_shadow_blur=&#8220;80px&#8220; global_colors_info=&#8220;{}&#8220;][\/et_pb_image][\/et_pb_column][\/et_pb_row][\/et_pb_section][et_pb_section fb_built=&#8220;1&#8243; admin_label=&#8220;Hero Section&#8220; _builder_version=&#8220;4.16&#8243; custom_padding=&#8220;0|0px|0px|0px&#8220; global_colors_info=&#8220;{}&#8220;][et_pb_row column_structure=&#8220;1_2,1_2&#8243; use_custom_gutter=&#8220;on&#8220; make_equal=&#8220;on&#8220; _builder_version=&#8220;4.16&#8243; width=&#8220;100%&#8220; max_width=&#8220;100%&#8220; custom_padding=&#8220;0px|0px|0px|||&#8220; use_custom_width=&#8220;on&#8220; width_unit=&#8220;off&#8220; custom_width_percent=&#8220;100%&#8220; global_colors_info=&#8220;{}&#8220;][et_pb_column type=&#8220;1_2&#8243; _builder_version=&#8220;4.16&#8243; custom_padding=&#8220;200px|4%|200px|8%&#8220; custom_padding_tablet=&#8220;60px|10%|60px|10%&#8220; custom_padding_phone=&#8220;&#8220; custom_padding_last_edited=&#8220;on|tablet&#8220; global_colors_info=&#8220;{}&#8220; padding_tablet=&#8220;60px|10%|60px|10%&#8220; padding_last_edited=&#8220;on|tablet&#8220; custom_padding__hover=&#8220;|||&#8220; padding_phone=&#8220;60px|10%|60px|10%&#8220;][et_pb_text _builder_version=&#8220;4.16&#8243; header_font=&#8220;Nunito||||||||&#8220; header_3_font=&#8220;Karla|700||on|||||&#8220; header_3_text_color=&#8220;#b51f1f&#8220; header_3_font_size=&#8220;16px&#8220; header_3_letter_spacing=&#8220;1px&#8220; transform_scale=&#8220;100%|100%&#8220; background_layout=&#8220;dark&#8220; custom_margin=&#8220;0px||20px||false|false&#8220; custom_margin_tablet=&#8220;&#8220; custom_margin_phone=&#8220;-60px||||false|false&#8220; custom_margin_last_edited=&#8220;on|phone&#8220; locked=&#8220;off&#8220; global_colors_info=&#8220;{}&#8220;]<\/p>\n<h3><\/h3>\n<p>[\/et_pb_text][et_pb_divider color=&#8220;#b51f1e&#8220; divider_weight=&#8220;2px&#8220; _builder_version=&#8220;4.16&#8243; transform_scale=&#8220;100%|100%&#8220; max_width=&#8220;150px&#8220; module_alignment=&#8220;right&#8220; height=&#8220;2px&#8220; custom_margin=&#8220;|||&#8220; custom_padding=&#8220;|-60px||&#8220; custom_padding_tablet=&#8220;|0px||&#8220; custom_padding_last_edited=&#8220;off|desktop&#8220; locked=&#8220;off&#8220; global_colors_info=&#8220;{}&#8220;][\/et_pb_divider][et_pb_text _builder_version=&#8220;4.27.4&#8243; hover_enabled=&#8220;0&#8243; locked=&#8220;off&#8220; global_colors_info=&#8220;{}&#8220; sticky_enabled=&#8220;0&#8243;]<\/p>\n<h1>Auslieferung T\u00fcrkei \u2013 T\u00fcrkischsprachiger Rechtsbeistand, rechtliche Einsch\u00e4tzung &amp; Verteidigung in Hamburg<\/h1>\n<p style=\"text-align: left;\"><span style=\"font-weight: 400;\">Die Anw\u00e4lte unserer Kanzlei f\u00fcr Strafrecht in Hamburg beraten und vertreten Verfolgte bundesweit in Auslieferungsverfahren mit Bezug zur T\u00fcrkei. Wir vertreten, wenn eine Auslieferung in die T\u00fcrkei droht, also wenn die Justizbeh\u00f6rden der Republik T\u00fcrkei sich mit einem Auslieferungsersuchen an die deutschen Beh\u00f6rden gewandt haben, aus der T\u00fcrkei bei Interpol eine Red Notice ver\u00f6ffentlicht ist oder auf dieser Grundlage schon ein Auslieferungshaftbefehl ergangen ist. Aber auch bei Auslieferungsverfahren aus der T\u00fcrkei nach Deutschland stehen wir als deutsche Anw\u00e4lte des Verteidigerteams beratend zu Seite. Nach einer Auslieferung nach Deutschland zum Zwecke der Strafverfolgung sind wir \u2013 insbesondere bei BtM-Vorw\u00fcrfen \u2013 regelm\u00e4\u00dfig auch in dem folgenden Strafverfahren als Strafverteidiger t\u00e4tig.<\/span><\/p>\n<p style=\"text-align: left;\"><span style=\"font-weight: 400;\">Mit Rechtsanw\u00e4ltin G\u00fcl Pinar steht Ihnen ein erfahrener und auf Auslieferungsverfahren spezialisierter Anwalt zur Seite, der das Rechtssystem der T\u00fcrkei kennt und Sie auch auf T\u00fcrkisch ber\u00e4t.<\/span><\/p>\n<p>[\/et_pb_text][et_pb_text _builder_version=&#8220;4.27.4&#8243; header_2_font=&#8220;Conneqt Bold|||||on|||&#8220; header_2_text_color=&#8220;#666666&#8243; header_2_font_size=&#8220;20px&#8220; hover_enabled=&#8220;0&#8243; locked=&#8220;off&#8220; global_colors_info=&#8220;{}&#8220; sticky_enabled=&#8220;0&#8243;]<\/p>\n<h2 style=\"text-align: left;\">Auslieferungsabkommen T\u00fcrkei<\/h2>\n<p style=\"text-align: left;\"><span style=\"font-weight: 400;\">Die Grundlage f\u00fcr Auslieferungen zwischen Deutschland und der Republik T\u00fcrkei bildet das Europ\u00e4ische Auslieferungs\u00fcbereinkommen von 1957 (EuAl\u00dcbk), dem neben Deutschland auch die T\u00fcrkei beigetreten ist. Nach Art. 1 des EuAl\u00dcbk ist eine Auslieferung verpflichtend, wenn das Auslieferungsersuchen den Vorgaben des Abkommens entspricht. Nach dem deutschen Recht sind bei Auslieferungen zudem die Vorschriften des Gesetzes \u00fcber die internationale Rechtshilfe in Strafsachen (IRG) einschl\u00e4gig.<\/span><\/p>\n<p style=\"text-align: left;\"><span style=\"font-weight: 400;\">Grunds\u00e4tzlich ist eine Auslieferung an die Republik T\u00fcrkei zum Zwecke der Strafverfolgung oder zum Zwecke der Strafvollstreckung rechtlich m\u00f6glich. D.h., dass sowohl Deutschland als auch die T\u00fcrkei den jeweils anderen Staat zum einen darum ersuchen k\u00f6nnen, eine bestimmte Person auszuliefern, um ein Strafverfahren gegen diese durchzuf\u00fchren. Zum anderen kann ein Auslieferungsersuche ergehen, wenn eine Person bereits in dem jeweiligen Staat verurteilt worden ist, die bereits verh\u00e4ngte Strafe gegen diese aber noch zu vollstrecken ist. Eigene Staatsangeh\u00f6rige liefern beide Staaten aber nicht aus.<\/span><\/p>\n<p>[\/et_pb_text][et_pb_text _builder_version=&#8220;4.27.4&#8243; header_2_font=&#8220;Conneqt Bold|||||on|||&#8220; header_2_text_color=&#8220;#666666&#8243; header_2_font_size=&#8220;20px&#8220; hover_enabled=&#8220;0&#8243; locked=&#8220;off&#8220; global_colors_info=&#8220;{}&#8220; sticky_enabled=&#8220;0&#8243;]<\/p>\n<h2 style=\"text-align: left;\">Auslieferungsverfahren, Interpol Red Notice und Auslieferungshaft<\/h2>\n<p style=\"text-align: left;\"><span style=\"font-weight: 400;\">Ein Auslieferungsverfahren beginnt in der Regel mit einem Auslieferungsersuchen des sog. ersuchenden Staates. Dieses wird auf diplomatischem Weg an den sog. ersuchten Staat \u00fcbermittelt, der sodann \u2013 nach Einzelfallpr\u00fcfung \u2013 einen Auslieferungshaftbefehl erlassen kann. Regelm\u00e4\u00dfig wird den Betroffenen erst bei ihrer Verhaftung bekannt, dass sie von einem anderen Staat f\u00fcr die Zwecke der Strafverfolgung oder f\u00fcr die Zwecke der Strafvollstreckung gesucht werden. Das kann zum einen der Fall sein, wenn ein Auslieferungshaftbefehl erlassen wurde. Zum anderen kann bei INTERPOL eine sog. Red Notice, also eine internationale Fahndungsmeldung auf Antrag des ersuchenden Staates erstellt worden sein. Auf Grundlage einer solchen Red Notice kann dann wiederum ein Auslieferungshaftbefehl von den deutschen Gerichten erlassen werden.<\/span><\/p>\n<p style=\"text-align: left;\"><span style=\"font-weight: 400;\">Bei einer Festnahme in Deutschland wegen eines Internationalen Haftbefehls, eines Auslieferungshaftbefehls oder einer Interpol Red Notice droht immer Auslieferungshaft. Wenn eine Auslieferung an die T\u00fcrkei im Einzelfall als rechtlich zul\u00e4ssig erscheint, kann das zust\u00e4ndige Oberlandesgericht die (zun\u00e4chst) vorl\u00e4ufige Auslieferungshaft anordnen. Meistens ist der Haftgrund, dass die Gefahr besteht, dass der Verfolgte sich dem Auslieferungsverfahren oder der Durchf\u00fchrung der Auslieferung entziehen werde (\u00a7 15 Abs. 1 Nr. 1 IRG).<\/span><\/p>\n<p style=\"text-align: left;\"><span style=\"font-weight: 400;\">Gegen einen Auslieferungshaftbefehl kann man juristisch vorgehen. Die im Auslieferungsrecht spezialisierten Anw\u00e4lte unserer Kanzlei erreichen immer wieder entweder die Aufhebung eines Auslieferungshaftbefehls oder zumindest die Au\u00dfervollzugsetzung (\u201eVerschonung\u201c). Entscheidend ist eine sorgf\u00e4ltige Pr\u00fcfung des Einzelfalls.<\/span><\/p>\n<p>[\/et_pb_text][et_pb_text _builder_version=&#8220;4.27.4&#8243; header_2_font=&#8220;Conneqt Bold|||||on|||&#8220; header_2_text_color=&#8220;#666666&#8243; header_2_font_size=&#8220;20px&#8220; hover_enabled=&#8220;0&#8243; locked=&#8220;off&#8220; global_colors_info=&#8220;{}&#8220; sticky_enabled=&#8220;0&#8243;]<\/p>\n<h2 style=\"text-align: left;\">Auslieferungshindernisse bei einer Auslieferung in die T\u00fcrkei<\/h2>\n<p style=\"text-align: left;\"><span style=\"font-weight: 400;\">H\u00e4ufig wird ein Auslieferungshaftbefehl aufgehoben, weil ein Auslieferungshindernis vorliegt. Betreffend die T\u00fcrkei wurde ein Auslieferungshindernis schon bei Bedenken hinsichtlich der Rechtsstaatlichkeit, der Wahrung der Menschenrechte und wegen problematischer Haftbedingungen in der T\u00fcrkei angenommen. Aber auch ein Versto\u00df gegen das Doppelbestrafungsverbot, den sog. ne bis in idem-Grundsatz kann Grund daf\u00fcr sein, dass eine Auslieferung unzul\u00e4ssig ist. Dass bspw. Drogen aus der T\u00fcrkei ausgef\u00fchrt und in ein anderes Land eingef\u00fchrt werden, kann dazu f\u00fchren, dass sowohl die T\u00fcrkei, als auch das andere Land ein Strafverfahren gegen den Betroffenen einleitet.<\/span><\/p>\n<p style=\"text-align: left;\"><span style=\"font-weight: 400;\">Im Hinblick auf die T\u00fcrkei gab und gibt es immer wieder politische Entwicklungen, die sich auch auf die justiziellen Umst\u00e4nde vor Ort auswirken \u2013 und damit auch auf die Frage, ob eine Auslieferung in die T\u00fcrkei rechtlich zul\u00e4ssig ist oder nicht. Denn nach \u00a7 73 S. 1 IRG ist die Leistung von Rechtshilfe unzul\u00e4ssig, wenn sie wesentlichen Grunds\u00e4tzen der deutschen Rechtsprechung widersprechen w\u00fcrde. Dazu geh\u00f6rt auch, wenn eine Verletzung des Grundrechts auf ein faires Verfahren (Art. 6 EMRK) oder menschenunw\u00fcrdige Haftbedingungen (Art. 3 EMRK) drohen. Dass solche nicht drohen, m\u00fcssen die t\u00fcrkischen Justizbeh\u00f6rden im Einzelfall verbindlich zusichern.<\/span><\/p>\n<p style=\"text-align: left;\"><span style=\"font-weight: 400;\">Das Bundesverfassungsgericht hat auch vorgegeben, dass Oberlandesgerichte vor der Entscheidung \u00fcber die Zul\u00e4ssigkeit einer Auslieferung bestimmte Umst\u00e4nde wie die konkrete Gefahr politischer Verfolgung (vgl. Art. 3 EUAusl\u00dcbk) oder die Praktikabilit\u00e4t bspw. von zugesicherten Haftbedingungen schriftlich abkl\u00e4ren lassen m\u00fcssen. Hierzu werden \u00fcber die Justizbeh\u00f6rden Fragenkataloge an den jeweils ersuchenden Staat gesandt, die bspw. auch danach fragen, in welchem Gef\u00e4ngnis jemand dort untergebracht werden w\u00fcrde, wie gro\u00df die Haftzelle dort ist und mit wie vielen Personen belegt diese sein w\u00fcrde. Au\u00dferdem ist die medizinische Versorgung vor Ort und \u2013 in den F\u00e4llen der Auslieferung f\u00fcr die Zwecke der Strafverfolgung \u2013 die Frage, ob der Verfolgte in den ersuchenden Staat pers\u00f6nlich an einer gerichtlichen Hauptverhandlung gegen sich teilnehmen kann, immer wieder Thema.<\/span><\/p>\n<p style=\"text-align: left;\"><span style=\"font-weight: 400;\">Diese Zusicherungen werden von der jeweils zust\u00e4ndigen Generalstaatsanwaltschaft \u00fcber die nationalen Justizbeh\u00f6rden bzw. Botschaften angefordert. Wenn derartige konkret formulierte Ausk\u00fcnfte durch den jeweils ersuchenden Staat \u2013 innerhalb einer bestimmten Frist \u2013 nicht erteilt werden, kann die Auslieferung von dem Oberlandesgericht f\u00fcr unzul\u00e4ssig erkl\u00e4rt werden.<\/span><\/p>\n<p>[\/et_pb_text][et_pb_text _builder_version=&#8220;4.27.4&#8243; header_2_font=&#8220;Conneqt Bold|||||on|||&#8220; header_2_text_color=&#8220;#666666&#8243; header_2_font_size=&#8220;20px&#8220; hover_enabled=&#8220;0&#8243; locked=&#8220;off&#8220; global_colors_info=&#8220;{}&#8220; sticky_enabled=&#8220;0&#8243;]<\/p>\n<h2 style=\"text-align: left;\">Rechtliche Lage zu Auslieferungen in die T\u00fcrkei<\/h2>\n<p style=\"text-align: left;\"><span style=\"font-weight: 400;\">Es gibt mittlerweile immer wieder Entscheidungen sowohl der Oberlandesgerichte, als auch des Bundesverfassungsgerichts, wonach eine Auslieferung in die T\u00fcrkei unzul\u00e4ssig ist. Ausschlaggebend waren regelm\u00e4\u00dfig die unzureichenden Haftbedingungen sowie die fehlende Garantie prozessualer Mindestrechte in der T\u00fcrkei. In vielen F\u00e4llen bleibt die Verfassungsbeschwerde das letzte effektive Mittel, um eine Auslieferung in letzter Instanz zu verhindern.<\/span><\/p>\n<p style=\"text-align: left;\"><span style=\"font-weight: 400;\">Insbesondere in Folge des Putschversuches in der T\u00fcrkei am 15.07.2016 gab es (negative) Auswirkungen auf die menschenrechtliche Situation in der T\u00fcrkei. Auslieferungen wurden auf Grund dessen wegen eines angenommenen Auslieferungshindernisses immer wieder f\u00fcr unzul\u00e4ssig erkl\u00e4rt. Das OLG Frankfurt a.M. hat in einem Beschluss vom 12.05.2017 (Az. 2 Ausl A 76\/15) die Zul\u00e4ssigkeitsvoraussetzungen f\u00fcr eine Auslieferung in die T\u00fcrkei dahingehend konkretisiert, dass \u201ekonkret Zusicherungen zu EMRK-konformen Haftbedingungen, zum Verbot der Folter und unmenschlicher Behandlung, zur Rechtsstaatlichkeit des Verfahrens sowie zu Besuchsrechten der deutschen Auslandsvertretungen abgegeben werden\u201c m\u00fcssen. Au\u00dferdem ist die Haftanstalt, in welche ein Beschuldigter verbracht werden soll, namentlich zu benennen. \u00c4hnlich hatte schon das KG Berlin mit Beschluss vom 17.01.2017 (Az. (4) 151 AuslA 11\/16 (10\/17)) entschieden und zu den Inhalten der von der T\u00fcrkei abzugebenden, v\u00f6lkerrechtlich verbindlichen Zusicherungen ausgef\u00fchrt:<\/span><\/p>\n<ul style=\"text-align: left;\">\n<li style=\"font-weight: 400;\" aria-level=\"1\"><span style=\"font-weight: 400;\">Angabe der &#8211; in einer Entfernung von maximal 250 Kilometern zur Deutschen Botschaft oder zu einem Deutschen (General-)Konsulat befindlichen &#8211; Haftanstalt (genaue namentliche Bezeichnung der Haftanstalt), in die der Verfolgte nach erfolgter Auslieferung aufgenommen und in der er w\u00e4hrend der Dauer des Freiheitsentzugs inhaftiert sein wird;<\/span><\/li>\n<li style=\"font-weight: 400;\" aria-level=\"1\"><span style=\"font-weight: 400;\">Zusicherung, dass die r\u00e4umliche Unterbringung und die sonstige Gestaltung der Haftbedingungen in dieser Haftanstalt den europ\u00e4ischen Mindeststandards entsprechen und den H\u00e4ftlingen dort keine unmenschliche oder erniedrigende Strafe oder Behandlung im Sinne von Art. 3 EMRK droht;<\/span><\/li>\n<li style=\"font-weight: 400;\" aria-level=\"1\"><span style=\"font-weight: 400;\">Beschreibung der Haftbedingungen in der namentlich benannten Haftanstalt, insbesondere im Hinblick auf: Zahl der Haftpl\u00e4tze, Gesamtzahl der Gefangenen, Anzahl, Gr\u00f6\u00dfe und Ausstattung der Haftr\u00e4ume (insbesondere auch Angaben zu Fenstern, Frischluftzufuhr und Heizung), Belegung der Haftr\u00e4ume, Ausstattung der Haftanstalt mit sanit\u00e4ren Einrichtungen, Verpflegungsbedingungen, Art und Bedingungen des Zugangs der H\u00e4ftlinge zu medizinischer Versorgung;<\/span><\/li>\n<li style=\"font-weight: 400;\" aria-level=\"1\"><span style=\"font-weight: 400;\">Zusicherung, dass Besuche durch diplomatische oder konsularische Vertreter der Bundesrepublik Deutschland beim Verfolgten w\u00e4hrend der Dauer seiner Inhaftierung auch unangek\u00fcndigt &#8211; m\u00f6glich sind.<\/span><\/li>\n<\/ul>\n<p style=\"text-align: left;\">\n<p style=\"text-align: left;\"><span style=\"font-weight: 400;\">Das OLG Celle hat in seinem Beschluss vom 02.06.2017 (Az. 2 AR (Ausl) 44\/17) zun\u00e4chst betont, dass die Auslieferung eines Verfolgten zum Zwecke der Strafverfolgung und Strafvollstreckung in die T\u00fcrkei trotz der dortigen politischen Lage zu diesem Zeitpunkt nicht grunds\u00e4tzlich unzul\u00e4ssig sei; es k\u00f6nne aber nicht ausgeschlossen werden, dass die dortigen Haftbedingungen den in Art. 3 EMRK verankerten menschenrechtlichen Mindestanforderungen widersprechen.\u00a0 Auch die Bef\u00fcrchtung, dass der Verfolgte als mutma\u00dflicher Anh\u00e4nger der \u201eG\u00fclen-Bewegung\u201c in der T\u00fcrkei kein faires Verfahren erhalten werde, wurde bspw. von dem OLG Karlsruhe (Beschluss vom 19.10.2018 (Az. Ausl 301 AR 134\/18)) gesehen und eine weitere Aufkl\u00e4rung angemahnt.<\/span><\/p>\n<p style=\"text-align: left;\"><span style=\"font-weight: 400;\">Nach dem Jahr 2020 hat sich die oberlandesgerichtliche Rechtsprechung dann allerdings bei Verfahren \u201ehinsichtlich allgemeiner Kriminalit\u00e4t\u201c recht einheitlich (wieder) dahingehend ge\u00e4ndert, dass \u201edie Besorgnis, dass f\u00fcr Verfolgte in der T\u00fcrkei die Garantie eines fairen Verfahrens nicht mehr besteht\u201c. So hat es das OLG Karlsruhe mit Beschluss vom 29.12.2020 (Az. 301 AR 198\/20) und auch das OLG Bremen mit Beschluss vom 03.01.2022 (Az. 1 Ausl A 28\/20) entschieden. Das OLG Bremen hat eine Auslieferung in die T\u00fcrkei f\u00fcr zul\u00e4ssig erkl\u00e4rt, weil den Bedenken im Hinblick auf die dortigen Haftbedingungen durch die Zusicherung EMRK-konformer Haftbedingungen begegnet werden k\u00f6nne. Auch aktuell hat das OLG Brandenburg in einem Beschluss vom 23.01.2025 (Az. 2 OAus 26\/24) die v\u00f6lkerrechtlich verbindliche Zusicherung der Republik T\u00fcrkei, dass die dortigen Haftbedingungen des Verfolgten den Anforderungen nach Art. 3 EMRK entsprechen, er im Sinne dieser Regelung keiner Folter oder unmenschlicher oder erniedrigender Behandlung unterworfen sein wird und die zust\u00e4ndige deutsche Auslandsvertretung die M\u00f6glichkeit hat, den Verfolgten zu besuchen und sich vor Ort \u00fcber die bestehenden Verh\u00e4ltnisse zu informieren, als belastbar angesehen.<\/span><\/p>\n<p style=\"text-align: left;\"><span style=\"font-weight: 400;\">Auch angesichts der aktuellen politischen und menschenrechtlichen Situation in der T\u00fcrkei k\u00f6nnte man \u2013 unseres Erachtens nach \u2013 eine Auslieferung dorthin als unzul\u00e4ssig erachten: <\/span><a href=\"https:\/\/verfassungsblog.de\/falsches-vertrauen\/\"><span style=\"font-weight: 400;\">https:\/\/verfassungsblog.de\/falsches-vertrauen\/<\/span><\/a><\/p>\n<p style=\"text-align: left;\"><span style=\"font-weight: 400;\">Wenn es um in der T\u00fcrkei drohende \u201eBlutrache\u201c geht, hat in j\u00fcngerer Zeit das OLG Brandenburg mit Beschluss vom 02.09.2024 (Az. 1 OAus 26\/24) entschieden, dass dies grunds\u00e4tzlich kein Hindernis f\u00fcr eine Auslieferung in die T\u00fcrkei ist. Das OLG Karlsruhe hatte schon acht Jahre zuvor dazu aufgef\u00fchrt, wann bei \u201eBlutrache\u201c eine Auslieferung unzul\u00e4ssig sein kann: <\/span><i><span style=\"font-weight: 400;\">\u201eDem Verfolgten im Wege der \u201eBlutrache\u201c drohende Repressalien k\u00f6nnen zur Unzul\u00e4ssigkeit einer Auslieferung f\u00fchren, wenn davon auszugehen ist, dass der ersuchende Staat die k\u00f6rperliche Integrit\u00e4t des Verfolgten innerhalb der Haft nicht wirksam zu sch\u00fctzen vermag.\u201c<\/span><\/i><\/p>\n<p style=\"text-align: left;\"><span style=\"font-weight: 400;\">Insgesamt setzt die Rechtsprechung zu Auslieferungen in die T\u00fcrkei in den letzten Jahren zunehmend h\u00f6here Ma\u00dfst\u00e4be insbesondere an die Zusicherungen der t\u00fcrkischen Justizbeh\u00f6rden. Allerdings ist insbesondere die derzeitige politische und justizielle Situation in der T\u00fcrkei kein Grund f\u00fcr die deutsche Justiz, eine Auslieferung dorthin f\u00fcr unzul\u00e4ssig zu erkl\u00e4ren. So hat es j\u00fcngst das Hanseatische Oberlandesgericht in einem Beschluss vom 06.08.2025 ausdr\u00fccklich \u2013 auf unser entsprechendes Vorbringen \u2013 erkl\u00e4rt. Im Auslieferungsverfahren hatten wir auf die insbesondere seit M\u00e4rz 2025 zu beobachtende Entwicklung in der T\u00fcrkei mit \u2013 wie Medienberichten zu entnehmen ist \u2013 zahlreichen Festnahmen hingewiesen. Das HansOLG hat insofern <\/span><i><span style=\"font-weight: 400;\">im Bereich der allgemeinen Kriminalit\u00e4t<\/span><\/i><span style=\"font-weight: 400;\"> keinen Grund gesehen, in der Unabh\u00e4ngigkeit der Gerichte zu Zweifeln.<\/span><\/p>\n<p>[\/et_pb_text][et_pb_text _builder_version=&#8220;4.27.4&#8243; header_2_font=&#8220;Conneqt Bold|||||on|||&#8220; header_2_text_color=&#8220;#666666&#8243; header_2_font_size=&#8220;20px&#8220; hover_enabled=&#8220;0&#8243; locked=&#8220;off&#8220; global_colors_info=&#8220;{}&#8220; sticky_enabled=&#8220;0&#8243;]<\/p>\n<h2 style=\"text-align: left;\">Verfassungsbeschwerde und Rechtsprechung des Bundesverfassungsgerichts<\/h2>\n<p style=\"text-align: left;\"><span style=\"font-weight: 400;\">Wenn das zust\u00e4ndige Oberlandesgericht eine Auslieferung f\u00fcr zul\u00e4ssig erkl\u00e4rt, gibt es dagegen kein Rechtsmittel mehr. Es kann nur noch das Bundesverfassungsgericht angerufen werden, d.h. eine Verfassungsbeschwerde erhoben und ggfs. ein Antrag auf einstweiligen Rechtsschutz gestellt werden. Insbesondere zu Auslieferungen in die T\u00fcrkei gibt es immer wieder erfolgreiche Verfassungsbeschwerden:<\/span><\/p>\n<p>[\/et_pb_text][et_pb_accordion _builder_version=&#8220;4.27.4&#8243; _module_preset=&#8220;default&#8220; global_colors_info=&#8220;{}&#8220;][et_pb_accordion_item title=&#8220;Bundesverfassungsgericht, Beschluss vom 21.05.2024 (Az. 2 BvR 1694\/23)&#8220; open=&#8220;on&#8220; _builder_version=&#8220;4.27.4&#8243; _module_preset=&#8220;default&#8220; global_colors_info=&#8220;{}&#8220;]<\/p>\n<p><span style=\"font-weight: 400;\">Das Bundesverfassungsgericht hat mit der Entscheidung vom 21.05.2024 einer Verfassungsbeschwerde gegen die Entscheidung des OLG Braunschweig \u00fcber die Zul\u00e4ssigkeit der Auslieferung eines t\u00fcrkischen Staatsangeh\u00f6rigen in die T\u00fcrkei \u00fcberwiegend stattgegeben. Der Verfolgte war in der T\u00fcrkei zu einer langj\u00e4hrigen Freiheitsstrafe wegen Diebstahls verurteilt worden. Im Ma\u00dfregelvollzug in Deutschland unternahm er im Januar 2023 einen Suizidversuch mit schweren Verbrennungen. Trotz seiner bekannten Suizidalit\u00e4t erachtete das Oberlandesgericht Braunschweig die Auslieferung in die T\u00fcrkei f\u00fcr zul\u00e4ssig und ordnete die Fortdauer der Auslieferungshaft an.<\/span><\/p>\n<p><span style=\"font-weight: 400;\">Auf die hiergegen erhobene Verfassungsbeschwerde entschied das Bundesverfassungsgericht, dass der Beschwerdef\u00fchrer in seinem Recht auf effektiven Rechtsschutz gem\u00e4\u00df Artikel 19 Abs. 4 Grundgesetz verletzt wurde, da das Oberlandesgericht nicht ausreichend pr\u00fcfte, ob Pr\u00e4ventionsma\u00dfnahmen gegen einen weiteren Suizidversuch erforderlich sind. Das Bundesverfassungsgericht betont die Verpflichtung der deutschen Gerichte, alle relevanten Tatsachen umfassend aufzukl\u00e4ren und insbesondere die Menschenrechte und Behandlungsm\u00f6glichkeiten des Verfolgten nach einer m\u00f6glichen \u00dcberstellung zu pr\u00fcfen. Die t\u00fcrkischen Zusicherungen zur Haftbedingungen in der JVA Yalva\u00e7 und psychologischen Betreuung seien im zu entscheidenden Fall nicht ausreichend konkret belegt worden. Aus \u00e4rztlicher Sicht sei die weitere gesundheitliche Gef\u00e4hrdung des Verfolgten.\u00a0<\/span><\/p>\n<p><span style=\"font-weight: 400;\">Das Bundesverfassungsgericht ordnete daraufhin eine einstweilige Aussetzung der Auslieferung an. Die Sache wurde zur weiteren Pr\u00fcfung an das Oberlandesgericht zur\u00fcckverwiesen.<\/span><\/p>\n<p>[\/et_pb_accordion_item][et_pb_accordion_item title=&#8220;Bundesverfassungsgericht, Beschluss vom 18.12.2023 (Az. 2 BvR 1368\/23)&#8220; open=&#8220;off&#8220; _builder_version=&#8220;4.27.4&#8243; _module_preset=&#8220;default&#8220; global_colors_info=&#8220;{}&#8220;]<\/p>\n<p><span style=\"font-weight: 400;\">Der Verfolgte wurde von der Republik T\u00fcrkei wegen bandenm\u00e4\u00dfigen Handeltreibens mit Kokain gesucht. Laut erteilter Zusicherung sollte er nach einer \u00dcberstellung in einer Haftanstalt untergebracht werden, die den europ\u00e4ischen Menschenrechtsstandards entspricht.\u00a0<\/span><\/p>\n<p><span style=\"font-weight: 400;\">Das Bundesverfassungsgericht bem\u00e4ngelte allerdings, dass das Oberlandesgericht Celle nicht ausreichend gepr\u00fcft hat, ob der Beschwerdef\u00fchrer bzw. Verfolgte im t\u00fcrkischen Strafverfahren pers\u00f6nlich vor Gericht anwesend sein kann oder nur mittels Videokonferenz teilnehmen m\u00fcsste. Die Rechtsprechung des Europ\u00e4ischen Gerichtshofs f\u00fcr Menschenrechte erlaubt zwar Videounterst\u00fctzung, doch nur unter der Voraussetzung, dass das Recht auf ein faires Verfahren und eine echte Teilhabe gew\u00e4hrleistet sind.<\/span><\/p>\n<p><span style=\"font-weight: 400;\">Das Bundesverfassungsgericht forderte daher eine detaillierte Kl\u00e4rung der tats\u00e4chlichen Verfahrensbedingungen, insbesondere der Nutzung und Zuverl\u00e4ssigkeit der Videotechnik sowie der M\u00f6glichkeit zu vertraulicher Kommunikation mit dem Verteidiger. Es wies darauf hin, dass pers\u00f6nliche Anwesenheit im Gerichtssaal ein fundamentales rechtsstaatliches Element ist und nicht durch eine blo\u00dfe Video\u00fcbertragung ersetzt werden darf, wenn die effektive Teilnahme darunter leidet.<\/span><\/p>\n<p>[\/et_pb_accordion_item][et_pb_accordion_item title=&#8220;Bundesverfassungsgericht, Beschluss vom 03.08.2023 (Az. 2 BvR 1838\/22)&#8220; _builder_version=&#8220;4.27.4&#8243; _module_preset=&#8220;default&#8220; global_colors_info=&#8220;{}&#8220; open=&#8220;off&#8220;]<\/p>\n<p><span style=\"font-weight: 400;\">Auf die Verfassungsbeschwerde eines t\u00fcrkischen Staatsangeh\u00f6rigen gegen den Beschluss des OLG Naumburgs vom 16.08.2022 (Az. 1 AR 112\/22), mit dem seine Auslieferung in die T\u00fcrkei f\u00fcr zul\u00e4ssig erkl\u00e4rt worden war, hat das Bundesverfassungsgericht diesen aufgehoben und die Sache zur\u00fcckverwiesen. Das Auslieferungsersuchen zum Zwecke der Strafverfolgung hatte auf einem Abwesenheitsurteil wegen Totschlags beruht.<\/span><\/p>\n<p><span style=\"font-weight: 400;\">Das Gericht bem\u00e4ngelte, dass das Oberlandesgericht Naumburg nicht ausreichend gepr\u00fcft hatte, ob die Auslieferung mit deutschen Grundrechten sowie dem verbindlichen v\u00f6lkerrechtlichen Mindeststandard vereinbar ist. Insbesondere fehlte eine belastbare Zusicherung der T\u00fcrkei, dass der Beschwerdef\u00fchrer eine Wiederaufnahme des Verfahrens mit effektiver Verteidigungsm\u00f6glichkeit erh\u00e4lt.<\/span><\/p>\n<p><span style=\"font-weight: 400;\">Das Bundesverfassungsgericht betont in seiner Entscheidung, dass deutscher Rechtsschutz bei Auslieferungen nicht nur formell, sondern substantiell sein muss und deutsche Gerichte verpflichtet sind, die Grundrechtswahrung in der ersuchenden Justiz kritisch zu hinterfragen. Der blo\u00dfe Verweis auf die t\u00fcrkische Rechtslage reiche nicht aus. Das Bundesverfassungsgericht hob daher die oberlandesgerichtliche Zul\u00e4ssigkeitsentscheidung auf und verlangte eine detaillierte Nachpr\u00fcfung.<\/span><\/p>\n<p>[\/et_pb_accordion_item][et_pb_accordion_item title=&#8220;Bundesverfassungsgericht, Beschluss vom 30.03.2022 (Az. 2 BvR 2069\/21)&#8220; _builder_version=&#8220;4.27.4&#8243; _module_preset=&#8220;default&#8220; global_colors_info=&#8220;{}&#8220; open=&#8220;off&#8220;]<\/p>\n<p><span style=\"font-weight: 400;\">Das Oberlandesgerichts Hamm hatte die Auslieferung eines t\u00fcrkischen Staatsangeh\u00f6rigen f\u00fcr die Zwecke der Strafverfolgung in die T\u00fcrkei f\u00fcr zul\u00e4ssig erkl\u00e4rt. Dem Auslieferungsersuchen zugrunde lag der Vorwurf des Totschlags. Der Verfolgte war in Italien als Fl\u00fcchtling anerkannt.\u00a0<\/span><\/p>\n<p><span style=\"font-weight: 400;\">Das Bundesverfassungsgericht stellte in seiner Entscheidung vom 30.03.2022 eine Verletzung des Beschwerdef\u00fchrers in seinem Grundrecht aus Art. 101 Abs. 1 S. 2 Grundgesetz fest. Das OLG Hamm habe die Frage, ob die Anerkennung als Fl\u00fcchtling durch die italienischen Beh\u00f6rden f\u00fcr das Auslieferungsverfahren in Deutschland verbindlich ist, nicht dem Europ\u00e4ischen Gerichtshof (EuGH) vorgelegt. Dies begr\u00fcnde eine Verletzung des Beschwerdef\u00fchrer in seinem Recht auf den gesetzlichen Richter (Art. 101 Abs. 1 Satz 2 GG) und ist eine Pflichtverletzung nach Art. 267 Abs. 3 AEUV.<\/span><\/p>\n<p><span style=\"font-weight: 400;\">In der Entscheidung wird darauf hingewiesen, dass Deutschland die unionsrechtliche Pflicht hat, die italienische Anerkennung als Fl\u00fcchtling bei der Auslieferungsentscheidung zu beachten. Eine Auslieferung w\u00e4re unzul\u00e4ssig, solange die Fl\u00fcchtlingseigenschaft besteht, weil sie einen Schutz vor politischer Verfolgung bedeutet (Genfer Fl\u00fcchtlingskonvention). Der EuGH muss kl\u00e4ren, wie diese Anerkennung im Auslieferungsverfahren zu ber\u00fccksichtigen ist.<\/span><\/p>\n<p><span style=\"font-weight: 400;\">Zudem pr\u00fcfte das BVerfG, dass keine hinreichenden Anhaltspunkte f\u00fcr eine tats\u00e4chliche politische Verfolgung vorl\u00e4gen und die t\u00fcrkischen Beh\u00f6rden Zusicherungen zum fairen Verfahren gemacht haben. Nach diesen Umst\u00e4nden bestehe allerdings kein zwingendes Auslieferungshindernis.<\/span><\/p>\n<p>[\/et_pb_accordion_item][et_pb_accordion_item title=&#8220;EuGH, Urteil vom 18.06.2024 (Az. C-352\/22)&#8220; _builder_version=&#8220;4.27.4&#8243; _module_preset=&#8220;default&#8220; global_colors_info=&#8220;{}&#8220; open=&#8220;off&#8220;]<\/p>\n<p><span style=\"font-weight: 400;\">Nachdem das OLG Hamm diese Frage dann dem Europ\u00e4ischen Gerichtshof (EuGH) zur Entscheidung vorgelegt hatte, entschied dieser am 18. Juni 2024, dass ein Drittstaatsangeh\u00f6riger, der in einem EU-Mitgliedstaat als Fl\u00fcchtling anerkannt wurde, nicht an sein Herkunftsland ausgeliefert werden darf, solange diese Anerkennung besteht. Entscheidend ist, dass der ersuchte Mitgliedstaat vor einer Auslieferung einen Informationsaustausch mit der Beh\u00f6rde des ersten Mitgliedstaats, der die Fl\u00fcchtlingseigenschaft verliehen hat, einleitet und dass diese Beh\u00f6rde die Anerkennung nicht widerrufen hat.<\/span><\/p>\n<p><span style=\"font-weight: 400;\">Der EuGH st\u00fctzt sich dabei auf den Grundsatz der Nichtzur\u00fcckweisung (non-refoulement) nach der Genfer Fl\u00fcchtlingskonvention sowie auf die Prinzipien des gegenseitigen Vertrauens und der loyalen Zusammenarbeit zwischen den EU-Mitgliedstaaten. Eine Auslieferung w\u00fcrde den Schutzmechanismus der Fl\u00fcchtlingseigenschaft unterlaufen, da ein Asylverfahren und damit verbundene Rechtsmittel in einem anderen EU-Staat notwendig sind, um den Schutzstatus aufrechtzuerhalten.<\/span><\/p>\n<p><span style=\"font-weight: 400;\">Der EuGH betont, dass die Anerkennung der Fl\u00fcchtlingseigenschaft in einem Mitgliedstaat bindend ist und nicht durch eine Auslieferung faktisch beendet werden darf, da dies einen Versto\u00df gegen EU-Grundrechte und die Charta der Grundrechte der Europ\u00e4ischen Union darstellen w\u00fcrde. Die Entscheidungen der EU-Mitgliedstaaten sind in diesem Zusammenhang eng zu koordinieren und die Rechte anerkannter Fl\u00fcchtlinge sind umfassend zu sch\u00fctzen.<\/span><\/p>\n<p>[\/et_pb_accordion_item][\/et_pb_accordion][et_pb_text _builder_version=&#8220;4.27.4&#8243; header_2_font=&#8220;Conneqt Bold|||||on|||&#8220; header_2_text_color=&#8220;#666666&#8243; header_2_font_size=&#8220;20px&#8220; hover_enabled=&#8220;0&#8243; locked=&#8220;off&#8220; global_colors_info=&#8220;{}&#8220; sticky_enabled=&#8220;0&#8243;]<\/p>\n<p style=\"text-align: left;\"><span style=\"font-weight: 400;\">Wir gehen davon aus, dass das Bundesverfassungsgericht auch 2025 wieder mit Fragen der Auslieferung in die T\u00fcrkei besch\u00e4ftigen werden. Als im Auslieferungsrecht spezialisierte Anw\u00e4lte erheben wir nat\u00fcrlich auch Verfassungsbeschwerden, wenn es erfolgsversprechend ist.<\/span><\/p>\n<p>[\/et_pb_text][et_pb_text _builder_version=&#8220;4.27.4&#8243; header_2_font=&#8220;Conneqt Bold|||||on|||&#8220; header_2_text_color=&#8220;#666666&#8243; header_2_font_size=&#8220;20px&#8220; hover_enabled=&#8220;0&#8243; locked=&#8220;off&#8220; global_colors_info=&#8220;{}&#8220; sticky_enabled=&#8220;0&#8243;]<\/p>\n<h2 style=\"text-align: left;\">T\u00fcrkischsprachiger Rechtsbeistand bei Auslieferung aus oder in die T\u00fcrkei<\/h2>\n<p style=\"text-align: left;\"><span style=\"font-weight: 400;\">Unsere Strafrechtskanzlei in Hamburg bietet rechtlichen Beistand bei drohender Auslieferung in die oder aus der T\u00fcrkei. Wir kennen die aktuelle Rechtsprechung und haben fundierte Expertise im Auslieferungsrecht sowie breite Erfahrung in Auslieferungsverfahren, mit \u00dcberstellungen und mit Verfassungsbeschwerdeverfahren vor dem Bundesverfassungsgericht.<\/span><\/p>\n<p>[\/et_pb_text][\/et_pb_column][et_pb_column type=&#8220;1_2&#8243; disabled_on=&#8220;on|off|off&#8220; _builder_version=&#8220;4.16&#8243; use_background_color_gradient=&#8220;on&#8220; background_color_gradient_stops=&#8220;rgba(18,18,18,0.5) 0%|#121212 100%&#8220; background_color_gradient_overlays_image=&#8220;on&#8220; background_color_gradient_start=&#8220;rgba(18,18,18,0.5)&#8220; background_color_gradient_end=&#8220;#121212&#8243; background_image=&#8220;https:\/\/defenza.de\/wp-content\/uploads\/2021\/05\/IMG_2732-2-scaled.jpg&#8220; custom_padding=&#8220;100px||100px|&#8220; custom_padding_tablet=&#8220;60px||60px|&#8220; custom_padding_phone=&#8220;&#8220; custom_padding_last_edited=&#8220;on|desktop&#8220; global_colors_info=&#8220;{}&#8220; padding_tablet=&#8220;60px||60px|&#8220; padding_last_edited=&#8220;on|desktop&#8220; custom_padding__hover=&#8220;|||&#8220; padding_phone=&#8220;60px||60px|&#8220;][et_pb_image src=&#8220;https:\/\/defenza.de\/wp-content\/uploads\/2021\/05\/IMG_2732-2-scaled.jpg&#8220; alt=&#8220;Rechtsanw\u00e4lt*innen&#8220; title_text=&#8220;G\u00fcl Pinar \/ Arne Weller \/ Andreas Thiel&#8220; align_tablet=&#8220;center&#8220; align_phone=&#8220;&#8220; align_last_edited=&#8220;on|desktop&#8220; disabled_on=&#8220;on|off|off&#8220; _builder_version=&#8220;4.16&#8243; max_width=&#8220;600px&#8220; max_width_tablet=&#8220;&#8220; max_width_phone=&#8220;&#8220; max_width_last_edited=&#8220;on|desktop&#8220; custom_margin=&#8220;|||-8%&#8220; custom_margin_tablet=&#8220;60px|60px|60px|60px&#8220; custom_margin_phone=&#8220;&#8220; custom_margin_last_edited=&#8220;on|desktop&#8220; custom_padding=&#8220;|||&#8220; animation_style=&#8220;slide&#8220; animation_direction=&#8220;right&#8220; animation_intensity_slide=&#8220;4%&#8220; animation_starting_opacity=&#8220;50%&#8220; box_shadow_style=&#8220;preset3&#8243; box_shadow_blur=&#8220;80px&#8220; global_colors_info=&#8220;{}&#8220;][\/et_pb_image][\/et_pb_column][\/et_pb_row][\/et_pb_section]<\/p>\n","protected":false},"excerpt":{"rendered":"<p>Auslieferung in die T\u00fcrkei 2025: rechtliche Einsch\u00e4tzung, Verteidigungsm\u00f6glichkeiten &#038; aktuelle Entwicklungen. Was Betroffene wissen sollten \u2013 mit Fokus auf Hamburg.<\/p>\n","protected":false},"author":4,"featured_media":0,"parent":0,"menu_order":0,"comment_status":"closed","ping_status":"closed","template":"","meta":{"_et_pb_use_builder":"on","_et_pb_old_content":"","_et_gb_content_width":"","om_disable_all_campaigns":false,"_monsterinsights_skip_tracking":false,"_monsterinsights_sitenote_active":false,"_monsterinsights_sitenote_note":"","_monsterinsights_sitenote_category":0,"footnotes":""},"class_list":["post-2991","page","type-page","status-publish","hentry"],"aioseo_notices":[],"_links":{"self":[{"href":"https:\/\/defenza.de\/de_de\/wp-json\/wp\/v2\/pages\/2991","targetHints":{"allow":["GET"]}}],"collection":[{"href":"https:\/\/defenza.de\/de_de\/wp-json\/wp\/v2\/pages"}],"about":[{"href":"https:\/\/defenza.de\/de_de\/wp-json\/wp\/v2\/types\/page"}],"author":[{"embeddable":true,"href":"https:\/\/defenza.de\/de_de\/wp-json\/wp\/v2\/users\/4"}],"replies":[{"embeddable":true,"href":"https:\/\/defenza.de\/de_de\/wp-json\/wp\/v2\/comments?post=2991"}],"version-history":[{"count":5,"href":"https:\/\/defenza.de\/de_de\/wp-json\/wp\/v2\/pages\/2991\/revisions"}],"predecessor-version":[{"id":3663,"href":"https:\/\/defenza.de\/de_de\/wp-json\/wp\/v2\/pages\/2991\/revisions\/3663"}],"wp:attachment":[{"href":"https:\/\/defenza.de\/de_de\/wp-json\/wp\/v2\/media?parent=2991"}],"curies":[{"name":"wp","href":"https:\/\/api.w.org\/{rel}","templated":true}]}}