{"id":3097,"date":"2025-04-28T10:34:57","date_gmt":"2025-04-28T08:34:57","guid":{"rendered":"https:\/\/twp-strafrecht.de\/?page_id=3097"},"modified":"2025-06-26T16:46:57","modified_gmt":"2025-06-26T14:46:57","slug":"europaeischer-haftbefehl","status":"publish","type":"page","link":"https:\/\/defenza.de\/de_de\/europaeischer-haftbefehl\/","title":{"rendered":"Europ\u00e4ischer Haftbefehl"},"content":{"rendered":"<p>[et_pb_section fb_built=&#8220;1&#8243; disabled_on=&#8220;off|on|on&#8220; admin_label=&#8220;Hero Section&#8220; _builder_version=&#8220;4.16&#8243; custom_padding=&#8220;0|0px|0px|0px&#8220; global_colors_info=&#8220;{}&#8220;][et_pb_row use_custom_gutter=&#8220;on&#8220; make_equal=&#8220;on&#8220; _builder_version=&#8220;4.16&#8243; width=&#8220;100%&#8220; max_width=&#8220;100%&#8220; custom_padding=&#8220;0px|0|0px|&#8220; use_custom_width=&#8220;on&#8220; width_unit=&#8220;off&#8220; custom_width_percent=&#8220;100%&#8220; global_colors_info=&#8220;{}&#8220;][et_pb_column type=&#8220;4_4&#8243; _builder_version=&#8220;4.16&#8243; custom_padding=&#8220;200px|4%|200px|8%&#8220; custom_padding_tablet=&#8220;60px|10%|60px|10%&#8220; custom_padding_phone=&#8220;&#8220; custom_padding_last_edited=&#8220;on|tablet&#8220; global_colors_info=&#8220;{}&#8220; padding_tablet=&#8220;60px|10%|60px|10%&#8220; padding_last_edited=&#8220;on|tablet&#8220; custom_padding__hover=&#8220;|||&#8220; padding_phone=&#8220;60px|10%|60px|10%&#8220;][et_pb_image src=&#8220;https:\/\/defenza.de\/wp-content\/uploads\/2021\/05\/IMG_2732-2-scaled.jpg&#8220; alt=&#8220;Rechtsanw\u00e4lt*innen&#8220; title_text=&#8220;G\u00fcl Pinar \/ Arne Weller \/ Andreas Thiel&#8220; align_tablet=&#8220;center&#8220; align_phone=&#8220;&#8220; align_last_edited=&#8220;on|desktop&#8220; disabled_on=&#8220;off|on|on&#8220; _builder_version=&#8220;4.16&#8243; max_width=&#8220;600px&#8220; max_width_tablet=&#8220;&#8220; max_width_phone=&#8220;&#8220; max_width_last_edited=&#8220;on|desktop&#8220; custom_margin=&#8220;|||-8%&#8220; custom_margin_tablet=&#8220;60px|60px|60px|60px&#8220; custom_margin_phone=&#8220;0px|0px|0px|0px|false|false&#8220; custom_margin_last_edited=&#8220;on|phone&#8220; custom_padding=&#8220;|||&#8220; animation_style=&#8220;slide&#8220; animation_direction=&#8220;right&#8220; animation_intensity_slide=&#8220;4%&#8220; animation_starting_opacity=&#8220;50%&#8220; box_shadow_style=&#8220;preset3&#8243; box_shadow_blur=&#8220;80px&#8220; global_colors_info=&#8220;{}&#8220;][\/et_pb_image][\/et_pb_column][\/et_pb_row][\/et_pb_section][et_pb_section fb_built=&#8220;1&#8243; admin_label=&#8220;Hero Section&#8220; _builder_version=&#8220;4.16&#8243; custom_padding=&#8220;0|0px|0px|0px&#8220; global_colors_info=&#8220;{}&#8220;][et_pb_row column_structure=&#8220;1_2,1_2&#8243; use_custom_gutter=&#8220;on&#8220; make_equal=&#8220;on&#8220; _builder_version=&#8220;4.16&#8243; width=&#8220;100%&#8220; max_width=&#8220;100%&#8220; custom_padding=&#8220;0px|0px|0px|||&#8220; use_custom_width=&#8220;on&#8220; width_unit=&#8220;off&#8220; custom_width_percent=&#8220;100%&#8220; global_colors_info=&#8220;{}&#8220;][et_pb_column type=&#8220;1_2&#8243; _builder_version=&#8220;4.16&#8243; custom_padding=&#8220;200px|4%|200px|8%&#8220; custom_padding_tablet=&#8220;60px|10%|60px|10%&#8220; custom_padding_phone=&#8220;&#8220; custom_padding_last_edited=&#8220;on|tablet&#8220; global_colors_info=&#8220;{}&#8220; padding_tablet=&#8220;60px|10%|60px|10%&#8220; padding_last_edited=&#8220;on|tablet&#8220; custom_padding__hover=&#8220;|||&#8220; padding_phone=&#8220;60px|10%|60px|10%&#8220;][et_pb_text _builder_version=&#8220;4.16&#8243; header_font=&#8220;Nunito||||||||&#8220; header_3_font=&#8220;Karla|700||on|||||&#8220; header_3_text_color=&#8220;#b51f1f&#8220; header_3_font_size=&#8220;16px&#8220; header_3_letter_spacing=&#8220;1px&#8220; transform_scale=&#8220;100%|100%&#8220; background_layout=&#8220;dark&#8220; custom_margin=&#8220;0px||20px||false|false&#8220; custom_margin_tablet=&#8220;&#8220; custom_margin_phone=&#8220;-60px||||false|false&#8220; custom_margin_last_edited=&#8220;on|phone&#8220; locked=&#8220;off&#8220; global_colors_info=&#8220;{}&#8220;]<\/p>\n<h3><\/h3>\n<p>[\/et_pb_text][et_pb_divider color=&#8220;#b51f1e&#8220; divider_weight=&#8220;2px&#8220; _builder_version=&#8220;4.16&#8243; transform_scale=&#8220;100%|100%&#8220; max_width=&#8220;150px&#8220; module_alignment=&#8220;right&#8220; height=&#8220;2px&#8220; custom_margin=&#8220;|||&#8220; custom_padding=&#8220;|-60px||&#8220; custom_padding_tablet=&#8220;|0px||&#8220; custom_padding_last_edited=&#8220;off|desktop&#8220; locked=&#8220;off&#8220; global_colors_info=&#8220;{}&#8220;][\/et_pb_divider][et_pb_text _builder_version=&#8220;4.21.0&#8243; header_2_font=&#8220;Conneqt Bold|||||on|||&#8220; header_2_text_color=&#8220;#666666&#8243; header_2_font_size=&#8220;20px&#8220; header_3_text_color=&#8220;#666666&#8243; header_3_font_size=&#8220;20px&#8220; locked=&#8220;off&#8220; global_colors_info=&#8220;{}&#8220;]<\/p>\n<h1>Europ\u00e4ischer Haftbefehl<\/h1>\n<p style=\"text-align: left;\"><strong><\/strong><\/p>\n<h2 style=\"text-align: left;\"><strong>Grenz\u00fcberschreitende Strafverfolgung und Rechtshilfe<\/strong><\/h2>\n<p style=\"text-align: left;\">Ein zentrales Instrument im europ\u00e4ischen Rechtshilfeverkehr ist der <strong>Europ\u00e4ische Haftbefehl (EuHb)<\/strong>, der seit 2004 die <strong>grenz\u00fcberschreitende Festnahme und \u00dcberstellung von Personen<\/strong> von einen in den anderen Staat erleichtert. Der EuHb ist mehr als nur eine Fahndungsma\u00dfnahme \u2013 er beinhaltet bereits das Ersuchen um Festnahme und \u00dcberstellung der verfolgten Person.<\/p>\n<p style=\"text-align: left;\">Die damit einhergehenden Eingriffe in die Freiheitsrechte gehen zuweilen \u00fcber die mit einem nationalen Haftbefehl verbundene Freiheitsbeschr\u00e4nkung hinaus. Denn die <strong>Vollstreckung geschieht in einem anderen Land<\/strong>, welches nicht die Ermittlungen betreibt und in aller Regel mit der Anordnung von <strong>Auslieferungshaft<\/strong> einhergeht. Neben einer Auslieferung in einen anderen EU-Mitgliedstaat drohen <strong>langwierige Haftzeiten von bis zu 120 Tagen im Vollstreckungsstaat<\/strong> und <strong>eingeschr\u00e4nkte Rechtsmittelm\u00f6glichkeiten<\/strong>, da die Gerichte des Vollstreckungsstaates den EuHb nur begrenzt \u00fcberpr\u00fcfen k\u00f6nnen. W\u00e4hrend der \u00dcberstellung bestehen zum Teil <strong>Rechtsschutzdefizite<\/strong>; es kann au\u00dferdem aufgrund von Verz\u00f6gerungen durch Rechtsmittelverfahren zu Verl\u00e4ngerungen der Auslieferungshaft kommen.<\/p>\n<p>[\/et_pb_text][et_pb_text _builder_version=&#8220;4.27.4&#8243; _module_preset=&#8220;default&#8220; custom_margin=&#8220;|||254px|false|false&#8220; hover_enabled=&#8220;0&#8243; global_colors_info=&#8220;{}&#8220; sticky_enabled=&#8220;0&#8243;]<\/p>\n<p style=\"text-align: left;\">Deutschland stellte im Jahr 2022 insgesamt 3222 Europ\u00e4ische Haftbefehle aus \u2013 so viele wie kein anderes europ\u00e4isches Land. An diesen Zahlen l\u00e4sst sich die <strong>Bedeutung des Auslieferungsrechts<\/strong> erkennen, in dem die Rechtsanw\u00e4ltinnen und Rechtsanw\u00e4lte in unserem B\u00fcro schon lange regelm\u00e4\u00dfig t\u00e4tig sind. Im Jahr 2005 wurde infolge der von Rechtsanw\u00e4ltin <a href=\"https:\/\/defenza.de\/de_de\/guel-pinar\/\">G\u00fcl Pinar<\/a> gef\u00fchrten <strong>erfolgreiche Verfassungsbeschwerde<\/strong> das damalige \u2013 erste \u2013 Gesetz zur Umsetzung des Rahmenbeschlusses \u00fcber den Europ\u00e4ischen Haftbefehl und die \u00dcbergabeverfahren zwischen den Mitgliedstaaten der Europ\u00e4ischen Union (<strong>Europ\u00e4isches Haftbefehlsgesetz &#8211; EuHbG<\/strong>) vom 21. Juli 2004 aufgrund eines Versto\u00dfes gegen Art. 2 Abs. 1 i.V.m. Art. 20 Abs. 3, Art. 16 Abs. 2 und Art. 19 Abs. 4 des GG f\u00fcr nichtig erkl\u00e4rt. Das <strong>Bundesverfassungsgericht<\/strong> hielt hierbei fest (<a href=\"https:\/\/www.bundesverfassungsgericht.de\/SharedDocs\/Entscheidungen\/DE\/2005\/07\/rs20050718_2bvr223604.html\" target=\"_blank\" rel=\"noopener\">2 BvR 2236\/04<\/a> = BVerfGE 113, 273, Rn. 65):<\/p>\n<p style=\"text-align: left;\">\u201e[\u2026] B\u00fcrger [sollen] nicht gegen ihren Willen aus der ihnen vertrauten Rechtsordnung entfernt werden. Jeder Staatsangeh\u00f6rige soll &#8211; soweit er sich im Staatsgebiet aufh\u00e4lt &#8211; vor den Unsicherheiten einer Aburteilung unter einem ihm fremden Rechtssystem und in f\u00fcr ihn schwer durchschaubaren fremden Verh\u00e4ltnissen bewahrt werden [\u2026].\u201c<\/p>\n<p style=\"text-align: left;\">Doch auch in aktuelleren Entwicklungen l\u00e4sst sich erkennen, dass in der Rechtsprechung hierzu noch zahlreiche Unklarheiten bestehen. <a href=\"https:\/\/curia.europa.eu\/juris\/document\/document.jsf;jsessionid=4B3E8A3D7D8BAE1CBB9343719D62D4F5?text=&amp;docid=214466&amp;pageIndex=0&amp;doclang=de&amp;mode=lst&amp;dir=&amp;occ=first&amp;part=1&amp;cid=6843723\" target=\"_blank\" rel=\"noopener\">2019 entschied der <strong>Europ\u00e4ische Gerichtshof (EuGH)<\/strong><\/a> infolge eines Vorabentscheidungsersuchens nach Art. 267 AEUV, dass die deutsche Staatsanwaltschaft nicht die Anforderungen einer unabh\u00e4ngigen Justizbeh\u00f6rde gem\u00e4\u00df Art. 6 Abs. 1 des Rahmenbeschlusses zum EuHb erf\u00fcllte. Grund war, dass sie potenziell <a href=\"https:\/\/verfassungsblog.de\/frei-aber-nicht-unabhangig\/\" target=\"_blank\" rel=\"noopener\">Weisungen durch die Exekutive unterliegen<\/a>. Daher d\u00fcrfen Staatsanw\u00e4lte und Staatsanw\u00e4ltinnen in Deutschland derzeit keine Europ\u00e4ischen Haftbefehle ausstellen \u2013 dies obliegt allein unabh\u00e4ngigen Justizbeh\u00f6rden. Das Thema ist <strong>aktuell<\/strong> immer noch <strong>Gegenstand der rechtspolitischen Diskussion<\/strong>; im Jahr 2024 hat das <strong>Bundesjustizministerium<\/strong> diesbez\u00fcglich einen <strong><a href=\"https:\/\/www.bmj.de\/SharedDocs\/Downloads\/DE\/Gesetzgebung\/RefE\/RefE_Unabhaengigkeit_Staatsanwaltschaften.pdf?__blob=publicationFile&amp;v=3\" target=\"_blank\" rel=\"noopener\">Gesetzentwurf<\/a> vorgelegt<\/strong>.<\/p>\n<p style=\"text-align: left;\">Auch dar\u00fcber hinaus ist das Recht der internationalen Rechtshilfe in Strafsachen im Zuge der <strong>\u201eEffektivierung\u201c der Bek\u00e4mpfung grenz\u00fcberschreitender Kriminalit\u00e4t<\/strong> in Bewegung. Bspw. werden die M\u00f6glichkeiten der Sicherung und Herausgabe elektronischer Beweismittel innerhalb der EU, also insbesondere \u00fcber L\u00e4ndergrenzen hinaus, neu geregelt (sog. <a href=\"https:\/\/eur-lex.europa.eu\/legal-content\/DE\/TXT\/PDF\/?uri=CELEX:32023R1543\" target=\"_blank\" rel=\"noopener\">E-Evidence-Verordnung<\/a>). Auch im Bereich der <a href=\"https:\/\/defenza.de\/de_de\/btmg-mimosa-hostilis\/\">Verm\u00f6gensabsch\u00f6pfung<\/a> soll die <strong>grenz\u00fcberschreitende Zusammenarbeit der Strafverfolgungsbeh\u00f6rden<\/strong> \u201everbessert\u201c, d.h. die Absch\u00f6pfung und Einziehung von Verm\u00f6genswerten \u2013 noch weiter \u2013 erleichtert werden. Die <a href=\"https:\/\/eur-lex.europa.eu\/legal-content\/DE\/TXT\/PDF\/?uri=OJ:L_202401260\" target=\"_blank\" rel=\"noopener\">entsprechende EU-Richtlinie<\/a> ist bereits In Kraft getreten und muss bis November 2026 in nationales Recht umgesetzt werden.<\/p>\n<p>[\/et_pb_text][\/et_pb_column][et_pb_column type=&#8220;1_2&#8243; disabled_on=&#8220;on|off|off&#8220; _builder_version=&#8220;4.16&#8243; use_background_color_gradient=&#8220;on&#8220; background_color_gradient_stops=&#8220;rgba(18,18,18,0.5) 0%|#121212 100%&#8220; background_color_gradient_overlays_image=&#8220;on&#8220; background_color_gradient_start=&#8220;rgba(18,18,18,0.5)&#8220; background_color_gradient_end=&#8220;#121212&#8243; background_image=&#8220;https:\/\/defenza.de\/wp-content\/uploads\/2021\/05\/IMG_2732-2-scaled.jpg&#8220; custom_padding=&#8220;100px||100px|&#8220; custom_padding_tablet=&#8220;60px||60px|&#8220; custom_padding_phone=&#8220;&#8220; custom_padding_last_edited=&#8220;on|desktop&#8220; global_colors_info=&#8220;{}&#8220; padding_tablet=&#8220;60px||60px|&#8220; padding_last_edited=&#8220;on|desktop&#8220; custom_padding__hover=&#8220;|||&#8220; padding_phone=&#8220;60px||60px|&#8220;][et_pb_image src=&#8220;https:\/\/defenza.de\/wp-content\/uploads\/2021\/05\/IMG_2732-2-scaled.jpg&#8220; alt=&#8220;Rechtsanw\u00e4lt*innen&#8220; title_text=&#8220;G\u00fcl Pinar \/ Arne Weller \/ Andreas Thiel&#8220; align_tablet=&#8220;center&#8220; align_phone=&#8220;&#8220; align_last_edited=&#8220;on|desktop&#8220; disabled_on=&#8220;on|off|off&#8220; _builder_version=&#8220;4.16&#8243; max_width=&#8220;600px&#8220; max_width_tablet=&#8220;&#8220; max_width_phone=&#8220;&#8220; max_width_last_edited=&#8220;on|desktop&#8220; custom_margin=&#8220;|||-8%&#8220; custom_margin_tablet=&#8220;60px|60px|60px|60px&#8220; custom_margin_phone=&#8220;&#8220; custom_margin_last_edited=&#8220;on|desktop&#8220; custom_padding=&#8220;|||&#8220; animation_style=&#8220;slide&#8220; animation_direction=&#8220;right&#8220; animation_intensity_slide=&#8220;4%&#8220; animation_starting_opacity=&#8220;50%&#8220; box_shadow_style=&#8220;preset3&#8243; box_shadow_blur=&#8220;80px&#8220; global_colors_info=&#8220;{}&#8220;][\/et_pb_image][\/et_pb_column][\/et_pb_row][\/et_pb_section]<\/p>\n","protected":false},"excerpt":{"rendered":"<p>Was ist ein Europ\u00e4ischer Haftbefehl? Voraussetzungen, Ablauf &#038; Verteidigungsm\u00f6glichkeiten bei Auslieferung innerhalb der EU \u2013 erkl\u00e4rt von Anw\u00e4lt:innen f\u00fcr internationales Strafrecht.<\/p>\n","protected":false},"author":4,"featured_media":0,"parent":0,"menu_order":0,"comment_status":"closed","ping_status":"closed","template":"","meta":{"_et_pb_use_builder":"on","_et_pb_old_content":"","_et_gb_content_width":"","om_disable_all_campaigns":false,"_monsterinsights_skip_tracking":false,"_monsterinsights_sitenote_active":false,"_monsterinsights_sitenote_note":"","_monsterinsights_sitenote_category":0,"footnotes":""},"class_list":["post-3097","page","type-page","status-publish","hentry"],"aioseo_notices":[],"_links":{"self":[{"href":"https:\/\/defenza.de\/de_de\/wp-json\/wp\/v2\/pages\/3097","targetHints":{"allow":["GET"]}}],"collection":[{"href":"https:\/\/defenza.de\/de_de\/wp-json\/wp\/v2\/pages"}],"about":[{"href":"https:\/\/defenza.de\/de_de\/wp-json\/wp\/v2\/types\/page"}],"author":[{"embeddable":true,"href":"https:\/\/defenza.de\/de_de\/wp-json\/wp\/v2\/users\/4"}],"replies":[{"embeddable":true,"href":"https:\/\/defenza.de\/de_de\/wp-json\/wp\/v2\/comments?post=3097"}],"version-history":[{"count":10,"href":"https:\/\/defenza.de\/de_de\/wp-json\/wp\/v2\/pages\/3097\/revisions"}],"predecessor-version":[{"id":3383,"href":"https:\/\/defenza.de\/de_de\/wp-json\/wp\/v2\/pages\/3097\/revisions\/3383"}],"wp:attachment":[{"href":"https:\/\/defenza.de\/de_de\/wp-json\/wp\/v2\/media?parent=3097"}],"curies":[{"name":"wp","href":"https:\/\/api.w.org\/{rel}","templated":true}]}}