{"id":4129,"date":"2025-11-19T14:52:08","date_gmt":"2025-11-19T13:52:08","guid":{"rendered":"https:\/\/twp-strafrecht.de\/?page_id=4129"},"modified":"2025-12-18T16:32:52","modified_gmt":"2025-12-18T15:32:52","slug":"rechtssicherheit-schaffen-vertrauen-staerken-erfolgreich-handeln-ihre-strafrechtskanzlei-fuer-husum-und-umgebung","status":"publish","type":"page","link":"https:\/\/defenza.de\/de_de\/rechtssicherheit-schaffen-vertrauen-staerken-erfolgreich-handeln-ihre-strafrechtskanzlei-fuer-husum-und-umgebung\/","title":{"rendered":"Ihre Strafrechtskanzlei f\u00fcr Husum und Umgebung \u2013 Kompetente Verteidigung im Strafrecht"},"content":{"rendered":"<p>[et_pb_section fb_built=&#8220;1&#8243; disabled_on=&#8220;off|on|on&#8220; admin_label=&#8220;Hero Section&#8220; _builder_version=&#8220;4.16&#8243; custom_padding=&#8220;0|0px|0px|0px&#8220; global_colors_info=&#8220;{}&#8220;][et_pb_row use_custom_gutter=&#8220;on&#8220; make_equal=&#8220;on&#8220; _builder_version=&#8220;4.16&#8243; width=&#8220;100%&#8220; max_width=&#8220;100%&#8220; custom_padding=&#8220;0px|0|0px|&#8220; use_custom_width=&#8220;on&#8220; width_unit=&#8220;off&#8220; custom_width_percent=&#8220;100%&#8220; global_colors_info=&#8220;{}&#8220;][et_pb_column type=&#8220;4_4&#8243; _builder_version=&#8220;4.16&#8243; custom_padding=&#8220;200px|4%|200px|8%&#8220; custom_padding_tablet=&#8220;60px|10%|60px|10%&#8220; custom_padding_phone=&#8220;&#8220; custom_padding_last_edited=&#8220;on|tablet&#8220; global_colors_info=&#8220;{}&#8220; padding_tablet=&#8220;60px|10%|60px|10%&#8220; padding_last_edited=&#8220;on|tablet&#8220; custom_padding__hover=&#8220;|||&#8220; padding_phone=&#8220;60px|10%|60px|10%&#8220;][et_pb_image src=&#8220;https:\/\/defenza.de\/wp-content\/uploads\/2021\/05\/IMG_2752-2-scaled.jpg&#8220; alt=&#8220;Rechtsanw\u00e4lt*innen&#8220; title_text=&#8220;G\u00fcl Pinar \/ Arne Weller \/ Andreas Thiel&#8220; align_tablet=&#8220;center&#8220; align_phone=&#8220;&#8220; align_last_edited=&#8220;on|desktop&#8220; disabled_on=&#8220;off|on|on&#8220; _builder_version=&#8220;4.27.4&#8243; max_width=&#8220;600px&#8220; max_width_tablet=&#8220;&#8220; max_width_phone=&#8220;&#8220; max_width_last_edited=&#8220;on|desktop&#8220; custom_margin=&#8220;|||-8%&#8220; custom_margin_tablet=&#8220;60px|60px|60px|60px&#8220; custom_margin_phone=&#8220;0px|0px|0px|0px|false|false&#8220; custom_margin_last_edited=&#8220;on|phone&#8220; custom_padding=&#8220;|||&#8220; animation_style=&#8220;slide&#8220; animation_direction=&#8220;right&#8220; animation_intensity_slide=&#8220;4%&#8220; animation_starting_opacity=&#8220;50%&#8220; box_shadow_style=&#8220;preset3&#8243; box_shadow_blur=&#8220;80px&#8220; global_colors_info=&#8220;{}&#8220;][\/et_pb_image][\/et_pb_column][\/et_pb_row][\/et_pb_section][et_pb_section fb_built=&#8220;1&#8243; admin_label=&#8220;Hero Section&#8220; _builder_version=&#8220;4.16&#8243; custom_padding=&#8220;0|0px|0px|0px&#8220; global_colors_info=&#8220;{}&#8220;][et_pb_row column_structure=&#8220;1_2,1_2&#8243; use_custom_gutter=&#8220;on&#8220; make_equal=&#8220;on&#8220; _builder_version=&#8220;4.27.4&#8243; width=&#8220;100%&#8220; max_width=&#8220;100%&#8220; custom_padding=&#8220;0px|0px|0px|||&#8220; use_custom_width=&#8220;on&#8220; width_unit=&#8220;off&#8220; custom_width_percent=&#8220;100%&#8220; global_colors_info=&#8220;{}&#8220;][et_pb_column type=&#8220;1_2&#8243; _builder_version=&#8220;4.16&#8243; custom_padding=&#8220;200px|4%|200px|8%&#8220; custom_padding_tablet=&#8220;60px|10%|60px|10%&#8220; custom_padding_phone=&#8220;&#8220; custom_padding_last_edited=&#8220;on|tablet&#8220; global_colors_info=&#8220;{}&#8220; padding_tablet=&#8220;60px|10%|60px|10%&#8220; padding_last_edited=&#8220;on|tablet&#8220; custom_padding__hover=&#8220;|||&#8220; padding_phone=&#8220;60px|10%|60px|10%&#8220;][et_pb_text _builder_version=&#8220;4.16&#8243; header_font=&#8220;Nunito||||||||&#8220; header_3_font=&#8220;Karla|700||on|||||&#8220; header_3_text_color=&#8220;#b51f1f&#8220; header_3_font_size=&#8220;16px&#8220; header_3_letter_spacing=&#8220;1px&#8220; transform_scale=&#8220;100%|100%&#8220; background_layout=&#8220;dark&#8220; custom_margin=&#8220;0px||20px||false|false&#8220; custom_margin_tablet=&#8220;&#8220; custom_margin_phone=&#8220;-60px||||false|false&#8220; custom_margin_last_edited=&#8220;on|phone&#8220; locked=&#8220;off&#8220; global_colors_info=&#8220;{}&#8220;]<\/p>\n<h3><\/h3>\n<p>[\/et_pb_text][et_pb_divider color=&#8220;#b51f1e&#8220; divider_weight=&#8220;2px&#8220; _builder_version=&#8220;4.16&#8243; transform_scale=&#8220;100%|100%&#8220; max_width=&#8220;150px&#8220; module_alignment=&#8220;right&#8220; height=&#8220;2px&#8220; custom_margin=&#8220;|||&#8220; custom_padding=&#8220;|-60px||&#8220; custom_padding_tablet=&#8220;|0px||&#8220; custom_padding_last_edited=&#8220;off|desktop&#8220; locked=&#8220;off&#8220; global_colors_info=&#8220;{}&#8220;][\/et_pb_divider][et_pb_text _builder_version=&#8220;4.27.4&#8243; header_2_font=&#8220;Conneqt Bold|||||on|||&#8220; header_2_text_color=&#8220;#666666&#8243; header_2_font_size=&#8220;20px&#8220; header_3_text_color=&#8220;#666666&#8243; custom_margin=&#8220;||35px|||&#8220; locked=&#8220;off&#8220; global_colors_info=&#8220;{}&#8220;]<\/p>\n<h1>Ihre Strafrechtskanzlei f\u00fcr Husum und Umgebung \u2013 Kompetente Verteidigung im Strafrecht<\/h1>\n<p style=\"text-align: left;\">Viele t\u00fcrkisch gef\u00fchrte mittelst\u00e4ndische Unternehmen aus Husum und Schleswig-Holstein stehen heute in anspruchsvollen M\u00e4rkten vor komplexen rechtlichen und regulatorischen Anforderungen. Als erfahrene Strafrechtskanzlei mit besonderem Fokus auf Wirtschaftsstrafrecht und Compliance f\u00fcr Husum und die Region unterst\u00fctzt Rechtsanw\u00e4ltin G\u00fcl Pinar Sie dabei, Ihr Unternehmen rechtssicher zu f\u00fchren, Haftungsrisiken zu minimieren und funktionierende Compliance-Strukturen aufzubauen.<\/p>\n<p style=\"text-align: left;\">Wir verbinden fundierte Strafrechtskompetenz mit interkulturellem Verst\u00e4ndnis \u2013 beraten auf Deutsch, T\u00fcrkisch oder Englisch, je nach Bedarf \u2013 und stehen Mandant:innen aus Husum und Umgebung jederzeit zur Verf\u00fcgung.<\/p>\n<p style=\"text-align: left;\"><strong>Unsere Compliance-Schwerpunkte f\u00fcr t\u00fcrkische Unternehmen aus Husum:<\/strong><\/p>\n<ul style=\"text-align: left;\">\n<li aria-level=\"1\"><b>Lieferkettengesetz \u2013 Verantwortung entlang der Wertsch\u00f6pfung<br \/><\/b>Das Lieferkettensorgfaltspflichtengesetz betrifft zunehmend auch mittelst\u00e4ndische Unternehmen. Wir begleiten Sie bei der Umsetzung von Menschenrechts- und Umweltstandards entlang Ihrer Lieferkette und unterst\u00fctzen die rechtskonforme Dokumentation \u2013 zur Erf\u00fcllung gesetzlicher Pflichten und zur St\u00e4rkung der Gesch\u00e4ftsbeziehungen.<\/li>\n<li aria-level=\"1\"><b>Korruptionspr\u00e4vention \u2013 Integrit\u00e4t als Unternehmenswert<br \/><\/b>Korruption kann gravierende rechtliche Folgen haben. Wir entwickeln ma\u00dfgeschneiderte Anti-Korruptions-Richtlinien, schulen Mitarbeitende und etablieren interne Kontrollsysteme, die speziell auf die Anforderungen des deutsch-t\u00fcrkischen Gesch\u00e4ftsverkehrs zugeschnitten sind.<\/li>\n<li aria-level=\"1\"><b>Geldw\u00e4schepr\u00e4vention \u2013 Sicherheit durch klare Strukturen<br \/><\/b>Das Geldw\u00e4schegesetz betrifft zahlreiche Branchen. Wir analysieren Ihre Risiken, pr\u00fcfen Ihre Pflichten und bauen praxistaugliche Verfahren, die Bu\u00dfgelder und strafrechtliche Folgen vermeiden, ohne das Tagesgesch\u00e4ft zu belasten.<\/li>\n<li aria-level=\"1\"><b>Arbeitsrechtliche Compliance \u2013 sichere Strukturen im Personalwesen<br \/><\/b>Besondere Aufmerksamkeit verdient das deutsche Arbeitsrecht, das sich wesentlich von t\u00fcrkischen Regelungen unterscheidet. Wir beraten Sie zu Arbeitszeiten, Mindestlohn, Scheinselbstst\u00e4ndigkeit und helfen bei internen Compliance-Pr\u00fcfungen.<\/li>\n<li aria-level=\"1\"><b>Sozialabgaben \u2013 Sicherheit bei Besch\u00e4ftigungsverh\u00e4ltnissen<br \/><\/b>Fehler bei der Abf\u00fchrung von Sozialabgaben k\u00f6nnen Ermittlungen ausl\u00f6sen. Wir unterst\u00fctzen Sie bei Statuskl\u00e4rungen, Abrechnungspr\u00fcfungen und begleiten Sie bei Kontrollen durch Rentenversicherung und Zoll.<\/li>\n<li aria-level=\"1\"><b>Steuerliche Schwachstellen \u2013 Pr\u00e4vention im Finanzbereich<br \/><\/b>Unklare Buchhaltungsprozesse bergen finanzielle Risiken. Wir identifizieren Schwachstellen, unterst\u00fctzen beim Aufbau von Tax Compliance Management Systemen und begleiten Betriebspr\u00fcfungen sowie Selbstanzeigen diskret und effizient.<\/li>\n<\/ul>\n<h2 style=\"text-align: left;\">F\u00fcr wen wir arbeiten<\/h2>\n<p style=\"text-align: left;\">Unsere Mandant:innen sind t\u00fcrkisch gef\u00fchrte Unternehmen aus Industrie, Handel, Bau und Dienstleistung mit Sitz in Husum. Wir kennen die Besonderheiten t\u00fcrkischer Familienunternehmen, kombinieren rechtliche Pr\u00e4zision mit kulturellem Feingef\u00fchl und bieten zweisprachige Beratung f\u00fcr Kiel und Umgebung.<\/p>\n<h2 style=\"text-align: left;\">Warum wir f\u00fcr Unternehmer:innen aus Husum der richtige Partner sind<\/h2>\n<ul style=\"text-align: left;\">\n<li style=\"font-weight: 400;\" aria-level=\"1\"><span style=\"font-weight: 400;\">Fachanw\u00e4lte f\u00fcr Strafrecht mit \u00fcber 25 Jahren Berufserfahrung<\/span><\/li>\n<li style=\"font-weight: 400;\" aria-level=\"1\"><span style=\"font-weight: 400;\">Interkulturelles Verst\u00e4ndnis, Kenntnis des t\u00fcrkischen Marktes und Beratung auf Deutsch und T\u00fcrkisch<\/span><\/li>\n<li style=\"font-weight: 400;\" aria-level=\"1\"><span style=\"font-weight: 400;\">Ma\u00dfgeschneiderte, praxisnahe L\u00f6sungen f\u00fcr den Mittelstand<\/span><\/li>\n<li style=\"font-weight: 400;\" aria-level=\"1\"><span style=\"font-weight: 400;\">Diskrete Begleitung bei Pr\u00fcfungen und Ermittlungsverfahren<\/span><\/li>\n<li style=\"font-weight: 400;\" aria-level=\"1\"><span style=\"font-weight: 400;\">Schulungen und Audits<\/span><\/li>\n<\/ul>\n<h2 style=\"text-align: left;\">Kontaktieren Sie uns \u2013 wir sind auch f\u00fcr Husum und Umgebung da<\/h2>\n<p style=\"text-align: left;\">St\u00e4rken Sie Ihr Unternehmen mit klaren Strukturen und rechtssicheren Prozessen. Wir beraten Sie umfassend in allen Fragen der Compliance f\u00fcr t\u00fcrkische und t\u00fcrkischsprachige Unternehmen und Unternehmensinhaber:innen aus Husum, des Wirtschaftsstrafrechts und der Unternehmensf\u00fchrung \u2013 mit Verst\u00e4ndnis f\u00fcr Ihre Sprache und unternehmerische Realit\u00e4t in Norddeutschland und der T\u00fcrkei.<\/p>\n<p>[\/et_pb_text][\/et_pb_column][et_pb_column type=&#8220;1_2&#8243; disabled_on=&#8220;on|off|off&#8220; _builder_version=&#8220;4.27.4&#8243; use_background_color_gradient=&#8220;on&#8220; background_color_gradient_stops=&#8220;rgba(18,18,18,0.5) 0%|#121212 100%&#8220; background_color_gradient_overlays_image=&#8220;on&#8220; background_color_gradient_start=&#8220;rgba(18,18,18,0.5)&#8220; background_color_gradient_end=&#8220;#121212&#8243; background_image=&#8220;https:\/\/defenza.de\/wp-content\/uploads\/2021\/05\/IMG_2752-2-scaled.jpg&#8220; custom_padding=&#8220;100px||100px|&#8220; custom_padding_tablet=&#8220;60px||60px|&#8220; custom_padding_phone=&#8220;&#8220; custom_padding_last_edited=&#8220;on|desktop&#8220; global_colors_info=&#8220;{}&#8220; padding_tablet=&#8220;60px||60px|&#8220; padding_last_edited=&#8220;on|desktop&#8220; custom_padding__hover=&#8220;|||&#8220; padding_phone=&#8220;60px||60px|&#8220;][et_pb_image src=&#8220;https:\/\/defenza.de\/wp-content\/uploads\/2021\/05\/IMG_2752-2-scaled.jpg&#8220; alt=&#8220;Rechtsanw\u00e4lt*innen&#8220; title_text=&#8220;G\u00fcl Pinar \/ Arne Weller \/ Andreas Thiel&#8220; align_tablet=&#8220;center&#8220; align_phone=&#8220;&#8220; align_last_edited=&#8220;on|desktop&#8220; disabled_on=&#8220;on|off|off&#8220; _builder_version=&#8220;4.27.4&#8243; max_width=&#8220;600px&#8220; max_width_tablet=&#8220;&#8220; max_width_phone=&#8220;&#8220; max_width_last_edited=&#8220;on|desktop&#8220; custom_margin=&#8220;|||-8%&#8220; custom_margin_tablet=&#8220;60px|60px|60px|60px&#8220; custom_margin_phone=&#8220;&#8220; custom_margin_last_edited=&#8220;on|desktop&#8220; custom_padding=&#8220;|||&#8220; animation_style=&#8220;slide&#8220; animation_direction=&#8220;right&#8220; animation_intensity_slide=&#8220;4%&#8220; animation_starting_opacity=&#8220;50%&#8220; box_shadow_style=&#8220;preset3&#8243; box_shadow_blur=&#8220;80px&#8220; global_colors_info=&#8220;{}&#8220;][\/et_pb_image][\/et_pb_column][\/et_pb_row][\/et_pb_section]<\/p>\n","protected":false},"excerpt":{"rendered":"<p>T\u00fcrkisch gef\u00fchrte Unternehmen in Deutschland stehen vor vielf\u00e4ltigen rechtlichen und regulatorischen Anforderungen. Die Kanzlei unterst\u00fctzt bei Lieferkettengesetz, Korruptions- und Geldw\u00e4schepr\u00e4vention, arbeitsrechtlicher Compliance, Sozialabgaben sowie steuerlichen Risiken \u2013 mit interkulturellem Verst\u00e4ndnis, langj\u00e4hriger strafrechtlicher Expertise und ma\u00dfgeschneiderten L\u00f6sungen f\u00fcr den Mittelstand.<\/p>\n","protected":false},"author":4,"featured_media":0,"parent":0,"menu_order":0,"comment_status":"closed","ping_status":"closed","template":"","meta":{"_et_pb_use_builder":"on","_et_pb_old_content":"","_et_gb_content_width":"","om_disable_all_campaigns":false,"_monsterinsights_skip_tracking":false,"_monsterinsights_sitenote_active":false,"_monsterinsights_sitenote_note":"","_monsterinsights_sitenote_category":0,"footnotes":""},"class_list":["post-4129","page","type-page","status-publish","hentry"],"aioseo_notices":[],"_links":{"self":[{"href":"https:\/\/defenza.de\/de_de\/wp-json\/wp\/v2\/pages\/4129","targetHints":{"allow":["GET"]}}],"collection":[{"href":"https:\/\/defenza.de\/de_de\/wp-json\/wp\/v2\/pages"}],"about":[{"href":"https:\/\/defenza.de\/de_de\/wp-json\/wp\/v2\/types\/page"}],"author":[{"embeddable":true,"href":"https:\/\/defenza.de\/de_de\/wp-json\/wp\/v2\/users\/4"}],"replies":[{"embeddable":true,"href":"https:\/\/defenza.de\/de_de\/wp-json\/wp\/v2\/comments?post=4129"}],"version-history":[{"count":7,"href":"https:\/\/defenza.de\/de_de\/wp-json\/wp\/v2\/pages\/4129\/revisions"}],"predecessor-version":[{"id":4220,"href":"https:\/\/defenza.de\/de_de\/wp-json\/wp\/v2\/pages\/4129\/revisions\/4220"}],"wp:attachment":[{"href":"https:\/\/defenza.de\/de_de\/wp-json\/wp\/v2\/media?parent=4129"}],"curies":[{"name":"wp","href":"https:\/\/api.w.org\/{rel}","templated":true}]}}