{"id":4468,"date":"2026-02-23T17:18:26","date_gmt":"2026-02-23T16:18:26","guid":{"rendered":"https:\/\/twp.advomatic-dev.de\/?page_id=4468"},"modified":"2026-02-26T11:22:47","modified_gmt":"2026-02-26T10:22:47","slug":"andreas-thiel","status":"publish","type":"page","link":"https:\/\/defenza.de\/de_de\/andreas-thiel\/","title":{"rendered":"Andreas Thiel"},"content":{"rendered":"<p>[et_pb_section fb_built=&#8220;1&#8243; disabled_on=&#8220;off|off|on&#8220; admin_label=&#8220;Hero Section&#8220; _builder_version=&#8220;4.27.4&#8243; custom_padding=&#8220;0|0px|0px|0px&#8220; global_colors_info=&#8220;{}&#8220;][et_pb_row _builder_version=&#8220;4.21.0&#8243; _module_preset=&#8220;default&#8220; global_colors_info=&#8220;{}&#8220;][et_pb_column type=&#8220;4_4&#8243; _builder_version=&#8220;4.21.0&#8243; _module_preset=&#8220;default&#8220; global_colors_info=&#8220;{}&#8220;][et_pb_image src=&#8220;https:\/\/defenza.de\/wp-content\/uploads\/2025\/09\/Andreas_Thiel-scaled-scaled.webp&#8220; alt=&#8220;Rechtsanwalt Weller&#8220; title_text=&#8220;Andreas_Thiel-scaled&#8220; align=&#8220;center&#8220; src_last_edited=&#8220;off|desktop&#8220; disabled_on=&#8220;off|off|on&#8220; _builder_version=&#8220;4.27.4&#8243; _module_preset=&#8220;default&#8220; min_height_last_edited=&#8220;off|tablet&#8220; global_colors_info=&#8220;{}&#8220;][\/et_pb_image][\/et_pb_column][\/et_pb_row][\/et_pb_section][et_pb_section fb_built=&#8220;1&#8243; admin_label=&#8220;Hero Section&#8220; _builder_version=&#8220;4.16&#8243; custom_margin=&#8220;0px||||false|false&#8220; custom_padding=&#8220;0px||0px||false|false&#8220; global_colors_info=&#8220;{}&#8220;][et_pb_row column_structure=&#8220;1_2,1_2&#8243; _builder_version=&#8220;4.27.5&#8243; width=&#8220;100%&#8220; max_width=&#8220;100%&#8220; custom_padding=&#8220;0px||0px|||&#8220; hover_enabled=&#8220;0&#8243; use_custom_width=&#8220;on&#8220; width_unit=&#8220;off&#8220; custom_width_percent=&#8220;100%&#8220; global_colors_info=&#8220;{}&#8220; make_equal=&#8220;on&#8220; sticky_enabled=&#8220;0&#8243;][et_pb_column type=&#8220;1_2&#8243; _builder_version=&#8220;4.16&#8243; custom_padding=&#8220;100px||100px|8%&#8220; custom_padding_tablet=&#8220;60px|10%|60px|10%&#8220; custom_padding_phone=&#8220;&#8220; custom_padding_last_edited=&#8220;on|tablet&#8220; global_colors_info=&#8220;{}&#8220; padding_tablet=&#8220;60px|10%|60px|10%&#8220; padding_last_edited=&#8220;on|tablet&#8220; custom_padding__hover=&#8220;|||&#8220; padding_phone=&#8220;60px|10%|60px|10%&#8220;][et_pb_text _builder_version=&#8220;4.16&#8243; header_font=&#8220;Nunito||||||||&#8220; header_3_font=&#8220;Karla|700||on|||||&#8220; header_3_text_color=&#8220;#b51f1f&#8220; header_3_font_size=&#8220;16px&#8220; header_3_letter_spacing=&#8220;1px&#8220; transform_scale=&#8220;100%|100%&#8220; background_layout=&#8220;dark&#8220; custom_margin=&#8220;0px||20px||false|false&#8220; custom_margin_tablet=&#8220;&#8220; custom_margin_phone=&#8220;-60px||||false|false&#8220; custom_margin_last_edited=&#8220;on|phone&#8220; locked=&#8220;off&#8220; global_colors_info=&#8220;{}&#8220;]<\/p>\n<h3><\/h3>\n<p>[\/et_pb_text][et_pb_divider color=&#8220;#b51f1e&#8220; divider_weight=&#8220;2px&#8220; _builder_version=&#8220;4.21.0&#8243; transform_scale=&#8220;100%|100%&#8220; max_width=&#8220;150px&#8220; module_alignment=&#8220;right&#8220; height=&#8220;2px&#8220; custom_margin=&#8220;|||&#8220; custom_padding=&#8220;|-60px||&#8220; custom_padding_tablet=&#8220;|0px||&#8220; custom_padding_last_edited=&#8220;off|desktop&#8220; locked=&#8220;off&#8220; global_colors_info=&#8220;{}&#8220;][\/et_pb_divider][et_pb_text _builder_version=&#8220;4.27.4&#8243; locked=&#8220;off&#8220; global_colors_info=&#8220;{}&#8220;]<\/p>\n<h1>Andreas Thiel<\/h1>\n<p style=\"text-align: right;\"><span><span style=\"color: #000000;\">Rechtsanwalt<\/span><br \/>\n<span style=\"color: #000000;\">Strafverteidiger<\/span><br \/>\n<\/span><\/p>\n<p style=\"text-align: left;\">Strafverteidigung ist f\u00fcr ihn mehr als ein Beruf \u2013 sie ist Verantwortung, Pr\u00e4zisionsarbeit und strategisches Denken.<\/p>\n<p style=\"text-align: left;\">Andreas Thiel ist seit \u00fcber 25 Jahren ausschlie\u00dflich im Strafrecht t\u00e4tig. Seine anwaltliche Arbeit ist gepr\u00e4gt von herausragender fachlicher Spezialisierung, umfassender Prozesserfahrung und einem konsequenten Einsatz f\u00fcr die Rechte seiner Mandanten in allen Phasen des Strafverfahrens. Er verteidigt mit Nachdruck, Sorgfalt und Augenma\u00df \u2013 vom fr\u00fchen Ermittlungsstadium bis zur Hauptverhandlung vor den Strafgerichten aller Instanzen.<\/p>\n<p style=\"text-align: left;\">Seine Arbeitsweise ist auf strategische Vorbereitung und souver\u00e4ne Verfahrensf\u00fchrung ausgerichtet. Die konsequente Wahrung und Durchsetzung der prozessualen Rechte der Mandanten bildet dabei das Fundament jeder Verteidigung. Ein besonderer Schwerpunkt seiner T\u00e4tigkeit liegt in der Verteidigung in umfangreichen und komplexen Strafverfahren der sog. organisierten Kriminalit\u00e4t, insbesondere in bedeutenden Bet\u00e4ubungsmittelverfahren, Schwurgerichtsverfahren sowie komplexe Wirtschaftsstrafverfahren mit nationalem und internationalem Bezug, zuletzt auch mit Fokus auf Verfahren, die von der Europ\u00e4ischen Staatsanwaltschaft (EPPO) gef\u00fchrt werden.<\/p>\n<p style=\"text-align: left;\">Seine besondere St\u00e4rke liegt im strategischen Denken. Auf dieser Grundlage entwickelt er fr\u00fchzeitig klare und individuell zugeschnittene Verteidigungsstrategien, die rechtliche, tats\u00e4chliche und taktische Gesichtspunkte gleicherma\u00dfen ber\u00fccksichtigen. Ziel ist stets die bestm\u00f6gliche L\u00f6sung in einer h\u00e4ufig existenziellen Situation.<\/p>\n<p style=\"text-align: left;\">Neben seiner T\u00e4tigkeit im nationalen Kontext ist Rechtsanwalt Andreas Thiel auch international t\u00e4tig. Er verf\u00fcgt \u00fcber langj\u00e4hrige Erfahrung in der Koordination grenz\u00fcberschreitender Strafverfahren sowie in der transatlantischen Strafverteidigung. Die enge Zusammenarbeit mit ausl\u00e4ndischen Verteidigern und die strategische Begleitung international gef\u00fchrter Ermittlungs- und Strafverfahren geh\u00f6ren zu seinem etablierten T\u00e4tigkeitsfeld.<\/p>\n<p style=\"text-align: left;\">Geboren in D\u00fcsseldorf und aufgewachsen in Schleswig-Holstein absolvierte er Studium und Referendariat in Hamburg. Seit Beginn seiner anwaltlichen T\u00e4tigkeit ist er ausschlie\u00dflich im Strafrecht t\u00e4tig \u2013 aus \u00dcberzeugung und aus Leidenschaft.<\/p>\n<p>[\/et_pb_text][\/et_pb_column][et_pb_column type=&#8220;1_2&#8243; disabled_on=&#8220;on|on|off&#8220; _builder_version=&#8220;4.27.4&#8243; background_color=&#8220;#212121&#8243; background_enable_image=&#8220;off&#8220; background_position=&#8220;top_center&#8220; custom_padding=&#8220;100px|8%|100px|&#8220; custom_padding_tablet=&#8220;60px|10%|60px|10%&#8220; custom_padding_phone=&#8220;&#8220; custom_padding_last_edited=&#8220;on|phone&#8220; global_colors_info=&#8220;{}&#8220; padding_tablet=&#8220;60px|10%|60px|10%&#8220; padding_last_edited=&#8220;on|phone&#8220; custom_padding__hover=&#8220;|||&#8220; padding_phone=&#8220;60px|10%|60px|10%&#8220;][et_pb_image src=&#8220;https:\/\/defenza.de\/wp-content\/uploads\/2025\/09\/Andreas_Thiel-scaled-scaled.webp&#8220; alt=&#8220;Rechtsanwalt Weller&#8220; title_text=&#8220;Andreas_Thiel-scaled&#8220; src_last_edited=&#8220;off|desktop&#8220; align_tablet=&#8220;center&#8220; align_phone=&#8220;&#8220; align_last_edited=&#8220;on|desktop&#8220; disabled_on=&#8220;on|on|off&#8220; _builder_version=&#8220;4.27.4&#8243; max_width=&#8220;600px&#8220; max_width_tablet=&#8220;&#8220; max_width_phone=&#8220;&#8220; max_width_last_edited=&#8220;on|desktop&#8220; custom_margin=&#8220;|||-8%&#8220; custom_margin_tablet=&#8220;|||&#8220; custom_margin_last_edited=&#8220;off|desktop&#8220; custom_padding=&#8220;|||&#8220; animation_style=&#8220;slide&#8220; animation_direction=&#8220;right&#8220; animation_intensity_slide=&#8220;4%&#8220; animation_starting_opacity=&#8220;50%&#8220; box_shadow_style=&#8220;preset3&#8243; box_shadow_blur=&#8220;80px&#8220; global_colors_info=&#8220;{}&#8220;][\/et_pb_image][\/et_pb_column][\/et_pb_row][\/et_pb_section]<\/p>\n","protected":false},"excerpt":{"rendered":"<p>Andreas Thiel Rechtsanwalt Strafverteidiger Strafverteidigung ist f\u00fcr ihn mehr als ein Beruf \u2013 sie ist Verantwortung, Pr\u00e4zisionsarbeit und strategisches Denken. Andreas Thiel ist seit \u00fcber 25 Jahren ausschlie\u00dflich im Strafrecht t\u00e4tig. Seine anwaltliche Arbeit ist gepr\u00e4gt von herausragender fachlicher Spezialisierung, umfassender Prozesserfahrung und einem konsequenten Einsatz f\u00fcr die Rechte seiner Mandanten in allen Phasen des [&hellip;]<\/p>\n","protected":false},"author":4,"featured_media":0,"parent":0,"menu_order":0,"comment_status":"closed","ping_status":"closed","template":"","meta":{"_et_pb_use_builder":"on","_et_pb_old_content":"","_et_gb_content_width":"","om_disable_all_campaigns":false,"_monsterinsights_skip_tracking":false,"_monsterinsights_sitenote_active":false,"_monsterinsights_sitenote_note":"","_monsterinsights_sitenote_category":0,"footnotes":""},"class_list":["post-4468","page","type-page","status-publish","hentry"],"aioseo_notices":[],"_links":{"self":[{"href":"https:\/\/defenza.de\/de_de\/wp-json\/wp\/v2\/pages\/4468","targetHints":{"allow":["GET"]}}],"collection":[{"href":"https:\/\/defenza.de\/de_de\/wp-json\/wp\/v2\/pages"}],"about":[{"href":"https:\/\/defenza.de\/de_de\/wp-json\/wp\/v2\/types\/page"}],"author":[{"embeddable":true,"href":"https:\/\/defenza.de\/de_de\/wp-json\/wp\/v2\/users\/4"}],"replies":[{"embeddable":true,"href":"https:\/\/defenza.de\/de_de\/wp-json\/wp\/v2\/comments?post=4468"}],"version-history":[{"count":3,"href":"https:\/\/defenza.de\/de_de\/wp-json\/wp\/v2\/pages\/4468\/revisions"}],"predecessor-version":[{"id":4507,"href":"https:\/\/defenza.de\/de_de\/wp-json\/wp\/v2\/pages\/4468\/revisions\/4507"}],"wp:attachment":[{"href":"https:\/\/defenza.de\/de_de\/wp-json\/wp\/v2\/media?parent=4468"}],"curies":[{"name":"wp","href":"https:\/\/api.w.org\/{rel}","templated":true}]}}