{"id":2617,"date":"2023-11-21T13:18:43","date_gmt":"2023-11-21T12:18:43","guid":{"rendered":"https:\/\/twp-strafrecht.de\/?page_id=2617"},"modified":"2026-02-03T15:51:01","modified_gmt":"2026-02-03T14:51:01","slug":"noah-kistner","status":"publish","type":"page","link":"https:\/\/defenza.de\/en\/noah-kistner\/","title":{"rendered":"Noah Kistner"},"content":{"rendered":"<p>[et_pb_section fb_built=&#8220;1&#8243; disabled_on=&#8220;off|off|on&#8220; admin_label=&#8220;Hero Section&#8220; _builder_version=&#8220;4.27.4&#8243; custom_padding=&#8220;0|0px|0px|0px&#8220; global_colors_info=&#8220;{}&#8220;][et_pb_row _builder_version=&#8220;4.21.0&#8243; _module_preset=&#8220;default&#8220; global_colors_info=&#8220;{}&#8220;][et_pb_column type=&#8220;4_4&#8243; _builder_version=&#8220;4.21.0&#8243; _module_preset=&#8220;default&#8220; global_colors_info=&#8220;{}&#8220;][et_pb_image src=&#8220;https:\/\/defenza.de\/wp-content\/uploads\/2025\/09\/Noah_Kistner-scaled.jpg&#8220; title_text=&#8220;Noah_Kistner&#8220; align=&#8220;center&#8220; src_last_edited=&#8220;off|desktop&#8220; disabled_on=&#8220;off|off|on&#8220; _builder_version=&#8220;4.27.4&#8243; _module_preset=&#8220;default&#8220; min_height_last_edited=&#8220;off|tablet&#8220; global_colors_info=&#8220;{}&#8220;][\/et_pb_image][\/et_pb_column][\/et_pb_row][\/et_pb_section][et_pb_section fb_built=&#8220;1&#8243; admin_label=&#8220;Hero Section&#8220; _builder_version=&#8220;4.16&#8243; custom_margin=&#8220;0px||||false|false&#8220; custom_padding=&#8220;0px||0px||false|false&#8220; global_colors_info=&#8220;{}&#8220;][et_pb_row column_structure=&#8220;1_2,1_2&#8243; make_equal=&#8220;on&#8220; _builder_version=&#8220;4.27.4&#8243; width=&#8220;100%&#8220; max_width=&#8220;100%&#8220; custom_padding=&#8220;2px||0px|||&#8220; use_custom_width=&#8220;on&#8220; width_unit=&#8220;off&#8220; custom_width_percent=&#8220;100%&#8220; global_colors_info=&#8220;{}&#8220;][et_pb_column type=&#8220;1_2&#8243; _builder_version=&#8220;4.16&#8243; custom_padding=&#8220;100px||100px|8%&#8220; custom_padding_tablet=&#8220;60px|10%|60px|10%&#8220; custom_padding_phone=&#8220;&#8220; custom_padding_last_edited=&#8220;on|tablet&#8220; global_colors_info=&#8220;{}&#8220; padding_tablet=&#8220;60px|10%|60px|10%&#8220; padding_last_edited=&#8220;on|tablet&#8220; custom_padding__hover=&#8220;|||&#8220; padding_phone=&#8220;60px|10%|60px|10%&#8220;][et_pb_text _builder_version=&#8220;4.16&#8243; header_font=&#8220;Nunito||||||||&#8220; header_3_font=&#8220;Karla|700||on|||||&#8220; header_3_text_color=&#8220;#b51f1f&#8220; header_3_font_size=&#8220;16px&#8220; header_3_letter_spacing=&#8220;1px&#8220; transform_scale=&#8220;100%|100%&#8220; background_layout=&#8220;dark&#8220; custom_margin=&#8220;0px||20px||false|false&#8220; custom_margin_tablet=&#8220;&#8220; custom_margin_phone=&#8220;-60px||||false|false&#8220; custom_margin_last_edited=&#8220;on|phone&#8220; locked=&#8220;off&#8220; global_colors_info=&#8220;{}&#8220;]<\/p>\n<h3><\/h3>\n<p>[\/et_pb_text][et_pb_divider color=&#8220;#b51f1e&#8220; divider_weight=&#8220;2px&#8220; _builder_version=&#8220;4.21.0&#8243; transform_scale=&#8220;100%|100%&#8220; max_width=&#8220;150px&#8220; module_alignment=&#8220;right&#8220; height=&#8220;2px&#8220; custom_margin=&#8220;|||&#8220; custom_padding=&#8220;|-60px||&#8220; custom_padding_tablet=&#8220;|0px||&#8220; custom_padding_last_edited=&#8220;off|desktop&#8220; locked=&#8220;off&#8220; global_colors_info=&#8220;{}&#8220;][\/et_pb_divider][et_pb_text _builder_version=&#8220;4.27.4&#8243; hover_enabled=&#8220;0&#8243; locked=&#8220;off&#8220; global_colors_info=&#8220;{}&#8220; sticky_enabled=&#8220;0&#8243;]<\/p>\n<h1><span>Noah Kistner<\/span><span><\/span><\/h1>\n<p style=\"text-align: right;\"><span style=\"color: #000000;\">Rechtsanwalt<br \/>Strafverteidiger<br \/>Fachanwalt f\u00fcr Strafrecht<\/span><\/p>\n<p style=\"text-align: left;\">Noah Kistner ist als Strafverteidiger in allen Bereichen des Strafrechts mit einem Schwerpunkt in Bet\u00e4ubungsmittel- und Jugendstrafverfahren t\u00e4tig. Er hat umfangreiche Erfahrungen in Strafverfahren vor Amts- und Landgerichten bundesweit.<\/p>\n<p style=\"text-align: left;\">In Hamburg verwurzelt, ist Rechtsanwalt Kistner schon seit dem Studium eng mit der Kanzlei verbunden. Seine Zeit als Referendar absolvierte er neben verschiedenen strafrechtlich ausgerichteten Stationen u.a. beim Legal Assistance Center in Windhoek (Namibia). Mit der Zulassung zur Rechtsanwaltschaft machte er sich als Strafverteidiger selbstst\u00e4ndig.<\/p>\n<p style=\"text-align: left;\">Auch au\u00dferhalb des Gerichtssaals engagiert sich Noah Kistner \u2013 u.a. durch Vortragst\u00e4tigkeiten im Bereich der politischen Bildung \u2013 f\u00fcr die Rechte derer, die von staatlicher Verfolgung betroffen sind.<\/p>\n<p style=\"text-align: left;\"><strong><\/strong><\/p>\n<p style=\"text-align: left;\"><strong>Mitgliedschaften<\/strong><\/p>\n<ul>\n<li style=\"text-align: left;\"><a href=\"https:\/\/www.ag-strafrecht.de\/\" target=\"_blank\" rel=\"noopener\">Arbeitsgemeinschaft Strafrecht des Deutschen Anwaltvereins (DAV)<\/a><\/li>\n<li style=\"text-align: left;\"><a href=\"https:\/\/www.hav.de\/de\/\" target=\"_blank\" rel=\"noopener\" title=\"Hamburgischer Anwaltverein (HAV)\">Hamburgischer Anwaltverein (HAV)<\/a><\/li>\n<li style=\"text-align: left;\"><a href=\"https:\/\/www.strafverteidiger-hamburg.net\/index.php?id=index\" target=\"_blank\" rel=\"noopener\" title=\"Hamburger Arbeitsgemeinschaft f\u00fcr Strafverteidigerinnen und Strafverteidiger\">Hamburger Arbeitsgemeinschaft f\u00fcr Strafverteidigerinnen und Strafverteidiger<\/a><\/li>\n<li style=\"text-align: left;\"><a href=\"https:\/\/www.rav.de\/start\" target=\"_blank\" rel=\"noopener\" title=\"Republikanischer Anwaltverein (RAV)\">Republikanischer Anwaltverein (RAV)<\/a><\/li>\n<\/ul>\n<p style=\"text-align: left;\"><strong><\/strong><\/p>\n<p style=\"text-align: left;\"><strong>Vortr\u00e4ge und Podiumsdiskussionen<\/strong><\/p>\n<p style=\"text-align: left; line-height: 110%;\"><em>\u201eDie Gewerbsm\u00e4\u00dfigkeit als Arme-Leute-Strafrecht\u201c<\/em> \u2013 Sommerkongress des BAKJ, 07.06.2025, Hamburg.<\/p>\n<p style=\"text-align: left;\"><strong>Ver\u00f6ffentlichungen<\/strong><strong><\/strong><\/p>\n<p style=\"text-align: left; line-height: 110%;\"><em>Falsches Vertrauen, <\/em><a href=\"https:\/\/verfassungsblog.de\/falsches-vertrauen\/\" target=\"_blank\" rel=\"noopener\">Verfassungsblog, 2025\/5\/01<\/a> (gemeinsam mit Sandra Scherbarth).<\/p>\n<p style=\"text-align: left; line-height: 110%;\"><em>Silvester, Strafrecht und Symbolpolitik, <\/em><a href=\"https:\/\/verfassungsblog.de\/silvester-strafrecht-und-symbolpolitik\/\" target=\"_blank\" rel=\"noopener\">Verfassungsblog, 2025\/1\/14<\/a> (gemeinsam mit Carla Bruhm).<\/p>\n<p style=\"text-align: left; line-height: 110%;\"><em>Die Gewerbsm\u00e4\u00dfigkeit als Arme-Leute-Strafrecht, <\/em><a href=\"https:\/\/verfassungsblog.de\/gewerbsmaessigkeit-strafecht\/\" target=\"_blank\" rel=\"noopener\">Verfassungsblog, 2024\/11\/26<\/a>.<\/p>\n<p>[\/et_pb_text][\/et_pb_column][et_pb_column type=&#8220;1_2&#8243; disabled_on=&#8220;on|on|off&#8220; _builder_version=&#8220;4.27.4&#8243; background_color=&#8220;#212121&#8243; background_enable_image=&#8220;off&#8220; background_position=&#8220;top_center&#8220; custom_padding=&#8220;100px|8%|100px|&#8220; custom_padding_tablet=&#8220;60px|10%|60px|10%&#8220; custom_padding_phone=&#8220;&#8220; custom_padding_last_edited=&#8220;on|phone&#8220; global_colors_info=&#8220;{}&#8220; padding_tablet=&#8220;60px|10%|60px|10%&#8220; padding_last_edited=&#8220;on|phone&#8220; custom_padding__hover=&#8220;|||&#8220; padding_phone=&#8220;60px|10%|60px|10%&#8220;][et_pb_image src=&#8220;https:\/\/defenza.de\/wp-content\/uploads\/2025\/09\/Noah_Kistner-scaled.jpg&#8220; alt=&#8220;Rechtsanw\u00e4ltin Pinar&#8220; title_text=&#8220;Noah_Kistner&#8220; src_last_edited=&#8220;off|desktop&#8220; align_tablet=&#8220;center&#8220; align_phone=&#8220;&#8220; align_last_edited=&#8220;on|desktop&#8220; disabled_on=&#8220;on|on|off&#8220; _builder_version=&#8220;4.27.4&#8243; max_width=&#8220;600px&#8220; max_width_tablet=&#8220;&#8220; max_width_phone=&#8220;&#8220; max_width_last_edited=&#8220;on|desktop&#8220; custom_margin=&#8220;|||-8%&#8220; custom_margin_tablet=&#8220;|||&#8220; custom_margin_last_edited=&#8220;off|desktop&#8220; custom_padding=&#8220;|||&#8220; animation_style=&#8220;slide&#8220; animation_direction=&#8220;right&#8220; animation_intensity_slide=&#8220;4%&#8220; animation_starting_opacity=&#8220;50%&#8220; box_shadow_style=&#8220;preset3&#8243; box_shadow_blur=&#8220;80px&#8220; global_colors_info=&#8220;{}&#8220;][\/et_pb_image][\/et_pb_column][\/et_pb_row][\/et_pb_section]<\/p>\n","protected":false},"excerpt":{"rendered":"<p>Noah Kistner RechtsanwaltStrafverteidigerFachanwalt f\u00fcr Strafrecht Noah Kistner ist als Strafverteidiger in allen Bereichen des Strafrechts mit einem Schwerpunkt in Bet\u00e4ubungsmittel- und Jugendstrafverfahren t\u00e4tig. Er hat umfangreiche Erfahrungen in Strafverfahren vor Amts- und Landgerichten bundesweit. In Hamburg verwurzelt, ist Rechtsanwalt Kistner schon seit dem Studium eng mit der Kanzlei verbunden. Seine Zeit als Referendar absolvierte er [&hellip;]<\/p>\n","protected":false},"author":2,"featured_media":0,"parent":0,"menu_order":0,"comment_status":"closed","ping_status":"closed","template":"","meta":{"_et_pb_use_builder":"on","_et_pb_old_content":"","_et_gb_content_width":"","om_disable_all_campaigns":false,"_monsterinsights_skip_tracking":false,"_monsterinsights_sitenote_active":false,"_monsterinsights_sitenote_note":"","_monsterinsights_sitenote_category":0,"footnotes":""},"class_list":["post-2617","page","type-page","status-publish","hentry"],"aioseo_notices":[],"_links":{"self":[{"href":"https:\/\/defenza.de\/en\/wp-json\/wp\/v2\/pages\/2617","targetHints":{"allow":["GET"]}}],"collection":[{"href":"https:\/\/defenza.de\/en\/wp-json\/wp\/v2\/pages"}],"about":[{"href":"https:\/\/defenza.de\/en\/wp-json\/wp\/v2\/types\/page"}],"author":[{"embeddable":true,"href":"https:\/\/defenza.de\/en\/wp-json\/wp\/v2\/users\/2"}],"replies":[{"embeddable":true,"href":"https:\/\/defenza.de\/en\/wp-json\/wp\/v2\/comments?post=2617"}],"version-history":[{"count":9,"href":"https:\/\/defenza.de\/en\/wp-json\/wp\/v2\/pages\/2617\/revisions"}],"predecessor-version":[{"id":4407,"href":"https:\/\/defenza.de\/en\/wp-json\/wp\/v2\/pages\/2617\/revisions\/4407"}],"wp:attachment":[{"href":"https:\/\/defenza.de\/en\/wp-json\/wp\/v2\/media?parent=2617"}],"curies":[{"name":"wp","href":"https:\/\/api.w.org\/{rel}","templated":true}]}}