{"id":2995,"date":"2025-04-14T07:44:58","date_gmt":"2025-04-14T05:44:58","guid":{"rendered":"https:\/\/twp-strafrecht.de\/?page_id=2995"},"modified":"2026-02-03T11:52:03","modified_gmt":"2026-02-03T10:52:03","slug":"pre-trial-detention-what-to-do-if-an-arrest-warrant-has-been-issued-your-criminal-lawyers-from-hamburg-will-explain","status":"publish","type":"page","link":"https:\/\/defenza.de\/en\/untersuchungshaft-was-tun-bei-einem-haftbefehl-ihre-strafrechtsanwaelte-aus-hamburg-klaeren-auf\/","title":{"rendered":"Pre-trial detention \u2013 what to do if there&#039;s an arrest warrant? Your criminal defense lawyers from Hamburg explain."},"content":{"rendered":"\n[et_pb_section fb_built=&#8220;1&#8243; disabled_on=&#8220;off|on|on&#8220; admin_label=&#8220;Hero Section&#8220; _builder_version=&#8220;4.16&#8243; custom_padding=&#8220;0|0px|0px|0px&#8220; global_colors_info=&#8220;{}&#8220;][et_pb_row use_custom_gutter=&#8220;on&#8220; make_equal=&#8220;on&#8220; _builder_version=&#8220;4.16&#8243; width=&#8220;100%&#8220; max_width=&#8220;100%&#8220; custom_padding=&#8220;0px|0|0px|&#8220; use_custom_width=&#8220;on&#8220; width_unit=&#8220;off&#8220; custom_width_percent=&#8220;100%&#8220; global_colors_info=&#8220;{}&#8220;][et_pb_column type=&#8220;4_4&#8243; _builder_version=&#8220;4.16&#8243; custom_padding=&#8220;200px|4%|200px|8%&#8220; custom_padding_tablet=&#8220;60px|10%|60px|10%&#8220; custom_padding_phone=&#8220;&#8220; custom_padding_last_edited=&#8220;on|tablet&#8220; global_colors_info=&#8220;{}&#8220; padding_tablet=&#8220;60px|10%|60px|10%&#8220; padding_last_edited=&#8220;on|tablet&#8220; custom_padding__hover=&#8220;|||&#8220; padding_phone=&#8220;60px|10%|60px|10%&#8220;][et_pb_image src=&#8220;https:\/\/defenza.de\/wp-content\/uploads\/2026\/02\/AdobeStock_1692035171-1-scaled.jpg&#8220; alt=&#8220;Rechtsanw\u00e4lt*innen&#8220; title_text=&#8220;K\u00f6nnte auch bei dieser Seite dann schon der Titel in dem Zuge ge\u00e4ndert werden, sodass dort nicht mehr \u201eTWP\u201c steht? Da bei uns ja eine Namens\u00e4nderung ansteht, ist das ung\u00fcnstig. Und das Foto von Personen hier gerne durch ein passendes Stockfoto ersetzen.&#8220; align_tablet=&#8220;center&#8220; align_phone=&#8220;&#8220; align_last_edited=&#8220;on|desktop&#8220; disabled_on=&#8220;off|on|on&#8220; _builder_version=&#8220;4.27.4&#8243; max_width=&#8220;600px&#8220; max_width_tablet=&#8220;&#8220; max_width_phone=&#8220;&#8220; max_width_last_edited=&#8220;on|desktop&#8220; custom_margin=&#8220;|||-8%&#8220; custom_margin_tablet=&#8220;60px|60px|60px|60px&#8220; custom_margin_phone=&#8220;0px|0px|0px|0px|false|false&#8220; custom_margin_last_edited=&#8220;on|phone&#8220; custom_padding=&#8220;|||&#8220; animation_style=&#8220;slide&#8220; animation_direction=&#8220;right&#8220; animation_intensity_slide=&#8220;4%&#8220; animation_starting_opacity=&#8220;50%&#8220; hover_enabled=&#8220;0&#8243; box_shadow_style=&#8220;preset3&#8243; box_shadow_blur=&#8220;80px&#8220; global_colors_info=&#8220;{}&#8220; sticky_enabled=&#8220;0&#8243;][\/et_pb_image][\/et_pb_column][\/et_pb_row][\/et_pb_section][et_pb_section fb_built=&#8220;1&#8243; admin_label=&#8220;Hero Section&#8220; _builder_version=&#8220;4.16&#8243; custom_padding=&#8220;0|0px|0px|0px&#8220; global_colors_info=&#8220;{}&#8220;][et_pb_row column_structure=&#8220;1_2,1_2&#8243; use_custom_gutter=&#8220;on&#8220; make_equal=&#8220;on&#8220; _builder_version=&#8220;4.27.4&#8243; width=&#8220;100%&#8220; max_width=&#8220;100%&#8220; custom_padding=&#8220;0px|0px|0px|||&#8220; hover_enabled=&#8220;0&#8243; use_custom_width=&#8220;on&#8220; width_unit=&#8220;off&#8220; custom_width_percent=&#8220;100%&#8220; global_colors_info=&#8220;{}&#8220; sticky_enabled=&#8220;0&#8243;][et_pb_column type=&#8220;1_2&#8243; _builder_version=&#8220;4.16&#8243; custom_padding=&#8220;200px|4%|200px|8%&#8220; custom_padding_tablet=&#8220;60px|10%|60px|10%&#8220; custom_padding_phone=&#8220;&#8220; custom_padding_last_edited=&#8220;on|tablet&#8220; global_colors_info=&#8220;{}&#8220; padding_tablet=&#8220;60px|10%|60px|10%&#8220; padding_last_edited=&#8220;on|tablet&#8220; custom_padding__hover=&#8220;|||&#8220; padding_phone=&#8220;60px|10%|60px|10%&#8220;][et_pb_text _builder_version=&#8220;4.16&#8243; header_font=&#8220;Nunito||||||||&#8220; header_3_font=&#8220;Karla|700||on|||||&#8220; header_3_text_color=&#8220;#b51f1f&#8220; header_3_font_size=&#8220;16px&#8220; header_3_letter_spacing=&#8220;1px&#8220; transform_scale=&#8220;100%|100%&#8220; background_layout=&#8220;dark&#8220; custom_margin=&#8220;0px||20px||false|false&#8220; custom_margin_tablet=&#8220;&#8220; custom_margin_phone=&#8220;-60px||||false|false&#8220; custom_margin_last_edited=&#8220;on|phone&#8220; locked=&#8220;off&#8220; global_colors_info=&#8220;{}&#8220;]<h3><\/h3>[\/et_pb_text][et_pb_divider color=&#8220;#b51f1e&#8220; divider_weight=&#8220;2px&#8220; _builder_version=&#8220;4.16&#8243; transform_scale=&#8220;100%|100%&#8220; max_width=&#8220;150px&#8220; module_alignment=&#8220;right&#8220; height=&#8220;2px&#8220; custom_margin=&#8220;|||&#8220; custom_padding=&#8220;|-60px||&#8220; custom_padding_tablet=&#8220;|0px||&#8220; custom_padding_last_edited=&#8220;off|desktop&#8220; locked=&#8220;off&#8220; global_colors_info=&#8220;{}&#8220;][\/et_pb_divider][et_pb_text _builder_version=&#8220;4.27.4&#8243; custom_margin=&#8220;||29px|||&#8220; hover_enabled=&#8220;0&#8243; locked=&#8220;off&#8220; global_colors_info=&#8220;{}&#8220; sticky_enabled=&#8220;0&#8243;]<h1>Untersuchungshaft \u2013 was tun bei einem Haftbefehl?<\/h1>\n<p style=\"text-align: left;\">Gegen Sie oder einen Angeh\u00f6rigen wurde ein Haftbefehl erlassen? Jetzt ist schnelles und \u00fcberlegtes Handeln entscheidend. Machen Sie keine Angaben gegen\u00fcber den Ermittlungsbeh\u00f6rden. Sie haben das Recht zu schweigen und auf anwaltlichen Beistand zu bestehen.<\/p>\n<p style=\"text-align: left;\">Als Strafrechtskanzlei mit Sitz in Hamburg und erfahrene Strafverteidiger wissen wir, wie belastend diese Situation ist \u2013 und wie wichtig schnelles Handeln jetzt ist.\u00a0<\/p>[\/et_pb_text][et_pb_text _builder_version=&#8220;4.27.4&#8243; header_2_font=&#8220;Conneqt Bold|||||on|||&#8220; header_2_text_color=&#8220;#666666&#8243; header_2_font_size=&#8220;20px&#8220; header_3_font=&#8220;Nunito|||||on|||&#8220; header_3_text_color=&#8220;#666666&#8243; min_height=&#8220;609.1px&#8220; custom_margin=&#8220;||35px||false|false&#8220; custom_padding=&#8220;||||false|false&#8220; locked=&#8220;off&#8220; global_colors_info=&#8220;{}&#8220;]<h2 style=\"text-align: left;\">Was ist Untersuchungshaft? \u2013 Voraussetzungen und rechtlicher Rahmen<\/h2>\n<p style=\"text-align: left;\"><span style=\"font-weight: 400;\">Die Untersuchungshaft ist ein schwerwiegender Eingriff in die pers\u00f6nliche Freiheit. Sie darf gem\u00e4\u00df \u00a7\u00a7\u202f112 ff. StPO nur dann angeordnet werden, wenn bestimmte gesetzliche Voraussetzungen erf\u00fcllt sind:<\/span><\/p>\n<p style=\"text-align: left;\"><b>1. Dringender Tatverdacht<\/b><\/p>\n<p style=\"text-align: left;\"><span style=\"font-weight: 400;\">Ein Haftbefehl setzt voraus, dass der Beschuldigte mit hoher Wahrscheinlichkeit eine Straftat begangen hat. Ein blo\u00dfer Anfangsverdacht gen\u00fcgt nicht.<\/span><\/p>\n<p style=\"text-align: left;\"><b>2. Haftgr\u00fcnde<\/b><\/p>\n<p style=\"text-align: left;\"><span style=\"font-weight: 400;\">Zus\u00e4tzlich zum dringenden Tatverdacht muss ein gesetzlich anerkannter Haftgrund vorliegen, z.\u202fB.:<\/span><\/p>\n<ul>\n<li style=\"font-weight: 400; text-align: left;\" aria-level=\"1\"><b>Flucht:<\/b><span style=\"font-weight: 400;\"> Die Person hat sich bereits abgesetzt oder ist untergetaucht.<\/span><\/li>\n<li style=\"font-weight: 400; text-align: left;\" aria-level=\"1\"><b>Fluchtgefahr:<\/b><span style=\"font-weight: 400;\"> Es besteht die begr\u00fcndete Sorge, dass sich der Beschuldigte dem Verfahren entziehen wird.<\/span><\/li>\n<li style=\"font-weight: 400; text-align: left;\" aria-level=\"1\"><b>Verdunkelungsgefahr:<\/b><span style=\"font-weight: 400;\"> Es besteht der Verdacht, dass Beweise vernichtet oder Zeugen beeinflusst werden sollen.<\/span><\/li>\n<\/ul>[\/et_pb_text][et_pb_accordion _builder_version=&#8220;4.27.4&#8243; _module_preset=&#8220;default&#8220; max_width=&#8220;600px&#8220; module_alignment=&#8220;right&#8220; custom_margin=&#8220;||35px|||&#8220; global_colors_info=&#8220;{}&#8220;][et_pb_accordion_item title=&#8220;OLG Brandenburg, Beschluss vom 15.01.2025 (Az. 1 Ws 1\/25) zum Fortfall der Voraussetzungen eines Haftbefehls wegen Verdunkelungsgefahr:&#8220; open=&#8220;on&#8220; title_tablet=&#8220;OLG Brandenburg, Beschluss vom 15.01.2025 (Az. 1 Ws 1\/25) zum Fortfall der Voraussetzungen eines Haftbefehls wegen Verdunkelungsgefahr:&#8220; title_phone=&#8220;OLG Brandenburg, Beschluss vom 15.01.2025 (Az. 1 Ws 1\/25) zum Fortfall der Voraussetzungen eines Haftbefehls wegen Verdunkelungsgefahr:&#8220; title_last_edited=&#8220;on|desktop&#8220; _builder_version=&#8220;4.27.4&#8243; _module_preset=&#8220;default&#8220; global_colors_info=&#8220;{}&#8220;]<p>Das Oberlandesgericht Brandenburg hatte am 15.01.2025 \u00fcber eine Haftbeschwerde zu entscheiden. Der Angeklagte sa\u00df bereits seit dem 27.03.2024 ununterbrochen in Untersuchungshaft. Am 13.11.2024 wurde der Angeklagte zu 3 Jahren und 8 Monaten Haft verurteilt, jedoch wurde das Urteil nicht rechtskr\u00e4ftig, weil der Angeklagte dagegen Revision einlegte. Daraufhin beschloss die Kammer gem\u00e4\u00df \u00a7 268b StPO die Aufrechterhaltung des Haftbefehls und den weiteren Vollzug der Untersuchungshaft. <br \/>Das OLG Brandenburg hat entschieden, dass ein allein auf Verdunkelungsgefahr gest\u00fctzter Haftbefehl mit dem Abschluss der letzten Tatsacheninstanz aufzuheben ist, wenn ein durch die Beweisaufnahme best\u00e4tigtes Gest\u00e4ndnis des Angeklagten vorliegt. Trotz des andauernden Vorliegens eines dringenden Tatverdachts nach \u00a7 112 Abs. 1 StPO, scheidet Verdunkelungsgefahr dann aus, wenn der Sachverhalt durch ein umf\u00e4ngliches Gest\u00e4ndnis des Beschuldigten und\/oder gesicherte (Sach-)Beweise vollst\u00e4ndig aufgekl\u00e4rt ist. Verdunkelungsgefahr ist nur dann anzunehmen, wenn der Beschuldigte durch unlauteres Einwirken auf sachliche und pers\u00f6nliche Beweismittel die Feststellung des strafrechtlich relevanten Sachverhalts beeintr\u00e4chtigt. Selbst bei einem Widerruf des Gest\u00e4ndnisses durch den Angeklagten oder bei einer Relativierung, k\u00f6nnen die Erkenntnisse durch Berufsrichter als Verh\u00f6rspersonen oder durch Sachbeweismittel best\u00e4tigt werden.<\/p>[\/et_pb_accordion_item][\/et_pb_accordion][et_pb_text _builder_version=&#8220;4.27.4&#8243; header_2_font=&#8220;Conneqt Bold|||||on|||&#8220; header_2_text_color=&#8220;#666666&#8243; header_2_font_size=&#8220;20px&#8220; header_3_font=&#8220;Nunito|||||on|||&#8220; header_3_text_color=&#8220;#666666&#8243; custom_margin=&#8220;||35px|||&#8220; locked=&#8220;off&#8220; global_colors_info=&#8220;{}&#8220;]<ul>\n<li style=\"text-align: left;\"><b>Wiederholungsgefahr:<\/b><span style=\"font-weight: 400;\"> Bei bestimmten schweren Straftaten kann dies ebenfalls einen Haftgrund darstellen.<\/span><\/li>\n<\/ul>\n<p style=\"text-align: left;\"><span style=\"font-weight: 400;\"><strong>3. Verh\u00e4ltnism\u00e4\u00dfigkeit<\/strong><br \/><\/span><\/p>\n<p style=\"text-align: left;\"><span style=\"font-weight: 400;\">Die Anordnung von Untersuchungshaft muss angemessen sein. Sie darf nur erfolgen, wenn mildere Ma\u00dfnahmen \u2013 etwa Meldeauflagen, Kautionsleistungen oder Passabgabe \u2013 nicht ausreichen. Au\u00dferdem gilt die Unschuldsvermutung: Die Untersuchungshaft ist kein Ersatz f\u00fcr eine sp\u00e4tere Strafe, sondern nur eine verfahrenssichernde Ma\u00dfnahme.<br \/><\/span><\/p>[\/et_pb_text][et_pb_accordion _builder_version=&#8220;4.27.4&#8243; _module_preset=&#8220;default&#8220; max_width=&#8220;600px&#8220; module_alignment=&#8220;right&#8220; custom_margin=&#8220;||35px|||&#8220; global_colors_info=&#8220;{}&#8220;][et_pb_accordion_item title=&#8220;OLG D\u00fcsseldorf, Beschluss vom 03.07.2025 (Az. 2 Ws 306\/25) zur Unverh\u00e4ltnism\u00e4\u00dfigkeit der U-Haft wegen Verfahrensverz\u00f6gerung: &#8220; open=&#8220;on&#8220; title_tablet=&#8220;OLG D\u00fcsseldorf, Beschluss vom 03.07.2025 (Az. 2 Ws 306\/25) zur Unverh\u00e4ltnism\u00e4\u00dfigkeit der U-Haft wegen Verfahrensverz\u00f6gerung: &#8220; title_phone=&#8220;OLG D\u00fcsseldorf, Beschluss vom 03.07.2025 (Az. 2 Ws 306\/25) zur Unverh\u00e4ltnism\u00e4\u00dfigkeit der U-Haft wegen Verfahrensverz\u00f6gerung: &#8220; title_last_edited=&#8220;on|desktop&#8220; _builder_version=&#8220;4.27.4&#8243; _module_preset=&#8220;default&#8220; global_colors_info=&#8220;{}&#8220;]<p>Das Oberlandesgericht D\u00fcsseldorf hat entscheiden, dass die Untersuchungshaft des Angeklagten trotz einer nicht rechtskr\u00e4ftigen Verurteilung zu einer erheblichen Gesamtfreiheitsstrafe von 13 Jahren nicht mehr verh\u00e4ltnism\u00e4\u00dfig ist. Zwar bestehen weiterhin dringender Tatverdacht und Fluchtgefahr, jedoch liegt ein grober Versto\u00df gegen das Beschleunigungsgebot vor. Aufgrund der versp\u00e4teten Fertigstellung des Hauptverhandlungsprotokolls, kam es zu einer erhebliche Verfahrensverz\u00f6gerung von \u00fcber 6 Monaten, die nicht gerechtfertigt werden konnte und auch einen nicht mehr hinnehmbaren Eingriff in das Freiheitsrecht des Angeklagten darstellte. Insofern wurden die Haftfortdauerentscheidung und die dem zugrundeliegenden Haftbefehle wegen einem Versto\u00df gegen den Verh\u00e4ltnism\u00e4\u00dfigkeitsgrundsatz aufgehoben.<\/p>[\/et_pb_accordion_item][et_pb_accordion_item title=&#8220;OLG Hamm, Beschluss vom 18.02.2025 (Az. 2 Ws 306\/25) zur Unverh\u00e4ltnism\u00e4\u00dfigkeit der U-Haft in Relation zur zu erwartenden Freiheitsstrafe:&#8220; title_tablet=&#8220;OLG Hamm, Beschluss vom 18.02.2025 (Az. 2 Ws 306\/25) zur Unverh\u00e4ltnism\u00e4\u00dfigkeit der U-Haft in Relation zur zu erwartenden Freiheitsstrafe:&#8220; title_phone=&#8220;OLG Hamm, Beschluss vom 18.02.2025 (Az. 2 Ws 306\/25) zur Unverh\u00e4ltnism\u00e4\u00dfigkeit der U-Haft in Relation zur zu erwartenden Freiheitsstrafe:&#8220; title_last_edited=&#8220;on|desktop&#8220; _builder_version=&#8220;4.27.4&#8243; _module_preset=&#8220;default&#8220; global_colors_info=&#8220;{}&#8220; open=&#8220;off&#8220;]<p>Das Oberlandesgericht Hamm entschied \u00fcber die Verh\u00e4ltnism\u00e4\u00dfigkeit eines nationalen als auch europ\u00e4ischen Haftbefehls. Das Gericht stellt fest, dass Verfahrensverz\u00f6gerungen im Beschwerdeverfahren nicht zwangsl\u00e4ufig zur Unverh\u00e4ltnism\u00e4\u00dfigkeit der Haftanordnung f\u00fchren. Erforderlich f\u00fcr die Beurteilung der Verh\u00e4ltnism\u00e4\u00dfigkeit ist eine Abw\u00e4gung, die neben dem staatlichen Strafverfolgungsinteresse auch das Recht des Beschuldigten auf effektiven Rechtsschutz aus Art. 19 Abs. 4 des Grundgesetzes und seines Freiheitsgrundrechts aus Art. 2 Abs. 2 GG ber\u00fccksichtigt Gegen den Angeklagten wurden bereits 6 Monate Auslieferungshaft in Italien vollstreckt. Dies steht im Verh\u00e4ltnis zu der zu erwartenden Freiheitsstrafe, die au\u00dferhalb des bew\u00e4hrungsf\u00e4higen Bereichs liegt. <br \/>Dennoch erkl\u00e4rte das Gericht, dass der weitere Vollzug der U-Haft regelm\u00e4\u00dfig dann unverh\u00e4ltnism\u00e4\u00dfig ist, wenn die Dauer der U-Haft die Dauer der zu erwartenden Freiheitsstrafe entweder vollst\u00e4ndig erreicht oder zumindest so erheblich lang ist, dass der nach Anrechnung der U-Haft verbleibende Strafrest nur noch einen Bruchteil der Gesamtfreiheitsstrafe ausmacht. Dabei ist bei der anzurechnenden Untersuchungshaft grunds\u00e4tzlich auch die im Ausland auf Grundlage eines nationalen Haftbefehls verb\u00fc\u00dfte Auslieferungshaft zu ber\u00fccksichtigen.<\/p>[\/et_pb_accordion_item][\/et_pb_accordion][et_pb_text _builder_version=&#8220;4.27.4&#8243; header_2_font=&#8220;Conneqt Bold|||||on|||&#8220; header_2_text_color=&#8220;#666666&#8243; header_2_font_size=&#8220;20px&#8220; header_3_text_color=&#8220;#666666&#8243; custom_margin=&#8220;||35px|||&#8220; locked=&#8220;off&#8220; global_colors_info=&#8220;{}&#8220;]<h2 style=\"text-align: left;\">Ablauf nach einer Festnahme \u2013 was passiert bei Untersuchungshaft?<\/h2>\n<p style=\"text-align: left;\"><span style=\"font-weight: 400;\">Nach der Festnahme muss die beschuldigte Person sp\u00e4testens am Folgetag einem Haftrichter vorgef\u00fchrt werden. Dieser entscheidet, ob der Haftbefehl verk\u00fcndet, aufrechterhalten, au\u00dfer Vollzug gesetzt oder ganz aufgehoben wird.<\/span><\/p>\n<h3 style=\"text-align: left;\">Vorf\u00fchrung vor den Richter<\/h3>\n<p style=\"text-align: left;\"><span style=\"font-weight: 400;\">Bei der Vorf\u00fchrung vor einem Richter kann entweder erst entschieden werden, ob ein Haftbefehl \u00fcberhaupt erlassen wird. Das ist bspw. der Fall, wenn die beschuldigte Person von der Polizei auf frischer Tat ertappt worden ist und in Frage steht, ob sie wegen dieser Tatbegehung in Untersuchungshaft zu nehmen ist. Oder es kann bereits ein Haftbefehl gegen die beschuldigte Person vorliegen, d.h. diese wurde schon von der Polizei gesucht und dann festgenommen.<\/span><\/p>\n<p style=\"text-align: left;\"><span style=\"font-weight: 400;\">Die Vorf\u00fchrung erfolgt in der Regel vor dem Richter, der den Haftbefehl erlassen hat. Ist dies nicht m\u00f6glich, \u00fcbernimmt ein Bereitschaftsrichter die Verk\u00fcndung eines schon erlassenen Haftbefehls.<\/span><\/p>\n<p style=\"text-align: left;\"><b>M\u00f6gliche richterliche Entscheidungen bei schon ergangenem Haftbefehl:<\/b><\/p>\n<ul>\n<li style=\"font-weight: 400; text-align: left;\" aria-level=\"1\"><b>Haftbefehl wird aufgehoben (\u00a7\u202f120 StPO)<\/b><span style=\"font-weight: 400;\">: Die Person wird sofort freigelassen \u2013 etwa bei Wegfall des Tatverdachts oder des Haftgrundes.<\/span><\/li>\n<li style=\"font-weight: 400; text-align: left;\" aria-level=\"1\"><b>Haftbefehl bleibt bestehen<\/b><span style=\"font-weight: 400;\">: Die Person wird in Untersuchungshaft genommen.<\/span><\/li>\n<li style=\"font-weight: 400; text-align: left;\" aria-level=\"1\"><b>Haftbefehl wird au\u00dfer Vollzug gesetzt (\u00a7\u202f116 StPO)<\/b><span>: Die Freilassung erfolgt meistens unter Auflagen (z.\u202fB. Meldepflicht, Kaution), die nach Ansicht des Gerichts ausreichen, um dem jeweiligen Haftgrund entgegen zu wirken.<\/span><\/li>\n<\/ul>[\/et_pb_text][et_pb_accordion _builder_version=&#8220;4.27.4&#8243; _module_preset=&#8220;default&#8220; max_width=&#8220;600px&#8220; module_alignment=&#8220;right&#8220; custom_margin=&#8220;||35px|||&#8220; global_colors_info=&#8220;{}&#8220;][et_pb_accordion_item title=&#8220;OLG Naumburg, Beschluss vom 22.01.2025 (1 Ws 11\/25) zur Au\u00dfervollzugsetzung eines Haftbefehls:&#8220; open=&#8220;on&#8220; title_tablet=&#8220;OLG Naumburg, Beschluss vom 22.01.2025 (1 Ws 11\/25) zur Au\u00dfervollzugsetzung eines Haftbefehls:&#8220; title_phone=&#8220;OLG Naumburg, Beschluss vom 22.01.2025 (1 Ws 11\/25) zur Au\u00dfervollzugsetzung eines Haftbefehls:&#8220; title_last_edited=&#8220;on|desktop&#8220; _builder_version=&#8220;4.27.4&#8243; _module_preset=&#8220;default&#8220; global_colors_info=&#8220;{}&#8220;]<p>Das Oberlandesgericht Naumburg wies eine Beschwerde der Staatsanwaltschaft zur\u00fcck, die Haftbefehle gegen die Angeklagten wieder in Vollzug zu setzen. Die Haftbefehle wurden zuvor nach 49 Verhandlungstagen au\u00dfer Vollzug gesetzt, weil das Verfahren aufgrund l\u00e4ngerfristiger Erkrankung einer beisitzenden Richterin ausgesetzt wurde. Zwar waren die Voraussetzungen der Wiederinvollzugsetzung der Haftbefehle gem\u00e4\u00df \u00a7 115 Abs. 4 Nr. 3 StPO grunds\u00e4tzlich gegeben, weil insbesondere ein dringender Tatverdacht und Widerholungsfahr vorlagen, allerdings stand dem ein grober Versto\u00df gegen das Beschleunigungsgebot entgegen. Der Beschleunigungsgrundsatz in Haftsachen ist, wenn auch eingeschr\u00e4nkt, auch in Zeiten einer Au\u00dfervollzugsetzung eines Haftbefehls zu beachten. Bei einer festzustellenden Unt\u00e4tigkeit von verfahrensf\u00f6rdernden Handlungen des Gerichts nach der Aussetzung einer Hauptverhandlung, in diesem Fall 11 Monate, kommt eine erneute Invollzugsetzung des Haftbefehls nach \u00a7 116 Abs. 4 Nr. 3 StPO ungeachtet des Vorliegens gravierender Anlasstaten nicht in Betracht.<\/p>[\/et_pb_accordion_item][\/et_pb_accordion][et_pb_text _builder_version=&#8220;4.27.4&#8243; header_2_font=&#8220;Conneqt Bold|||||on|||&#8220; header_2_text_color=&#8220;#666666&#8243; header_2_font_size=&#8220;20px&#8220; header_3_text_color=&#8220;#666666&#8243; custom_margin=&#8220;||29px|||&#8220; locked=&#8220;off&#8220; global_colors_info=&#8220;{}&#8220;]<h2 style=\"text-align: left;\">Dauer der Untersuchungshaft \u2013 und wann sie beendet werden muss<\/h2>\n<p style=\"text-align: left;\"><span style=\"font-weight: 400;\">Untersuchungshaft ist keine Strafe, sondern dient ausschlie\u00dflich der Sicherung des Strafverfahrens (\u201everfahrenssichernde Ma\u00dfnahme\u201c). Sie darf deshalb nur so lange andauern, wie sie notwendig und verh\u00e4ltnism\u00e4\u00dfig ist.<\/span><\/p>\n<p style=\"text-align: left;\"><b>Maximale Dauer<\/b><\/p>\n<ul>\n<li style=\"font-weight: 400; text-align: left;\" aria-level=\"1\"><b>Regelfall:<\/b><span style=\"font-weight: 400;\"> Bis zu 6 Monate.<\/span><\/li>\n<li style=\"font-weight: 400; text-align: left;\" aria-level=\"1\"><b>Verl\u00e4ngerung m\u00f6glich<\/b><span>, wenn besondere Umst\u00e4nde vorliegen \u2013 z.\u202fB. komplexe Ermittlungen, Wiederholungsgefahr oder mehrere Tatkomplexe. Dann kann die U-Haft \u2013 durch einen gesonderten Beschluss des Oberlandesgerichts \u2013 auf <\/span><b>bis zu 12 Monate<\/b><span> ausgedehnt werden.<\/span><\/li>\n<\/ul>[\/et_pb_text][et_pb_accordion _builder_version=&#8220;4.27.4&#8243; _module_preset=&#8220;default&#8220; max_width=&#8220;600px&#8220; module_alignment=&#8220;right&#8220; custom_margin=&#8220;||35px|||&#8220; global_colors_info=&#8220;{}&#8220;][et_pb_accordion_item title=&#8220;OLG Hamm, Beschluss vom 13.05.2025 (Az. 2 Ws 18\/25) zur Haftfortdauer:&#8220; open=&#8220;on&#8220; title_tablet=&#8220;OLG Hamm, Beschluss vom 13.05.2025 (Az. 2 Ws 18\/25) zur Haftfortdauer:&#8220; title_phone=&#8220;OLG Hamm, Beschluss vom 13.05.2025 (Az. 2 Ws 18\/25) zur Haftfortdauer:&#8220; title_last_edited=&#8220;on|desktop&#8220; _builder_version=&#8220;4.27.4&#8243; _module_preset=&#8220;default&#8220; global_colors_info=&#8220;{}&#8220;]<p>Der 2. Strafsenat des Oberlandesgerichts Hamm hob mit Beschluss vom 13.05.2025 einen Haftbefehl nach 6 Monate Untersuchungshaft auf und lehnte eine Verl\u00e4ngerung der Haftanordnung ab. Trotz der M\u00f6glichkeit des Vorliegens eines dringendes Tatverdachts, der Flucht- oder Wiederholungsgefahr, war der Haftbefehl nach Ansicht des Oberlandesgerichts Hamm gem\u00e4\u00df \u00a7 121 Abs. 1 und \u00a7 122 Abs. 2 StPO aufzuheben, weil die Ermittlungen bereits bei Erlass des Haftbefehls gr\u00f6\u00dftenteils abgeschlossen waren und sich die andauernden Ermittlungen auf Taten bezogen, die nicht Gegenstand des Haftbefehls waren.<\/p>\n<p>Das Gericht stellte klar, dass im Verfahren der besonderen Haftpr\u00fcfung nach \u00a7\u00a7 121, 122 StPO bei der Beurteilung der Frage, ob besondere Schwierigkeiten oder der besondere Umfang der Ermittlungen oder ein sonstiger wichtiger Grund im Sinne des \u00a7 121 Abs. 1 StPO vorliegen, nur von den Taten auszugehen ist, die im Haftbefehl aufgef\u00fchrt sind und derentwegen die Untersuchungshaft vollzogen wird. Dies gilt grunds\u00e4tzlich auch dann, wenn der mit den Akten vorgelegte Haftbefehl auf weitere Taten h\u00e4tte erweitert werden k\u00f6nnen, tats\u00e4chlich aber nicht erweitert worden ist.<\/p>[\/et_pb_accordion_item][\/et_pb_accordion][et_pb_text _builder_version=&#8220;4.27.4&#8243; header_2_font=&#8220;Conneqt Bold|||||on|||&#8220; header_2_text_color=&#8220;#666666&#8243; header_2_font_size=&#8220;20px&#8220; header_3_text_color=&#8220;#666666&#8243; custom_margin=&#8220;||35px|||&#8220; locked=&#8220;off&#8220; global_colors_info=&#8220;{}&#8220;]<h3 style=\"text-align: left;\">Beschleunigungsgrundsatz<\/h3>\n<p style=\"text-align: left;\"><span style=\"font-weight: 400;\">Das Strafverfahren muss w\u00e4hrend andauernder Untersuchungshaft mit besonderem Nachdruck betrieben werden. Sobald der dringende Tatverdacht oder der Haftgrund wegf\u00e4llt, muss die Untersuchungshaft beendet werden \u2013 unabh\u00e4ngig vom Ermittlungsstand.<\/span><\/p>[\/et_pb_text][et_pb_accordion _builder_version=&#8220;4.27.4&#8243; _module_preset=&#8220;default&#8220; max_width=&#8220;600px&#8220; module_alignment=&#8220;right&#8220; custom_margin=&#8220;||35px|||&#8220; global_colors_info=&#8220;{}&#8220;][et_pb_accordion_item title=&#8220;Bundesverfassungsgericht, Beschluss vom 05.02.2025 (Az. 2 BvR 24\/25, 2 BvR 69\/25) zum angemessenen Verfahrensfortgang bei Untersuchungshaft:&#8220; open=&#8220;on&#8220; title_tablet=&#8220;Bundesverfassungsgericht, Beschluss vom 05.02.2025 (Az. 2 BvR 24\/25, 2 BvR 69\/25) zum angemessenen Verfahrensfortgang bei Untersuchungshaft:&#8220; title_phone=&#8220;Bundesverfassungsgericht, Beschluss vom 05.02.2025 (Az. 2 BvR 24\/25, 2 BvR 69\/25) zum angemessenen Verfahrensfortgang bei Untersuchungshaft:&#8220; title_last_edited=&#8220;on|desktop&#8220; _builder_version=&#8220;4.27.4&#8243; _module_preset=&#8220;default&#8220; global_colors_info=&#8220;{}&#8220;]<p>Die 3. Kammer des 2. Senats des Bundesverfassungsgerichts erkl\u00e4rt mehrere Verfassungsbeschwerden, denen Haftbeschwerden zugrunde liegen, die als unbegr\u00fcndet verworfen wurden, als zul\u00e4ssig und begr\u00fcndet. Bereits im Verfahren r\u00fcgten die Verteidiger der Beschwerdef\u00fchrer einen Versto\u00df gegen den Beschleunigungsgrundsatz aufgrund zu geringer Terminsdichte. Bei 27 Verhandlungstagen innerhalb von 41 Wochen und damit einer durchschnittlichen Verhandlungsdichte von 0,66 Tagen pro Woche sowie einer Verhandlungsintensit\u00e4t von weniger als einer Stunde an mehreren Tagen besteht Anlass zu pr\u00fcfen, ob das Strafgericht seiner Aufgabe einer vorausschauenden straffen Hauptverhandlungsplanung bei einem umfangreichen Verfahren hinreichend nachgekommen ist. <\/p>\n<p>Das Oberlandesgericht Dresden verwarf die Beschwerden zun\u00e4chst als unbegr\u00fcndet, weil die Verfahrensausgestaltung durch bereits abgearbeitetes Beweisprogramm, ben\u00f6tigte Vorbereitungszeiten der Verteidigung und terminlichen Verhinderungen der Verfahrensbeteiligten erschwert war, trotz dessen, dass die Verhandlungsdichte und -intensit\u00e4t nicht den Vorgaben entspreche. <\/p>\n<p>Das Bundesverfassungsgericht erkl\u00e4rt, dass der Vollzug der Untersuchungshaft von mehr als einem Jahr bis zum Beginn der Hauptverhandlung oder dem Erlass des Urteils ist auch unter Ber\u00fccksichtigung der zu einer Verfahrensverl\u00e4ngerung f\u00fchrenden Kriterien (in erster Linie: Komplexit\u00e4t der Rechtssache, Vielzahl der beteiligten Personen, Verhalten der Verteidigung) nur in ganz besonderen Ausnahmef\u00e4llen zu rechtfertigen ist. An den z\u00fcgigen Fortgang des Verfahrens in Haftsachen sind umso strengere Anforderungen zu stellen, je l\u00e4nger die Untersuchungshaft schon andauert. Bei absehbar umfangreichen Verfahren bedarf es einer vorausschauenden, auch gr\u00f6\u00dfere Zeitr\u00e4ume umgreifenden Hauptverhandlung mit mehr als 1 durchschnittlichen Hauptverhandlungstag pro Woche. Allein die Schwere der Tat und die sich daraus ergebende Straferwartung verm\u00f6gen bei erheblichen, vermeidbaren und dem Staat zuzurechnenden Verfahrensverz\u00f6gerungen nicht zur Rechtfertigung einer ohnehin schon lang andauernden Untersuchungshaft zu dienen. <\/p>\n<p>In der Regel sind in jedem Beschluss \u00fcber die Anordnung der Fortdauer der Untersuchungshaft aktuelle Ausf\u00fchrungen zu dem weiteren Vorliegen ihrer Voraussetzungen, zur Abw\u00e4gung zwischen dem Freiheitsgrundrecht des Beschuldigten und dem Strafverfolgungsinteresse der Allgemeinheit sowie zur Frage der Verh\u00e4ltnism\u00e4\u00dfigkeit geboten. Dar\u00fcber hinaus ist das Hinausschieben der Hauptverhandlung wegen Terminschwierigkeiten der Verteidiger \u2013 auch wenn das Recht, sich vom Rechtsanwalt seines Vertrauens verteidigen zu lassen, Verfassungsrang hat \u2013 kein Umstand, der eine erhebliche Verfahrensverz\u00f6gerung rechtfertigen k\u00f6nnte<\/p>[\/et_pb_accordion_item][\/et_pb_accordion][et_pb_text _builder_version=&#8220;4.27.4&#8243; header_2_font=&#8220;Conneqt Bold|||||on|||&#8220; header_2_text_color=&#8220;#666666&#8243; header_2_font_size=&#8220;20px&#8220; header_3_text_color=&#8220;#666666&#8243; custom_margin=&#8220;||35px|||&#8220; locked=&#8220;off&#8220; global_colors_info=&#8220;{}&#8220;]<h2 style=\"text-align: left;\">Rechtsmittel gegen die Anordnung von Untersuchungshaft \u2013 was k\u00f6nnen Sie tun?<\/h2>\n<p style=\"text-align: left;\"><span style=\"font-weight: 400;\">Gegen die Anordnung der Untersuchungshaft stehen dem Beschuldigten verschiedene rechtliche Mittel zur Verf\u00fcgung. Ziel ist entweder die sofortige Freilassung oder die Aussetzung des Haftbefehls gegen Auflagen.<\/span><\/p>\n<p style=\"text-align: left;\"><b>1. Haftpr\u00fcfung (\u00a7\u202f117 StPO)<\/b><\/p>\n<p style=\"text-align: left;\"><span style=\"font-weight: 400;\">Eine Haftpr\u00fcfung bietet sich an, wenn in tats\u00e4chlicher Hinsicht Gr\u00fcnde gegen die Untersuchungshaftanordnung vorgetragen werden k\u00f6nnen, sich insbesondere seit dem Vorf\u00fchrtermin Umst\u00e4nde zugunsten der beschuldigten Person ge\u00e4ndert haben:<\/span><\/p>\n<ul style=\"text-align: left;\">\n<li style=\"font-weight: 400;\" aria-level=\"1\"><span style=\"font-weight: 400;\">Innerhalb von zwei Wochen nach Antrag findet ein Termin vor dem Haftrichter statt.<\/span><\/li>\n<li style=\"font-weight: 400;\" aria-level=\"1\"><span style=\"font-weight: 400;\">Die Verteidigung kann darlegen, dass der Haftgrund entfallen ist oder mildere Ma\u00dfnahmen ausreichend w\u00e4ren.<\/span><\/li>\n<\/ul>\n<p style=\"text-align: left;\"><b>2. Haftbeschwerde (\u00a7\u202f304 StPO)<\/b><\/p>\n<p style=\"text-align: left;\"><span style=\"font-size: 18px;\">F\u00fcr eine rechtliche \u00dcberpr\u00fcfung der Entscheidung des Haftrichters besteht die M\u00f6glichkeit, Haftbeschwerde einzulegen. Diese f\u00fchrt dazu, dass das n\u00e4chsth\u00f6here Gericht die Haftanordnung \u00fcberpr\u00fcft.<\/span><\/p>\n<ul style=\"text-align: left;\">\n<li style=\"font-weight: 400;\" aria-level=\"1\"><span style=\"font-weight: 400;\">Es wird gepr\u00fcft, ob der Haftbefehl rechtm\u00e4\u00dfig und ausreichend begr\u00fcndet war.<\/span><\/li>\n<\/ul>\n<ul style=\"text-align: left;\">\n<li aria-level=\"1\"><span style=\"font-weight: 400;\">In manchen F\u00e4llen f\u00fchrt das Verfahren auch zu einer Verst\u00e4ndigung mit der Staatsanwaltschaft, etwa zur Aufhebung des Haftbefehls oder Au\u00dfervollzugsetzung.<\/span><\/li>\n<\/ul>\n<p style=\"text-align: left;\">[\/et_pb_text][et_pb_accordion _builder_version=&#8220;4.27.4&#8243; _module_preset=&#8220;default&#8220; max_width=&#8220;600px&#8220; module_alignment=&#8220;right&#8220; custom_margin=&#8220;||35px|||&#8220; global_colors_info=&#8220;{}&#8220;][et_pb_accordion_item title=&#8220;OLG Saarbr\u00fccken, Beschluss vom 25.02.2025 (Az. 1 Ws 26\/25) zur Verst\u00e4ndigung \u00fcber die Au\u00dfervollzugsetzung:&#8220; open=&#8220;on&#8220; title_tablet=&#8220;OLG Saarbr\u00fccken, Beschluss vom 25.02.2025 (Az. 1 Ws 26\/25) zur Verst\u00e4ndigung \u00fcber die Au\u00dfervollzugsetzung:&#8220; title_phone=&#8220;OLG Saarbr\u00fccken, Beschluss vom 25.02.2025 (Az. 1 Ws 26\/25) zur Verst\u00e4ndigung \u00fcber die Au\u00dfervollzugsetzung:&#8220; title_last_edited=&#8220;on|desktop&#8220; _builder_version=&#8220;4.27.4&#8243; _module_preset=&#8220;default&#8220; global_colors_info=&#8220;{}&#8220;]<p><span style=\"font-weight: 400;\">Das Oberlandesgericht Saarbr\u00fccken entschied mit Beschluss vom 25.02.2025 \u00fcber die Statthaftigkeit einer Haftbeschwerde nach einer Verst\u00e4ndigung gem\u00e4\u00df \u00a7 257c StPO. Der Angeklagte befand sich in Untersuchungshaft. Nach Anklageerhebung kam es zu einer Verst\u00e4ndigung zwischen Gericht und Verfahrensbeteiligte, wonach die Kammer im Falle eines Gest\u00e4ndnisses im Sinne der Anklage Angaben zum Strafma\u00df machte und angab, den Haftbefehl bei einer Meldeauflage von 3 mal w\u00f6chentlich au\u00dfer Vollzug setzen werde. Nach erfolgter Einlassung und Durchf\u00fchrung der Beweisaufnahme wurde die Au\u00dfervollzugsetzung des Haftbefehls beantragt. Nach der infolge eingelegter Revision nicht rechtskr\u00e4ftigen Verurteilung wurde der Haftbefehl unter Auflagen au\u00dfer Vollzug gesetzt. Hiergegen legte die Staatsanwaltschaft Beschwerde ein, die jedoch als unbegr\u00fcndet zur\u00fcckgewiesen wurde. Das OLG Saarbr\u00fccken entschied, dass eine Haftbeschwerde auch dann statthaft ist, wenn die Au\u00dfervollzugsetzung des Haftbefehls bereits Teil einer Verst\u00e4ndigung zwischen Gericht und Verfahrensbeteiligten nach \u00a7 257c StPO war. Das \u00fcber die Haftbeschwerde entscheidende Beschwerdegericht ist an eine Verfahrensverst\u00e4ndigung nach \u00a7 257c StPO, in die die Haftfrage einbezogen war, gebunden.<\/span><\/p>[\/et_pb_accordion_item][\/et_pb_accordion][et_pb_text _builder_version=&#8220;4.27.4&#8243; header_2_font=&#8220;Conneqt Bold|||||on|||&#8220; header_2_text_color=&#8220;#666666&#8243; header_2_font_size=&#8220;20px&#8220; header_3_text_color=&#8220;#666666&#8243; locked=&#8220;off&#8220; global_colors_info=&#8220;{}&#8220;]<h2 style=\"text-align: left;\">Untersuchungshaft im weiteren Verfahren \u2013 Anrechnung und Entsch\u00e4digung<\/h2>\n<p style=\"text-align: left;\"><b>Anrechnung auf die Strafe<\/b><\/p>\n<p style=\"text-align: left;\"><span style=\"font-weight: 400;\">Wird der Beschuldigte sp\u00e4ter verurteilt, wird die Dauer der Untersuchungshaft auf eine etwaige Freiheits- oder Geldstrafe angerechnet. Eine Ausnahme ist allerdings dann m\u00f6glich, wenn das Verhalten des Verurteilten nach der Tat eine Anrechnung als unbillig erscheinen l\u00e4sst.<\/span><\/p>\n<p style=\"text-align: left;\"><b>Entsch\u00e4digung bei Freispruch<\/b><\/p>\n<p style=\"text-align: left;\"><span style=\"font-weight: 400;\">Kommt es zu einem Freispruch oder wird das Verfahren \u2013 in bestimmten Konstellationen \u2013 eingestellt, besteht in der Regel ein Anspruch auf Entsch\u00e4digung nach dem <\/span><b>Strafrechtsentsch\u00e4digungsgesetz (StrEG)<\/b><span style=\"font-weight: 400;\">:<\/span><\/p>\n<ul style=\"text-align: left;\">\n<li style=\"font-weight: 400;\" aria-level=\"1\"><b>75 Euro pro Tag<\/b><span style=\"font-weight: 400;\"> in Untersuchungshaft (\u00a7 7 Abs. 3 StrEG),<\/span><\/li>\n<li style=\"font-weight: 400;\" aria-level=\"1\"><span style=\"font-weight: 400;\">zus\u00e4tzlich m\u00f6gliche Entsch\u00e4digung f\u00fcr weitere Nachteile, z.\u202fB. Verdienstausfall.<\/span><\/li>\n<\/ul>\n<p style=\"text-align: left;\"><span style=\"font-weight: 400;\">Die Antragstellung erfolgt nicht automatisch \u2013 wir \u00fcbernehmen das f\u00fcr Sie, wenn die Voraussetzungen erf\u00fcllt sind.<\/span><\/p>[\/et_pb_text][et_pb_text _builder_version=&#8220;4.27.4&#8243; header_2_font=&#8220;Conneqt Bold|||||on|||&#8220; header_2_text_color=&#8220;#666666&#8243; header_2_font_size=&#8220;20px&#8220; header_3_text_color=&#8220;#666666&#8243; hover_enabled=&#8220;0&#8243; locked=&#8220;off&#8220; global_colors_info=&#8220;{}&#8220; sticky_enabled=&#8220;0&#8243;]<h2 style=\"text-align: left;\">Welche Rechte haben Beschuldigte in Untersuchungshaft?<\/h2>\n<p style=\"text-align: left;\"><span style=\"font-weight: 400;\">Auch in der Untersuchungshaft behalten Beschuldigte grundlegende Rechte. Diese dienen dem Schutz der Menschenw\u00fcrde sowie einer fairen Verteidigung im laufenden Verfahren.<\/span><\/p>\n<p style=\"text-align: left;\"><b>Kontakt zur Verteidigung<\/b><\/p>\n<p style=\"text-align: left;\"><span style=\"font-weight: 400;\">Ein uneingeschr\u00e4nkter und vertraulicher Austausch mit dem Strafverteidiger ist jederzeit m\u00f6glich und darf nicht \u00fcberwacht werden.<\/span><\/p>\n<p style=\"text-align: left;\"><b>Briefverkehr und Besuche<\/b><\/p>\n<ul style=\"text-align: left;\">\n<li style=\"font-weight: 400;\" aria-level=\"1\"><span style=\"font-weight: 400;\">Briefe d\u00fcrfen grunds\u00e4tzlich empfangen und versendet werden.<\/span><\/li>\n<li style=\"font-weight: 400;\" aria-level=\"1\"><span style=\"font-weight: 400;\">Bei Verdunkelungsgefahr kann eine Kontrolle durch die Justiz erfolgen.<\/span><\/li>\n<li style=\"font-weight: 400;\" aria-level=\"1\"><span style=\"font-weight: 400;\">Besuche sind erlaubt, werden aber in der Regel \u2013 bei einem entsprechenden Haftstatut \u2013 optisch (und ggf. akustisch) \u00fcberwacht.<\/span><\/li>\n<\/ul>\n<p style=\"text-align: left;\"><span style=\"font-weight: 400;\">Weitere Informationen f\u00fcr Besuche in der Untersuchungshaftanstalt Hamburg, Holstenglacis 3-5, k\u00f6nnen Sie hier abrufen:<\/span><a href=\"https:\/\/www.hamburg.de\/resource\/blob\/214864\/da26e9ad75ba2fa3351f51fce6ad5019\/informationen-besucher-untersuchungshaftgefangene-data.pdf\" target=\"_blank\" rel=\"noopener\"><span style=\"font-weight: 400;\"><\/span><\/a><\/p>[\/et_pb_text][et_pb_button button_url=&#8220;https:\/\/www.hamburg.de\/resource\/blob\/214958\/a31c3db20a1d4dc5d7cac452227622eb\/uha-besucherinformationen-data.pdf&#8220; url_new_window=&#8220;on&#8220; button_text=&#8220;UHA Hamburg&#8220; button_alignment=&#8220;center&#8220; _builder_version=&#8220;4.27.4&#8243; _module_preset=&#8220;default&#8220; custom_button=&#8220;on&#8220; button_text_color=&#8220;#FFFFFF&#8220; button_bg_color=&#8220;#b51f1e&#8220; button_border_width=&#8220;0px&#8220; button_border_radius=&#8220;0px&#8220; button_font=&#8220;Conneqt Bold||||||||&#8220; hover_enabled=&#8220;0&#8243; locked=&#8220;off&#8220; global_colors_info=&#8220;{}&#8220; sticky_enabled=&#8220;0&#8243;][\/et_pb_button][et_pb_text _builder_version=&#8220;4.27.4&#8243; header_2_font=&#8220;Conneqt Bold|||||on|||&#8220; header_2_text_color=&#8220;#666666&#8243; header_2_font_size=&#8220;20px&#8220; header_3_text_color=&#8220;#666666&#8243; hover_enabled=&#8220;0&#8243; locked=&#8220;off&#8220; global_colors_info=&#8220;{}&#8220; sticky_enabled=&#8220;0&#8243;]<p style=\"text-align: left;\"><span style=\"font-weight: 400;\">F\u00fcr Besuche von Untersuchungshaftgefangenen in der JVA Billwerder finden Sie die erforderlichen Informationen hier:<\/span><\/p>[\/et_pb_text][et_pb_button button_url=&#8220;https:\/\/www.hamburg.de\/resource\/blob\/214864\/da26e9ad75ba2fa3351f51fce6ad5019\/informationen-besucher-untersuchungshaftgefangene-data.pdf&#8220; url_new_window=&#8220;on&#8220; button_text=&#8220;JVA Billwerder&#8220; button_alignment=&#8220;center&#8220; _builder_version=&#8220;4.27.4&#8243; _module_preset=&#8220;default&#8220; custom_button=&#8220;on&#8220; button_text_color=&#8220;#FFFFFF&#8220; button_bg_color=&#8220;#b51f1e&#8220; button_border_width=&#8220;0px&#8220; button_border_radius=&#8220;0px&#8220; button_font=&#8220;Conneqt Bold||||||||&#8220; locked=&#8220;off&#8220; global_colors_info=&#8220;{}&#8220;][\/et_pb_button][et_pb_text _builder_version=&#8220;4.27.4&#8243; header_2_font=&#8220;Conneqt Bold|||||on|||&#8220; header_2_text_color=&#8220;#666666&#8243; header_2_font_size=&#8220;20px&#8220; header_3_text_color=&#8220;#666666&#8243; locked=&#8220;off&#8220; global_colors_info=&#8220;{}&#8220;]<h2 style=\"text-align: left;\">Haftbedingungen in der Untersuchungshaft<\/h2>\n<p style=\"text-align: left;\"><span style=\"font-weight: 400;\">Mit einem Haftbefehl kann ein sog. Haftstatut festgelegt werden. Dieses Haftstatut enth\u00e4lt als sog. haftgrundbezogene Beschr\u00e4nkungen (\u00a7 119 Abs. 1 StPO) bspw. bei mehrere in derselben Sache inhaftierten Beschuldigten nahezu standardm\u00e4\u00dfig eine <\/span><b>Trennungsanordnung<\/b><span style=\"font-weight: 400;\"> und die Anordnung der <\/span><b>\u00dcberwachung jeglicher Kommunikation<\/b><span style=\"font-weight: 400;\">. Wenn aber jedes Telefonat insbesondere auch mit Angeh\u00f6rigen zu \u00fcberwachen ist, bestehen schon kapazit\u00e4tsbedingt \u2013 jedes Mal m\u00fcsste jemand des LKA, der Steuerfahndung o.\u00e4. mith\u00f6ren \u2013 nur sehr begrenzte zeitliche M\u00f6glichkeiten hierzu. In F\u00e4llen der Schwerkriminalit\u00e4t wird mit der Begr\u00fcndung des Tatverdachts auch recht unproblematisch die Anordnung von \u201e<\/span><b>Isolationshaft<\/b><span style=\"font-weight: 400;\">\u201c begr\u00fcndet, d.h. insbesondere keine gemeinsame Unterbringung, keine Teilnahme an Um- oder Aufschluss und lediglich isoliert zu verbringender Hofgang.<\/span><\/p>\n<p style=\"text-align: left;\"><span style=\"font-weight: 400;\">F\u00fchrt man sich vor Augen, dass schon die <\/span><b>Untersuchungshaft selbst (nur)<\/b><span style=\"font-weight: 400;\"> eine <\/span><b>verfahrenssichernde Ma\u00dfnahm<\/b><span style=\"font-weight: 400;\">e ist, bed\u00fcrfen die zus\u00e4tzlichen Beschr\u00e4nkungen daher \u2013 jedenfalls aus Sicht von Strafverteidigerinnen und Strafverteidigern \u2013 nicht selten einer Aufhebung, Anpassung und damit der gerichtlichen \u00dcberpr\u00fcfung. Das Bundesverfassungsgericht (BVerfG) hat regelm\u00e4\u00dfig und auch in j\u00fcngerer Rechtsprechung (BVerfG, Beschluss vom 15.11.2022 &#8211; 2 BvR 1139\/22) festgehalten, dass Gerichte &#8222;stets pr\u00fcfen [m\u00fcssen], ob\u00a0f\u00fcr\u00a0das Vorliegen einer solchen\u00a0Gefahr\u00a0im Einzelfall\u00a0konkrete Anhaltspunkte\u00a0bestehen und die\u00a0blo\u00dfe M\u00f6glichkeit, dass ein Untersuchungsgefangener seine Freiheiten missbraucht, [&#8230;]\u00a0bei einer den Grundrechten Rechnung tragenden Auslegung des\u00a0\u00a7\u00a0119\u00a0I\u00a0StPO\u00a0nicht\u00a0aus[reicht], um Beschr\u00e4nkungen anzuordnen.&#8220;<\/span><span style=\"font-weight: 400;\"><br \/><\/span><span style=\"font-weight: 400;\"><\/span><\/p>\n<p style=\"text-align: left;\"><span style=\"font-weight: 400;\">Auch den Europ\u00e4ischen Gerichtshof f\u00fcr Menschenrechte (EGMR) besch\u00e4ftigt die M\u00f6glichkeit, die auferlegten Haftbedingungen gerichtlich \u00fcberpr\u00fcfen zu lassen, immer wieder. Am 04.06.2024 hat der EGMR in einem gegen Deutschland gef\u00fchrten Verfahren geurteilt, dass die fehlende \u00dcberpr\u00fcfung seiner Haftbedingungen aufgrund widerspr\u00fcchlicher beh\u00f6rdlicher und gerichtlicher Entscheidungen einen H\u00e4ftling in seinem Recht auf ein faires Verfahren, Art. 6 Abs. 1 S. 1 EMRK verletzt. Nach dem EGMR ist es f\u00fcr den Betroffenen in dem Fall aufgrund mehrfacher Verlegungen unm\u00f6glich gewesen, das f\u00fcr die \u00dcberpr\u00fcfung der Haftbedingungen zust\u00e4ndige Gericht zu bestimmen oder hinreichend konkrete Antr\u00e4ge zu formulieren. Dies verwehre ihm den nach gem\u00e4\u00df Art. 6 Abs. 1 EMRK gew\u00e4hrleisteten Zugang zum Recht.<\/span><\/p>\n<p style=\"text-align: left;\"><span style=\"font-weight: 400;\">Eine gerichtliche \u00dcberpr\u00fcfung der Rechtm\u00e4\u00dfigkeit von Untersuchungsh\u00e4ftlingen auferlegten Haftbedingungen zu bewirken, geh\u00f6rt zuweilen zu unserem Arbeitsalltag. Gerne helfen wir als erfahrene Anw\u00e4lte im Strafrecht weiter.<\/span><\/p>\n<h2 style=\"text-align: left;\"><b>Untersuchungshaft in Hamburg<\/b><\/h2>\n<p style=\"text-align: left;\"><span style=\"font-weight: 400;\">Beschuldigte Personen, die in Hamburg dem Haftrichter vorgef\u00fchrt und in Untersuchungshaft genommen werden, befinden sich in der Regel in der Untersuchungshaftanstalt Holstenglacis (landl\u00e4ufig auch U-Haft \u201eDammtor\u201c genannt). Dort und in der Justizvollzuganstalt Billwerder werden M\u00e4nner untergebracht, die sich in Untersuchungshaft befinden. F\u00fcr Frauen in Untersuchungshaft steht nur die Justizvollzugsanstalt Billwerder zur Verf\u00fcgung. Jugendliche werden \u2013 derzeit noch, die Stadt Hamburg plant hier weitreichende Ver\u00e4nderungen \u2013 in der Jugendanstalt auf der Elbinsel Han\u00f6fersand untergebracht.<\/span><\/p>\n<p style=\"text-align: left;\"><span style=\"font-weight: 400;\">In allen drei Haftanstalten sind wir als etablierte Strafrechtsanw\u00e4lte in Hamburg regelm\u00e4\u00dfig zu Besuch. Wir unterst\u00fctzen mit umfassender Erfahrung bei der Verteidigung gegen Untersuchungshaft sowohl in den gerichtlichen Terminen, bei Haftbeschwerden, aber auch bei den Problemen, die sich mit der Unterbringung in der Untersuchungshaftanstalt Holstenglacis oder der JVA Billwerder ergeben.<\/span><\/p>[\/et_pb_text][et_pb_text _builder_version=&#8220;4.27.4&#8243; _module_preset=&#8220;default&#8220; sticky_enabled=&#8220;0&#8243; header_2_font=&#8220;Conneqt Bold|||||on|||&#8220; header_2_text_color=&#8220;#666666&#8243; header_2_font_size=&#8220;20px&#8220; header_3_text_color=&#8220;#666666&#8243; custom_margin=&#8220;||30px|||&#8220;]<h2 style=\"text-align: left;\">FAQ<\/h2>[\/et_pb_text][et_pb_accordion _builder_version=&#8220;4.27.4&#8243; _module_preset=&#8220;default&#8220; max_width=&#8220;600px&#8220; module_alignment=&#8220;right&#8220; hover_enabled=&#8220;0&#8243; sticky_enabled=&#8220;0&#8243;][et_pb_accordion_item title=&#8220;Was ist Untersuchungshaft?&#8220; _builder_version=&#8220;4.27.4&#8243; _module_preset=&#8220;default&#8220; open=&#8220;on&#8220; hover_enabled=&#8220;0&#8243; sticky_enabled=&#8220;0&#8243;]<p><span style=\"font-weight: 400;\">Untersuchungshaft (U-Haft) ist die vorl\u00e4ufige Freiheitsentziehung einer beschuldigten Person, bevor das Urteil in einem Strafverfahren gesprochen wurde. Sie dient der Sicherung des Strafverfahrens und kann nur mittels Haftbefehls eines Richters angeordnet werden.<\/span><\/p>[\/et_pb_accordion_item][et_pb_accordion_item title=&#8220;Was sind Gr\u00fcnde f\u00fcr Untersuchungshaft?&#8220; _builder_version=&#8220;4.27.4&#8243; _module_preset=&#8220;default&#8220; open=&#8220;off&#8220; hover_enabled=&#8220;0&#8243; sticky_enabled=&#8220;0&#8243;]<p><span style=\"font-weight: 400;\">U-Haft kann aus verschiedenen Gr\u00fcnden angeordnet werden. Hierunter fallen die Fluchtgefahr, die Verdunkelungsgefahr und die Wiederholungsgefahr. Au\u00dferdem kann U-Haft bei bestimmten schweren Straftaten schon aufgrund des dringenden Verdachts, das so eine schwere Straftat begangen wurde, angeordnet werden \u2013 zum Beispiel bei Mord oder Totschlag.<\/span><\/p>[\/et_pb_accordion_item][et_pb_accordion_item title=&#8220;Was sind die Voraussetzungen f\u00fcr U-Haft?&#8220; _builder_version=&#8220;4.27.4&#8243; _module_preset=&#8220;default&#8220; open=&#8220;off&#8220; hover_enabled=&#8220;0&#8243; sticky_enabled=&#8220;0&#8243;]<p><span style=\"font-weight: 400;\">Damit ein Untersuchungshaftbefehl erlassen wird, muss gegen die beschuldigte Person ein dringender Tatverdacht bestehen, einer der oben genannten Haftgr\u00fcnde vorliegen und die Haft muss verh\u00e4ltnism\u00e4\u00dfig sein.<\/span><\/p>[\/et_pb_accordion_item][et_pb_accordion_item title=&#8220;Wer entscheidet \u00fcber die U-Haft?&#8220; _builder_version=&#8220;4.27.4&#8243; _module_preset=&#8220;default&#8220; open=&#8220;off&#8220; hover_enabled=&#8220;0&#8243; sticky_enabled=&#8220;0&#8243;]<p><span style=\"font-weight: 400;\">Ein Haftbefehl kann nur von einem Richter erlassen werden; in der Regel geschieht dies auf Antrag der Staatsanwaltschaft.<\/span><\/p>[\/et_pb_accordion_item][et_pb_accordion_item title=&#8220;Wie lange darf man in Untersuchungshaft bleiben?&#8220; _builder_version=&#8220;4.27.4&#8243; _module_preset=&#8220;default&#8220; open=&#8220;off&#8220; hover_enabled=&#8220;0&#8243; sticky_enabled=&#8220;0&#8243;]<p><span style=\"font-weight: 400;\">Grunds\u00e4tzlich 6 Monate. Eine Verl\u00e4ngerung ist aber m\u00f6glich, wenn die Ermittlungen besonders schwierig und umfangreich sind oder aus einem anderen wichtigen Grund noch kein Urteil gesprochen wurde. Dar\u00fcber entscheidet dann das Oberlandesgericht.<\/span><\/p>[\/et_pb_accordion_item][et_pb_accordion_item title=&#8220;Wird die Untersuchungshaft auf eine sp\u00e4tere Strafe angerechnet?&#8220; _builder_version=&#8220;4.27.4&#8243; _module_preset=&#8220;default&#8220; open=&#8220;off&#8220; hover_enabled=&#8220;0&#8243; sticky_enabled=&#8220;0&#8243;]<p><span style=\"font-weight: 400;\">Ja, bei einer Verurteilung wird die in U-Haft abgesessene Zeit auf eine Freiheits- oder Geldstrafe angerechnet.<\/span><\/p>[\/et_pb_accordion_item][et_pb_accordion_item title=&#8220;Welche Rechte hat jemand in Untersuchungshaft?&#8220; _builder_version=&#8220;4.27.4&#8243; _module_preset=&#8220;default&#8220; open=&#8220;off&#8220; hover_enabled=&#8220;0&#8243; sticky_enabled=&#8220;0&#8243;]<p><span style=\"font-weight: 400;\">F\u00fcr Untersuchungsh\u00e4ftlinge gelten die allgemeinen Grunds\u00e4tze, zum Beispiel das Recht auf einen Anwalt und Verteidigung, das Recht zu Schweigen und die Unschuldsvermutung. Zus\u00e4tzlich gibt es die M\u00f6glichkeit auf Haftpr\u00fcfung durch ein Gericht und das Recht auf Kontakt zur Au\u00dfenwelt, allerdings k\u00f6nnen Besuche, Telefonate und auch die Briefpost \u00fcberwacht werden.<\/span><\/p>[\/et_pb_accordion_item][et_pb_accordion_item title=&#8220;Was kann man tun, um eine Untersuchungshaft zu beenden?&#8220; _builder_version=&#8220;4.27.4&#8243; _module_preset=&#8220;default&#8220; open=&#8220;off&#8220; hover_enabled=&#8220;0&#8243; sticky_enabled=&#8220;0&#8243;]<p><span style=\"font-weight: 400;\">Es gibt die M\u00f6glichkeit einer schriftlichen Haftbeschwerde, die vom n\u00e4chsth\u00f6heren Gericht gepr\u00fcft wird. Au\u00dferdem kann eine Haftpr\u00fcfung beantragt werden, wobei es zu einer m\u00fcndlichen Verhandlung kommt.<\/span><\/p>[\/et_pb_accordion_item][et_pb_accordion_item title=&#8220;Was ist der Unterschied zwischen einer vorl\u00e4ufigen Festnahme und Untersuchungshaft?&#8220; _builder_version=&#8220;4.27.4&#8243; _module_preset=&#8220;default&#8220; open=&#8220;off&#8220; hover_enabled=&#8220;0&#8243; sticky_enabled=&#8220;0&#8243;]<p><span style=\"font-weight: 400;\">Die vorl\u00e4ufige Festnahme ist eine vorl\u00e4ufige Ingewahrsamnahme einer Person, die durch die Staatsanwaltschaft oder die Polizei angeordnet wird und maximal 48 Stunden dauern darf. Die Untersuchungshaft setzt einen richterlichen Haftbefehl voraus und kann \u00fcber Monate andauern.<\/span><\/p>[\/et_pb_accordion_item][et_pb_accordion_item title=&#8220;K\u00f6nnen Angeh\u00f6rige Auskunft \u00fcber jemanden in U-Haft bekommen?&#8220; _builder_version=&#8220;4.27.4&#8243; _module_preset=&#8220;default&#8220; open=&#8220;off&#8220; hover_enabled=&#8220;0&#8243; sticky_enabled=&#8220;0&#8243;]<p><span style=\"font-weight: 400;\">Eine Auskunft \u00fcber die Beh\u00f6rden zu erhalten ist meist aus Datenschutzrechtlichen- und Verfahrensgr\u00fcnden nicht m\u00f6glich. Direkte Informationen kann daher in der Regel nur ein Anwalt geben \u2013 dieser kann seinen Mandanten in Untersuchungshaft besuchen.<\/span><\/p>[\/et_pb_accordion_item][\/et_pb_accordion][\/et_pb_column][et_pb_column type=&#8220;1_2&#8243; disabled_on=&#8220;on|off|off&#8220; _builder_version=&#8220;4.27.4&#8243; use_background_color_gradient=&#8220;on&#8220; background_color_gradient_stops=&#8220;rgba(18,18,18,0.5) 0%|#121212 100%&#8220; background_color_gradient_overlays_image=&#8220;on&#8220; background_color_gradient_start=&#8220;rgba(18,18,18,0.5)&#8220; background_color_gradient_end=&#8220;#121212&#8243; background_image=&#8220;https:\/\/defenza.de\/wp-content\/uploads\/2026\/02\/AdobeStock_1692035171-1-scaled.jpg&#8220; custom_padding=&#8220;100px||100px|&#8220; custom_padding_tablet=&#8220;60px||60px|&#8220; custom_padding_phone=&#8220;&#8220; custom_padding_last_edited=&#8220;on|desktop&#8220; hover_enabled=&#8220;0&#8243; global_colors_info=&#8220;{}&#8220; padding_tablet=&#8220;60px||60px|&#8220; padding_last_edited=&#8220;on|desktop&#8220; custom_padding__hover=&#8220;|||&#8220; padding_phone=&#8220;60px||60px|&#8220; title_text=&#8220;K\u00f6nnte auch bei dieser Seite dann schon der Titel in dem Zuge ge\u00e4ndert werden, sodass dort nicht mehr \u201eTWP\u201c steht? Da bei uns ja eine Namens\u00e4nderung ansteht, ist das ung\u00fcnstig. Und das Foto von Personen hier gerne durch ein passendes Stockfoto ersetzen.&#8220; sticky_enabled=&#8220;0&#8243;][et_pb_image src=&#8220;https:\/\/defenza.de\/wp-content\/uploads\/2026\/02\/AdobeStock_1692035171-1-scaled.jpg&#8220; alt=&#8220;Rechtsanw\u00e4lt*innen&#8220; title_text=&#8220;K\u00f6nnte auch bei dieser Seite dann schon der Titel in dem Zuge ge\u00e4ndert werden, sodass dort nicht mehr \u201eTWP\u201c steht? Da bei uns ja eine Namens\u00e4nderung ansteht, ist das ung\u00fcnstig. Und das Foto von Personen hier gerne durch ein passendes Stockfoto ersetzen.&#8220; align_tablet=&#8220;center&#8220; align_phone=&#8220;&#8220; align_last_edited=&#8220;on|desktop&#8220; disabled_on=&#8220;on|off|off&#8220; _builder_version=&#8220;4.27.4&#8243; max_width=&#8220;600px&#8220; max_width_tablet=&#8220;&#8220; max_width_phone=&#8220;&#8220; max_width_last_edited=&#8220;on|desktop&#8220; custom_margin=&#8220;|||-8%&#8220; custom_margin_tablet=&#8220;60px|60px|60px|60px&#8220; custom_margin_phone=&#8220;&#8220; custom_margin_last_edited=&#8220;on|desktop&#8220; custom_padding=&#8220;|||&#8220; animation_style=&#8220;slide&#8220; animation_direction=&#8220;right&#8220; animation_intensity_slide=&#8220;4%&#8220; animation_starting_opacity=&#8220;50%&#8220; hover_enabled=&#8220;0&#8243; box_shadow_style=&#8220;preset3&#8243; box_shadow_blur=&#8220;80px&#8220; global_colors_info=&#8220;{}&#8220; sticky_enabled=&#8220;0&#8243;][\/et_pb_image][\/et_pb_column][\/et_pb_row][\/et_pb_section]\n","protected":false},"excerpt":{"rendered":"<p>What does pretrial detention mean? When is an arrest warrant issued, and what rights do those affected have? This article explains the legal basis and procedures.<\/p>","protected":false},"author":4,"featured_media":0,"parent":0,"menu_order":0,"comment_status":"closed","ping_status":"closed","template":"","meta":{"_et_pb_use_builder":"on","_et_pb_old_content":"","_et_gb_content_width":"","om_disable_all_campaigns":false,"_monsterinsights_skip_tracking":false,"_monsterinsights_sitenote_active":false,"_monsterinsights_sitenote_note":"","_monsterinsights_sitenote_category":0,"footnotes":""},"class_list":["post-2995","page","type-page","status-publish","hentry"],"aioseo_notices":[],"_links":{"self":[{"href":"https:\/\/defenza.de\/en\/wp-json\/wp\/v2\/pages\/2995","targetHints":{"allow":["GET"]}}],"collection":[{"href":"https:\/\/defenza.de\/en\/wp-json\/wp\/v2\/pages"}],"about":[{"href":"https:\/\/defenza.de\/en\/wp-json\/wp\/v2\/types\/page"}],"author":[{"embeddable":true,"href":"https:\/\/defenza.de\/en\/wp-json\/wp\/v2\/users\/4"}],"replies":[{"embeddable":true,"href":"https:\/\/defenza.de\/en\/wp-json\/wp\/v2\/comments?post=2995"}],"version-history":[{"count":9,"href":"https:\/\/defenza.de\/en\/wp-json\/wp\/v2\/pages\/2995\/revisions"}],"predecessor-version":[{"id":4358,"href":"https:\/\/defenza.de\/en\/wp-json\/wp\/v2\/pages\/2995\/revisions\/4358"}],"wp:attachment":[{"href":"https:\/\/defenza.de\/en\/wp-json\/wp\/v2\/media?parent=2995"}],"curies":[{"name":"wp","href":"https:\/\/api.w.org\/{rel}","templated":true}]}}