{"id":808,"date":"2021-03-15T13:14:23","date_gmt":"2021-03-15T12:14:23","guid":{"rendered":"https:\/\/twp-strafrecht.de\/?page_id=808"},"modified":"2025-04-11T19:23:19","modified_gmt":"2025-04-11T17:23:19","slug":"parliamentary-investigative-committees","status":"publish","type":"page","link":"https:\/\/defenza.de\/en\/parlamentarische-untersuchungsausschuesse\/","title":{"rendered":"Parliamentary committees of inquiry"},"content":{"rendered":"<p>[et_pb_section fb_built=&#8220;1&#8243; disabled_on=&#8220;off|on|on&#8220; admin_label=&#8220;Hero Section&#8220; _builder_version=&#8220;4.16&#8243; custom_padding=&#8220;0|0px|0px|0px&#8220; global_colors_info=&#8220;{}&#8220;][et_pb_row disabled_on=&#8220;off|on|on&#8220; _builder_version=&#8220;4.16&#8243; width=&#8220;100%&#8220; max_width=&#8220;100%&#8220; custom_margin=&#8220;|||&#8220; custom_padding=&#8220;0px|0|0px|&#8220; use_custom_width=&#8220;on&#8220; width_unit=&#8220;off&#8220; custom_width_percent=&#8220;100%&#8220; global_colors_info=&#8220;{}&#8220;][et_pb_column type=&#8220;4_4&#8243; _builder_version=&#8220;4.16&#8243; custom_padding=&#8220;100px||100px|8%&#8220; custom_padding_tablet=&#8220;60px|10%|60px|10%&#8220; custom_padding_phone=&#8220;&#8220; custom_padding_last_edited=&#8220;on|tablet&#8220; global_colors_info=&#8220;{}&#8220; padding_tablet=&#8220;60px|10%|60px|10%&#8220; padding_last_edited=&#8220;on|tablet&#8220; custom_padding__hover=&#8220;|||&#8220; padding_phone=&#8220;60px|10%|60px|10%&#8220;][et_pb_image src=&#8220;https:\/\/defenza.de\/wp-content\/uploads\/2021\/05\/IMG_2818-1-scaled.jpg&#8220; alt=&#8220;Rechtsanwalt Weller&#8220; title_text=&#8220;Arne Weller&#8220; align_tablet=&#8220;center&#8220; align_phone=&#8220;&#8220; align_last_edited=&#8220;on|desktop&#8220; disabled_on=&#8220;off|on|on&#8220; _builder_version=&#8220;4.16&#8243; max_width=&#8220;600px&#8220; max_width_tablet=&#8220;&#8220; max_width_phone=&#8220;&#8220; max_width_last_edited=&#8220;on|desktop&#8220; custom_margin=&#8220;|||-8%&#8220; custom_margin_tablet=&#8220;|||&#8220; custom_margin_last_edited=&#8220;off|desktop&#8220; custom_padding=&#8220;|||&#8220; animation_style=&#8220;slide&#8220; animation_direction=&#8220;right&#8220; animation_intensity_slide=&#8220;4%&#8220; animation_starting_opacity=&#8220;50%&#8220; box_shadow_style=&#8220;preset3&#8243; box_shadow_blur=&#8220;80px&#8220; global_colors_info=&#8220;{}&#8220;][\/et_pb_image][\/et_pb_column][\/et_pb_row][\/et_pb_section][et_pb_section fb_built=&#8220;1&#8243; admin_label=&#8220;Hero Section&#8220; _builder_version=&#8220;4.16&#8243; custom_padding=&#8220;0|0px|0px|0px&#8220; global_colors_info=&#8220;{}&#8220;][et_pb_row column_structure=&#8220;1_2,1_2&#8243; use_custom_gutter=&#8220;on&#8220; make_equal=&#8220;on&#8220; _builder_version=&#8220;4.16&#8243; width=&#8220;100%&#8220; max_width=&#8220;100%&#8220; custom_padding=&#8220;0px|0|0px|&#8220; use_custom_width=&#8220;on&#8220; width_unit=&#8220;off&#8220; custom_width_percent=&#8220;100%&#8220; global_colors_info=&#8220;{}&#8220;][et_pb_column type=&#8220;1_2&#8243; _builder_version=&#8220;4.16&#8243; custom_padding=&#8220;200px|4%|200px|8%&#8220; custom_padding_tablet=&#8220;60px|10%|60px|10%&#8220; custom_padding_phone=&#8220;&#8220; custom_padding_last_edited=&#8220;on|tablet&#8220; global_colors_info=&#8220;{}&#8220; padding_tablet=&#8220;60px|10%|60px|10%&#8220; padding_last_edited=&#8220;on|tablet&#8220; custom_padding__hover=&#8220;|||&#8220; padding_phone=&#8220;60px|10%|60px|10%&#8220;][et_pb_text _builder_version=&#8220;4.16&#8243; header_font=&#8220;Nunito||||||||&#8220; header_3_font=&#8220;Karla|700||on|||||&#8220; header_3_text_color=&#8220;#b51f1f&#8220; header_3_font_size=&#8220;16px&#8220; header_3_letter_spacing=&#8220;1px&#8220; transform_scale=&#8220;100%|100%&#8220; background_layout=&#8220;dark&#8220; custom_margin=&#8220;0px||20px||false|false&#8220; custom_margin_tablet=&#8220;&#8220; custom_margin_phone=&#8220;-60px||||false|false&#8220; custom_margin_last_edited=&#8220;on|phone&#8220; locked=&#8220;off&#8220; global_colors_info=&#8220;{}&#8220;]<\/p>\n<h3><\/h3>\n<p>[\/et_pb_text][et_pb_divider color=&#8220;#b51f1e&#8220; divider_weight=&#8220;2px&#8220; _builder_version=&#8220;4.16&#8243; transform_scale=&#8220;100%|100%&#8220; max_width=&#8220;150px&#8220; module_alignment=&#8220;right&#8220; height=&#8220;2px&#8220; custom_margin=&#8220;|||&#8220; custom_padding=&#8220;|-60px||&#8220; custom_padding_tablet=&#8220;|0px||&#8220; custom_padding_last_edited=&#8220;off|desktop&#8220; locked=&#8220;off&#8220; global_colors_info=&#8220;{}&#8220;][\/et_pb_divider][et_pb_text content_tablet=&#8220;&#8220; content_phone=&#8220;<\/p>\n<h4 style=%22text-align: right;%22><span>Parlamentarische Untersuchungs<\/span><br \/><span>aussch\u00fcsse<\/span><\/h4>\n<p><span><\/span><\/p>\n<p><span><\/span><\/p>\n<div>\n<div>\n<p style=%22text-align: left;%22><span>Parallel zu Strafverfahren gegen Angeh\u00f6rige der staatlichen Exekutive, werden nicht selten von den jeweiligen Parlamenten Untersuchungsaussch\u00fcsse eingerichtet. Die rechtlichen Grundlagen hierf\u00fcr sind auf Bundes- und auf Landesebene sehr unterschiedlich geregelt. Wir kennen die rechtlichen Besonderheiten, die das Verfahren vor einem Untersuchungsausschuss von einem strafrechtlichen Ermittlungsverfahren unterscheidet. Sie \u00e4u\u00dfern sich in der Praxis vor allem bei der Frage, ob und wann eine Pflicht zur Aufkl\u00e4rung des Sachverhalts besteht. Wir k<\/span><span>\u00f6nnen dabei mit unserer Erfahrung und dem n\u00f6tigen politischen Verst\u00e4ndnis beraten. Sowohl bei<\/span><span> Untersuchungsaussch\u00fcssen des Bundestages, als auch in Landesparlamenten waren wir als Zeugenbeistand t\u00e4tig.<\/span><\/p>\n<\/div>\n<\/div>\n<p>&#8220; content_last_edited=&#8220;on|phone&#8220; _builder_version=&#8220;4.16&#8243; locked=&#8220;off&#8220; global_colors_info=&#8220;{}&#8220;]<\/p>\n<h1 style=\"text-align: right;\"><span>Parlamentarische Untersuchungsaussch\u00fcsse<\/span><\/h1>\n<p>&nbsp;<\/p>\n<p style=\"text-align: left;\">Parallel zu Strafverfahren gegen Angeh\u00f6rige der staatlichen Exekutive, werden nicht selten von den jeweiligen Parlamenten Untersuchungsaussch\u00fcsse eingerichtet. Die rechtlichen Grundlagen hierf\u00fcr sind auf Bundes- und auf Landesebene sehr unterschiedlich geregelt. Wir kennen die rechtlichen Besonderheiten, die das Verfahren vor einem Untersuchungsausschuss von einem strafrechtlichen Ermittlungsverfahren unterscheidet. Sie \u00e4u\u00dfern sich in der Praxis vor allem bei der Frage, ob und wann eine Pflicht zur Aufkl\u00e4rung des Sachverhalts besteht. Wir k\u00f6nnen dabei mit unserer Erfahrung und dem n\u00f6tigen politischen Verst\u00e4ndnis beraten. Sowohl bei Untersuchungsaussch\u00fcssen des Bundestages, als auch in Landesparlamenten waren wir als Zeugenbeistand t\u00e4tig.<\/p>\n<p>[\/et_pb_text][et_pb_button button_url=&#8220;https:\/\/defenza.de\/kompetenzen&#8220; button_text=&#8220;Unsere Kompetenzen&#8220; button_alignment=&#8220;center&#8220; _builder_version=&#8220;4.16&#8243; _module_preset=&#8220;default&#8220; custom_button=&#8220;on&#8220; button_text_color=&#8220;#b51f1e&#8220; button_font=&#8220;Nunito||||||||&#8220; button_icon_color=&#8220;RGBA(0,0,0,0)&#8220; background_layout=&#8220;dark&#8220; custom_margin=&#8220;0px|0px|0px|0px|false|false&#8220; custom_padding=&#8220;|20px||20px|false|false&#8220; button_text_size_tablet=&#8220;&#8220; button_text_size_phone=&#8220;18px&#8220; button_text_size_last_edited=&#8220;on|phone&#8220; custom_css_before=&#8220;white-space: nowrap;&#8220; custom_css_main_element=&#8220;white-space: nowrap;&#8220; custom_css_after=&#8220;white-space: nowrap;&#8220; global_colors_info=&#8220;{}&#8220;][\/et_pb_button][\/et_pb_column][et_pb_column type=&#8220;1_2&#8243; disabled_on=&#8220;on|off|off&#8220; _builder_version=&#8220;4.16&#8243; use_background_color_gradient=&#8220;on&#8220; background_color_gradient_stops=&#8220;rgba(18,18,18,0.5) 0%|#121212 100%&#8220; background_color_gradient_overlays_image=&#8220;on&#8220; background_color_gradient_start=&#8220;rgba(18,18,18,0.5)&#8220; background_color_gradient_end=&#8220;#121212&#8243; background_image=&#8220;https:\/\/defenza.de\/wp-content\/uploads\/2021\/05\/IMG_2818-1-scaled.jpg&#8220; custom_padding=&#8220;100px||100px|&#8220; custom_padding_tablet=&#8220;60px||60px|&#8220; custom_padding_phone=&#8220;&#8220; custom_padding_last_edited=&#8220;on|desktop&#8220; global_colors_info=&#8220;{}&#8220; padding_tablet=&#8220;60px||60px|&#8220; padding_last_edited=&#8220;on|desktop&#8220; custom_padding__hover=&#8220;|||&#8220; padding_phone=&#8220;60px||60px|&#8220;][et_pb_image src=&#8220;https:\/\/defenza.de\/wp-content\/uploads\/2021\/05\/IMG_2818-1-scaled.jpg&#8220; alt=&#8220;Rechtsanwalt Weller&#8220; title_text=&#8220;Arne Weller&#8220; align_tablet=&#8220;center&#8220; align_phone=&#8220;&#8220; align_last_edited=&#8220;on|desktop&#8220; disabled_on=&#8220;on|off|off&#8220; _builder_version=&#8220;4.16&#8243; max_width=&#8220;600px&#8220; max_width_tablet=&#8220;&#8220; max_width_phone=&#8220;&#8220; max_width_last_edited=&#8220;on|desktop&#8220; custom_margin=&#8220;|||-8%&#8220; custom_margin_tablet=&#8220;60px|60px|60px|60px&#8220; custom_margin_phone=&#8220;&#8220; custom_margin_last_edited=&#8220;on|desktop&#8220; custom_padding=&#8220;|||&#8220; animation_style=&#8220;slide&#8220; animation_direction=&#8220;right&#8220; animation_intensity_slide=&#8220;4%&#8220; animation_starting_opacity=&#8220;50%&#8220; box_shadow_style=&#8220;preset3&#8243; box_shadow_blur=&#8220;80px&#8220; global_colors_info=&#8220;{}&#8220;][\/et_pb_image][\/et_pb_column][\/et_pb_row][\/et_pb_section][et_pb_section fb_built=&#8220;1&#8243; admin_label=&#8220;Service Section&#8220; _builder_version=&#8220;4.16&#8243; background_color=&#8220;#f7f7f7&#8243; transform_scale=&#8220;100%|100%&#8220; custom_padding=&#8220;140px||110px|&#8220; global_colors_info=&#8220;{}&#8220;][et_pb_row admin_label=&#8220;Service Area&#8220; _builder_version=&#8220;4.16&#8243; transform_scale=&#8220;100%|100%&#8220; locked=&#8220;off&#8220; global_colors_info=&#8220;{}&#8220;][et_pb_column type=&#8220;4_4&#8243; _builder_version=&#8220;4.16&#8243; transform_scale=&#8220;100%|100%&#8220; custom_padding=&#8220;|||&#8220; global_colors_info=&#8220;{}&#8220; custom_padding__hover=&#8220;|||&#8220;][et_pb_text admin_label=&#8220;Title&#8220; _builder_version=&#8220;4.16&#8243; text_font=&#8220;Source Sans Pro||||||||&#8220; header_font=&#8220;Source Sans Pro||||||||&#8220; header_2_text_align=&#8220;center&#8220; header_2_font_size=&#8220;48px&#8220; header_2_line_height=&#8220;1.6em&#8220; transform_scale=&#8220;100%|100%&#8220; module_alignment=&#8220;center&#8220; custom_margin=&#8220;||10px|&#8220; custom_padding=&#8220;|||&#8220; animation_style=&#8220;fade&#8220; header_2_font_size_tablet=&#8220;40px&#8220; header_2_font_size_phone=&#8220;24px&#8220; header_2_font_size_last_edited=&#8220;on|phone&#8220; global_colors_info=&#8220;{}&#8220;]<\/p>\n<h2><span>Wir beraten und verteidigen im<\/span><\/h2>\n<p>[\/et_pb_text][et_pb_divider color=&#8220;#b51f1e&#8220; divider_position=&#8220;center&#8220; divider_weight=&#8220;3px&#8220; _builder_version=&#8220;4.16&#8243; transform_scale=&#8220;100%|100%&#8220; max_width=&#8220;70px&#8220; module_alignment=&#8220;center&#8220; animation_style=&#8220;slide&#8220; animation_direction=&#8220;top&#8220; animation_intensity_slide=&#8220;10%&#8220; animation_starting_opacity=&#8220;100%&#8220; locked=&#8220;off&#8220; global_colors_info=&#8220;{}&#8220;][\/et_pb_divider][\/et_pb_column][\/et_pb_row][et_pb_row column_structure=&#8220;1_3,1_3,1_3&#8243; admin_label=&#8220;Service Area&#8220; _builder_version=&#8220;4.16&#8243; transform_scale=&#8220;100%|100%&#8220; locked=&#8220;off&#8220; global_colors_info=&#8220;{}&#8220;][et_pb_column type=&#8220;1_3&#8243; _builder_version=&#8220;4.16&#8243; transform_scale=&#8220;100%|100%&#8220; custom_padding=&#8220;|||&#8220; global_colors_info=&#8220;{}&#8220; custom_padding__hover=&#8220;|||&#8220;][et_pb_blurb title=&#8220;\uf000llg\uf004m\uf004in\uf004N Str\uf000fr\uf004cht&#8220; use_icon=&#8220;on&#8220; font_icon=&#8220;&#xe606;||divi||400&#8243; icon_color=&#8220;#b51f1f&#8220; image_icon_width=&#8220;42px&#8220; content_max_width=&#8220;300px&#8220; _builder_version=&#8220;4.16&#8243; header_font=&#8220;Conneqt Bold||||||||&#8220; header_font_size=&#8220;17px&#8220; header_line_height=&#8220;1.8em&#8220; body_font=&#8220;Nunito||||||||&#8220; body_font_size=&#8220;16px&#8220; body_line_height=&#8220;1.8em&#8220; transform_scale=&#8220;100%|100%&#8220; text_orientation=&#8220;center&#8220; animation_style=&#8220;fade&#8220; link_option_url=&#8220;https:\/\/defenza.de\/allgemeines-strafrecht&#8220; icon_font_size=&#8220;42px&#8220; locked=&#8220;off&#8220; global_colors_info=&#8220;{}&#8220; transform_styles__hover_enabled=&#8220;on|hover&#8220; transform_scale__hover_enabled=&#8220;on|hover&#8220; transform_translate__hover_enabled=&#8220;on|desktop&#8220; transform_rotate__hover_enabled=&#8220;on|desktop&#8220; transform_skew__hover_enabled=&#8220;on|desktop&#8220; transform_origin__hover_enabled=&#8220;on|desktop&#8220; transform_scale__hover=&#8220;110%|110%&#8220;][\/et_pb_blurb][et_pb_blurb title=&#8220;B\uf004t\u00e4ubungsmitt\uf004l-str\uf000fr\uf004cht&#8220; use_icon=&#8220;on&#8220; font_icon=&#8220;&#xe098;||divi||400&#8243; icon_color=&#8220;#b51f1f&#8220; image_icon_width=&#8220;42px&#8220; content_max_width=&#8220;300px&#8220; _builder_version=&#8220;4.16&#8243; header_font=&#8220;Conneqt Bold||||||||&#8220; header_font_size=&#8220;17px&#8220; header_line_height=&#8220;1.8em&#8220; body_font=&#8220;Nunito||||||||&#8220; body_font_size=&#8220;16px&#8220; body_line_height=&#8220;1.8em&#8220; transform_scale=&#8220;100%|100%&#8220; text_orientation=&#8220;center&#8220; animation_style=&#8220;fade&#8220; link_option_url=&#8220;https:\/\/defenza.de\/betaeubungsmittelstrafrecht\/&#8220; icon_font_size=&#8220;42px&#8220; global_colors_info=&#8220;{}&#8220; transform_styles__hover_enabled=&#8220;on|hover&#8220; transform_scale__hover_enabled=&#8220;on|hover&#8220; transform_translate__hover_enabled=&#8220;on|desktop&#8220; transform_rotate__hover_enabled=&#8220;on|desktop&#8220; transform_skew__hover_enabled=&#8220;on|desktop&#8220; transform_origin__hover_enabled=&#8220;on|desktop&#8220; transform_scale__hover=&#8220;110%|110%&#8220;][\/et_pb_blurb][et_pb_blurb title=&#8220;Jug\uf004ndstr\uf000fr\uf004cht&#8220; use_icon=&#8220;on&#8220; font_icon=&#8220;&#xe601;||divi||400&#8243; icon_color=&#8220;#b51f1f&#8220; image_icon_width=&#8220;42px&#8220; content_max_width=&#8220;300px&#8220; _builder_version=&#8220;4.16&#8243; header_font=&#8220;Conneqt Bold||||||||&#8220; header_font_size=&#8220;17px&#8220; header_line_height=&#8220;1.8em&#8220; body_font=&#8220;Nunito||||||||&#8220; body_font_size=&#8220;16px&#8220; body_line_height=&#8220;1.8em&#8220; transform_scale=&#8220;100%|100%&#8220; text_orientation=&#8220;center&#8220; animation_style=&#8220;fade&#8220; link_option_url=&#8220;https:\/\/defenza.de\/jugendstrafrecht\/&#8220; icon_font_size=&#8220;42px&#8220; global_colors_info=&#8220;{}&#8220; transform_styles__hover_enabled=&#8220;on|hover&#8220; transform_scale__hover_enabled=&#8220;on|hover&#8220; transform_translate__hover_enabled=&#8220;on|desktop&#8220; transform_rotate__hover_enabled=&#8220;on|desktop&#8220; transform_skew__hover_enabled=&#8220;on|desktop&#8220; transform_origin__hover_enabled=&#8220;on|desktop&#8220; transform_scale__hover=&#8220;110%|110%&#8220;][\/et_pb_blurb][et_pb_blurb title=&#8220;P\uf000rl\uf000m\uf004nt\uf000risch\uf004R Unt\uf004rsuchungs\uf000usschUss&#8220; use_icon=&#8220;on&#8220; font_icon=&#8220;&#x69;||divi||400&#8243; icon_color=&#8220;#b51f1f&#8220; image_icon_width=&#8220;42px&#8220; content_max_width=&#8220;300px&#8220; _builder_version=&#8220;4.16&#8243; header_font=&#8220;Conneqt Bold||||||||&#8220; header_font_size=&#8220;17px&#8220; header_line_height=&#8220;1.8em&#8220; body_font=&#8220;Nunito||||||||&#8220; body_font_size=&#8220;16px&#8220; body_line_height=&#8220;1.8em&#8220; transform_scale=&#8220;100%|100%&#8220; text_orientation=&#8220;center&#8220; animation_style=&#8220;fade&#8220; link_option_url=&#8220;https:\/\/defenza.de\/parlamentarische-untersuchungsausschuesse\/&#8220; icon_font_size=&#8220;42px&#8220; global_colors_info=&#8220;{}&#8220; transform_styles__hover_enabled=&#8220;on|hover&#8220; transform_scale__hover_enabled=&#8220;on|hover&#8220; transform_translate__hover_enabled=&#8220;on|desktop&#8220; transform_rotate__hover_enabled=&#8220;on|desktop&#8220; transform_skew__hover_enabled=&#8220;on|desktop&#8220; transform_origin__hover_enabled=&#8220;on|desktop&#8220; transform_scale__hover=&#8220;110%|110%&#8220;][\/et_pb_blurb][et_pb_blurb title=&#8220;V\uf004rm\u00f6g\uf004ns\uf000bsch\u00f6pfung&#8220; use_icon=&#8220;on&#8220; font_icon=&#8220;&#xe0ed;||divi||400&#8243; icon_color=&#8220;#b51f1f&#8220; image_icon_width=&#8220;42px&#8220; content_max_width=&#8220;300px&#8220; _builder_version=&#8220;4.16&#8243; header_font=&#8220;Conneqt Bold||||||||&#8220; header_font_size=&#8220;17px&#8220; header_line_height=&#8220;1.8em&#8220; body_font=&#8220;Nunito||||||||&#8220; body_font_size=&#8220;16px&#8220; body_line_height=&#8220;1.8em&#8220; transform_scale=&#8220;100%|100%&#8220; text_orientation=&#8220;center&#8220; animation_style=&#8220;fade&#8220; link_option_url=&#8220;https:\/\/defenza.de\/vermoegensabschoepfung\/&#8220; icon_font_size=&#8220;42px&#8220; global_colors_info=&#8220;{}&#8220; transform_styles__hover_enabled=&#8220;on|hover&#8220; transform_scale__hover_enabled=&#8220;on|hover&#8220; transform_translate__hover_enabled=&#8220;on|desktop&#8220; transform_rotate__hover_enabled=&#8220;on|desktop&#8220; transform_skew__hover_enabled=&#8220;on|desktop&#8220; transform_origin__hover_enabled=&#8220;on|desktop&#8220; transform_scale__hover=&#8220;110%|110%&#8220;][\/et_pb_blurb][\/et_pb_column][et_pb_column type=&#8220;1_3&#8243; _builder_version=&#8220;4.16&#8243; transform_scale=&#8220;100%|100%&#8220; custom_padding=&#8220;|||&#8220; global_colors_info=&#8220;{}&#8220; custom_padding__hover=&#8220;|||&#8220;][et_pb_blurb title=&#8220;\uf000rb\uf004itsstr\uf000fr\uf004cht&#8220; use_icon=&#8220;on&#8220; font_icon=&#8220;&#xe0e9;||divi||400&#8243; icon_color=&#8220;#b51f1f&#8220; image_icon_width=&#8220;42px&#8220; content_max_width=&#8220;300px&#8220; _builder_version=&#8220;4.16&#8243; header_font=&#8220;Conneqt Bold||||||||&#8220; header_font_size=&#8220;17px&#8220; header_line_height=&#8220;1.8em&#8220; body_font=&#8220;Nunito||||||||&#8220; body_font_size=&#8220;16px&#8220; body_line_height=&#8220;1.8em&#8220; transform_scale=&#8220;100%|100%&#8220; text_orientation=&#8220;center&#8220; animation_style=&#8220;fade&#8220; link_option_url=&#8220;https:\/\/defenza.de\/arbeitsstrafrecht\/&#8220; icon_font_size=&#8220;42px&#8220; locked=&#8220;off&#8220; global_colors_info=&#8220;{}&#8220; transform_styles__hover_enabled=&#8220;on|hover&#8220; transform_scale__hover_enabled=&#8220;on|hover&#8220; transform_translate__hover_enabled=&#8220;on|desktop&#8220; transform_rotate__hover_enabled=&#8220;on|desktop&#8220; transform_skew__hover_enabled=&#8220;on|desktop&#8220; transform_origin__hover_enabled=&#8220;on|desktop&#8220; transform_scale__hover=&#8220;110%|110%&#8220;][\/et_pb_blurb][et_pb_blurb title=&#8220;Insolv\uf004nzstr\uf000fr\uf004cht&#8220; use_icon=&#8220;on&#8220; font_icon=&#8220;&#xe02f;||divi||400&#8243; icon_color=&#8220;#b51f1f&#8220; image_icon_width=&#8220;42px&#8220; content_max_width=&#8220;300px&#8220; _builder_version=&#8220;4.16&#8243; header_font=&#8220;Conneqt Bold||||||||&#8220; header_font_size=&#8220;17px&#8220; header_line_height=&#8220;1.8em&#8220; body_font=&#8220;Nunito||||||||&#8220; body_font_size=&#8220;16px&#8220; body_line_height=&#8220;1.8em&#8220; transform_scale=&#8220;100%|100%&#8220; text_orientation=&#8220;center&#8220; animation_style=&#8220;fade&#8220; link_option_url=&#8220;https:\/\/defenza.de\/Insolvenzstrafrecht\/&#8220; icon_font_size=&#8220;42px&#8220; global_colors_info=&#8220;{}&#8220; transform_styles__hover_enabled=&#8220;on|hover&#8220; transform_scale__hover_enabled=&#8220;on|hover&#8220; transform_translate__hover_enabled=&#8220;on|desktop&#8220; transform_rotate__hover_enabled=&#8220;on|desktop&#8220; transform_skew__hover_enabled=&#8220;on|desktop&#8220; transform_origin__hover_enabled=&#8220;on|desktop&#8220; transform_scale__hover=&#8220;110%|110%&#8220;][\/et_pb_blurb][et_pb_blurb title=&#8220;K\uf000pit\uf000lstr\uf000fS\uf000CH\uf004N&#8220; use_icon=&#8220;on&#8220; font_icon=&#8220;&#xe022;||divi||400&#8243; icon_color=&#8220;#b51f1f&#8220; image_icon_width=&#8220;42px&#8220; content_max_width=&#8220;300px&#8220; _builder_version=&#8220;4.16&#8243; header_font=&#8220;Conneqt Bold||||||||&#8220; header_font_size=&#8220;17px&#8220; header_line_height=&#8220;1.8em&#8220; body_font=&#8220;Nunito||||||||&#8220; body_font_size=&#8220;16px&#8220; body_line_height=&#8220;1.8em&#8220; transform_scale=&#8220;100%|100%&#8220; text_orientation=&#8220;center&#8220; animation_style=&#8220;fade&#8220; link_option_url=&#8220;https:\/\/defenza.de\/kapitalstrafrecht\/&#8220; icon_font_size=&#8220;42px&#8220; locked=&#8220;off&#8220; global_colors_info=&#8220;{}&#8220; transform_styles__hover_enabled=&#8220;on|hover&#8220; transform_scale__hover_enabled=&#8220;on|hover&#8220; transform_translate__hover_enabled=&#8220;on|desktop&#8220; transform_rotate__hover_enabled=&#8220;on|desktop&#8220; transform_skew__hover_enabled=&#8220;on|desktop&#8220; transform_origin__hover_enabled=&#8220;on|desktop&#8220; transform_scale__hover=&#8220;110%|110%&#8220;][\/et_pb_blurb][et_pb_blurb title=&#8220; St\uf004u\uf004rstr\uf000fr\uf004cht&#8220; use_icon=&#8220;on&#8220; font_icon=&#8220;&#xe023;||divi||400&#8243; icon_color=&#8220;#b51f1f&#8220; image_icon_width=&#8220;42px&#8220; content_max_width=&#8220;300px&#8220; _builder_version=&#8220;4.16&#8243; header_font=&#8220;Conneqt Bold||||||||&#8220; header_font_size=&#8220;17px&#8220; header_line_height=&#8220;1.8em&#8220; body_font=&#8220;Nunito||||||||&#8220; body_font_size=&#8220;16px&#8220; body_line_height=&#8220;1.8em&#8220; transform_scale=&#8220;100%|100%&#8220; text_orientation=&#8220;center&#8220; animation_style=&#8220;fade&#8220; link_option_url=&#8220;https:\/\/defenza.de\/steuerstrafrecht\/&#8220; custom_css_main_element=&#8220;\uf00a&#8220; icon_font_size=&#8220;42px&#8220; locked=&#8220;off&#8220; global_colors_info=&#8220;{}&#8220; transform_styles__hover_enabled=&#8220;on|hover&#8220; transform_scale__hover_enabled=&#8220;on|hover&#8220; transform_translate__hover_enabled=&#8220;on|desktop&#8220; transform_rotate__hover_enabled=&#8220;on|desktop&#8220; transform_skew__hover_enabled=&#8220;on|desktop&#8220; transform_origin__hover_enabled=&#8220;on|desktop&#8220; transform_scale__hover=&#8220;110%|110%&#8220;][\/et_pb_blurb][et_pb_blurb title=&#8220;Wirtsch\uf000ftsStr\uf000fr\uf004cht&#8220; use_icon=&#8220;on&#8220; font_icon=&#8220;&#xe00a;||divi||400&#8243; icon_color=&#8220;#b51f1f&#8220; image_icon_width=&#8220;42px&#8220; content_max_width=&#8220;300px&#8220; _builder_version=&#8220;4.16&#8243; header_font=&#8220;Conneqt Bold||||||||&#8220; header_font_size=&#8220;17px&#8220; header_line_height=&#8220;1.8em&#8220; body_font=&#8220;Nunito||||||||&#8220; body_font_size=&#8220;16px&#8220; body_line_height=&#8220;1.8em&#8220; transform_scale=&#8220;100%|100%&#8220; text_orientation=&#8220;center&#8220; animation_style=&#8220;fade&#8220; link_option_url=&#8220;https:\/\/defenza.de\/wirtschaftsstrafrecht\/&#8220; header_font_tablet=&#8220;&#8220; header_font_phone=&#8220;&#8220; header_font_last_edited=&#8220;on|phone&#8220; header_font_size_last_edited=&#8220;off|desktop&#8220; icon_font_size=&#8220;42px&#8220; locked=&#8220;off&#8220; global_colors_info=&#8220;{}&#8220; transform_styles__hover_enabled=&#8220;on|hover&#8220; transform_scale__hover_enabled=&#8220;on|hover&#8220; transform_translate__hover_enabled=&#8220;on|desktop&#8220; transform_rotate__hover_enabled=&#8220;on|desktop&#8220; transform_skew__hover_enabled=&#8220;on|desktop&#8220; transform_origin__hover_enabled=&#8220;on|desktop&#8220; transform_scale__hover=&#8220;110%|110%&#8220;][\/et_pb_blurb][\/et_pb_column][et_pb_column type=&#8220;1_3&#8243; _builder_version=&#8220;4.16&#8243; transform_scale=&#8220;100%|100%&#8220; custom_padding=&#8220;|||&#8220; global_colors_info=&#8220;{}&#8220; custom_padding__hover=&#8220;|||&#8220;][et_pb_blurb title=&#8220;\uf000USLI\uf004F\uf004RUNGSr\uf004cht&#8220; use_icon=&#8220;on&#8220; font_icon=&#8220;&#x73;||divi||400&#8243; icon_color=&#8220;#b51f1f&#8220; image_icon_width=&#8220;42px&#8220; content_max_width=&#8220;300px&#8220; _builder_version=&#8220;4.16&#8243; header_font=&#8220;Conneqt Bold||||||||&#8220; header_font_size=&#8220;17px&#8220; header_line_height=&#8220;1.8em&#8220; body_font=&#8220;Nunito||||||||&#8220; body_font_size=&#8220;16px&#8220; body_line_height=&#8220;1.8em&#8220; transform_scale=&#8220;100%|100%&#8220; text_orientation=&#8220;center&#8220; animation_style=&#8220;fade&#8220; link_option_url=&#8220;https:\/\/defenza.de\/internationaler-haftbefehl\/&#8220; icon_font_size=&#8220;42px&#8220; locked=&#8220;off&#8220; global_colors_info=&#8220;{}&#8220; transform_styles__hover_enabled=&#8220;on|hover&#8220; transform_scale__hover_enabled=&#8220;on|hover&#8220; transform_translate__hover_enabled=&#8220;on|desktop&#8220; transform_rotate__hover_enabled=&#8220;on|desktop&#8220; transform_skew__hover_enabled=&#8220;on|desktop&#8220; transform_origin__hover_enabled=&#8220;on|desktop&#8220; transform_scale__hover=&#8220;110%|110%&#8220;][\/et_pb_blurb][et_pb_blurb title=&#8220;IT und Int\uf004rn\uf004tstr\uf000fr\uf004cht&#8220; use_icon=&#8220;on&#8220; font_icon=&#8220;&#xe601;||divi||400&#8243; icon_color=&#8220;#b51f1f&#8220; image_icon_width=&#8220;42px&#8220; content_max_width=&#8220;300px&#8220; _builder_version=&#8220;4.16&#8243; header_font=&#8220;Conneqt Bold||||||||&#8220; header_font_size=&#8220;17px&#8220; header_line_height=&#8220;1.8em&#8220; body_font=&#8220;Nunito||||||||&#8220; body_font_size=&#8220;16px&#8220; body_line_height=&#8220;1.8em&#8220; transform_scale=&#8220;100%|100%&#8220; text_orientation=&#8220;center&#8220; animation_style=&#8220;fade&#8220; link_option_url=&#8220;https:\/\/defenza.de\/it-und-internetstrafrecht\/&#8220; icon_font_size=&#8220;42px&#8220; global_colors_info=&#8220;{}&#8220; transform_styles__hover_enabled=&#8220;on|hover&#8220; transform_scale__hover_enabled=&#8220;on|hover&#8220; transform_translate__hover_enabled=&#8220;on|desktop&#8220; transform_rotate__hover_enabled=&#8220;on|desktop&#8220; transform_skew__hover_enabled=&#8220;on|desktop&#8220; transform_origin__hover_enabled=&#8220;on|desktop&#8220; transform_scale__hover=&#8220;110%|110%&#8220;][\/et_pb_blurb][et_pb_blurb title=&#8220;M\uf004dizinstr\uf000fr\uf004cht&#8220; use_icon=&#8220;on&#8220; font_icon=&#8220;&#xe0f6;||divi||400&#8243; icon_color=&#8220;#b51f1f&#8220; image_icon_width=&#8220;42px&#8220; content_max_width=&#8220;300px&#8220; _builder_version=&#8220;4.16&#8243; header_font=&#8220;Conneqt Bold||||||||&#8220; header_font_size=&#8220;17px&#8220; header_line_height=&#8220;1.8em&#8220; body_font=&#8220;Nunito||||||||&#8220; body_font_size=&#8220;16px&#8220; body_line_height=&#8220;1.8em&#8220; transform_scale=&#8220;100%|100%&#8220; text_orientation=&#8220;center&#8220; animation_style=&#8220;fade&#8220; link_option_url=&#8220;https:\/\/defenza.de\/arzt-und-medizinstrafrecht\/&#8220; icon_font_size=&#8220;42px&#8220; global_colors_info=&#8220;{}&#8220; transform_styles__hover_enabled=&#8220;on|hover&#8220; transform_scale__hover_enabled=&#8220;on|hover&#8220; transform_translate__hover_enabled=&#8220;on|desktop&#8220; transform_rotate__hover_enabled=&#8220;on|desktop&#8220; transform_skew__hover_enabled=&#8220;on|desktop&#8220; transform_origin__hover_enabled=&#8220;on|desktop&#8220; transform_scale__hover=&#8220;110%|110%&#8220;][\/et_pb_blurb][et_pb_blurb title=&#8220;Umw\uf004ltstr\uf000fr\uf004cht&#8220; use_icon=&#8220;on&#8220; font_icon=&#8220;&#xe107;||divi||400&#8243; icon_color=&#8220;#b51f1f&#8220; image_icon_width=&#8220;42px&#8220; content_max_width=&#8220;300px&#8220; _builder_version=&#8220;4.16&#8243; header_font=&#8220;Conneqt Bold||||||||&#8220; header_font_size=&#8220;17px&#8220; header_line_height=&#8220;1.8em&#8220; body_font=&#8220;Nunito||||||||&#8220; body_font_size=&#8220;16px&#8220; body_line_height=&#8220;1.8em&#8220; transform_scale=&#8220;100%|100%&#8220; text_orientation=&#8220;center&#8220; animation_style=&#8220;fade&#8220; link_option_url=&#8220;https:\/\/defenza.de\/umweltstrafrecht\/&#8220; icon_font_size=&#8220;42px&#8220; global_colors_info=&#8220;{}&#8220; transform_styles__hover_enabled=&#8220;on|hover&#8220; transform_scale__hover_enabled=&#8220;on|hover&#8220; transform_translate__hover_enabled=&#8220;on|desktop&#8220; transform_rotate__hover_enabled=&#8220;on|desktop&#8220; transform_skew__hover_enabled=&#8220;on|desktop&#8220; transform_origin__hover_enabled=&#8220;on|desktop&#8220; transform_scale__hover=&#8220;110%|110%&#8220;][\/et_pb_blurb][et_pb_blurb title=&#8220;Zoll- und \uf000u\u00df\uf004nwirtsch\uf000ftsg\uf004s\uf004tz&#8220; use_icon=&#8220;on&#8220; font_icon=&#8220;&#x2f;||divi||400&#8243; icon_color=&#8220;#b51f1f&#8220; image_icon_width=&#8220;42px&#8220; content_max_width=&#8220;300px&#8220; _builder_version=&#8220;4.16&#8243; header_font=&#8220;Conneqt Bold||||||||&#8220; header_font_size=&#8220;17px&#8220; header_line_height=&#8220;1.8em&#8220; body_font=&#8220;Nunito||||||||&#8220; body_font_size=&#8220;16px&#8220; body_line_height=&#8220;1.8em&#8220; transform_scale=&#8220;100%|100%&#8220; text_orientation=&#8220;center&#8220; animation_style=&#8220;fade&#8220; link_option_url=&#8220;https:\/\/defenza.de\/Zoll-und-Aussernwirtschaftsgesetz\/&#8220; icon_font_size=&#8220;42px&#8220; global_colors_info=&#8220;{}&#8220; transform_styles__hover_enabled=&#8220;on|hover&#8220; transform_scale__hover_enabled=&#8220;on|hover&#8220; transform_translate__hover_enabled=&#8220;on|desktop&#8220; transform_rotate__hover_enabled=&#8220;on|desktop&#8220; transform_skew__hover_enabled=&#8220;on|desktop&#8220; transform_origin__hover_enabled=&#8220;on|desktop&#8220; transform_scale__hover=&#8220;110%|110%&#8220;][\/et_pb_blurb][\/et_pb_column][\/et_pb_row][\/et_pb_section]<\/p>\n","protected":false},"excerpt":{"rendered":"<p>Parlamentarische Untersuchungsaussch\u00fcsse &nbsp; Parallel zu Strafverfahren gegen Angeh\u00f6rige der staatlichen Exekutive, werden nicht selten von den jeweiligen Parlamenten Untersuchungsaussch\u00fcsse eingerichtet. Die rechtlichen Grundlagen hierf\u00fcr sind auf Bundes- und auf Landesebene sehr unterschiedlich geregelt. Wir kennen die rechtlichen Besonderheiten, die das Verfahren vor einem Untersuchungsausschuss von einem strafrechtlichen Ermittlungsverfahren unterscheidet. Sie \u00e4u\u00dfern sich in der Praxis [&hellip;]<\/p>\n","protected":false},"author":2,"featured_media":0,"parent":0,"menu_order":0,"comment_status":"closed","ping_status":"closed","template":"","meta":{"_et_pb_use_builder":"on","_et_pb_old_content":"","_et_gb_content_width":"","om_disable_all_campaigns":false,"_monsterinsights_skip_tracking":false,"_monsterinsights_sitenote_active":false,"_monsterinsights_sitenote_note":"","_monsterinsights_sitenote_category":0,"footnotes":""},"class_list":["post-808","page","type-page","status-publish","hentry"],"aioseo_notices":[],"_links":{"self":[{"href":"https:\/\/defenza.de\/en\/wp-json\/wp\/v2\/pages\/808","targetHints":{"allow":["GET"]}}],"collection":[{"href":"https:\/\/defenza.de\/en\/wp-json\/wp\/v2\/pages"}],"about":[{"href":"https:\/\/defenza.de\/en\/wp-json\/wp\/v2\/types\/page"}],"author":[{"embeddable":true,"href":"https:\/\/defenza.de\/en\/wp-json\/wp\/v2\/users\/2"}],"replies":[{"embeddable":true,"href":"https:\/\/defenza.de\/en\/wp-json\/wp\/v2\/comments?post=808"}],"version-history":[{"count":10,"href":"https:\/\/defenza.de\/en\/wp-json\/wp\/v2\/pages\/808\/revisions"}],"predecessor-version":[{"id":3019,"href":"https:\/\/defenza.de\/en\/wp-json\/wp\/v2\/pages\/808\/revisions\/3019"}],"wp:attachment":[{"href":"https:\/\/defenza.de\/en\/wp-json\/wp\/v2\/media?parent=808"}],"curies":[{"name":"wp","href":"https:\/\/api.w.org\/{rel}","templated":true}]}}