{"id":2634,"date":"2023-11-21T13:36:26","date_gmt":"2023-11-21T12:36:26","guid":{"rendered":"https:\/\/twp-strafrecht.de\/?page_id=2634"},"modified":"2026-03-09T14:57:59","modified_gmt":"2026-03-09T13:57:59","slug":"sandra-scherbarth","status":"publish","type":"page","link":"https:\/\/defenza.de\/fr\/sandra-scherbarth\/","title":{"rendered":"Sandra Scherbarth"},"content":{"rendered":"<p>[et_pb_section fb_built=&#8220;1&#8243; disabled_on=&#8220;off|off|on&#8220; admin_label=&#8220;Hero Section&#8220; _builder_version=&#8220;4.27.4&#8243; custom_padding=&#8220;0|0px|0px|0px&#8220; global_colors_info=&#8220;{}&#8220;][et_pb_row _builder_version=&#8220;4.21.0&#8243; _module_preset=&#8220;default&#8220; global_colors_info=&#8220;{}&#8220;][et_pb_column type=&#8220;4_4&#8243; _builder_version=&#8220;4.21.0&#8243; _module_preset=&#8220;default&#8220; global_colors_info=&#8220;{}&#8220;][et_pb_image src=&#8220;https:\/\/defenza.de\/wp-content\/uploads\/2025\/09\/Sandra_Scherbarth-scaled.jpg&#8220; title_text=&#8220;Sandra_Scherbarth&#8220; align=&#8220;center&#8220; src_last_edited=&#8220;off|desktop&#8220; disabled_on=&#8220;off|off|on&#8220; _builder_version=&#8220;4.27.4&#8243; _module_preset=&#8220;default&#8220; min_height_last_edited=&#8220;off|tablet&#8220; global_colors_info=&#8220;{}&#8220;][\/et_pb_image][\/et_pb_column][\/et_pb_row][\/et_pb_section][et_pb_section fb_built=&#8220;1&#8243; admin_label=&#8220;Hero Section&#8220; _builder_version=&#8220;4.16&#8243; custom_margin=&#8220;0px||||false|false&#8220; custom_padding=&#8220;0px||0px||false|false&#8220; global_colors_info=&#8220;{}&#8220;][et_pb_row column_structure=&#8220;1_2,1_2&#8243; make_equal=&#8220;on&#8220; _builder_version=&#8220;4.27.4&#8243; width=&#8220;100%&#8220; max_width=&#8220;100%&#8220; custom_margin=&#8220;1px|auto||auto||&#8220; custom_padding=&#8220;1px||2px|||&#8220; use_custom_width=&#8220;on&#8220; width_unit=&#8220;off&#8220; custom_width_percent=&#8220;100%&#8220; global_colors_info=&#8220;{}&#8220;][et_pb_column type=&#8220;1_2&#8243; _builder_version=&#8220;4.16&#8243; custom_padding=&#8220;100px||100px|8%&#8220; custom_padding_tablet=&#8220;60px|10%|60px|10%&#8220; custom_padding_phone=&#8220;&#8220; custom_padding_last_edited=&#8220;on|tablet&#8220; global_colors_info=&#8220;{}&#8220; padding_tablet=&#8220;60px|10%|60px|10%&#8220; padding_last_edited=&#8220;on|tablet&#8220; custom_padding__hover=&#8220;|||&#8220; padding_phone=&#8220;60px|10%|60px|10%&#8220;][et_pb_text _builder_version=&#8220;4.16&#8243; header_font=&#8220;Nunito||||||||&#8220; header_3_font=&#8220;Karla|700||on|||||&#8220; header_3_text_color=&#8220;#b51f1f&#8220; header_3_font_size=&#8220;16px&#8220; header_3_letter_spacing=&#8220;1px&#8220; transform_scale=&#8220;100%|100%&#8220; background_layout=&#8220;dark&#8220; custom_margin=&#8220;0px||20px||false|false&#8220; custom_margin_tablet=&#8220;&#8220; custom_margin_phone=&#8220;-60px||||false|false&#8220; custom_margin_last_edited=&#8220;on|phone&#8220; locked=&#8220;off&#8220; global_colors_info=&#8220;{}&#8220;]<\/p>\n<h3><\/h3>\n<p>[\/et_pb_text][et_pb_divider color=&#8220;#b51f1e&#8220; divider_weight=&#8220;2px&#8220; _builder_version=&#8220;4.21.0&#8243; transform_scale=&#8220;100%|100%&#8220; max_width=&#8220;150px&#8220; module_alignment=&#8220;right&#8220; height=&#8220;2px&#8220; custom_margin=&#8220;|||&#8220; custom_padding=&#8220;|-60px||&#8220; custom_padding_tablet=&#8220;|0px||&#8220; custom_padding_last_edited=&#8220;off|desktop&#8220; locked=&#8220;off&#8220; global_colors_info=&#8220;{}&#8220;][\/et_pb_divider][et_pb_text _builder_version=&#8220;4.27.6&#8243; hover_enabled=&#8220;0&#8243; locked=&#8220;off&#8220; global_colors_info=&#8220;{}&#8220; sticky_enabled=&#8220;0&#8243;]<\/p>\n<h1>Sandra Scherbarth<span><\/span><\/h1>\n<p style=\"text-align: right;\"><span style=\"color: #000000;\">Rechtsanw\u00e4ltin<br \/>Strafverteidigerin<\/span><\/p>\n<p style=\"text-align: left;\"><span>Sandra Scherbarth ber\u00e4t und verteidigt in allen Bereichen des Strafrechts. Sie verf\u00fcgt \u00fcber weitreichende Prozesserfahrung insbesondere in Wirtschaftsstrafsachen; umfasst ist die Verteidigung gegen den Vorwurf des (Abrechnungs-)Betrugs, der Korruption, der Insolvenzverschleppung, der Untreue und der Geldw\u00e4sche bis hin zu Verst\u00f6\u00dfen gegen das Arzneimittel- und das Au\u00dfenwirtschaftsgesetz sowie in Steuerstrafverfahren. Aber auch umfangreiche Bet\u00e4ubungsmittelstrafverfahren und Revisionshauptverhandlungen vor dem BGH geh\u00f6ren dazu. Sie vertritt Mandanten zudem im Bereich der internationalen Rechtshilfe, insbesondere in Auslieferungsverfahren.<\/span><\/p>\n<p style=\"text-align: left;\">Aufgewachsen am Bodensee, hat Rechtsanw\u00e4ltin Scherbarth in Freiburg, Berlin und Coimbra (Portugal) studiert. Nach dem Studium und parallel zum Referendariat war sie mehrere Jahre als wissenschaftliche Mitarbeiterin in wirtschaftsrechtlich und wirtschafts- und steuerstrafrechtlich ausgerichteten Kanzleien t\u00e4tig. Das Rechtsreferendariat absolvierte sie am Hanseatischen Oberlandesgericht mit Stationen u.a. beim Bundeswirtschaftsministerium in Berlin und einer wirtschaftsstrafrechtlichen Boutique in Hamburg.<\/p>\n<p style=\"text-align: left;\">Sandra Scherbarth ist Mitglied im Vorstand des <a href=\"https:\/\/www.hav.de\/de\/\" target=\"_blank\" rel=\"noopener\">Hamburgischen Anwaltvereins e.V. (HAV)<\/a> und dort u.a. zust\u00e4ndig f\u00fcr die Arbeitsgemeinschaft Strafrecht.<\/p>\n<h2 style=\"font-size: 20px;\"><span><\/span><\/h2>\n<p style=\"text-align: left;\"><strong>Mitgliedschaften<\/strong><\/p>\n<ul>\n<li style=\"text-align: left;\"><a href=\"https:\/\/www.ag-strafrecht.de\/\" target=\"_blank\" rel=\"noopener\">Arbeitsgemeinschaft Strafrecht des Deutschen Anwaltvereins (DAV)<\/a><\/li>\n<li style=\"text-align: left;\"><a href=\"https:\/\/www.hav.de\/de\/\" target=\"_blank\" rel=\"noopener\" title=\"Hamburgischer Anwaltverein (HAV)\">Hamburgischer Anwaltverein (HAV)<\/a><\/li>\n<li style=\"text-align: left;\"><a href=\"https:\/\/www.strafverteidiger-hamburg.net\/index.php?id=index\" target=\"_blank\" rel=\"noopener\" title=\"Hamburger Arbeitsgemeinschaft f\u00fcr Strafverteidigerinnen und Strafverteidiger\">Hamburger Arbeitsgemeinschaft f\u00fcr Strafverteidigerinnen und Strafverteidiger<\/a><\/li>\n<li style=\"text-align: left;\"><a href=\"https:\/\/wistev.de\/\" target=\"_blank\" rel=\"noopener\" title=\"Wirtschaftsstrafrechtliche Vereinigung (WisteV)\"><span>Wirtschaftsstrafrechtliche Vereinigung (WisteV)<\/span><\/a><\/li>\n<li style=\"text-align: left;\"><a href=\"https:\/\/juwist.com\/\" target=\"_blank\" rel=\"noopener\" title=\"Juristinnen im Wirtschafts- und Steuerstrafrecht (JuWiSt)\"><span>Juristinnen im Wirtschafts- und Steuerstrafrecht (JuWiSt)<\/span><\/a><a href=\"applewebdata:\/\/66892670-8E3B-4567-A3AC-AD1472C774F9#_ftnref1\" name=\"_ftn1\"><span><\/span><\/a><span><\/span><\/li>\n<\/ul>\n<p style=\"text-align: left;\"><span><strong><\/strong><\/span><\/p>\n<p style=\"text-align: left;\"><span><strong>Ver\u00f6ffentlichungen<\/strong><\/span><\/p>\n<p style=\"text-align: left;\"><strong>Aufs\u00e4tze und Entscheidungsanmerkungen in Fachzeitschriften<\/strong><\/p>\n<p style=\"text-align: left; line-height: 120%;\"><em data-renderer-mark=\"true\">Rezension zu Gramlich\/L\u00fctke, \u201eGeschGehG HinSchG \u2013 Spannungsverh\u00e4ltnis zwischen Schutz von Gesch\u00e4ftsgeheimnissen und Whistleblowing\u201c<span>, <\/span><\/em><a href=\"https:\/\/wistev.de\/journal\/2026\/02\/01\/rezension-zu-gramlich-luetke-geschgehg-hinschg-spannungsverhaeltnis-zwischen-schutz-von-geschaeftsgeheimnissen-und-whistleblowing\/\" target=\"_blank\" rel=\"noopener\">WiJ 01\/2026<\/a>.<\/p>\n<p style=\"text-align: left; line-height: 120%;\"><em data-renderer-mark=\"true\">Anmerkung zum Beschluss des BVerfG vom 23.01.2025 (2 BvR 5\/25): Unverh\u00e4ltnism\u00e4\u00dfigkeit einer Auslieferungshaftanordnung,<\/em> StV-Spezial 2025, S. 145-147.<\/p>\n<p style=\"text-align: left; line-height: 120%;\"><em>Anmerkung zum Beschluss des LG N\u00fcrnberg-F\u00fcrth vom 14.02.2024 \u2013 18 Qs 51\/23: Anonyme Hinweise als Verdachtsgrundlage f\u00fcr eine Durchsuchungsanordnung?<\/em> NZWiSt 2025, S. 120-122.<\/p>\n<p style=\"text-align: left; line-height: 120%;\"><span><em>Strafverfolgung und Whistleblowing \u2013 Informationsbeschaffung von Insidern als Ermittlungsmethode? <\/em><a href=\"https:\/\/www.hrr-strafrecht.de\/hrr\/archiv\/24-09\/index.php?sz=6\" target=\"_blank\" rel=\"noopener\">HRRS 9\/2024, S. 273-282<\/a>.<\/span><\/p>\n<p style=\"text-align: left; line-height: 120%;\"><em>Anmerkung zum EGMR-Urteil Gawlik .\/. Liechtenstein: Pflicht von Whistleblowern zu einer zumutbaren Informationspr\u00fcfung, <\/em>CB 2021, S. 490-492.<\/p>\n<p style=\"text-align: left; line-height: 120%;\"><span><em>Whistleblowing Systems: A systematic literature review on the design specifications and the consideration of the risk for organizational insiders to blow the whistle<\/em>, <a href=\"https:\/\/virtusinterpress.org\/IMG\/pdf\/cocv18i2art5.pdf\" target=\"_blank\" rel=\"noopener\" title=\"Journal of Corporate Ownership &amp; Control, 18(2) 2021, S. 60-73\">Journal of Corporate Ownership &amp; Control, 18(2) 2021, S. 60-73<\/a> (gemeinsam mit Prof. Dr. Stefan Behringer).<\/span><\/p>\n<p style=\"text-align: left; line-height: 120%;\"><em>Geheimnisschutz nach dem GeschGehG \u2013 Aktuelles zu den Anforderungen an angemessene Schutzma\u00dfnahmen, Whistleblowing und NDAs, <\/em>CB 2019, S. 49-54 (gemeinsam mit Dr. Malte Passarge).<\/p>\n<p style=\"text-align: left; line-height: 120%;\"><em>Gestaltungsvorgaben f\u00fcr Hinweisgebersysteme unter Ber\u00fccksichtigung der Hinweisgebergef\u00e4hrdung, <\/em>ZRFC 2019, S. 157-163 (gemeinsam mit Prof. Dr. Stefan Behringer).<\/p>\n<p style=\"text-align: left; line-height: 120%;\"><em>Wettbewerbsrechtliche Rechtsprechungs\u00fcbersicht 2017\/2018, <\/em>CB 2018, S. 460-464 (gemeinsam mit Dr. Malte Passarge).<\/p>\n<p style=\"text-align: left; line-height: 120%;\"><strong>Online-Beitr\u00e4ge<\/strong><em><br \/><\/em><\/p>\n<p style=\"text-align: left; line-height: 120%;\"><em data-renderer-mark=\"true\">Fortgesetzte Angriffe gegen die Anwaltschaft in der T\u00fcrkei. <\/em>In: <a href=\"https:\/\/anwaltsblatt.anwaltverein.de\/de\/themen\/netzwerk-verein\/angriffe-gegen-anwaltschaft-tuerkei\" target=\"_blank\" rel=\"noopener\">Anwaltsblatt 28.01.2026<\/a>.<\/p>\n<p style=\"text-align: left; line-height: 120%;\"><em>Anklage gegen den gesamten Vorstand der Istanbuler Anwaltskammer. <\/em>In: <a href=\"https:\/\/anwaltsblatt.anwaltverein.de\/de\/themen\/recht-gesetz\/anklage-kammerpraesidenten-vorstand-istanbuler-anwaltskammer\" target=\"_blank\" rel=\"noopener\">Anwaltsblatt 10.06.2025<\/a>.<em><br \/><\/em><\/p>\n<p style=\"text-align: left; line-height: 120%;\"><em>Falsches Vertrauen. <\/em>In: <a href=\"https:\/\/verfassungsblog.de\/falsches-vertrauen\/\" target=\"_blank\" rel=\"noopener\">Verfassungsblog 01.05.2025<\/a> (gemeinsam mit Noah Kistner).<em><br \/><\/em><\/p>\n<p style=\"text-align: left; line-height: 120%;\"><em>Strafrechtliche Verfolgung von Anw\u00e4ltinnen und Anw\u00e4lten in der T\u00fcrkei. <\/em>In: <a href=\"https:\/\/anwaltsblatt.anwaltverein.de\/de\/themen\/netzwerk-verein\/strafrechtliche-verfolgung-anwaeltinnen-tuerkei\" target=\"_blank\" rel=\"noopener\">Anwaltsblatt 07.03.2025<\/a> (gemeinsam mit Ya\u015far Ohle).<\/p>\n<p>[\/et_pb_text][\/et_pb_column][et_pb_column type=&#8220;1_2&#8243; disabled_on=&#8220;on|on|off&#8220; _builder_version=&#8220;4.27.4&#8243; background_color=&#8220;#212121&#8243; background_enable_image=&#8220;off&#8220; custom_padding=&#8220;100px|8%|100px|&#8220; custom_padding_tablet=&#8220;60px|10%|60px|10%&#8220; custom_padding_phone=&#8220;&#8220; custom_padding_last_edited=&#8220;on|phone&#8220; global_colors_info=&#8220;{}&#8220; padding_tablet=&#8220;60px|10%|60px|10%&#8220; padding_last_edited=&#8220;on|phone&#8220; custom_padding__hover=&#8220;|||&#8220; padding_phone=&#8220;60px|10%|60px|10%&#8220;][et_pb_image src=&#8220;https:\/\/defenza.de\/wp-content\/uploads\/2025\/09\/Sandra_Scherbarth-scaled.jpg&#8220; alt=&#8220;Rechtsanw\u00e4ltin Pinar&#8220; title_text=&#8220;Sandra_Scherbarth&#8220; src_last_edited=&#8220;off|desktop&#8220; align_tablet=&#8220;center&#8220; align_phone=&#8220;&#8220; align_last_edited=&#8220;on|desktop&#8220; disabled_on=&#8220;on|on|off&#8220; _builder_version=&#8220;4.27.4&#8243; max_width=&#8220;600px&#8220; max_width_tablet=&#8220;&#8220; max_width_phone=&#8220;&#8220; max_width_last_edited=&#8220;on|desktop&#8220; custom_margin=&#8220;|||-8%&#8220; custom_margin_tablet=&#8220;|||&#8220; custom_margin_last_edited=&#8220;off|desktop&#8220; custom_padding=&#8220;|||&#8220; animation_style=&#8220;slide&#8220; animation_direction=&#8220;right&#8220; animation_intensity_slide=&#8220;4%&#8220; animation_starting_opacity=&#8220;50%&#8220; box_shadow_style=&#8220;preset3&#8243; box_shadow_blur=&#8220;80px&#8220; global_colors_info=&#8220;{}&#8220;][\/et_pb_image][\/et_pb_column][\/et_pb_row][\/et_pb_section]<\/p>\n","protected":false},"excerpt":{"rendered":"<p>Sandra Scherbarth Rechtsanw\u00e4ltinStrafverteidigerin Sandra Scherbarth ber\u00e4t und verteidigt in allen Bereichen des Strafrechts. Sie verf\u00fcgt \u00fcber weitreichende Prozesserfahrung insbesondere in Wirtschaftsstrafsachen; umfasst ist die Verteidigung gegen den Vorwurf des (Abrechnungs-)Betrugs, der Korruption, der Insolvenzverschleppung, der Untreue und der Geldw\u00e4sche bis hin zu Verst\u00f6\u00dfen gegen das Arzneimittel- und das Au\u00dfenwirtschaftsgesetz sowie in Steuerstrafverfahren. Aber auch umfangreiche [&hellip;]<\/p>\n","protected":false},"author":2,"featured_media":0,"parent":0,"menu_order":0,"comment_status":"closed","ping_status":"closed","template":"","meta":{"_et_pb_use_builder":"on","_et_pb_old_content":"","_et_gb_content_width":"","om_disable_all_campaigns":false,"_monsterinsights_skip_tracking":false,"_monsterinsights_sitenote_active":false,"_monsterinsights_sitenote_note":"","_monsterinsights_sitenote_category":0,"footnotes":""},"class_list":["post-2634","page","type-page","status-publish","hentry"],"aioseo_notices":[],"_links":{"self":[{"href":"https:\/\/defenza.de\/fr\/wp-json\/wp\/v2\/pages\/2634","targetHints":{"allow":["GET"]}}],"collection":[{"href":"https:\/\/defenza.de\/fr\/wp-json\/wp\/v2\/pages"}],"about":[{"href":"https:\/\/defenza.de\/fr\/wp-json\/wp\/v2\/types\/page"}],"author":[{"embeddable":true,"href":"https:\/\/defenza.de\/fr\/wp-json\/wp\/v2\/users\/2"}],"replies":[{"embeddable":true,"href":"https:\/\/defenza.de\/fr\/wp-json\/wp\/v2\/comments?post=2634"}],"version-history":[{"count":11,"href":"https:\/\/defenza.de\/fr\/wp-json\/wp\/v2\/pages\/2634\/revisions"}],"predecessor-version":[{"id":4607,"href":"https:\/\/defenza.de\/fr\/wp-json\/wp\/v2\/pages\/2634\/revisions\/4607"}],"wp:attachment":[{"href":"https:\/\/defenza.de\/fr\/wp-json\/wp\/v2\/media?parent=2634"}],"curies":[{"name":"wp","href":"https:\/\/api.w.org\/{rel}","templated":true}]}}