{"id":4326,"date":"2026-01-15T07:35:09","date_gmt":"2026-01-15T06:35:09","guid":{"rendered":"https:\/\/twp-strafrecht.de\/?page_id=4326"},"modified":"2026-01-15T07:50:50","modified_gmt":"2026-01-15T06:50:50","slug":"avocat-specialise-en-homicide-involontaire-des-avocats-experimentes-en-droit-penal-peuvent-vous-aider","status":"publish","type":"page","link":"https:\/\/defenza.de\/fr\/anwalt-fuer-fahrlaessige-toetung-erfahrene-strafverteidiger-helfen\/","title":{"rendered":"Avocat sp\u00e9cialis\u00e9 en homicide involontaire | Des avocats exp\u00e9riment\u00e9s en droit p\u00e9nal peuvent vous aider."},"content":{"rendered":"<p>[et_pb_section fb_built=&#8220;1&#8243; disabled_on=&#8220;off|on|on&#8220; admin_label=&#8220;Hero Section&#8220; _builder_version=&#8220;4.16&#8243; custom_padding=&#8220;0|0px|0px|0px&#8220; global_colors_info=&#8220;{}&#8220;][et_pb_row use_custom_gutter=&#8220;on&#8220; make_equal=&#8220;on&#8220; _builder_version=&#8220;4.16&#8243; width=&#8220;100%&#8220; max_width=&#8220;100%&#8220; custom_padding=&#8220;0px|0|0px|&#8220; use_custom_width=&#8220;on&#8220; width_unit=&#8220;off&#8220; custom_width_percent=&#8220;100%&#8220; global_colors_info=&#8220;{}&#8220;][et_pb_column type=&#8220;4_4&#8243; _builder_version=&#8220;4.16&#8243; custom_padding=&#8220;200px|4%|200px|8%&#8220; custom_padding_tablet=&#8220;60px|10%|60px|10%&#8220; custom_padding_phone=&#8220;&#8220; custom_padding_last_edited=&#8220;on|tablet&#8220; global_colors_info=&#8220;{}&#8220; padding_tablet=&#8220;60px|10%|60px|10%&#8220; padding_last_edited=&#8220;on|tablet&#8220; custom_padding__hover=&#8220;|||&#8220; padding_phone=&#8220;60px|10%|60px|10%&#8220;][et_pb_image src=&#8220;https:\/\/defenza.de\/wp-content\/uploads\/2026\/01\/fahrlassige-totung-paragraph-222-stgb.jpg&#8220; alt=&#8220;Rechtsanw\u00e4ltin Pinar&#8220; title_text=&#8220;fahrlassige-totung-paragraph-222-stgb&#8220; align_tablet=&#8220;center&#8220; align_phone=&#8220;&#8220; align_last_edited=&#8220;on|desktop&#8220; disabled_on=&#8220;off|on|on&#8220; _builder_version=&#8220;4.27.4&#8243; max_width=&#8220;600px&#8220; max_width_tablet=&#8220;&#8220; max_width_phone=&#8220;&#8220; max_width_last_edited=&#8220;on|desktop&#8220; custom_margin=&#8220;|||-8%&#8220; custom_margin_tablet=&#8220;60px|60px|60px|60px&#8220; custom_margin_phone=&#8220;0px|0px|0px|0px|false|false&#8220; custom_margin_last_edited=&#8220;on|phone&#8220; custom_padding=&#8220;|||&#8220; animation_style=&#8220;slide&#8220; animation_direction=&#8220;right&#8220; animation_intensity_slide=&#8220;4%&#8220; animation_starting_opacity=&#8220;50%&#8220; hover_enabled=&#8220;0&#8243; box_shadow_style=&#8220;preset3&#8243; box_shadow_blur=&#8220;80px&#8220; global_colors_info=&#8220;{}&#8220; sticky_enabled=&#8220;0&#8243;][\/et_pb_image][\/et_pb_column][\/et_pb_row][\/et_pb_section][et_pb_section fb_built=&#8220;1&#8243; admin_label=&#8220;Hero Section&#8220; _builder_version=&#8220;4.16&#8243; custom_padding=&#8220;0|0px|0px|0px&#8220; global_colors_info=&#8220;{}&#8220;][et_pb_row column_structure=&#8220;1_2,1_2&#8243; use_custom_gutter=&#8220;on&#8220; make_equal=&#8220;on&#8220; _builder_version=&#8220;4.27.4&#8243; width=&#8220;100%&#8220; max_width=&#8220;100%&#8220; custom_padding=&#8220;0px|0px|0px|||&#8220; hover_enabled=&#8220;0&#8243; use_custom_width=&#8220;on&#8220; width_unit=&#8220;off&#8220; custom_width_percent=&#8220;100%&#8220; global_colors_info=&#8220;{}&#8220; sticky_enabled=&#8220;0&#8243;][et_pb_column type=&#8220;1_2&#8243; _builder_version=&#8220;4.16&#8243; custom_padding=&#8220;200px|4%|200px|8%&#8220; custom_padding_tablet=&#8220;60px|10%|60px|10%&#8220; custom_padding_phone=&#8220;&#8220; custom_padding_last_edited=&#8220;on|tablet&#8220; global_colors_info=&#8220;{}&#8220; padding_tablet=&#8220;60px|10%|60px|10%&#8220; padding_last_edited=&#8220;on|tablet&#8220; custom_padding__hover=&#8220;|||&#8220; padding_phone=&#8220;60px|10%|60px|10%&#8220;][et_pb_text _builder_version=&#8220;4.16&#8243; header_font=&#8220;Nunito||||||||&#8220; header_3_font=&#8220;Karla|700||on|||||&#8220; header_3_text_color=&#8220;#b51f1f&#8220; header_3_font_size=&#8220;16px&#8220; header_3_letter_spacing=&#8220;1px&#8220; transform_scale=&#8220;100%|100%&#8220; background_layout=&#8220;dark&#8220; custom_margin=&#8220;0px||20px||false|false&#8220; custom_margin_tablet=&#8220;&#8220; custom_margin_phone=&#8220;-60px||||false|false&#8220; custom_margin_last_edited=&#8220;on|phone&#8220; locked=&#8220;off&#8220; global_colors_info=&#8220;{}&#8220;]<\/p>\n<h3><\/h3>\n<p>[\/et_pb_text][et_pb_divider color=&#8220;#b51f1e&#8220; divider_weight=&#8220;2px&#8220; _builder_version=&#8220;4.16&#8243; transform_scale=&#8220;100%|100%&#8220; max_width=&#8220;150px&#8220; module_alignment=&#8220;right&#8220; height=&#8220;2px&#8220; custom_margin=&#8220;|||&#8220; custom_padding=&#8220;|-60px||&#8220; custom_padding_tablet=&#8220;|0px||&#8220; custom_padding_last_edited=&#8220;off|desktop&#8220; locked=&#8220;off&#8220; global_colors_info=&#8220;{}&#8220;][\/et_pb_divider][et_pb_text _builder_version=&#8220;4.27.4&#8243; header_2_font=&#8220;Conneqt Bold|||||on|||&#8220; header_2_text_color=&#8220;#666666&#8243; header_2_font_size=&#8220;20px&#8220; header_3_text_color=&#8220;#666666&#8243; custom_margin=&#8220;||28px|||&#8220; locked=&#8220;off&#8220; global_colors_info=&#8220;{}&#8220;]<\/p>\n<h1>Verteidigung bei T\u00f6tungsdelikten<\/h1>\n<h2 style=\"text-align: left;\">Fahrl\u00e4ssige T\u00f6tung<\/h2>\n<p style=\"text-align: left;\">Bei einem vors\u00e4tzlichen T\u00f6tungsdelikt, insbesondere Mord und Totschlag, nimmt der T\u00e4ter den Tod eines anderen Menschen billigend in Kauf, wei\u00df davon oder es kommt ihm genau darauf an. Es gibt allerdings auch F\u00e4lle, in denen ein Mensch durch die Handlung eines anderen zu Tode kommt, ohne, dass dieser vors\u00e4tzlich handelte. Hierf\u00fcr kann zum Teil ein kurzer Moment ausreichen \u2013 zum Beispiel bei Unachtsamkeit im Stra\u00dfenverkehr \u2013, um zum Beschuldigten eines Strafverfahrens zu werden. In Betracht kommt dann eine Strafbarkeit wegen fahrl\u00e4ssiger T\u00f6tung gem\u00e4\u00df \u00a7 222 des Strafgesetzbuches (StGB).<\/p>\n<p style=\"text-align: left;\">Bereiche, in denen der Vorwurf der fahrl\u00e4ssigen T\u00f6tung besonders h\u00e4ufig vorkommt, sind beispielsweise der Stra\u00dfenverkehr und das Berufsleben, insbesondere bei \u00c4rzten oder im Baubereich. Da eine Verurteilung weitreichende, auch au\u00dferstrafrechtliche, <a href=\"https:\/\/defenza.de\/de_de\/strafrechtliche-nebenfolgen-was-neben-einer-strafe-bei-einer-verurteilung-noch-drohen-kann\/\">Folgen<\/a> \u2013 wie den Entzug der Approbation oder des F\u00fchrerscheins \u2013 nach sich ziehen kann, ist eine erfahrungsbasierte und spezialisierte Strafverteidigung notwendig. <\/p>\n<p>[\/et_pb_text][et_pb_text _builder_version=&#8220;4.27.4&#8243; header_2_font=&#8220;Conneqt Bold|||||on|||&#8220; header_2_text_color=&#8220;#666666&#8243; header_2_font_size=&#8220;20px&#8220; header_3_text_color=&#8220;#666666&#8243; custom_margin=&#8220;||30px|||&#8220; locked=&#8220;off&#8220; global_colors_info=&#8220;{}&#8220;]<\/p>\n<h2 style=\"text-align: left;\">Aussageverweigerungsrecht<\/h2>\n<p style=\"text-align: left;\"><span style=\"font-weight: 400;\">Zun\u00e4chst vorab: Sollten Sie der fahrl\u00e4ssigen T\u00f6tung beschuldigt werden, ist es unbedingt notwendig, zun\u00e4chst von Ihrem Aussageverweigerungsrecht Gebrauch zu machen. Keine Aussage zu t\u00e4tigen, also sich auf sein Schweigerecht zu berufen, ist in jedem Fall zun\u00e4chst die beste L\u00f6sung. Denn etwaige Erkl\u00e4rungen zum Geschehen bzw. dem Tatvorwurf k\u00f6nnen sich im weiteren Verlauf des Strafverfahrens als nachteilig erweisen. Dies gilt insbesondere bei Straftaten gegen Leib und Leben. <\/span><b>Bewahren Sie Ruhe und wenden Sie sich an eine\/n erfahrene\/n Strafverteidiger\/in<\/b><span style=\"font-weight: 400;\"> \u2013 diese\/r bespricht das weitere Vorgehen mit Ihnen und leitet alle notwendigen Schritte ein.\u00a0<\/span><\/p>\n<h2 style=\"text-align: left;\">Strafe<\/h2>\n<p style=\"text-align: left;\"><span style=\"font-weight: 400;\">Die fahrl\u00e4ssige T\u00f6tung wird gem\u00e4\u00df \u00a7 222 StGB mit einer <\/span><b>Freiheitsstrafe bis zu 5 Jahren<\/b><span style=\"font-weight: 400;\"> oder mit einer <\/span><b>Geldstrafe<\/b><span style=\"font-weight: 400;\"> bestraft. Besonders relevant wird es hier bei jeder Verteidigungsstrategie sein, eine Strafe von maximal 2 Jahren Freiheitsstrafe zu erreichen. Dann besteht die M\u00f6glichkeit, dass die Strafe unter Umst\u00e4nden <\/span><b>zur Bew\u00e4hrung ausgesetzt<\/b><span style=\"font-weight: 400;\"> werden kann.\u00a0<\/span><\/p>\n<p style=\"text-align: left;\"><span style=\"font-weight: 400;\">Eine Tat der fahrl\u00e4ssigen T\u00f6tung verj\u00e4hrt in der Regel nach \u00a7 78 Abs. 3 Nr. 4 StGB nach 5 Jahren, wobei diese Frist von mehreren Faktoren beeinflusst werden kann. So h\u00e4ngt der Verj\u00e4hrungszeitpunkt unter anderem auch von dem Zeitpunkt der ersten Vernehmung des Beschuldigten ab, oder kann sich durch Erlass eines Haftbefehls \u00e4ndern.\u00a0<\/span><\/p>\n<h2 style=\"text-align: left;\">Der Tatbestand der fahrl\u00e4ssigen T\u00f6tung<\/h2>\n<p style=\"text-align: left;\"><span style=\"font-weight: 400;\">Der Tatbestand des \u00a7 222 erfordert in objektiver Hinsicht zum einen die T\u00f6tung eines Menschen. Diese muss fahrl\u00e4ssig erfolgt sein. Die komplexe Abgrenzungsfrage zu den vors\u00e4tzlichen T\u00f6tungsdelikten, also insbesondere <a href=\"https:\/\/defenza.de\/anwalt-fuer-mord-und-totschlag-erfahrene-strafverteidigung-twp\/\">Mord und Totschlag<\/a>, liegt in der <\/span><b>Sorgfaltspflichtverletzung<\/b><span style=\"font-weight: 400;\">.\u00a0<\/span><\/p>\n<p style=\"text-align: left;\"><span style=\"font-weight: 400;\">Unterschieden wird grunds\u00e4tzlich zwischen <\/span><b>bewusster und unbewusster Fahrl\u00e4ssigkeit<\/b><span style=\"font-weight: 400;\">. Bewusste Fahrl\u00e4ssigkeit liegt dann vor, wenn jemand eine strafbare Handlung begeht und hierbei darauf hofft, dass die rechtswidrige Folge nicht eintreten wird. Unbewusste Fahrl\u00e4ssigkeit hingegen ist dann gegeben, wenn jemand unbewusst eine strafbare Handlung begeht, wobei die konkrete Person durch pers\u00f6nliche Kenntnisse und F\u00e4higkeiten und aufgrund der Umst\u00e4nde durchaus dazu in der Lage gewesen w\u00e4re, dies zu erkennen.<\/span><\/p>\n<p style=\"text-align: left;\"><span style=\"font-weight: 400;\">Die jeweiligen Sorgfaltspflichten, die ein jeder zu beachten hat, richten sich nach der <\/span><b>im Verkehr erforderlichen Sorgfalt.<\/b><span style=\"font-weight: 400;\"> Es ist also abh\u00e4ngig davon, wie sich ein besonnener und gewissenhafter Mensch bei Betrachtung der Ausgangssituation in der konkreten Lage und sozialen Rolle des Beschuldigten verhalten h\u00e4tte. Bedeutsam sind dabei sowohl gesetzliche Vorschriften als auch nichtgesetzliche Leitlinien. Wird die erforderliche Sorgfalt au\u00dfer Acht gelassen, so liegt eine objektive Sorgfaltspflichtverletzung vor. Wichtig ist zudem, dass <\/span><b>Sonderwissen oder -k\u00f6nnen<\/b><span style=\"font-weight: 400;\"> der jeweiligen Person bei der Einsch\u00e4tzung zu ber\u00fccksichtigen sind, weshalb man spezielle Kenntnisse oder F\u00e4higkeiten gegen sich gelten lassen muss. Im Umkehrschluss bedeutet dies aber nicht, dass sich ein\/e Beschuldigte\/r bzw. Angeklagte\/r auf mangelndes Wissen oder K\u00f6nnen berufen kann, das f\u00fcr die ausgef\u00fchrte Handlung eigentlich erforderlich w\u00e4re.\u00a0<\/span><\/p>\n<p style=\"text-align: left;\"><span style=\"font-weight: 400;\">Dar\u00fcber hinaus ist die <\/span><b>objektive Voraussehbarkeit des Taterfolges<\/b><span style=\"font-weight: 400;\"> notwendig. F\u00fcr die beschuldigte Person muss in der tats\u00e4chlichen Situation Anlass und M\u00f6glichkeit daf\u00fcr bestanden haben, den konkret drohenden Taterfolg, also die T\u00f6tung eines Menschen, zu erkennen. Au\u00dferdem muss der Taterfolg gerade auf dem sorgfaltspflichtverletzenden Handeln beruhen, ihm also <\/span><b>objektiv zurechenbar<\/b><span style=\"font-weight: 400;\"> sein. Das ist nicht der Fall, wenn der Tod des Gesch\u00e4digten auch bei pflichtgem\u00e4\u00dfen Verhalten mit hoher Wahrscheinlichkeit eingetreten w\u00e4re. Im Rahmen dieser Pr\u00fcfung gibt es besondere Zusammenh\u00e4nge, die zu beachten sind.<\/span><\/p>\n<p style=\"text-align: left;\"><span style=\"font-weight: 400;\">In subjektiver Hinsicht sind zuletzt die Frage einer <\/span><b>subjektiven Sorgfaltspflichtverletzung<\/b><span style=\"font-weight: 400;\"> und der <\/span><b>subjektiven Vorhersehbarkeit des Taterfolges<\/b><span style=\"font-weight: 400;\"> von Bedeutung. Dies wird in Bezug darauf bewertet, ob der Beschuldigte entsprechend seiner individuellen Kenntnisse und F\u00e4higkeiten dazu imstande war, seiner Sorgfaltspflicht nachzukommen und die Folgen seiner Handlung vorherzusehen \u2013 oder ob es Einschr\u00e4nkungen gab.<\/span><\/p>\n<p>[\/et_pb_text][et_pb_accordion _builder_version=&#8220;4.27.4&#8243; _module_preset=&#8220;default&#8220; max_width=&#8220;600px&#8220; module_alignment=&#8220;right&#8220; custom_margin=&#8220;||30px|||&#8220; locked=&#8220;off&#8220; global_colors_info=&#8220;{}&#8220;][et_pb_accordion_item title=&#8220;BGH, Urteil vom 28.08.2025 (Az. 4 StR 476\/24) zur durch Unterlassen verwirklichten fahrl\u00e4ssigen T\u00f6tung durch Fahrerflucht:&#8220; open=&#8220;on&#8220; _builder_version=&#8220;4.27.4&#8243; _module_preset=&#8220;default&#8220; global_colors_info=&#8220;{}&#8220;]<\/p>\n<p>Der BGH hat in seinem Urteil vom 28.08.2025 klargestellt, dass bei durch Unterlassen verwirklichten T\u00f6tungsdelikten neben der Garantenpflicht, der Unt\u00e4tigkeit, der physisch-realen Handlungsm\u00f6glichkeit und dem m\u00f6glichen Eintritt des Todeserfolges auch solche Umst\u00e4nde Gegenstand der Vorstellung des T\u00e4ters sein m\u00fcssen, die die Annahme einer hypothetischen Kausalit\u00e4t m\u00f6glicher Rettungshandlungen begr\u00fcnden. Der Angeklagte in diesem Fall machte sich der fahrl\u00e4ssigen T\u00f6tung durch das Verursachen eines Unfalls auf der Autobahn unter Nichtbeachtung der Verkehrsregeln strafbar und beging dann Fahrerflucht.<\/p>\n<p>[\/et_pb_accordion_item][\/et_pb_accordion][et_pb_text _builder_version=&#8220;4.27.4&#8243; header_2_font=&#8220;Conneqt Bold|||||on|||&#8220; header_2_text_color=&#8220;#666666&#8243; header_2_font_size=&#8220;20px&#8220; header_3_text_color=&#8220;#666666&#8243; custom_margin=&#8220;||27px|||&#8220; locked=&#8220;off&#8220; global_colors_info=&#8220;{}&#8220;]<\/p>\n<h2 style=\"text-align: left;\">Abgrenzung zur K\u00f6rperverletzung mit Todesfolge<\/h2>\n<p style=\"text-align: left;\"><span style=\"font-weight: 400;\">Der Tatbestand der fahrl\u00e4ssigen K\u00f6rperverletzung ist von dem der K\u00f6rperverletzung mit Todesfolge gem\u00e4\u00df \u00a7 227 StGB abzugrenzen. Dieser ist dann einschl\u00e4gig, wenn der T\u00e4ter vors\u00e4tzlich hinsichtlich einer K\u00f6rperverletzung handelte, also dem Opfer eigentlich eine K\u00f6rperverletzung zuf\u00fcgen wollte, hierbei allerdings der Tod der Person eintrat. Der Strafrahmen f\u00fcr eine K\u00f6rperverletzung mit Todesfolge beginnt bei 3 Jahre Freiheitsstrafe. In minder schweren F\u00e4llen liegt der Strafrahmen nach \u00a7 227 Abs. 2 StGB bei Freiheitsstrafe zwischen 1 und 10 Jahren.<\/span><\/p>\n<h2 style=\"text-align: left;\">Strafverteidigung\u00a0<\/h2>\n<p style=\"text-align: left;\"><span style=\"font-weight: 400;\">Sollten Sie oder ein Angeh\u00f6riger der fahrl\u00e4ssigen T\u00f6tung beschuldigt werden, stehen die Anw\u00e4ltinnen und Anw\u00e4lte unseres B\u00fcros Ihnen gerne bei Ihrer Verteidigung zur Seite. Dabei gilt es die f\u00fcr Ihren Fall richtige Verteidigungsstrategie herauszuarbeiten und alle denkbaren M\u00f6glichkeiten auszusch\u00f6pfen.<\/span><\/p>\n<p>[\/et_pb_text][et_pb_text _builder_version=&#8220;4.27.4&#8243; header_2_font=&#8220;Conneqt Bold|||||on|||&#8220; header_2_text_color=&#8220;#666666&#8243; header_2_font_size=&#8220;20px&#8220; header_3_text_color=&#8220;#666666&#8243; custom_margin=&#8220;||35px|||&#8220; locked=&#8220;off&#8220; global_colors_info=&#8220;{}&#8220;]<\/p>\n<h2 style=\"text-align: left;\">FAQ:<\/h2>\n<p>[\/et_pb_text][et_pb_accordion _builder_version=&#8220;4.27.4&#8243; _module_preset=&#8220;default&#8220; max_width=&#8220;600px&#8220; module_alignment=&#8220;right&#8220; global_colors_info=&#8220;{}&#8220;][et_pb_accordion_item title=&#8220;Was versteht man unter fahrl\u00e4ssiger T\u00f6tung?&#8220; _builder_version=&#8220;4.27.4&#8243; _module_preset=&#8220;default&#8220; global_colors_info=&#8220;{}&#8220; open=&#8220;on&#8220;]<\/p>\n<p>Eine fahrl\u00e4ssige T\u00f6tung liegt dann vor, wenn ein Mensch durch das sorgfaltspflichtwidrige Verhalten eines anderen Menschen zu Tode kommt, ohne dass dies beabsichtigt bzw. gewollt war.<\/p>\n<p>[\/et_pb_accordion_item][et_pb_accordion_item title=&#8220;Wie unterscheidet sich die fahrl\u00e4ssige T\u00f6tung von vors\u00e4tzlichen T\u00f6tungsdelikten?&#8220; _builder_version=&#8220;4.27.4&#8243; _module_preset=&#8220;default&#8220; global_colors_info=&#8220;{}&#8220; open=&#8220;off&#8220;]<\/p>\n<p>W\u00e4hrend bei vors\u00e4tzlichen T\u00f6tungsdelikten der Tod des anderen Menschen entweder gewollt oder mindestens billigend in Kauf genommen wird, ist dies bei der fahrl\u00e4ssigen T\u00f6tung nicht der Fall.<\/p>\n<p>[\/et_pb_accordion_item][et_pb_accordion_item title=&#8220;Welche Strafe droht bei fahrl\u00e4ssiger T\u00f6tung?&#8220; _builder_version=&#8220;4.27.4&#8243; _module_preset=&#8220;default&#8220; global_colors_info=&#8220;{}&#8220; open=&#8220;off&#8220;]<\/p>\n<p>Die Strafe bel\u00e4uft sich auf eine Freiheitsstrafe bis zu 5 Jahren oder eine Geldstrafe.<\/p>\n<p>[\/et_pb_accordion_item][et_pb_accordion_item title=&#8220;Gibt es weitere Folgen?&#8220; _builder_version=&#8220;4.27.4&#8243; _module_preset=&#8220;default&#8220; global_colors_info=&#8220;{}&#8220; open=&#8220;off&#8220;]<\/p>\n<p>Ja, das ist m\u00f6glich. Bei verkehrsbezogenen Taten kann die Fahrerlaubnis entzogen und\/oder ein Fahrverbot verh\u00e4ngt werden. Eltern, die ihre Sorgfaltspflichten verletzen, kann das Sorgerecht entzogen werden. Auch berufsrechtliche Konsequenzen, wie der Verlust einer Approbation, sind denkbar.<\/p>\n<p>[\/et_pb_accordion_item][et_pb_accordion_item title=&#8220;Kann eine fahrl\u00e4ssige T\u00f6tung auch durch Unterlassen begangen werden?&#8220; _builder_version=&#8220;4.27.4&#8243; _module_preset=&#8220;default&#8220; global_colors_info=&#8220;{}&#8220; open=&#8220;off&#8220;]<\/p>\n<p>Ja, wenn die Person eine Garantenstellung gegen\u00fcber dem Opfer hatte.<\/p>\n<p>[\/et_pb_accordion_item][et_pb_accordion_item title=&#8220;Wann verj\u00e4hrt eine fahrl\u00e4ssige T\u00f6tung?&#8220; _builder_version=&#8220;4.27.4&#8243; _module_preset=&#8220;default&#8220; global_colors_info=&#8220;{}&#8220; open=&#8220;off&#8220;]<\/p>\n<p>In der Regel verj\u00e4hrt die Tat nach 5 Jahren.<\/p>\n<p>[\/et_pb_accordion_item][et_pb_accordion_item title=&#8220;Ist der Versuch der fahrl\u00e4ssigen T\u00f6tung strafbar?&#8220; _builder_version=&#8220;4.27.4&#8243; _module_preset=&#8220;default&#8220; global_colors_info=&#8220;{}&#8220; open=&#8220;off&#8220;]<\/p>\n<p>Nein, dies ist nicht m\u00f6glich.<\/p>\n<p>[\/et_pb_accordion_item][et_pb_accordion_item title=&#8220;Wie wird die Fahrl\u00e4ssigkeit bewertet?&#8220; _builder_version=&#8220;4.27.4&#8243; _module_preset=&#8220;default&#8220; global_colors_info=&#8220;{}&#8220; open=&#8220;off&#8220;]<\/p>\n<p>Es wird sowohl objektiv als auch subjektiv gepr\u00fcft, wie sich ein umsichtiger und besonnener Mensch auf Grundlage der konkreten Umst\u00e4nde h\u00e4tte verhalten und ob der Tod des Menschen vorhersehbar war. Dies wird damit gegen\u00fcbergestellt, wie sich der T\u00e4ter verhalten hat und inwiefern er zum korrekten Verhalten aufgrund seiner Kenntnisse und F\u00e4higkeiten in der Lage war.<\/p>\n<p>[\/et_pb_accordion_item][et_pb_accordion_item title=&#8220;Welche Bedeutung hat ein Mitverschulden des Opfers?&#8220; _builder_version=&#8220;4.27.4&#8243; _module_preset=&#8220;default&#8220; global_colors_info=&#8220;{}&#8220; open=&#8220;off&#8220;]<\/p>\n<p>Ein Mitverschulden des Opfers schlie\u00dft zwar eine Strafbarkeit nicht aus, kann aber insbesondere hinsichtlich der Strafzumessung von Bedeutung sein.<\/p>\n<p>[\/et_pb_accordion_item][et_pb_accordion_item title=&#8220;Wann liegt eine fahrl\u00e4ssige T\u00f6tung im Stra\u00dfenverkehr vor?&#8220; _builder_version=&#8220;4.27.4&#8243; _module_preset=&#8220;default&#8220; global_colors_info=&#8220;{}&#8220; open=&#8220;off&#8220;]<\/p>\n<p><span style=\"font-weight: 400;\">Wenn Verkehrsvorschriften oder andere Richtlinien betreffend den Stra\u00dfenverkehr nicht beachtet werden und dadurch ein Mensch zu Tode kommt.<\/span><\/p>\n<p>[\/et_pb_accordion_item][\/et_pb_accordion][\/et_pb_column][et_pb_column type=&#8220;1_2&#8243; disabled_on=&#8220;on|off|off&#8220; _builder_version=&#8220;4.27.4&#8243; use_background_color_gradient=&#8220;on&#8220; background_color_gradient_stops=&#8220;rgba(18,18,18,0.5) 0%|#121212 100%&#8220; background_color_gradient_overlays_image=&#8220;on&#8220; background_color_gradient_start=&#8220;rgba(18,18,18,0.5)&#8220; background_color_gradient_end=&#8220;#121212&#8243; background_image=&#8220;https:\/\/defenza.de\/wp-content\/uploads\/2026\/01\/fahrlassige-totung-paragraph-222-stgb.jpg&#8220; custom_padding=&#8220;100px||100px|&#8220; custom_padding_tablet=&#8220;60px||60px|&#8220; custom_padding_phone=&#8220;&#8220; custom_padding_last_edited=&#8220;on|desktop&#8220; hover_enabled=&#8220;0&#8243; global_colors_info=&#8220;{}&#8220; padding_tablet=&#8220;60px||60px|&#8220; padding_last_edited=&#8220;on|desktop&#8220; custom_padding__hover=&#8220;|||&#8220; padding_phone=&#8220;60px||60px|&#8220; title_text=&#8220;fahrlassige-totung-paragraph-222-stgb&#8220; sticky_enabled=&#8220;0&#8243;][et_pb_image src=&#8220;https:\/\/defenza.de\/wp-content\/uploads\/2026\/01\/fahrlassige-totung-paragraph-222-stgb.jpg&#8220; alt=&#8220;Rechtsanw\u00e4ltin Pinar&#8220; title_text=&#8220;fahrlassige-totung-paragraph-222-stgb&#8220; align_tablet=&#8220;center&#8220; align_phone=&#8220;&#8220; align_last_edited=&#8220;on|desktop&#8220; disabled_on=&#8220;on|off|off&#8220; _builder_version=&#8220;4.27.4&#8243; max_width=&#8220;600px&#8220; max_width_tablet=&#8220;&#8220; max_width_phone=&#8220;&#8220; max_width_last_edited=&#8220;on|desktop&#8220; custom_margin=&#8220;|||-8%&#8220; custom_margin_tablet=&#8220;60px|60px|60px|60px&#8220; custom_margin_phone=&#8220;&#8220; custom_margin_last_edited=&#8220;on|desktop&#8220; custom_padding=&#8220;|||&#8220; animation_style=&#8220;slide&#8220; animation_direction=&#8220;right&#8220; animation_intensity_slide=&#8220;4%&#8220; animation_starting_opacity=&#8220;50%&#8220; hover_enabled=&#8220;0&#8243; box_shadow_style=&#8220;preset3&#8243; box_shadow_blur=&#8220;80px&#8220; global_colors_info=&#8220;{}&#8220; sticky_enabled=&#8220;0&#8243;][\/et_pb_image][\/et_pb_column][\/et_pb_row][\/et_pb_section]<\/p>\n","protected":false},"excerpt":{"rendered":"<p>Accus\u00e9 d&#039;homicide involontaire\u00a0? Des avocats sp\u00e9cialis\u00e9s en droit p\u00e9nal vous offrent une assistance imm\u00e9diate. D\u00e9fense en mati\u00e8re d&#039;infractions routi\u00e8res et de responsabilit\u00e9 professionnelle. Contactez-nous\u00a0!<\/p>","protected":false},"author":4,"featured_media":0,"parent":0,"menu_order":0,"comment_status":"closed","ping_status":"closed","template":"","meta":{"_et_pb_use_builder":"on","_et_pb_old_content":"","_et_gb_content_width":"","om_disable_all_campaigns":false,"_monsterinsights_skip_tracking":false,"_monsterinsights_sitenote_active":false,"_monsterinsights_sitenote_note":"","_monsterinsights_sitenote_category":0,"footnotes":""},"class_list":["post-4326","page","type-page","status-publish","hentry"],"aioseo_notices":[],"_links":{"self":[{"href":"https:\/\/defenza.de\/fr\/wp-json\/wp\/v2\/pages\/4326","targetHints":{"allow":["GET"]}}],"collection":[{"href":"https:\/\/defenza.de\/fr\/wp-json\/wp\/v2\/pages"}],"about":[{"href":"https:\/\/defenza.de\/fr\/wp-json\/wp\/v2\/types\/page"}],"author":[{"embeddable":true,"href":"https:\/\/defenza.de\/fr\/wp-json\/wp\/v2\/users\/4"}],"replies":[{"embeddable":true,"href":"https:\/\/defenza.de\/fr\/wp-json\/wp\/v2\/comments?post=4326"}],"version-history":[{"count":4,"href":"https:\/\/defenza.de\/fr\/wp-json\/wp\/v2\/pages\/4326\/revisions"}],"predecessor-version":[{"id":4335,"href":"https:\/\/defenza.de\/fr\/wp-json\/wp\/v2\/pages\/4326\/revisions\/4335"}],"wp:attachment":[{"href":"https:\/\/defenza.de\/fr\/wp-json\/wp\/v2\/media?parent=4326"}],"curies":[{"name":"wp","href":"https:\/\/api.w.org\/{rel}","templated":true}]}}