{"id":574,"date":"2021-02-25T13:39:32","date_gmt":"2021-02-25T12:39:32","guid":{"rendered":"https:\/\/twp-strafrecht.de\/?page_id=574"},"modified":"2026-03-04T12:38:01","modified_gmt":"2026-03-04T11:38:01","slug":"imprimer","status":"publish","type":"page","link":"https:\/\/defenza.de\/fr\/impressum\/","title":{"rendered":"imprimer"},"content":{"rendered":"<p>[et_pb_section fb_built=&#8220;1&#8243; _builder_version=&#8220;4.16&#8243; _module_preset=&#8220;default&#8220; global_colors_info=&#8220;{}&#8220;][et_pb_row _builder_version=&#8220;4.21.0&#8243; _module_preset=&#8220;default&#8220; global_colors_info=&#8220;{}&#8220;][et_pb_column type=&#8220;4_4&#8243; _builder_version=&#8220;4.16&#8243; _module_preset=&#8220;default&#8220; global_colors_info=&#8220;{}&#8220;][et_pb_text _builder_version=&#8220;4.27.5&#8243; _module_preset=&#8220;default&#8220; max_width=&#8220;100%&#8220; max_width_tablet=&#8220;100%&#8220; max_width_phone=&#8220;100%&#8220; max_width_last_edited=&#8220;on|desktop&#8220; module_alignment=&#8220;left&#8220; custom_margin=&#8220;||||false|false&#8220; custom_padding=&#8220;||||false|false&#8220; hover_enabled=&#8220;0&#8243; global_colors_info=&#8220;{}&#8220; sticky_enabled=&#8220;0&#8243;]<\/p>\n<h2 style=\"text-align: left;\">Impressum<\/h2>\n<p style=\"text-align: left;\"><b><\/b><\/p>\n<p style=\"text-align: left;\"><b>Verantwortlich:<\/b><\/p>\n<p style=\"text-align: left;\">Andreas Thiel, Arne Weller, G\u00fcl Pinar, <span>Noah Kistner, Sandra Scherbarth<\/span><\/p>\n<p style=\"text-align: left;\">Rechtsanw\u00e4lt*innen in B\u00fcrogemeinschaft<\/p>\n<p style=\"text-align: left;\">Defenza Strafrechtskanzlei<\/p>\n<p style=\"font-weight: 400; text-align: left;\">Gro\u00dfneumarkt 50<\/p>\n<p style=\"font-weight: 400; text-align: left;\">20459 Hamburg<\/p>\n<p style=\"text-align: left;\">Telefon: <a href=\"tel:+494043274434\">+49 40 4327 44 34<\/a><\/p>\n<p style=\"text-align: left;\">Telefax: <a href=\"fax:+494043274435\">+49 40 4327 44 35<\/a><\/p>\n<p style=\"text-align: left;\">E-Mail: <a href=\"mailto:kanzlei@defenza.de\">kanzlei@defenza.de<\/a><\/p>\n<p style=\"text-align: left;\">Zweigstelle Amrum:<\/p>\n<p style=\"text-align: left;\">Obere Wandelbahn 25<\/p>\n<p style=\"text-align: left;\">25946 Wittd\u00fcn<\/p>\n<p style=\"text-align: left;\"><b>Berufshaftpflichtversicherung:<\/b><\/p>\n<p style=\"text-align: left;\">Rechtsanwalt Andreas Thiel: ERGO Versicherung AG, ERGO-Platz 1, 40477 D\u00fcsseldorf<\/p>\n<p style=\"font-weight: 400; text-align: left;\">Rechtsanwalt Arne Weller: HDI Versicherung AG, HDI-Platz 1, 30659 Hannover<\/p>\n<p style=\"font-weight: 400; text-align: left;\">Rechtsanw\u00e4ltin G\u00fcl Pinar: Allianz Versicherungs-AG, K\u00f6niginstr. 28, 80802 M\u00fcnchen<\/p>\n<p style=\"font-weight: 400; text-align: left;\">Rechtsanwalt Noah Kistner: HDI Versicherung AG, HDI-Platz 1, 30659 Hannover<\/p>\n<p style=\"font-weight: 400; text-align: left;\">Rechtsanw\u00e4ltin Sandra Scherbarth: Allianz Versicherungs-AG, K\u00f6niginstr. 28, 80802 M\u00fcnchen<\/p>\n<p style=\"text-align: left;\"><b>Berufsbezeichnung:<\/b><\/p>\n<p style=\"text-align: left;\">Rechtsanwalt nach dem Recht der Bundesrepublik Deutschland<\/p>\n<p style=\"text-align: left;\"><b>Aufsichtsbeh\u00f6rde\/Mitglied bei:<\/b><\/p>\n<p style=\"text-align: left;\">Hanseatische Rechtsanwaltskammer<\/p>\n<p style=\"text-align: left;\">Valentinskamp 88<\/p>\n<p style=\"text-align: left;\">20355 Hamburg<\/p>\n<p style=\"text-align: left;\">Telefon: 040 357441-0<\/p>\n<p style=\"text-align: left;\">Telefax: 040 357441-41<\/p>\n<p style=\"text-align: left;\">E-Mail: <a href=\"mailto:info@rechtsanwaltskammerhamburg.de\">info@rechtsanwaltskammerhamburg.de<\/a><\/p>\n<p style=\"text-align: left;\"><b>Regelungen:<\/b><\/p>\n<p style=\"text-align: left;\">F\u00fcr Rechtsanw\u00e4lte sind folgende standesrechtliche Regelungen bindend:<\/p>\n<p style=\"text-align: left;\">Bundesrechtsanwaltsordnung (BRAO)<\/p>\n<p style=\"text-align: left;\">Berufsordnung der Rechtsanw\u00e4lte (BORA)<\/p>\n<p style=\"text-align: left;\">Fachanwaltsordnung (FAO)<\/p>\n<p style=\"text-align: left;\">Rechtsanwaltsverg\u00fctungsgesetz (RVG)<\/p>\n<p style=\"text-align: left;\">Berufsregeln der Rechtsanw\u00e4lte der Europ\u00e4ischen Union (CCBE-Berufsregeln)<\/p>\n<p style=\"text-align: left;\">Die genannten Regelungen finden Sie auf der Homepage der Bundesrechtsan-waltskammer (BRAK) <a href=\"http:\/\/www.brak.de\">www.brak.de<\/a> (f\u00fcr Anw\u00e4lte, Berufsrecht)<\/p>\n<p style=\"text-align: left;\"><b>Erhebung und Speicherung personenbezogener Daten; Art, Zweck und Verwendung<\/b><\/p>\n<p style=\"text-align: left;\">Beim Aufrufen dieser Website werden durch den auf Ihrem Endger\u00e4t zum Einsatz kommenden Browser automatisch Informationen an den Server unserer Website gesendet. Diese Informationen werden tempor\u00e4r in einem sog. Logfile gespeichert. Folgende Informationen werden dabei ohne Ihr Zutun erfasst und bis zur automatisierten L\u00f6schung gespeichert:<\/p>\n<p style=\"text-align: left;\">&#8211; IP-Adresse des anfragenden Rechners,<\/p>\n<p style=\"text-align: left;\">&#8211; Datum und Uhrzeit des Zugriffs,<\/p>\n<p style=\"text-align: left;\">&#8211; Name und URL der abgerufenen Datei,<\/p>\n<p style=\"text-align: left;\">&#8211; Website, von der aus der Zugriff erfolgt (Referrer-URL),<\/p>\n<p style=\"text-align: left;\">&#8211; verwendeter Browser und ggf. das Betriebssystem Ihres Rechners sowie der Name<\/p>\n<p style=\"text-align: left;\">&#8211; Ihres Access-Providers.<\/p>\n<p style=\"text-align: left;\">Die M\u00f6glichkeit, diese Daten auf der Rechtsgrundlage nach Art. 6 Abs. 1 S. 1 lit. f DSGVO f\u00fcr Zwecke wie<\/p>\n<p style=\"text-align: left;\">&#8211; die Gew\u00e4hrleistung eines reibungslosen Verbindungsaufbaus der Website,<\/p>\n<p style=\"text-align: left;\">&#8211; die Gew\u00e4hrleistung einer komfortablen Nutzung unserer Website,<\/p>\n<p style=\"text-align: left;\">&#8211; die Auswertung der Systemsicherheit und -stabilit\u00e4t sowie<\/p>\n<p style=\"text-align: left;\">&#8211; zu weiteren administrativen Zwecken<\/p>\n<p style=\"text-align: left;\">zu nutzen, wird derzeit von uns nicht wahrgenommen. Sollten wir diese M\u00f6glichkeit k\u00fcnftig nutzen wollen, werden wir die erhobenen Daten in keinem Fall daf\u00fcr verwenden, R\u00fcckschl\u00fcsse auf Ihre Person zu ziehen.<\/p>\n<p style=\"text-align: left;\">Wenn Sie uns beauftragen, werden folgende Informationen erhoben:<\/p>\n<p style=\"text-align: left;\">&#8211; Anrede, Titel, Vorname, Nachname<\/p>\n<p style=\"text-align: left;\">&#8211; Geburtsdatum<\/p>\n<p style=\"text-align: left;\">&#8211; Anschrift<\/p>\n<p style=\"text-align: left;\">&#8211; E-Mail-Adresse<\/p>\n<p style=\"text-align: left;\">&#8211; Telefonnummer (Festnetz und\/oder Mobilfunk)<\/p>\n<p style=\"text-align: left;\">&#8211; ggf. Faxnummer (wenn vorhanden &amp; gew\u00fcnscht)<\/p>\n<p style=\"text-align: left;\">&#8211; ggf. Kontodaten<\/p>\n<p style=\"text-align: left;\">Au\u00dferdem werden alle Informationen erhoben, die f\u00fcr die Erf\u00fcllung des Auftrages mit Ihnen notwendig sind. Die Erhebung der personenbezogenen Daten erfolgt,<\/p>\n<p style=\"text-align: left;\">&#8211; um Sie als Kunden identifizieren zu k\u00f6nnen;<\/p>\n<p style=\"text-align: left;\">&#8211; um Sie angemessen beraten zu k\u00f6nnen;<\/p>\n<p style=\"text-align: left;\">&#8211; um unsere vertraglichen Pflichten Ihnen gegen\u00fcber erf\u00fcllen zu k\u00f6nnen;<\/p>\n<p style=\"text-align: left;\">&#8211; um unseren gesetzlichen Verpflichtungen nachkommen zu k\u00f6nnen:<\/p>\n<p style=\"text-align: left;\">&#8211; zur Korrespondenz mit Ihnen;<\/p>\n<p style=\"text-align: left;\">&#8211; zur Rechnungsstellung bzw. ggf. im Rahmen des Mahnwesens;<\/p>\n<p style=\"text-align: left;\">&#8211; zur Geltendmachung etwaiger Anspr\u00fcche gegen Sie.<\/p>\n<p style=\"text-align: left;\">Die Verarbeitung der personenbezogenen Daten erfolgt anl\u00e4sslich Ihrer Anfrage bei uns und ist zu den genannten Zwecken f\u00fcr die Bearbeitung Ihres Auftrags und f\u00fcr die Erf\u00fcllung von Verpflichtungen aus dem zugrundeliegenden Vertrag erforderlich.<\/p>\n<p style=\"text-align: left;\">Die erhobenen personenbezogenen Daten werden bis zum Ablauf der gesetzlichen Aufbewahrungspflichten f\u00fcr die Steuererkl\u00e4rungen und zugeh\u00f6rigen Akten und Belege (i.d.R. 4-7 Jahre) sowie anschlie\u00dfend bis zum Ablauf der Verj\u00e4hrungsfristen f\u00fcr die Steuerbescheide und damit i.d.R. bis zu insgesamt 10 Jahren gespeichert und danach gel\u00f6scht. Wird das Mandatsverh\u00e4ltnis fr\u00fcher beendet erfolgt die L\u00f6schung regelm\u00e4\u00dfig mit Ablauf der Verj\u00e4hrungsfrist f\u00fcr die Steuerbescheide 4 Jahre nach deren endg\u00fcltiger Bestandskraft. Dies gilt ausnahmsweise nicht, wenn wir aufgrund von steuer- oder handelsrechtlichen Aufbewahrungspflichten (gem\u00e4\u00df HGB, StGB oder AO) zu einer l\u00e4ngeren Speicherung verpflichtet sind oder wenn Sie in eine dar\u00fcber hinausgehende Speicherung eingewilligt haben.<\/p>\n<p style=\"text-align: left;\"><b>Elektronischer Austausch von Unterlagen<\/b><\/p>\n<p style=\"text-align: left;\">Auf Wunsch der gro\u00dfen Mehrheit unserer Kunden nach Praktikabilit\u00e4t und Schnelligkeit erfolgt der Austausch von Daten und Informationen meist unverschl\u00fcsselt \u00fcber E-Mail und dabei \u00fcber die g\u00e4ngigen Programme, wie insbesondere \u00fcber Outlook. Sollten Sie eine Verschl\u00fcsselung w\u00fcnschen, bieten wir Ihnen diese gerne an. In diesem Fall bitten wir der unverschl\u00fcsselten \u00dcbermittlung zu widersprechen und mit uns wegen der Umsetzung der Verschl\u00fcsselung in Kontakt zu treten.<\/p>\n<p style=\"text-align: left;\"><b>Weitergabe von Daten an Dritte<\/b><\/p>\n<p style=\"text-align: left;\">Eine \u00dcbermittlung Ihrer personenbezogenen Daten an Dritte findet grunds\u00e4tzlich nicht statt. Ausnahmen hiervon gelten nur, soweit dies f\u00fcr die Bearbeitung der mit Ihnen vereinbarten Auftr\u00e4ge erforderlich ist. Hierzu z\u00e4hlt insbesondere die Einschaltung der von uns beauftragten Dienstleister (sog. Auftragsverarbeiter wie unseren EDV-Betreuer) oder diejenigen Dritten, deren Einschaltung oder T\u00e4tigkeit f\u00fcr die Vertragsdurchf\u00fchrung erforderlich ist (z.B. das Finanzamt, die DATEV, Banken oder spezialisierte Rechtsanw\u00e4lte). Die weitergegebenen Daten d\u00fcrfen von den Dritten ausschlie\u00dflich zu den genannten Zwecken verwendet werden.<\/p>\n<p style=\"text-align: left;\"><b>Ihre Rechte als betroffene Person<\/b><\/p>\n<p style=\"text-align: left;\">Ihnen als von der Datenverarbeitung betroffene Person stehen verschiedene Rechte zu:<\/p>\n<p style=\"text-align: left;\">Widerrufsrecht<\/p>\n<p style=\"text-align: left;\">Von Ihnen erteilte Einwilligungen k\u00f6nnen Sie jederzeit uns gegen\u00fcber widerrufen. Die Datenverarbeitung, die auf der widerrufenen Einwilligung beruht, darf dann f\u00fcr die Zukunft nicht mehr fortgef\u00fchrt werden.<\/p>\n<p style=\"text-align: left;\">Auskunftsrecht<\/p>\n<p style=\"text-align: left;\">Sie k\u00f6nnen Auskunft \u00fcber Ihre von uns verarbeiteten personenbezogenen Daten verlangen. Dies gilt insbesondere f\u00fcr die Zwecke der Datenverarbeitungen, die Kategorien der personenbezogenen Daten, ggf. die Kategorien von Empf\u00e4ngern, die Speicherdauer, ggf. die Herkunft Ihrer Daten und ggf. aussagekr\u00e4ftigen Informationen zu deren Details.<\/p>\n<p style=\"text-align: left;\">Berichtigungsrecht<\/p>\n<p style=\"text-align: left;\">Sie k\u00f6nnen die Berichtigung unrichtiger oder die Vervollst\u00e4ndigung Ihrer bei uns gespeicherten personenbezogenen Daten verlangen.<\/p>\n<p style=\"text-align: left;\">L\u00f6schungsrecht<\/p>\n<p style=\"text-align: left;\">Sie k\u00f6nnen die L\u00f6schung Ihrer bei uns gespeicherten personenbezogenen Daten verlangen, soweit deren Verarbeitung nicht zur Aus\u00fcbung des Rechts auf freie Meinungs\u00e4u\u00dferung und Information, zur Erf\u00fcllung einer rechtlichen Verpflichtung, aus Gr\u00fcnden des \u00f6ffentlichen Interesses oder zur Geltendmachung, Aus\u00fcbung oder Verteidigung von Rechtsanspr\u00fcchen erforderlich ist.<\/p>\n<p style=\"text-align: left;\">Recht auf Einschr\u00e4nkung der Verarbeitung:<\/p>\n<p style=\"text-align: left;\">Sie k\u00f6nnen die Einschr\u00e4nkung der Verarbeitung Ihrer personenbezogenen Daten verlangen, soweit die Richtigkeit der Daten von Ihnen bestritten wird, die Verarbeitung unrechtm\u00e4\u00dfig ist, Sie aber deren L\u00f6schung ablehnen. Au\u00dferdem steht Ihnen dieses Recht zu, wenn wir die Daten nicht mehr ben\u00f6tigen, Sie diese jedoch zur Geltendmachung, Aus\u00fcbung oder Verteidigung von Rechtsanspr\u00fcchen ben\u00f6tigen. Dar\u00fcber hinaus haben Sie dieses Recht, wenn Sie Widerspruch gegen die Verarbeitung Ihrer personenbezogenen Daten eingelegt haben.<\/p>\n<p style=\"text-align: left;\">Recht auf Daten\u00fcbertragbarkeit<\/p>\n<p style=\"text-align: left;\">Sie k\u00f6nnen verlangen, dass wir Ihnen Ihre personenbezogenen Daten, die Sie uns bereitgestellt haben, in einem strukturierten, g\u00e4ngigen und maschinenlesbaren Format \u00fcbermitteln. Alternativ k\u00f6nnen Sie die direkte \u00dcbermittlung der von Ihnen uns bereitgestellten personenbezogenen Daten an einen anderen Verantwortlichen verlangen, soweit dies m\u00f6glich ist.<\/p>\n<p style=\"text-align: left;\">Beschwerderecht<\/p>\n<p style=\"text-align: left;\">Sie k\u00f6nnen sich bei der Bundesbeauftragten f\u00fcr den Datenschutz BFDI beschweren, z.B. wenn Sie der Ansicht sind, dass wir Ihre personenbezogenen Daten in unrechtm\u00e4\u00dfiger Weise verarbeiten. Name, Anschrift und Kontaktdaten finden Sie unter folgendem Link <a href=\"https:\/\/www.bfdi.bund.de\/DE\/Home\/home_node.html\">https:\/\/www.bfdi.bund.de\/DE\/Home\/home_node.html<\/a><\/p>\n<p style=\"text-align: left;\"><b>Ihr Recht auf Widerspruch<\/b><\/p>\n<p style=\"text-align: left;\">Sofern wir Ihre personenbezogenen Daten auf Basis eines berechtigten Interesses verarbeiten, haben Sie das Recht, Widerspruch gegen diese Verarbeitung einzulegen. M\u00f6chten Sie von Ihrem Widerspruchsrecht Gebrauch machen, gen\u00fcgt eine Mitteilung in Textform. Sie k\u00f6nnen uns also gerne anschreiben, ein Fax schicken oder sich per E-Mail an uns wenden. Unsere Kontaktdaten finden Sie unter Punkt 1. dieser Datenschutzhinweise.<\/p>\n<p style=\"text-align: left;\"><b>Haftung f\u00fcr Links<\/b><\/p>\n<p style=\"text-align: left;\">Diese Website enth\u00e4lt Verkn\u00fcpfungen zu Websites Dritter (&#8222;externe Links&#8220;). Diese Websites unterliegen der Haftung der jeweiligen Betreiber. Der Anbieter hat bei der erstmaligen Verkn\u00fcpfung der externen Links die fremden Inhalte daraufhin \u00fcberpr\u00fcft, ob etwaige Rechtsverst\u00f6\u00dfe bestehen. Zu dem Zeitpunkt waren keine Rechtsverst\u00f6\u00dfe ersichtlich. Der Anbieter hat keinerlei Einfluss auf die aktuelle und zuk\u00fcnftige Gestaltung und auf die Inhalte der verkn\u00fcpften Seiten. Das Setzen von externen Links bedeutet nicht, dass sich der Anbieter die hinter dem Verweis oder Link liegenden Inhalte zu Eigen macht. Eine st\u00e4ndige Kontrolle dieser externen Links ist f\u00fcr den Anbieter ohne konkrete Hinweise auf Rechtsverst\u00f6\u00dfe nicht zumutbar. Bei Kenntnis von Rechtsverst\u00f6\u00dfen werden jedoch derartige externe Links unverz\u00fcglich gel\u00f6scht.<\/p>\n<p style=\"text-align: left;\"><b>Urheberrecht<\/b><\/p>\n<p style=\"text-align: left;\">Die auf dieser Website ver\u00f6ffentlichten Inhalte und Werke sind urheberrechtlich gesch\u00fctzt. Jede vom deutschen Urheberrecht nicht zugelassene Verwertung bedarf der vorherigen schriftlichen Zustimmung des jeweiligen Autors oder Urhebers. Dies gilt insbesondere f\u00fcr Vervielf\u00e4ltigung, Bearbeitung, \u00dcbersetzung, Einspeicherung, Verarbeitung bzw. Wiedergabe von Inhalten in Datenbanken oder anderen elektronischen Medien und Systemen. Inhalte und Beitr\u00e4ge Dritter sind dabei als solche gekennzeichnet. Die unerlaubte Vervielf\u00e4ltigung oder Weitergabe einzelner Inhalte oder kompletter Seiten ist nicht gestattet und strafbar. Lediglich die Herstellung von Kopien und Downloads f\u00fcr den pers\u00f6nlichen, privaten und nicht kommerziellen Gebrauch ist erlaubt.<br \/>Links zu den Websites des Anbieters sind jederzeit willkommen und bed\u00fcrfen keiner Zustimmung durch den Betreiber der Website. Die Darstellung dieser Website in fremden Frames ist nur mit Erlaubnis zul\u00e4ssig ist.<\/p>\n<p style=\"text-align: left;\"><b>Externe Dienste<\/b><\/p>\n<p style=\"text-align: left;\">Google Analytics<\/p>\n<p style=\"text-align: left;\">Diese Website benutzt Google Analytics, einen Webanalysedienst der Google Inc. (&#8222;Google&#8220;). Google Analytics verwendet sog. &#8222;Cookies&#8220;, Textdateien, die auf Ihrem Computer gespeichert werden und die eine Analyse der Benutzung der Website durch Sie erm\u00f6glichen. Die durch den Cookie erzeugten Informationen \u00fcber Ihre Benutzung dieser Website werden in der Regel an einen Server von Google in den USA \u00fcbertragen und dort gespeichert. Im Falle der Aktivierung der IP-Anonymisierung auf dieser Webseite wird Ihre IP-Adresse von Google jedoch innerhalb von Mitgliedstaaten der Europ\u00e4ischen Union oder in anderen Vertragsstaaten des Abkommens \u00fcber den Europ\u00e4ischen Wirtschaftsraum zuvor gek\u00fcrzt. Nur in Ausnahmef\u00e4llen wird die volle IP-Adresse an einen Server von Google in den USA \u00fcbertragen und dort gek\u00fcrzt. Im Auftrag des Betreibers dieser Website wird Google diese Informationen benutzen, um Ihre Nutzung der Website auszuwerten, um Reports \u00fcber die Websiteaktivit\u00e4ten zusammenzustellen und um weitere mit der Websitenutzung und der Internetnutzung verbundene Dienstleistungen gegen\u00fcber dem Websitebetreiber zu erbringen. Die im Rahmen von Google Analytics von Ihrem Browser \u00fcbermittelte IP-Adresse wird nicht mit anderen Daten von Google zusammengef\u00fchrt.<\/p>\n<p style=\"text-align: left;\">Sie k\u00f6nnen die Speicherung der Cookies durch eine entsprechende Einstellung Ihrer Browser-Software verhindern; wir weisen Sie jedoch darauf hin, dass Sie in diesem Fall gegebenenfalls nicht s\u00e4mtliche Funktionen dieser Website vollumf\u00e4nglich werden nutzen k\u00f6nnen. Sie k\u00f6nnen dar\u00fcber hinaus die Erfassung der durch das Cookie erzeugten und auf Ihre Nutzung der Website bezogenen Daten (inkl. Ihrer IP-Adresse) an Google sowie die Verarbeitung dieser Daten durch Google verhindern, indem sie das unter dem folgenden Link verf\u00fcgbare Browser-Plugin herunterladen und installieren:<\/p>\n<p style=\"text-align: left;\"><a href=\"http:\/\/tools.google.com\/dlpage\/gaoptout?hl=de\">http:\/\/tools.google.com\/dlpage\/gaoptout?hl=de<\/a>.<\/p>\n<p style=\"text-align: left;\">Datenschutzerkl\u00e4rung Google Maps<\/p>\n<p style=\"text-align: left;\">Diese Webseite verwendet das Produkt Google Maps von Google Inc. Durch Nutzung dieser Webseite erkl\u00e4ren Sie sich mit der Erfassung, Bearbeitung sowie Nutzung der automatisiert erhobenen Daten durch Google Inc, deren Vertreter sowie Dritter einverstanden. Die Nutzungsbedingungen von Google Maps finden sie unter <a href=\"https:\/\/www.google.com\/intl\/de_de\/help\/terms_maps\/\">&#8222;Nutzungsbedingungen von Google Maps&#8220;<\/a>.<\/p>\n<p style=\"text-align: left;\"><b>Gestaltung:<\/b><\/p>\n<p style=\"text-align: left;\">Eike Born<\/p>\n<p>[\/et_pb_text][\/et_pb_column][\/et_pb_row][\/et_pb_section]<\/p>\n","protected":false},"excerpt":{"rendered":"<p>Impressum Verantwortlich: Andreas Thiel, Arne Weller, G\u00fcl Pinar, Noah Kistner, Sandra Scherbarth Rechtsanw\u00e4lt*innen in B\u00fcrogemeinschaft Defenza Strafrechtskanzlei Gro\u00dfneumarkt 50 20459 Hamburg Telefon: +49 40 4327 44 34 Telefax: +49 40 4327 44 35 E-Mail: kanzlei@defenza.de Zweigstelle Amrum: Obere Wandelbahn 25 25946 Wittd\u00fcn Berufshaftpflichtversicherung: Rechtsanwalt Andreas Thiel: ERGO Versicherung AG, ERGO-Platz 1, 40477 D\u00fcsseldorf Rechtsanwalt Arne [&hellip;]<\/p>\n","protected":false},"author":2,"featured_media":0,"parent":0,"menu_order":0,"comment_status":"closed","ping_status":"closed","template":"","meta":{"_et_pb_use_builder":"on","_et_pb_old_content":"","_et_gb_content_width":"","om_disable_all_campaigns":false,"_monsterinsights_skip_tracking":false,"_monsterinsights_sitenote_active":false,"_monsterinsights_sitenote_note":"","_monsterinsights_sitenote_category":0,"footnotes":""},"class_list":["post-574","page","type-page","status-publish","hentry"],"aioseo_notices":[],"_links":{"self":[{"href":"https:\/\/defenza.de\/fr\/wp-json\/wp\/v2\/pages\/574","targetHints":{"allow":["GET"]}}],"collection":[{"href":"https:\/\/defenza.de\/fr\/wp-json\/wp\/v2\/pages"}],"about":[{"href":"https:\/\/defenza.de\/fr\/wp-json\/wp\/v2\/types\/page"}],"author":[{"embeddable":true,"href":"https:\/\/defenza.de\/fr\/wp-json\/wp\/v2\/users\/2"}],"replies":[{"embeddable":true,"href":"https:\/\/defenza.de\/fr\/wp-json\/wp\/v2\/comments?post=574"}],"version-history":[{"count":10,"href":"https:\/\/defenza.de\/fr\/wp-json\/wp\/v2\/pages\/574\/revisions"}],"predecessor-version":[{"id":4571,"href":"https:\/\/defenza.de\/fr\/wp-json\/wp\/v2\/pages\/574\/revisions\/4571"}],"wp:attachment":[{"href":"https:\/\/defenza.de\/fr\/wp-json\/wp\/v2\/media?parent=574"}],"curies":[{"name":"wp","href":"https:\/\/api.w.org\/{rel}","templated":true}]}}