{"id":4089,"date":"2025-11-19T14:52:29","date_gmt":"2025-11-19T13:52:29","guid":{"rendered":"https:\/\/twp-strafrecht.de\/?page_id=4089"},"modified":"2026-02-03T14:16:20","modified_gmt":"2026-02-03T13:16:20","slug":"seu-advogado-para-casos-de-direito-penal-juvenil-em-kiel-e-schleswig-holstein-competente-confiavel-e-empatico","status":"publish","type":"page","link":"https:\/\/defenza.de\/pt\/ihr-anwalt-jugendstrafrecht-fuer-kiel-und-schleswig-holstein-kompetent-vertrauensvoll-und-einfuehlsam\/","title":{"rendered":"Seu advogado para direito penal juvenil em Kiel e Schleswig-Holstein \u2013 competente, confi\u00e1vel e emp\u00e1tico."},"content":{"rendered":"<p>[et_pb_section fb_built=&#8220;1&#8243; disabled_on=&#8220;off|on|on&#8220; admin_label=&#8220;Hero Section&#8220; _builder_version=&#8220;4.16&#8243; custom_padding=&#8220;0|0px|0px|0px&#8220; global_colors_info=&#8220;{}&#8220;][et_pb_row use_custom_gutter=&#8220;on&#8220; make_equal=&#8220;on&#8220; _builder_version=&#8220;4.16&#8243; width=&#8220;100%&#8220; max_width=&#8220;100%&#8220; custom_padding=&#8220;0px|0|0px|&#8220; use_custom_width=&#8220;on&#8220; width_unit=&#8220;off&#8220; custom_width_percent=&#8220;100%&#8220; global_colors_info=&#8220;{}&#8220;][et_pb_column type=&#8220;4_4&#8243; _builder_version=&#8220;4.16&#8243; custom_padding=&#8220;200px|4%|200px|8%&#8220; custom_padding_tablet=&#8220;60px|10%|60px|10%&#8220; custom_padding_phone=&#8220;&#8220; custom_padding_last_edited=&#8220;on|tablet&#8220; global_colors_info=&#8220;{}&#8220; padding_tablet=&#8220;60px|10%|60px|10%&#8220; padding_last_edited=&#8220;on|tablet&#8220; custom_padding__hover=&#8220;|||&#8220; padding_phone=&#8220;60px|10%|60px|10%&#8220;][et_pb_image src=&#8220;https:\/\/defenza.de\/wp-content\/uploads\/2021\/05\/IMG_2752-2-scaled.jpg&#8220; alt=&#8220;Rechtsanw\u00e4lt*innen&#8220; title_text=&#8220;G\u00fcl Pinar \/ Arne Weller \/ Andreas Thiel&#8220; align_tablet=&#8220;center&#8220; align_phone=&#8220;&#8220; align_last_edited=&#8220;on|desktop&#8220; disabled_on=&#8220;off|on|on&#8220; _builder_version=&#8220;4.27.4&#8243; max_width=&#8220;600px&#8220; max_width_tablet=&#8220;&#8220; max_width_phone=&#8220;&#8220; max_width_last_edited=&#8220;on|desktop&#8220; custom_margin=&#8220;|||-8%&#8220; custom_margin_tablet=&#8220;60px|60px|60px|60px&#8220; custom_margin_phone=&#8220;0px|0px|0px|0px|false|false&#8220; custom_margin_last_edited=&#8220;on|phone&#8220; custom_padding=&#8220;|||&#8220; animation_style=&#8220;slide&#8220; animation_direction=&#8220;right&#8220; animation_intensity_slide=&#8220;4%&#8220; animation_starting_opacity=&#8220;50%&#8220; box_shadow_style=&#8220;preset3&#8243; box_shadow_blur=&#8220;80px&#8220; global_colors_info=&#8220;{}&#8220;][\/et_pb_image][\/et_pb_column][\/et_pb_row][\/et_pb_section][et_pb_section fb_built=&#8220;1&#8243; admin_label=&#8220;Hero Section&#8220; _builder_version=&#8220;4.16&#8243; custom_padding=&#8220;0|0px|0px|0px&#8220; global_colors_info=&#8220;{}&#8220;][et_pb_row column_structure=&#8220;1_2,1_2&#8243; use_custom_gutter=&#8220;on&#8220; make_equal=&#8220;on&#8220; _builder_version=&#8220;4.27.4&#8243; width=&#8220;100%&#8220; max_width=&#8220;100%&#8220; custom_padding=&#8220;0px|0px|0px|||&#8220; use_custom_width=&#8220;on&#8220; width_unit=&#8220;off&#8220; custom_width_percent=&#8220;100%&#8220; global_colors_info=&#8220;{}&#8220;][et_pb_column type=&#8220;1_2&#8243; _builder_version=&#8220;4.16&#8243; custom_padding=&#8220;200px|4%|200px|8%&#8220; custom_padding_tablet=&#8220;60px|10%|60px|10%&#8220; custom_padding_phone=&#8220;&#8220; custom_padding_last_edited=&#8220;on|tablet&#8220; global_colors_info=&#8220;{}&#8220; padding_tablet=&#8220;60px|10%|60px|10%&#8220; padding_last_edited=&#8220;on|tablet&#8220; custom_padding__hover=&#8220;|||&#8220; padding_phone=&#8220;60px|10%|60px|10%&#8220;][et_pb_text _builder_version=&#8220;4.16&#8243; header_font=&#8220;Nunito||||||||&#8220; header_3_font=&#8220;Karla|700||on|||||&#8220; header_3_text_color=&#8220;#b51f1f&#8220; header_3_font_size=&#8220;16px&#8220; header_3_letter_spacing=&#8220;1px&#8220; transform_scale=&#8220;100%|100%&#8220; background_layout=&#8220;dark&#8220; custom_margin=&#8220;0px||20px||false|false&#8220; custom_margin_tablet=&#8220;&#8220; custom_margin_phone=&#8220;-60px||||false|false&#8220; custom_margin_last_edited=&#8220;on|phone&#8220; locked=&#8220;off&#8220; global_colors_info=&#8220;{}&#8220;]<\/p>\n<h3><\/h3>\n<p>[\/et_pb_text][et_pb_divider color=&#8220;#b51f1e&#8220; divider_weight=&#8220;2px&#8220; _builder_version=&#8220;4.16&#8243; transform_scale=&#8220;100%|100%&#8220; max_width=&#8220;150px&#8220; module_alignment=&#8220;right&#8220; height=&#8220;2px&#8220; custom_margin=&#8220;|||&#8220; custom_padding=&#8220;|-60px||&#8220; custom_padding_tablet=&#8220;|0px||&#8220; custom_padding_last_edited=&#8220;off|desktop&#8220; locked=&#8220;off&#8220; global_colors_info=&#8220;{}&#8220;][\/et_pb_divider][et_pb_text _builder_version=&#8220;4.27.4&#8243; header_2_font=&#8220;Conneqt Bold|||||on|||&#8220; header_2_text_color=&#8220;#666666&#8243; header_2_font_size=&#8220;20px&#8220; header_3_text_color=&#8220;#666666&#8243; custom_margin=&#8220;||28px|||&#8220; locked=&#8220;off&#8220; global_colors_info=&#8220;{}&#8220;]<\/p>\n<h1>Ihr Anwalt Jugendstrafrecht f\u00fcr Kiel \u2013 kompetent, vertrauensvoll und einf\u00fchlsam<\/h1>\n<p dir=\"auto\" style=\"text-align: left;\">Als erfahrene Fachanw\u00e4lt:innen f\u00fcr Jugendstrafrecht f\u00fcr Kiel und Umgebung wissen wir: Das Jugendstrafrecht zielt auf Erziehung und Resozialisierung ab und ber\u00fccksichtigt den Entwicklungsstand junger Menschen. Jugendliche (14\u201317 Jahre) sind nur strafbar, wenn sie die Bedeutung ihres Handelns erfassen; Heranwachsende (18\u201320 Jahre) k\u00f6nnen ebenfalls nach Jugendstrafrecht behandelt werden, wenn ihre Entwicklung jugendtypisch ist.<\/p>\n<p dir=\"auto\" style=\"text-align: left;\">Wir stehen Mandant:innen aus Kiel und der Region als kompetente Partner zur Seite und begleiten Ihr Kind durch das gesamte Verfahren \u2013 von der ersten polizeilichen Vernehmung bis zur Hauptverhandlung. Dabei nutzen wir die Spielr\u00e4ume des Jugendgerichtsverfahrens, um Eintragungen im F\u00fchrungszeugnis zu vermeiden, erzieherische Ma\u00dfnahmen statt Freiheitsstrafen zu erreichen und belastende Hauptverhandlungen vor Gericht zu verhindern.<\/p>\n<h2 style=\"text-align: left;\">Unsere Leistungen f\u00fcr Kiel und Umgebung:<\/h2>\n<ul style=\"text-align: left;\">\n<li style=\"font-weight: 400;\" aria-level=\"1\"><span style=\"font-weight: 400;\">Fr\u00fchzeitige Verteidigung bereits im Ermittlungsverfahren<\/span><\/li>\n<li style=\"font-weight: 400;\" aria-level=\"1\"><span style=\"font-weight: 400;\">Begleitung und rechtliche Beratung bei polizeilichen Vernehmungen<\/span><\/li>\n<li style=\"font-weight: 400;\" aria-level=\"1\"><span style=\"font-weight: 400;\">Strategische Kommunikation mit Jugendgerichtshilfe, Staatsanwaltschaft und Gericht<\/span><\/li>\n<li style=\"font-weight: 400;\" aria-level=\"1\">Rechtliche Beratung und vertrauensvolle Ansprechpartner f\u00fcr Eltern und Sorgeberechtigte aus Kiel<\/li>\n<li style=\"font-weight: 400;\" aria-level=\"1\"><span style=\"font-weight: 400;\">Individuelle Verteidigungsstrategien angepasst an den jeweiligen Fall<\/span><\/li>\n<li style=\"font-weight: 400;\" aria-level=\"1\"><span style=\"font-weight: 400;\">Diskrete und schnelle Bearbeitung auch in eiligen F\u00e4llen<\/span><\/li>\n<\/ul>\n<h2 style=\"text-align: left;\">Warum wir Ihre erste Wahl sind:<\/h2>\n<ul style=\"text-align: left;\">\n<li style=\"font-weight: 400;\" aria-level=\"1\"><span style=\"font-weight: 400;\">Fachanw\u00e4lte f\u00fcr Strafrecht mit Schwerpunkt Jugendstrafrecht und langj\u00e4hriger Erfahrung<\/span><\/li>\n<li style=\"font-weight: 400;\" aria-level=\"1\"><span style=\"font-weight: 400;\">Regionale Expertise vor den Hamburger und norddeutschen Jugendgerichten<\/span><\/li>\n<li style=\"font-weight: 400;\" aria-level=\"1\">Einf\u00fchlsame und l\u00f6sungsorientierte Beratung f\u00fcr Familien aus Kiel und Umgebung in schwierigen Situationen<\/li>\n<li style=\"font-weight: 400;\" aria-level=\"1\"><span style=\"font-weight: 400;\">Umfassende Kenntnis der Besonderheiten des Jugendgerichtsgesetzes (JGG) und praktische Erfahrung mit Erziehungsma\u00dfregeln und Einstellungsm\u00f6glichkeiten<\/span><\/li>\n<\/ul>\n<h2 style=\"text-align: left;\">H\u00e4ufige Vorw\u00fcrfe, bei denen wir Mandant:innen aus Kiel unterst\u00fctzen:<\/h2>\n<ul style=\"text-align: left;\">\n<li style=\"font-weight: 400;\" aria-level=\"1\"><span style=\"font-weight: 400;\">K\u00f6rperverletzung, Diebstahl, Sachbesch\u00e4digung<\/span><\/li>\n<li style=\"font-weight: 400;\" aria-level=\"1\"><span style=\"font-weight: 400;\">Bet\u00e4ubungsmittel- und Drogendelikte<\/span><\/li>\n<li style=\"font-weight: 400;\" aria-level=\"1\"><span style=\"font-weight: 400;\">Schul- oder Gruppendelikte<\/span><\/li>\n<li style=\"font-weight: 400;\" aria-level=\"1\"><span style=\"font-weight: 400;\">Cybercrime und Beleidigung<\/span><\/li>\n<li style=\"font-weight: 400;\" aria-level=\"1\"><span style=\"font-weight: 400;\">Verkehrsdelikte<\/span><\/li>\n<\/ul>\n<h2 style=\"text-align: left;\">Kontaktieren Sie uns \u2013 wir sind auch f\u00fcr Kiel und Umgebung da!<\/h2>\n<p style=\"text-align: left;\">Jede Stunde z\u00e4hlt, wenn gegen Ihr Kind ermittelt wird. Kontaktieren Sie uns so fr\u00fch wie m\u00f6glich \u2013 auch aus Kiel und der Region \u2013, damit wir rechtzeitig handeln k\u00f6nnen und Ihr Kind maximal gesch\u00fctzt wird!<\/p>\n<p>[\/et_pb_text][et_pb_text _builder_version=&#8220;4.27.4&#8243; _module_preset=&#8220;default&#8220; sticky_enabled=&#8220;0&#8243; header_2_font=&#8220;Conneqt Bold|||||on|||&#8220; header_2_text_color=&#8220;#666666&#8243; header_2_font_size=&#8220;20px&#8220; header_3_text_color=&#8220;#666666&#8243; custom_margin=&#8220;||30px|||&#8220;]<\/p>\n<h2 style=\"text-align: left;\">FAQ<\/h2>\n<p>[\/et_pb_text][et_pb_accordion _builder_version=&#8220;4.27.4&#8243; _module_preset=&#8220;default&#8220; max_width=&#8220;600px&#8220; module_alignment=&#8220;right&#8220; hover_enabled=&#8220;0&#8243; sticky_enabled=&#8220;0&#8243;][et_pb_accordion_item title=&#8220;Was ist Jugendstrafrecht?&#8220; _builder_version=&#8220;4.27.4&#8243; _module_preset=&#8220;default&#8220; open=&#8220;on&#8220; hover_enabled=&#8220;0&#8243; sticky_enabled=&#8220;0&#8243;]<\/p>\n<p>Das Jugendstrafrecht ist ein besonderer Bereich des Strafrechts, der f\u00fcr junge Menschen gilt. Dieser Teil des Strafrechts ist eher auf die Erziehung und Resozialisierung ausgerichtet als auf die reine Bestrafung.<\/p>\n<p>[\/et_pb_accordion_item][et_pb_accordion_item title=&#8220;F\u00fcr wen gilt das Jugendstrafrecht?&#8220; _builder_version=&#8220;4.27.4&#8243; _module_preset=&#8220;default&#8220; open=&#8220;off&#8220; hover_enabled=&#8220;0&#8243; sticky_enabled=&#8220;0&#8243;]<\/p>\n<p>Das Jugendstrafrecht gilt f\u00fcr Beschuldigte im Alter zwischen 14 und 17 Jahren immer. Auf sog. Heranwachsende zwischen 18 und 20 Jahren kann es Anwendung finden, wenn bestimmte Kriterien, wie die Pers\u00f6nlichkeit des Beschuldigten und die Umst\u00e4nde der Tat eher jugendtypisch sind.<\/p>\n<p>[\/et_pb_accordion_item][et_pb_accordion_item title=&#8220;Was bedeutet \u201estrafm\u00fcndig\u201c?&#8220; _builder_version=&#8220;4.27.4&#8243; _module_preset=&#8220;default&#8220; open=&#8220;off&#8220; hover_enabled=&#8220;0&#8243; sticky_enabled=&#8220;0&#8243;]<\/p>\n<p>Strafm\u00fcndigkeit meint, dass jemand rechtlich f\u00fcr das Begehen einer Straftat verantwortlich gemacht werden kann. Die Altersgrenze ist in Deutschland 14 Jahre. Bis zu einem Alter von 13 Jahren sind Kinder strafunm\u00fcndig und werden nicht bestraft.<\/p>\n<p>[\/et_pb_accordion_item][et_pb_accordion_item title=&#8220;Warum gibt es das Jugendstrafrecht?&#8220; _builder_version=&#8220;4.27.4&#8243; _module_preset=&#8220;default&#8220; open=&#8220;off&#8220; hover_enabled=&#8220;0&#8243; sticky_enabled=&#8220;0&#8243;]<\/p>\n<p>Kriminelle Handlungen im Jugendalter sind oftmals eher ein kurzfristiges Fehlverhalten, weil Jugendliche sich noch in der Entwicklung befinden und das Unrecht und die Schwere ihrer Taten nicht verstehen. Daher zielt das Jugendstrafrecht eher auf die Erziehung und Pr\u00e4vention weiterer Taten.<\/p>\n<p>[\/et_pb_accordion_item][et_pb_accordion_item title=&#8220;Wie unterscheidet sich das Jugendstrafrecht vom Erwachsenenstrafrecht?&#8220; _builder_version=&#8220;4.27.4&#8243; _module_preset=&#8220;default&#8220; open=&#8220;off&#8220; hover_enabled=&#8220;0&#8243; sticky_enabled=&#8220;0&#8243;]<\/p>\n<p>Das Jugendstrafrecht sieht meist mildere Sanktionen vor und bietet mehr M\u00f6glichkeiten f\u00fcr p\u00e4dagogische und erzieherische Ma\u00dfnahmen.<\/p>\n<p>[\/et_pb_accordion_item][et_pb_accordion_item title=&#8220;Welche Strafen gibt es im Jugendstrafrecht?&#8220; _builder_version=&#8220;4.27.4&#8243; _module_preset=&#8220;default&#8220; open=&#8220;off&#8220; hover_enabled=&#8220;0&#8243; sticky_enabled=&#8220;0&#8243;]<\/p>\n<p>Es gibt Erziehungsma\u00dfregeln, zum Beispiel Weisungen oder das Erzielen eines T\u00e4ter-Opfer-Ausgleichs. Au\u00dferdem gibt es Zuchtmittel, worunter beispielsweise Verwarnungen, Auflagen oder ein Jugendarrest fallen. Bei schwereren Delikten kann auch eine Jugendfreiheitsstrafe verhangen werden.<\/p>\n<p>[\/et_pb_accordion_item][et_pb_accordion_item title=&#8220;Braucht man als Jugendlicher einen Anwalt?&#8220; _builder_version=&#8220;4.27.4&#8243; _module_preset=&#8220;default&#8220; open=&#8220;off&#8220; hover_enabled=&#8220;0&#8243; sticky_enabled=&#8220;0&#8243;]<\/p>\n<p>Nein, ein Anwalt ist in der Regel nicht zwingend. Ein Anwalt kann aber grunds\u00e4tzlich herangezogen werden, was sich aus strategischen Gr\u00fcnden in Jugendstrafverfahren sehr empfiehlt. Wenn der Tatvorwurf eine schwere Straftat ist, bestellt das Gericht einen Pflichtverteidiger.<\/p>\n<p>[\/et_pb_accordion_item][et_pb_accordion_item title=&#8220;Wie l\u00e4uft ein Jugendstrafverfahren ab?&#8220; _builder_version=&#8220;4.27.4&#8243; _module_preset=&#8220;default&#8220; open=&#8220;off&#8220; hover_enabled=&#8220;0&#8243; sticky_enabled=&#8220;0&#8243;]<\/p>\n<p>Die Ermittlungen seitens der Beh\u00f6rden erfolgen recht \u00e4hnlich wie im Erwachsenenstrafverfahren. Im Gerichtsverfahren gibt es die Besonderheit, dass die Jugendgerichtshilfe teilnimmt, um die Pers\u00f6nlichkeit und die Lebensumst\u00e4nde des Jugendlichen genau darzulegen. Zudem finden Hauptverhandlungen bei unter 18-j\u00e4hrigen unter Ausschluss der \u00d6ffentlichkeit statt.<\/p>\n<p>[\/et_pb_accordion_item][et_pb_accordion_item title=&#8220;Kann ein Verfahren gegen einen Jugendlichen eingestellt werden?&#8220; _builder_version=&#8220;4.27.4&#8243; _module_preset=&#8220;default&#8220; open=&#8220;off&#8220; hover_enabled=&#8220;0&#8243; sticky_enabled=&#8220;0&#8243;]<\/p>\n<p>Ja, auch im Jugendstrafrecht k\u00f6nnen Verfahren eingestellt werden. Die Chance hierzu ist in vielen F\u00e4llen sogar gr\u00f6\u00dfer als im Erwachsenenstrafrecht.<\/p>\n<p>[\/et_pb_accordion_item][et_pb_accordion_item title=&#8220;Was ist ein Erziehungsregister und wie lange bleibt etwas dort stehen?&#8220; _builder_version=&#8220;4.27.4&#8243; _module_preset=&#8220;default&#8220; open=&#8220;off&#8220; hover_enabled=&#8220;0&#8243; sticky_enabled=&#8220;0&#8243;]<\/p>\n<p>In das Erziehungsregister werden strafrechtliche Entscheidungen und Ma\u00dfnahmen des Jugendstrafrechts eingetragen. Es dient vor allem dazu, die Entwicklung junger Straft\u00e4ter nachvollziehen zu k\u00f6nnen. Eintragungen werden mit Vollendung des 24. Lebensjahres entfernt, soweit keine schweren Eintragungen in das Bundeszentralregister vorliegen.<\/p>\n<p>[\/et_pb_accordion_item][\/et_pb_accordion][\/et_pb_column][et_pb_column type=&#8220;1_2&#8243; disabled_on=&#8220;on|off|off&#8220; _builder_version=&#8220;4.27.4&#8243; use_background_color_gradient=&#8220;on&#8220; background_color_gradient_stops=&#8220;rgba(18,18,18,0.5) 0%|#121212 100%&#8220; background_color_gradient_overlays_image=&#8220;on&#8220; background_color_gradient_start=&#8220;rgba(18,18,18,0.5)&#8220; background_color_gradient_end=&#8220;#121212&#8243; background_image=&#8220;https:\/\/defenza.de\/wp-content\/uploads\/2021\/05\/IMG_2752-2-scaled.jpg&#8220; custom_padding=&#8220;100px||100px|&#8220; custom_padding_tablet=&#8220;60px||60px|&#8220; custom_padding_phone=&#8220;&#8220; custom_padding_last_edited=&#8220;on|desktop&#8220; global_colors_info=&#8220;{}&#8220; padding_tablet=&#8220;60px||60px|&#8220; padding_last_edited=&#8220;on|desktop&#8220; custom_padding__hover=&#8220;|||&#8220; padding_phone=&#8220;60px||60px|&#8220;][et_pb_image src=&#8220;https:\/\/defenza.de\/wp-content\/uploads\/2021\/05\/IMG_2752-2-scaled.jpg&#8220; alt=&#8220;Rechtsanw\u00e4lt*innen&#8220; title_text=&#8220;G\u00fcl Pinar \/ Arne Weller \/ Andreas Thiel&#8220; align_tablet=&#8220;center&#8220; align_phone=&#8220;&#8220; align_last_edited=&#8220;on|desktop&#8220; disabled_on=&#8220;on|off|off&#8220; _builder_version=&#8220;4.27.4&#8243; max_width=&#8220;600px&#8220; max_width_tablet=&#8220;&#8220; max_width_phone=&#8220;&#8220; max_width_last_edited=&#8220;on|desktop&#8220; custom_margin=&#8220;|||-8%&#8220; custom_margin_tablet=&#8220;60px|60px|60px|60px&#8220; custom_margin_phone=&#8220;&#8220; custom_margin_last_edited=&#8220;on|desktop&#8220; custom_padding=&#8220;|||&#8220; animation_style=&#8220;slide&#8220; animation_direction=&#8220;right&#8220; animation_intensity_slide=&#8220;4%&#8220; animation_starting_opacity=&#8220;50%&#8220; box_shadow_style=&#8220;preset3&#8243; box_shadow_blur=&#8220;80px&#8220; global_colors_info=&#8220;{}&#8220;][\/et_pb_image][\/et_pb_column][\/et_pb_row][\/et_pb_section]<\/p>\n","protected":false},"excerpt":{"rendered":"<p>O direito penal juvenil centra-se na educa\u00e7\u00e3o e no desenvolvimento dos jovens. O escrit\u00f3rio de advocacia acompanha jovens e adultos jovens durante todo o processo \u2013 desde o primeiro contato com a pol\u00edcia at\u00e9 o julgamento principal \u2013 e apoia os pais com uma defesa criminal emp\u00e1tica, experiente e estrat\u00e9gica perante os tribunais juvenis de Kiel.<\/p>","protected":false},"author":4,"featured_media":0,"parent":0,"menu_order":0,"comment_status":"closed","ping_status":"closed","template":"","meta":{"_et_pb_use_builder":"on","_et_pb_old_content":"","_et_gb_content_width":"","om_disable_all_campaigns":false,"_monsterinsights_skip_tracking":false,"_monsterinsights_sitenote_active":false,"_monsterinsights_sitenote_note":"","_monsterinsights_sitenote_category":0,"footnotes":""},"class_list":["post-4089","page","type-page","status-publish","hentry"],"aioseo_notices":[],"_links":{"self":[{"href":"https:\/\/defenza.de\/pt\/wp-json\/wp\/v2\/pages\/4089","targetHints":{"allow":["GET"]}}],"collection":[{"href":"https:\/\/defenza.de\/pt\/wp-json\/wp\/v2\/pages"}],"about":[{"href":"https:\/\/defenza.de\/pt\/wp-json\/wp\/v2\/types\/page"}],"author":[{"embeddable":true,"href":"https:\/\/defenza.de\/pt\/wp-json\/wp\/v2\/users\/4"}],"replies":[{"embeddable":true,"href":"https:\/\/defenza.de\/pt\/wp-json\/wp\/v2\/comments?post=4089"}],"version-history":[{"count":3,"href":"https:\/\/defenza.de\/pt\/wp-json\/wp\/v2\/pages\/4089\/revisions"}],"predecessor-version":[{"id":4377,"href":"https:\/\/defenza.de\/pt\/wp-json\/wp\/v2\/pages\/4089\/revisions\/4377"}],"wp:attachment":[{"href":"https:\/\/defenza.de\/pt\/wp-json\/wp\/v2\/media?parent=4089"}],"curies":[{"name":"wp","href":"https:\/\/api.w.org\/{rel}","templated":true}]}}