{"id":4161,"date":"2025-12-17T10:13:10","date_gmt":"2025-12-17T09:13:10","guid":{"rendered":"https:\/\/twp-strafrecht.de\/?page_id=4161"},"modified":"2026-03-19T12:17:35","modified_gmt":"2026-03-19T11:17:35","slug":"alegacoes-em-materia-de-direito-penal-trabalhista-proteja-sua-empresa-agora","status":"publish","type":"page","link":"https:\/\/defenza.de\/pt\/vorwurf-im-arbeitsstrafrecht-schuetzen-sie-ihr-unternehmen-jetzt\/","title":{"rendered":"Acusa\u00e7\u00f5es em mat\u00e9ria penal relacionada ao emprego? Proteja sua empresa agora."},"content":{"rendered":"<p>[et_pb_section fb_built=&#8220;1&#8243; disabled_on=&#8220;off|on|on&#8220; admin_label=&#8220;Hero Section&#8220; _builder_version=&#8220;4.16&#8243; custom_padding=&#8220;0|0px|0px|0px&#8220; global_colors_info=&#8220;{}&#8220;][et_pb_row use_custom_gutter=&#8220;on&#8220; make_equal=&#8220;on&#8220; _builder_version=&#8220;4.16&#8243; width=&#8220;100%&#8220; max_width=&#8220;100%&#8220; custom_padding=&#8220;0px|0|0px|&#8220; use_custom_width=&#8220;on&#8220; width_unit=&#8220;off&#8220; custom_width_percent=&#8220;100%&#8220; global_colors_info=&#8220;{}&#8220;][et_pb_column type=&#8220;4_4&#8243; _builder_version=&#8220;4.16&#8243; custom_padding=&#8220;200px|4%|200px|8%&#8220; custom_padding_tablet=&#8220;60px|10%|60px|10%&#8220; custom_padding_phone=&#8220;&#8220; custom_padding_last_edited=&#8220;on|tablet&#8220; global_colors_info=&#8220;{}&#8220; padding_tablet=&#8220;60px|10%|60px|10%&#8220; padding_last_edited=&#8220;on|tablet&#8220; custom_padding__hover=&#8220;|||&#8220; padding_phone=&#8220;60px|10%|60px|10%&#8220;][et_pb_image src=&#8220;https:\/\/defenza.de\/wp-content\/uploads\/2025\/07\/TWP_Strafrechtskanzlei-scaled.jpg&#8220; alt=&#8220;Rechtsanw\u00e4lt*innen&#8220; title_text=&#8220;TWP_Strafrechtskanzlei&#8220; align_tablet=&#8220;center&#8220; align_phone=&#8220;&#8220; align_last_edited=&#8220;on|desktop&#8220; disabled_on=&#8220;off|on|on&#8220; _builder_version=&#8220;4.27.4&#8243; max_width=&#8220;600px&#8220; max_width_tablet=&#8220;&#8220; max_width_phone=&#8220;&#8220; max_width_last_edited=&#8220;on|desktop&#8220; custom_margin=&#8220;|||-8%&#8220; custom_margin_tablet=&#8220;60px|60px|60px|60px&#8220; custom_margin_phone=&#8220;0px|0px|0px|0px|false|false&#8220; custom_margin_last_edited=&#8220;on|phone&#8220; custom_padding=&#8220;|||&#8220; animation_style=&#8220;slide&#8220; animation_direction=&#8220;right&#8220; animation_intensity_slide=&#8220;4%&#8220; animation_starting_opacity=&#8220;50%&#8220; box_shadow_style=&#8220;preset3&#8243; box_shadow_blur=&#8220;80px&#8220; global_colors_info=&#8220;{}&#8220;][\/et_pb_image][\/et_pb_column][\/et_pb_row][\/et_pb_section][et_pb_section fb_built=&#8220;1&#8243; admin_label=&#8220;Hero Section&#8220; _builder_version=&#8220;4.16&#8243; custom_padding=&#8220;0|0px|0px|0px&#8220; global_colors_info=&#8220;{}&#8220;][et_pb_row column_structure=&#8220;1_2,1_2&#8243; use_custom_gutter=&#8220;on&#8220; make_equal=&#8220;on&#8220; _builder_version=&#8220;4.27.4&#8243; width=&#8220;100%&#8220; max_width=&#8220;100%&#8220; custom_padding=&#8220;0px|0px|0px|||&#8220; use_custom_width=&#8220;on&#8220; width_unit=&#8220;off&#8220; custom_width_percent=&#8220;100%&#8220; global_colors_info=&#8220;{}&#8220;][et_pb_column type=&#8220;1_2&#8243; _builder_version=&#8220;4.16&#8243; custom_padding=&#8220;200px|4%|200px|8%&#8220; custom_padding_tablet=&#8220;60px|10%|60px|10%&#8220; custom_padding_phone=&#8220;&#8220; custom_padding_last_edited=&#8220;on|tablet&#8220; global_colors_info=&#8220;{}&#8220; padding_tablet=&#8220;60px|10%|60px|10%&#8220; padding_last_edited=&#8220;on|tablet&#8220; custom_padding__hover=&#8220;|||&#8220; padding_phone=&#8220;60px|10%|60px|10%&#8220;][et_pb_divider color=&#8220;#b51f1e&#8220; divider_weight=&#8220;2px&#8220; _builder_version=&#8220;4.16&#8243; transform_scale=&#8220;100%|100%&#8220; max_width=&#8220;150px&#8220; module_alignment=&#8220;right&#8220; height=&#8220;2px&#8220; custom_margin=&#8220;|||&#8220; custom_padding=&#8220;|-60px||&#8220; custom_padding_tablet=&#8220;|0px||&#8220; custom_padding_last_edited=&#8220;off|desktop&#8220; locked=&#8220;off&#8220; global_colors_info=&#8220;{}&#8220;][\/et_pb_divider][et_pb_text _builder_version=&#8220;4.27.4&#8243; header_2_font_size=&#8220;22px&#8220; locked=&#8220;off&#8220; global_colors_info=&#8220;{}&#8220;]<\/p>\n<h1>Vorwurf im Arbeitsstrafrecht? Sch\u00fctzen Sie Ihr Unternehmen jetzt<\/h1>\n<p style=\"text-align: left;\">Eine Kontrolle der Zollfahndung oder ein Ermittlungsverfahren kann existenzbedrohend sein. Wir verteidigen Sie engagiert und sorgen daf\u00fcr, dass die Folgen so gering wie m\u00f6glich bleiben.<\/p>\n<ul>\n<li class=\"whitespace-normal break-words pl-2\" style=\"text-align: left;\">Sofortige Unterst\u00fctzung bei Kontrollen und Ermittlungsverfahren<\/li>\n<li class=\"whitespace-normal break-words pl-2\" style=\"text-align: left;\">Verteidigung gegen Vorw\u00fcrfe illegaler Besch\u00e4ftigung und Sozialversicherungsbetrug<\/li>\n<li class=\"whitespace-normal break-words pl-2\" style=\"text-align: left;\">Schutz f\u00fcr Gesch\u00e4ftsf\u00fchrer und F\u00fchrungskr\u00e4fte vor pers\u00f6nlicher Haftung<\/li>\n<li class=\"whitespace-normal break-words pl-2\" style=\"text-align: left;\">Erfahrene Strafverteidiger mit Spezialisierung auf Arbeitsstrafrecht<\/li>\n<\/ul>\n<p>[\/et_pb_text][et_pb_contact_form use_spam_service=&#8220;on&#8220; recaptcha_list=&#8220;OMmatic reCAPTCHA|OMmatic reCAPTCHA-0&#8243; email=&#8220;kanzlei@defenza.de&#8220; title=&#8220;Handeln Sie jetzt \u2013 kontaktieren Sie uns f\u00fcr eine erste Einsch\u00e4tzung&#8220; custom_message=&#8220;Neue Nachricht von der Webseite:||et_pb_line_break_holder||||et_pb_line_break_holder||Name: ||et_pb_line_break_holder||%%Name%%||et_pb_line_break_holder||||et_pb_line_break_holder||Telefonnummer:||et_pb_line_break_holder||%%phone%%||et_pb_line_break_holder||||et_pb_line_break_holder||E-Mail:||et_pb_line_break_holder||%%Email%%||et_pb_line_break_holder||&#8220; success_message=&#8220;Vielen Dank f\u00fcr Ihre Anfrage. Wir melden uns umgehend!&#8220; submit_button_text=&#8220;Anfrage Beratung&#8220; _builder_version=&#8220;4.27.6&#8243; _module_preset=&#8220;default&#8220; _unique_id=&#8220;da13b1db-cad7-4530-9c27-b903591f8254&#8243; title_level=&#8220;h3&#8243; title_font=&#8220;|600|||||||&#8220; title_text_align=&#8220;left&#8220; title_font_size=&#8220;19px&#8220; title_line_height=&#8220;1.4em&#8220; background_enable_color=&#8220;off&#8220; custom_button=&#8220;on&#8220; button_text_color=&#8220;#FFFFFF&#8220; button_bg_color=&#8220;#b51f1e&#8220; button_border_width=&#8220;0px&#8220; button_font=&#8220;Nunito||||||||&#8220; button_icon_placement=&#8220;left&#8220; text_orientation=&#8220;left&#8220; max_width=&#8220;600px&#8220; module_alignment=&#8220;right&#8220; hover_enabled=&#8220;0&#8243; locked=&#8220;off&#8220; global_colors_info=&#8220;{}&#8220; sticky_enabled=&#8220;0&#8243;][et_pb_contact_field field_id=&#8220;Name&#8220; field_title=&#8220;Name&#8220; fullwidth_field=&#8220;on&#8220; _builder_version=&#8220;4.27.4&#8243; global_colors_info=&#8220;{}&#8220; button_text_size__hover_enabled=&#8220;off&#8220; button_one_text_size__hover_enabled=&#8220;off&#8220; button_two_text_size__hover_enabled=&#8220;off&#8220; button_text_color__hover_enabled=&#8220;off&#8220; button_one_text_color__hover_enabled=&#8220;off&#8220; button_two_text_color__hover_enabled=&#8220;off&#8220; button_border_width__hover_enabled=&#8220;off&#8220; button_one_border_width__hover_enabled=&#8220;off&#8220; button_two_border_width__hover_enabled=&#8220;off&#8220; button_border_color__hover_enabled=&#8220;off&#8220; button_one_border_color__hover_enabled=&#8220;off&#8220; button_two_border_color__hover_enabled=&#8220;off&#8220; button_border_radius__hover_enabled=&#8220;off&#8220; button_one_border_radius__hover_enabled=&#8220;off&#8220; button_two_border_radius__hover_enabled=&#8220;off&#8220; button_letter_spacing__hover_enabled=&#8220;off&#8220; button_one_letter_spacing__hover_enabled=&#8220;off&#8220; button_two_letter_spacing__hover_enabled=&#8220;off&#8220; button_bg_color__hover_enabled=&#8220;off&#8220; button_one_bg_color__hover_enabled=&#8220;off&#8220; button_two_bg_color__hover_enabled=&#8220;off&#8220;][\/et_pb_contact_field][et_pb_contact_field field_id=&#8220;Email&#8220; field_title=&#8220;E-Mail-Adresse&#8220; field_type=&#8220;email&#8220; fullwidth_field=&#8220;on&#8220; _builder_version=&#8220;4.27.4&#8243; global_colors_info=&#8220;{}&#8220; button_text_size__hover_enabled=&#8220;off&#8220; button_one_text_size__hover_enabled=&#8220;off&#8220; button_two_text_size__hover_enabled=&#8220;off&#8220; button_text_color__hover_enabled=&#8220;off&#8220; button_one_text_color__hover_enabled=&#8220;off&#8220; button_two_text_color__hover_enabled=&#8220;off&#8220; button_border_width__hover_enabled=&#8220;off&#8220; button_one_border_width__hover_enabled=&#8220;off&#8220; button_two_border_width__hover_enabled=&#8220;off&#8220; button_border_color__hover_enabled=&#8220;off&#8220; button_one_border_color__hover_enabled=&#8220;off&#8220; button_two_border_color__hover_enabled=&#8220;off&#8220; button_border_radius__hover_enabled=&#8220;off&#8220; button_one_border_radius__hover_enabled=&#8220;off&#8220; button_two_border_radius__hover_enabled=&#8220;off&#8220; button_letter_spacing__hover_enabled=&#8220;off&#8220; button_one_letter_spacing__hover_enabled=&#8220;off&#8220; button_two_letter_spacing__hover_enabled=&#8220;off&#8220; button_bg_color__hover_enabled=&#8220;off&#8220; button_one_bg_color__hover_enabled=&#8220;off&#8220; button_two_bg_color__hover_enabled=&#8220;off&#8220;][\/et_pb_contact_field][et_pb_contact_field field_id=&#8220;phone&#8220; field_title=&#8220;Telefonnummer&#8220; fullwidth_field=&#8220;on&#8220; _builder_version=&#8220;4.27.4&#8243; _module_preset=&#8220;default&#8220; global_colors_info=&#8220;{}&#8220;][\/et_pb_contact_field][\/et_pb_contact_form][\/et_pb_column][et_pb_column type=&#8220;1_2&#8243; disabled_on=&#8220;on|off|off&#8220; _builder_version=&#8220;4.27.4&#8243; background_color=&#8220;#212121&#8243; background_enable_image=&#8220;off&#8220; custom_padding=&#8220;100px||100px|&#8220; custom_padding_tablet=&#8220;60px||60px|&#8220; custom_padding_phone=&#8220;&#8220; custom_padding_last_edited=&#8220;on|desktop&#8220; global_colors_info=&#8220;{}&#8220; padding_tablet=&#8220;60px||60px|&#8220; padding_last_edited=&#8220;on|desktop&#8220; custom_padding__hover=&#8220;|||&#8220; padding_phone=&#8220;60px||60px|&#8220;][et_pb_image src=&#8220;https:\/\/defenza.de\/wp-content\/uploads\/2025\/07\/TWP_Strafrechtskanzlei-scaled.jpg&#8220; alt=&#8220;Rechtsanw\u00e4lt*innen&#8220; title_text=&#8220;TWP_Strafrechtskanzlei&#8220; align_tablet=&#8220;center&#8220; align_phone=&#8220;&#8220; align_last_edited=&#8220;on|desktop&#8220; disabled_on=&#8220;on|off|off&#8220; _builder_version=&#8220;4.27.4&#8243; max_width=&#8220;600px&#8220; max_width_tablet=&#8220;&#8220; max_width_phone=&#8220;&#8220; max_width_last_edited=&#8220;on|desktop&#8220; custom_margin=&#8220;|||-8%&#8220; custom_margin_tablet=&#8220;60px|60px|60px|60px&#8220; custom_margin_phone=&#8220;&#8220; custom_margin_last_edited=&#8220;on|desktop&#8220; custom_padding=&#8220;|||&#8220; animation_style=&#8220;slide&#8220; animation_direction=&#8220;right&#8220; animation_intensity_slide=&#8220;4%&#8220; animation_starting_opacity=&#8220;50%&#8220; box_shadow_style=&#8220;preset3&#8243; box_shadow_blur=&#8220;80px&#8220; global_colors_info=&#8220;{}&#8220;][\/et_pb_image][\/et_pb_column][\/et_pb_row][\/et_pb_section][et_pb_section fb_built=&#8220;1&#8243; _builder_version=&#8220;4.21.0&#8243; _module_preset=&#8220;default&#8220; global_colors_info=&#8220;{}&#8220;][et_pb_row _builder_version=&#8220;4.21.0&#8243; _module_preset=&#8220;default&#8220; custom_margin=&#8220;||||false|false&#8220; global_colors_info=&#8220;{}&#8220;][et_pb_column type=&#8220;4_4&#8243; _builder_version=&#8220;4.21.0&#8243; _module_preset=&#8220;default&#8220; global_colors_info=&#8220;{}&#8220;][et_pb_text _builder_version=&#8220;4.27.4&#8243; header_2_font_size=&#8220;22px&#8220; text_orientation=&#8220;center&#8220; max_width=&#8220;100%&#8220; module_alignment=&#8220;center&#8220; locked=&#8220;off&#8220; global_colors_info=&#8220;{}&#8220;]<\/p>\n<h2 style=\"text-align: center;\">Typische F\u00e4lle im Arbeitsstrafrecht<\/h2>\n<p style=\"text-align: left;\">[\/et_pb_text][\/et_pb_column][\/et_pb_row][et_pb_row column_structure=&#8220;1_2,1_2&#8243; use_custom_gutter=&#8220;on&#8220; gutter_width=&#8220;2&#8243; _builder_version=&#8220;4.27.4&#8243; _module_preset=&#8220;default&#8220; width=&#8220;100%&#8220; custom_padding=&#8220;|15px||15px|false|false&#8220; global_colors_info=&#8220;{}&#8220;][et_pb_column type=&#8220;1_2&#8243; _builder_version=&#8220;4.21.0&#8243; _module_preset=&#8220;default&#8220; global_colors_info=&#8220;{}&#8220;][et_pb_blurb title=&#8220; Illegale Arbeitnehmer\u00fcberlassung&#8220; use_icon=&#8220;on&#8220; font_icon=&#8220;&#xe0f6;||divi||400&#8243; icon_color=&#8220;#b51f1f&#8220; image_icon_width=&#8220;42px&#8220; icon_alignment=&#8220;left&#8220; _builder_version=&#8220;4.27.4&#8243; header_font=&#8220;Conneqt Bold|||||on|||&#8220; header_font_size=&#8220;16px&#8220; header_line_height=&#8220;1.8em&#8220; body_font=&#8220;Nunito||||||||&#8220; body_font_size=&#8220;16px&#8220; body_line_height=&#8220;1.8em&#8220; transform_scale=&#8220;100%|100%&#8220; animation=&#8220;off&#8220; icon_font_size=&#8220;42px&#8220; locked=&#8220;off&#8220; global_colors_info=&#8220;{}&#8220; transform_styles__hover_enabled=&#8220;on|hover&#8220; transform_scale__hover_enabled=&#8220;on|hover&#8220; transform_translate__hover_enabled=&#8220;on|desktop&#8220; transform_rotate__hover_enabled=&#8220;on|desktop&#8220; transform_skew__hover_enabled=&#8220;on|desktop&#8220; transform_origin__hover_enabled=&#8220;on|desktop&#8220; transform_scale__hover=&#8220;110%|110%&#8220;]<\/p>\n<p style=\"text-align: left;\">Unternehmen, die Leiharbeitnehmer ohne die erforderliche Erlaubnis einsetzen, riskieren empfindliche Strafen. Verst\u00f6\u00dfe gegen das Arbeitnehmer\u00fcberlassungsgesetz werden von Beh\u00f6rden streng verfolgt. Wir verteidigen Sie gegen Vorw\u00fcrfe und helfen Ihnen, rechtliche Risiken fr\u00fchzeitig zu erkennen. Unsere Erfahrung im Wirtschaftsstrafrecht erm\u00f6glicht eine fundierte Strategie. Sie profitieren von klarer Kommunikation und zielgerichteter Verteidigung.<\/p>\n<p>[\/et_pb_blurb][\/et_pb_column][et_pb_column type=&#8220;1_2&#8243; _builder_version=&#8220;4.21.0&#8243; _module_preset=&#8220;default&#8220; global_colors_info=&#8220;{}&#8220;][et_pb_blurb title=&#8220;Verst\u00f6\u00dfe gegen Mindestlohn- und Schwarzarbeitsgesetz&#8220; use_icon=&#8220;on&#8220; font_icon=&#8220;&#xe0f6;||divi||400&#8243; icon_color=&#8220;#b51f1f&#8220; image_icon_width=&#8220;42px&#8220; icon_alignment=&#8220;left&#8220; _builder_version=&#8220;4.27.4&#8243; header_font=&#8220;Conneqt Bold|||||on|||&#8220; header_font_size=&#8220;16px&#8220; header_line_height=&#8220;1.8em&#8220; body_font=&#8220;Nunito||||||||&#8220; body_font_size=&#8220;16px&#8220; body_line_height=&#8220;1.8em&#8220; transform_scale=&#8220;100%|100%&#8220; animation=&#8220;off&#8220; icon_font_size=&#8220;42px&#8220; locked=&#8220;off&#8220; global_colors_info=&#8220;{}&#8220; transform_styles__hover_enabled=&#8220;on|hover&#8220; transform_scale__hover=&#8220;110%|110%&#8220; transform_scale__hover_enabled=&#8220;on|hover&#8220; transform_translate__hover_enabled=&#8220;on|desktop&#8220; transform_rotate__hover_enabled=&#8220;on|desktop&#8220; transform_skew__hover_enabled=&#8220;on|desktop&#8220; transform_origin__hover_enabled=&#8220;on|desktop&#8220;]<\/p>\n<p style=\"text-align: left;\">Kontrollen der Zollfahndung decken h\u00e4ufig Verst\u00f6\u00dfe gegen das Mindestlohngesetz oder Schwarzarbeitsgesetz auf. Auch unbeabsichtigte Fehler k\u00f6nnen strafrechtliche Konsequenzen nach sich ziehen. Wir pr\u00fcfen die Vorw\u00fcrfe im Detail und entwickeln eine passende Verteidigungsstrategie. Unser Ziel ist es, die Auswirkungen des Verfahrens so gering wie m\u00f6glich zu halten. Sie erhalten transparente Beratung und verl\u00e4ssliche Begleitung.<\/p>\n<p>[\/et_pb_blurb][\/et_pb_column][\/et_pb_row][et_pb_row column_structure=&#8220;1_2,1_2&#8243; use_custom_gutter=&#8220;on&#8220; gutter_width=&#8220;2&#8243; _builder_version=&#8220;4.27.4&#8243; _module_preset=&#8220;default&#8220; width=&#8220;100%&#8220; custom_padding=&#8220;|15px||15px|false|false&#8220; global_colors_info=&#8220;{}&#8220;][et_pb_column type=&#8220;1_2&#8243; _builder_version=&#8220;4.21.0&#8243; _module_preset=&#8220;default&#8220; global_colors_info=&#8220;{}&#8220;][et_pb_blurb title=&#8220;Vorenthalten von Sozialversicherungsbeitr\u00e4gen&#8220; use_icon=&#8220;on&#8220; font_icon=&#8220;&#xe0f6;||divi||400&#8243; icon_color=&#8220;#b51f1f&#8220; image_icon_width=&#8220;42px&#8220; icon_alignment=&#8220;left&#8220; _builder_version=&#8220;4.27.4&#8243; header_font=&#8220;Conneqt Bold|||||on|||&#8220; header_font_size=&#8220;16px&#8220; header_line_height=&#8220;1.8em&#8220; body_font=&#8220;Nunito||||||||&#8220; body_font_size=&#8220;16px&#8220; body_line_height=&#8220;1.8em&#8220; transform_scale=&#8220;100%|100%&#8220; animation=&#8220;off&#8220; icon_font_size=&#8220;42px&#8220; locked=&#8220;off&#8220; global_colors_info=&#8220;{}&#8220; transform_styles__hover_enabled=&#8220;on|hover&#8220; transform_scale__hover=&#8220;110%|110%&#8220; transform_scale__hover_enabled=&#8220;on|hover&#8220; transform_translate__hover_enabled=&#8220;on|desktop&#8220; transform_rotate__hover_enabled=&#8220;on|desktop&#8220; transform_skew__hover_enabled=&#8220;on|desktop&#8220; transform_origin__hover_enabled=&#8220;on|desktop&#8220;]<\/p>\n<p style=\"text-align: left;\">Das Vorenthalten von Sozialversicherungsbeitr\u00e4gen geh\u00f6rt zu den h\u00e4ufigsten Vorw\u00fcrfen im Arbeitsstrafrecht. Die Strafverfolgung erfolgt konsequent, auch bei komplexen Sachverhalten. Wir verteidigen Unternehmen und F\u00fchrungskr\u00e4fte und kl\u00e4ren die rechtliche Situation umfassend. Unsere Kenntnisse im Sozialversicherungs- und Abgabenrecht sind hierbei von gro\u00dfem Vorteil. Sie k\u00f6nnen sich auf eine engagierte und erfahrene Verteidigung verlassen.<\/p>\n<p>[\/et_pb_blurb][\/et_pb_column][et_pb_column type=&#8220;1_2&#8243; _builder_version=&#8220;4.21.0&#8243; _module_preset=&#8220;default&#8220; global_colors_info=&#8220;{}&#8220;][et_pb_blurb title=&#8220;Illegale Ausl\u00e4nderbesch\u00e4ftigung und Aufsichtspflichtverletzungen&#8220; use_icon=&#8220;on&#8220; font_icon=&#8220;&#xe0f6;||divi||400&#8243; icon_color=&#8220;#b51f1f&#8220; image_icon_width=&#8220;42px&#8220; icon_alignment=&#8220;left&#8220; _builder_version=&#8220;4.27.4&#8243; header_font=&#8220;Conneqt Bold|||||on|||&#8220; header_font_size=&#8220;16px&#8220; header_line_height=&#8220;1.8em&#8220; body_font=&#8220;Nunito||||||||&#8220; body_font_size=&#8220;16px&#8220; body_line_height=&#8220;1.8em&#8220; transform_scale=&#8220;100%|100%&#8220; animation=&#8220;off&#8220; icon_font_size=&#8220;42px&#8220; locked=&#8220;off&#8220; global_colors_info=&#8220;{}&#8220; transform_styles__hover_enabled=&#8220;on|hover&#8220; transform_scale__hover=&#8220;110%|110%&#8220; transform_scale__hover_enabled=&#8220;on|hover&#8220; transform_translate__hover_enabled=&#8220;on|desktop&#8220; transform_rotate__hover_enabled=&#8220;on|desktop&#8220; transform_skew__hover_enabled=&#8220;on|desktop&#8220; transform_origin__hover_enabled=&#8220;on|desktop&#8220;]<\/p>\n<p style=\"text-align: left;\">Verst\u00f6\u00dfe gegen das Besch\u00e4ftigungsverbot von Ausl\u00e4ndern ohne Arbeitserlaubnis oder gegen die Aufsichtspflicht des Arbeitgebers ziehen oft weitreichende Folgen nach sich. Selbst gutgl\u00e4ubige Arbeitgeber k\u00f6nnen in Verdacht geraten. Wir vertreten Sie in allen Verfahrenslagen und setzen uns f\u00fcr eine faire Aufkl\u00e4rung ein. Durch unsere Erfahrung im Strafrecht finden wir auch in schwierigen F\u00e4llen L\u00f6sungen. Sie erhalten fundierte Rechtsberatung und kompetente Unterst\u00fctzung.<\/p>\n<p>[\/et_pb_blurb][\/et_pb_column][\/et_pb_row][\/et_pb_section][et_pb_section fb_built=&#8220;1&#8243; _builder_version=&#8220;4.21.0&#8243; _module_preset=&#8220;default&#8220; background_enable_color=&#8220;off&#8220; background_image=&#8220;https:\/\/defenza.de\/wp-content\/uploads\/2025\/05\/AdobeStock_253031617.jpg&#8220; parallax=&#8220;on&#8220; global_colors_info=&#8220;{}&#8220;][et_pb_row _builder_version=&#8220;4.21.0&#8243; _module_preset=&#8220;default&#8220; global_colors_info=&#8220;{}&#8220;][et_pb_column type=&#8220;4_4&#8243; _builder_version=&#8220;4.21.0&#8243; _module_preset=&#8220;default&#8220; global_colors_info=&#8220;{}&#8220;][et_pb_text _builder_version=&#8220;4.27.4&#8243; _module_preset=&#8220;default&#8220; header_2_font_size=&#8220;22px&#8220; max_width=&#8220;100%&#8220; custom_margin=&#8220;||||false|false&#8220; global_colors_info=&#8220;{}&#8220;]<\/p>\n<h2 data-start=\"262\" data-end=\"401\" style=\"text-align: center;\">Kl\u00e4ren Sie Ihre Situation \u2013 schnell und vertraulich<\/h2>\n<p style=\"text-align: center;\">Ein strafrechtliches Verfahren erfordert schnelles Handeln. Je fr\u00fcher wir Ihren Fall pr\u00fcfen, desto besser k\u00f6nnen wir Sie verteidigen.<\/p>\n<p>[\/et_pb_text][et_pb_button button_url=&#8220;#kontakt&#8220; button_text=&#8220;Anfrage Beratung&#8220; button_alignment=&#8220;center&#8220; _builder_version=&#8220;4.27.4&#8243; _module_preset=&#8220;default&#8220; custom_button=&#8220;on&#8220; button_text_color=&#8220;#b51f1e&#8220; button_font=&#8220;Nunito||||||||&#8220; button_icon_color=&#8220;RGBA(0,0,0,0)&#8220; background_layout=&#8220;dark&#8220; custom_margin=&#8220;0px|0px|0px|0px|false|false&#8220; custom_padding=&#8220;|20px||20px|false|false&#8220; button_text_size_tablet=&#8220;&#8220; button_text_size_phone=&#8220;18px&#8220; button_text_size_last_edited=&#8220;on|phone&#8220; custom_css_before=&#8220;white-space: nowrap;&#8220; custom_css_main_element=&#8220;white-space: nowrap;&#8220; custom_css_after=&#8220;white-space: nowrap;&#8220; global_colors_info=&#8220;{}&#8220;][\/et_pb_button][\/et_pb_column][\/et_pb_row][\/et_pb_section][et_pb_section fb_built=&#8220;1&#8243; _builder_version=&#8220;4.27.4&#8243; _module_preset=&#8220;default&#8220; background_color=&#8220;#f7f7f7&#8243; global_colors_info=&#8220;{}&#8220;][et_pb_row _builder_version=&#8220;4.21.0&#8243; _module_preset=&#8220;default&#8220; custom_margin=&#8220;||||false|false&#8220; global_colors_info=&#8220;{}&#8220;][et_pb_column type=&#8220;4_4&#8243; _builder_version=&#8220;4.21.0&#8243; _module_preset=&#8220;default&#8220; global_colors_info=&#8220;{}&#8220;][et_pb_text _builder_version=&#8220;4.27.4&#8243; header_2_font_size=&#8220;22px&#8220; max_width=&#8220;100%&#8220; module_alignment=&#8220;center&#8220; locked=&#8220;off&#8220; global_colors_info=&#8220;{}&#8220;]<\/p>\n<h2 style=\"text-align: center;\">Warum Sie auf unsere Verteidigung vertrauen k\u00f6nnen<\/h2>\n<p style=\"text-align: left;\">[\/et_pb_text][\/et_pb_column][\/et_pb_row][et_pb_row column_structure=&#8220;1_2,1_2&#8243; use_custom_gutter=&#8220;on&#8220; gutter_width=&#8220;2&#8243; _builder_version=&#8220;4.27.4&#8243; _module_preset=&#8220;default&#8220; width=&#8220;100%&#8220; custom_padding=&#8220;|15px||15px|false|false&#8220; global_colors_info=&#8220;{}&#8220;][et_pb_column type=&#8220;1_2&#8243; _builder_version=&#8220;4.21.0&#8243; _module_preset=&#8220;default&#8220; global_colors_info=&#8220;{}&#8220;][et_pb_blurb title=&#8220;Spezialisierung auf Strafrecht und Arbeitsstrafrecht&#8220; use_icon=&#8220;on&#8220; font_icon=&#8220;&#xf14a;||fa||400&#8243; icon_color=&#8220;#b51f1f&#8220; icon_placement=&#8220;left&#8220; image_icon_width=&#8220;50px&#8220; _builder_version=&#8220;4.27.4&#8243; header_font=&#8220;Conneqt Bold|||||on|||&#8220; header_font_size=&#8220;16px&#8220; header_line_height=&#8220;1.8em&#8220; body_font=&#8220;Nunito||||||||&#8220; body_font_size=&#8220;16px&#8220; body_line_height=&#8220;1.8em&#8220; transform_scale=&#8220;100%|100%&#8220; icon_font_size=&#8220;42px&#8220; locked=&#8220;off&#8220; global_colors_info=&#8220;{}&#8220; transform_styles__hover_enabled=&#8220;on|hover&#8220; transform_scale__hover=&#8220;110%|110%&#8220; transform_scale__hover_enabled=&#8220;on|hover&#8220; transform_translate__hover_enabled=&#8220;on|desktop&#8220; transform_rotate__hover_enabled=&#8220;on|desktop&#8220; transform_skew__hover_enabled=&#8220;on|desktop&#8220; transform_origin__hover_enabled=&#8220;on|desktop&#8220;]<\/p>\n<p style=\"text-align: left;\">Unser Team verf\u00fcgt \u00fcber langj\u00e4hrige Erfahrung in der Strafverteidigung und kennt die Besonderheiten des Arbeitsstrafrechts genau. Wir verbinden wirtschaftsstrafrechtliche Kompetenz mit Kenntnissen im Sozialversicherungs-, Abgaben- und Steuerrecht. Diese Kombination erm\u00f6glicht uns eine umfassende Betrachtung Ihres Falls. Wir erkennen Risiken fr\u00fchzeitig und entwickeln darauf abgestimmte Strategien. Ihre Interessen stehen dabei stets im Mittelpunkt unserer Arbeit.<\/p>\n<p>[\/et_pb_blurb][\/et_pb_column][et_pb_column type=&#8220;1_2&#8243; _builder_version=&#8220;4.21.0&#8243; _module_preset=&#8220;default&#8220; global_colors_info=&#8220;{}&#8220;][et_pb_blurb title=&#8220;Engagierte Verteidigung in allen Verfahrenslagen&#8220; use_icon=&#8220;on&#8220; font_icon=&#8220;&#xf14a;||fa||400&#8243; icon_color=&#8220;#b51f1f&#8220; icon_placement=&#8220;left&#8220; image_icon_width=&#8220;50px&#8220; _builder_version=&#8220;4.27.4&#8243; header_font=&#8220;Conneqt Bold|||||on|||&#8220; header_font_size=&#8220;16px&#8220; header_line_height=&#8220;1.8em&#8220; body_font=&#8220;Nunito||||||||&#8220; body_font_size=&#8220;16px&#8220; body_line_height=&#8220;1.8em&#8220; transform_scale=&#8220;100%|100%&#8220; icon_font_size=&#8220;42px&#8220; locked=&#8220;off&#8220; global_colors_info=&#8220;{}&#8220; transform_styles__hover_enabled=&#8220;on|hover&#8220; transform_scale__hover=&#8220;110%|110%&#8220; transform_scale__hover_enabled=&#8220;on|hover&#8220; transform_translate__hover_enabled=&#8220;on|desktop&#8220; transform_rotate__hover_enabled=&#8220;on|desktop&#8220; transform_skew__hover_enabled=&#8220;on|desktop&#8220; transform_origin__hover_enabled=&#8220;on|desktop&#8220;]<\/p>\n<p style=\"text-align: left;\">Ob Ermittlungsverfahren, Hauptverhandlung oder Einstellung \u2013 wir begleiten Sie durch alle Phasen des Strafverfahrens. Unsere Strafverteidiger treten konsequent f\u00fcr Ihre Rechte ein und setzen sich f\u00fcr eine faire Behandlung ein. Wir scheuen den Kampf nicht, wenn es notwendig ist, und handeln dabei stets im rechtsstaatlichen Rahmen. Gleichzeitig beherrschen wir die ger\u00e4uschlose Verfahrenserledigung, wenn dies f\u00fcr Sie vorteilhafter ist. Sie k\u00f6nnen sich darauf verlassen, dass wir die Auswirkungen des Verfahrens so gering wie m\u00f6glich halten.<\/p>\n<p>[\/et_pb_blurb][\/et_pb_column][\/et_pb_row][et_pb_row column_structure=&#8220;1_2,1_2&#8243; use_custom_gutter=&#8220;on&#8220; gutter_width=&#8220;2&#8243; _builder_version=&#8220;4.27.4&#8243; _module_preset=&#8220;default&#8220; width=&#8220;100%&#8220; custom_padding=&#8220;|15px||15px|false|false&#8220; global_colors_info=&#8220;{}&#8220;][et_pb_column type=&#8220;1_2&#8243; _builder_version=&#8220;4.21.0&#8243; _module_preset=&#8220;default&#8220; global_colors_info=&#8220;{}&#8220;][et_pb_blurb title=&#8220;Transparente Beratung und klare Kommunikation&#8220; use_icon=&#8220;on&#8220; font_icon=&#8220;&#xf14a;||fa||400&#8243; icon_color=&#8220;#b51f1f&#8220; icon_placement=&#8220;left&#8220; image_icon_width=&#8220;50px&#8220; _builder_version=&#8220;4.27.4&#8243; header_font=&#8220;Conneqt Bold|||||on|||&#8220; header_font_size=&#8220;16px&#8220; header_line_height=&#8220;1.8em&#8220; body_font=&#8220;Nunito||||||||&#8220; body_font_size=&#8220;16px&#8220; body_line_height=&#8220;1.8em&#8220; transform_scale=&#8220;100%|100%&#8220; icon_font_size=&#8220;42px&#8220; locked=&#8220;off&#8220; global_colors_info=&#8220;{}&#8220; transform_styles__hover_enabled=&#8220;on|hover&#8220; transform_scale__hover=&#8220;110%|110%&#8220; transform_scale__hover_enabled=&#8220;on|hover&#8220; transform_translate__hover_enabled=&#8220;on|desktop&#8220; transform_rotate__hover_enabled=&#8220;on|desktop&#8220; transform_skew__hover_enabled=&#8220;on|desktop&#8220; transform_origin__hover_enabled=&#8220;on|desktop&#8220;]<\/p>\n<p style=\"text-align: left;\">Wir legen Wert auf eine verst\u00e4ndliche und ehrliche Kommunikation. Sie erhalten von uns eine realistische Einsch\u00e4tzung Ihrer Situation, ohne leere Versprechungen. Alle Schritte und Entscheidungen besprechen wir gemeinsam mit Ihnen, damit Sie jederzeit informiert sind. Unsere Beratung erfolgt in einer Sprache, die auch f\u00fcr Nichtjuristen verst\u00e4ndlich ist. So k\u00f6nnen Sie fundierte Entscheidungen treffen und behalten die Kontrolle \u00fcber Ihr Verfahren.<\/p>\n<p>[\/et_pb_blurb][\/et_pb_column][et_pb_column type=&#8220;1_2&#8243; _builder_version=&#8220;4.21.0&#8243; _module_preset=&#8220;default&#8220; global_colors_info=&#8220;{}&#8220;][et_pb_blurb title=&#8220;Bundesweite Vertretung und verl\u00e4ssliche Erreichbarkeit&#8220; use_icon=&#8220;on&#8220; font_icon=&#8220;&#xf14a;||fa||400&#8243; icon_color=&#8220;#b51f1f&#8220; icon_placement=&#8220;left&#8220; image_icon_width=&#8220;50px&#8220; _builder_version=&#8220;4.27.4&#8243; header_font=&#8220;Conneqt Bold|||||on|||&#8220; header_font_size=&#8220;16px&#8220; header_line_height=&#8220;1.8em&#8220; body_font=&#8220;Nunito||||||||&#8220; body_font_size=&#8220;16px&#8220; body_line_height=&#8220;1.8em&#8220; transform_scale=&#8220;100%|100%&#8220; icon_font_size=&#8220;42px&#8220; locked=&#8220;off&#8220; global_colors_info=&#8220;{}&#8220; transform_styles__hover_enabled=&#8220;on|hover&#8220; transform_scale__hover_enabled=&#8220;on|hover&#8220; transform_translate__hover_enabled=&#8220;on|desktop&#8220; transform_rotate__hover_enabled=&#8220;on|desktop&#8220; transform_skew__hover_enabled=&#8220;on|desktop&#8220; transform_origin__hover_enabled=&#8220;on|desktop&#8220; transform_scale__hover=&#8220;110%|110%&#8220;]<\/p>\n<p style=\"text-align: left;\">Von unserem Standort aus vertreten wir Mandanten bundesweit in allen strafrechtlichen Angelegenheiten. Sie profitieren von kurzen Reaktionszeiten und einer verl\u00e4sslichen Betreuung. Wir sind bestens vernetzt und kennen die Strukturen der verschiedenen Staatsanwaltschaften und Gerichte. Unsere Kanzlei steht Ihnen in jeder Phase des Verfahrens zur Seite. Sie erhalten kompetente Unterst\u00fctzung, auf die Sie sich verlassen k\u00f6nnen.<\/p>\n<p>[\/et_pb_blurb][\/et_pb_column][\/et_pb_row][\/et_pb_section][et_pb_section fb_built=&#8220;1&#8243; _builder_version=&#8220;4.21.0&#8243; _module_preset=&#8220;default&#8220; global_colors_info=&#8220;{}&#8220;][et_pb_row _builder_version=&#8220;4.21.0&#8243; _module_preset=&#8220;default&#8220; global_colors_info=&#8220;{}&#8220;][et_pb_column type=&#8220;4_4&#8243; _builder_version=&#8220;4.21.0&#8243; _module_preset=&#8220;default&#8220; global_colors_info=&#8220;{}&#8220;][et_pb_text _builder_version=&#8220;4.27.4&#8243; header_2_font_size=&#8220;22px&#8220; max_width=&#8220;100%&#8220; module_alignment=&#8220;center&#8220; locked=&#8220;off&#8220; global_colors_info=&#8220;{}&#8220;]<\/p>\n<h2 style=\"text-align: center;\">Unser Vorgehen \u2013 von der Anfrage bis zur L\u00f6sung<\/h2>\n<p>[\/et_pb_text][\/et_pb_column][\/et_pb_row][et_pb_row use_custom_gutter=&#8220;on&#8220; gutter_width=&#8220;2&#8243; _builder_version=&#8220;4.21.0&#8243; _module_preset=&#8220;default&#8220; width=&#8220;100%&#8220; custom_padding=&#8220;|15px||15px|false|false&#8220; global_colors_info=&#8220;{}&#8220;][et_pb_column type=&#8220;4_4&#8243; _builder_version=&#8220;4.21.0&#8243; _module_preset=&#8220;default&#8220; global_colors_info=&#8220;{}&#8220;][et_pb_blurb title=&#8220; Ihre Anfrage&#8220; use_icon=&#8220;on&#8220; font_icon=&#8220;&#x24;||divi||400&#8243; icon_color=&#8220;#b51f1f&#8220; icon_placement=&#8220;left&#8220; image_icon_width=&#8220;42px&#8220; content_max_width=&#8220;500px&#8220; _builder_version=&#8220;4.27.4&#8243; header_font=&#8220;Conneqt Bold|||||on|||&#8220; header_font_size=&#8220;16px&#8220; header_line_height=&#8220;1.8em&#8220; body_font=&#8220;Nunito||||||||&#8220; body_font_size=&#8220;16px&#8220; body_line_height=&#8220;1.8em&#8220; transform_scale=&#8220;100%|100%&#8220; custom_margin=&#8220;||30px|||&#8220; icon_font_size=&#8220;42px&#8220; locked=&#8220;off&#8220; global_colors_info=&#8220;{}&#8220; transform_styles__hover_enabled=&#8220;on|hover&#8220; transform_scale__hover_enabled=&#8220;on|hover&#8220; transform_translate__hover_enabled=&#8220;on|desktop&#8220; transform_rotate__hover_enabled=&#8220;on|desktop&#8220; transform_skew__hover_enabled=&#8220;on|desktop&#8220; transform_origin__hover_enabled=&#8220;on|desktop&#8220; transform_scale__hover=&#8220;110%|110%&#8220;]<\/p>\n<p style=\"text-align: left;\">Sie schildern uns Ihr Anliegen per Kontaktformular, E-Mail oder Telefon. Wir melden uns kurzfristig bei Ihnen zur\u00fcck.<br \/><strong>Ihr Vorteil:<\/strong> Schnelle erste Orientierung und klare n\u00e4chste Schritte.<\/p>\n<p>[\/et_pb_blurb][et_pb_blurb title=&#8220;Ersteinsch\u00e4tzung Ihrer Situation&#8220; use_icon=&#8220;on&#8220; font_icon=&#8220;&#x22;||divi||400&#8243; icon_color=&#8220;#b51f1f&#8220; icon_placement=&#8220;left&#8220; image_icon_width=&#8220;42px&#8220; content_max_width=&#8220;500px&#8220; _builder_version=&#8220;4.27.4&#8243; header_font=&#8220;Conneqt Bold|||||on|||&#8220; header_font_size=&#8220;16px&#8220; header_line_height=&#8220;1.8em&#8220; body_font=&#8220;Nunito||||||||&#8220; body_font_size=&#8220;16px&#8220; body_line_height=&#8220;1.8em&#8220; transform_scale=&#8220;100%|100%&#8220; icon_font_size=&#8220;42px&#8220; locked=&#8220;off&#8220; global_colors_info=&#8220;{}&#8220; transform_styles__hover_enabled=&#8220;on|hover&#8220; transform_scale__hover_enabled=&#8220;on|hover&#8220; transform_translate__hover_enabled=&#8220;on|desktop&#8220; transform_rotate__hover_enabled=&#8220;on|desktop&#8220; transform_skew__hover_enabled=&#8220;on|desktop&#8220; transform_origin__hover_enabled=&#8220;on|desktop&#8220; transform_scale__hover=&#8220;110%|110%&#8220;]<\/p>\n<p style=\"text-align: left;\">Wir pr\u00fcfen die rechtliche Lage und bewerten die Erfolgsaussichten Ihres Falls. Dabei erl\u00e4utern wir Ihnen die m\u00f6glichen Optionen.<br \/><strong>Ihr Vorteil:<\/strong> Transparente Einsch\u00e4tzung ohne Erfolgsversprechungen.<\/p>\n<p>[\/et_pb_blurb][et_pb_blurb title=&#8220;Gemeinsame Strategieentwicklung&#8220; use_icon=&#8220;on&#8220; font_icon=&#8220;&#x22;||divi||400&#8243; icon_color=&#8220;#b51f1f&#8220; icon_placement=&#8220;left&#8220; image_icon_width=&#8220;42px&#8220; content_max_width=&#8220;500px&#8220; _builder_version=&#8220;4.27.4&#8243; header_font=&#8220;Conneqt Bold|||||on|||&#8220; header_font_size=&#8220;16px&#8220; header_line_height=&#8220;1.8em&#8220; body_font=&#8220;Nunito||||||||&#8220; body_font_size=&#8220;16px&#8220; body_line_height=&#8220;1.8em&#8220; transform_scale=&#8220;100%|100%&#8220; icon_font_size=&#8220;42px&#8220; locked=&#8220;off&#8220; global_colors_info=&#8220;{}&#8220; transform_styles__hover_enabled=&#8220;on|hover&#8220; transform_scale__hover=&#8220;110%|110%&#8220; transform_scale__hover_enabled=&#8220;on|hover&#8220; transform_translate__hover_enabled=&#8220;on|desktop&#8220; transform_rotate__hover_enabled=&#8220;on|desktop&#8220; transform_skew__hover_enabled=&#8220;on|desktop&#8220; transform_origin__hover_enabled=&#8220;on|desktop&#8220;]<\/p>\n<p style=\"text-align: left;\">Wir besprechen mit Ihnen die beste Vorgehensweise und stimmen alle Schritte mit Ihnen ab. Ihre Ziele und Interessen sind dabei entscheidend.<br \/><strong>Ihr Vorteil:<\/strong> Individuelle Verteidigung, die auf Ihre Situation zugeschnitten ist.<\/p>\n<p>[\/et_pb_blurb][et_pb_blurb title=&#8220;Professionelle Begleitung bis zur L\u00f6sung&#8220; use_icon=&#8220;on&#8220; font_icon=&#8220;&#x22;||divi||400&#8243; icon_color=&#8220;#b51f1f&#8220; icon_placement=&#8220;left&#8220; image_icon_width=&#8220;42px&#8220; content_max_width=&#8220;500px&#8220; _builder_version=&#8220;4.27.4&#8243; header_font=&#8220;Conneqt Bold|||||on|||&#8220; header_font_size=&#8220;16px&#8220; header_line_height=&#8220;1.8em&#8220; body_font=&#8220;Nunito||||||||&#8220; body_font_size=&#8220;16px&#8220; body_line_height=&#8220;1.8em&#8220; transform_scale=&#8220;100%|100%&#8220; icon_font_size=&#8220;42px&#8220; locked=&#8220;off&#8220; global_colors_info=&#8220;{}&#8220; transform_styles__hover_enabled=&#8220;on|hover&#8220; transform_scale__hover=&#8220;110%|110%&#8220; transform_scale__hover_enabled=&#8220;on|hover&#8220; transform_translate__hover_enabled=&#8220;on|desktop&#8220; transform_rotate__hover_enabled=&#8220;on|desktop&#8220; transform_skew__hover_enabled=&#8220;on|desktop&#8220; transform_origin__hover_enabled=&#8220;on|desktop&#8220;]<\/p>\n<p style=\"text-align: left;\">Von der Akteneinsicht \u00fcber Verhandlungen mit der Staatsanwaltschaft bis zur Hauptverhandlung \u2013 wir stehen Ihnen zur Seite. Dabei arbeiten wir effizient und mit Blick f\u00fcrs Detail.<br \/><strong>Ihr Vorteil:<\/strong> Verl\u00e4ssliche Unterst\u00fctzung in jeder Verfahrensphase.<\/p>\n<p>[\/et_pb_blurb][et_pb_button button_url=&#8220;#kontakt&#8220; button_text=&#8220;Anfrage Beratung&#8220; button_alignment=&#8220;center&#8220; _builder_version=&#8220;4.27.4&#8243; _module_preset=&#8220;default&#8220; custom_button=&#8220;on&#8220; button_text_color=&#8220;#b51f1e&#8220; button_font=&#8220;Nunito||||||||&#8220; button_icon_color=&#8220;RGBA(0,0,0,0)&#8220; background_layout=&#8220;dark&#8220; custom_margin=&#8220;0px|0px|30px|0px|false|false&#8220; custom_padding=&#8220;|20px||20px|false|false&#8220; button_text_size_tablet=&#8220;&#8220; button_text_size_phone=&#8220;18px&#8220; button_text_size_last_edited=&#8220;on|phone&#8220; custom_css_before=&#8220;white-space: nowrap;&#8220; custom_css_main_element=&#8220;white-space: nowrap;&#8220; custom_css_after=&#8220;white-space: nowrap;&#8220; global_colors_info=&#8220;{}&#8220;][\/et_pb_button][\/et_pb_column][\/et_pb_row][\/et_pb_section][et_pb_section fb_built=&#8220;1&#8243; _builder_version=&#8220;4.27.4&#8243; _module_preset=&#8220;default&#8220; background_color=&#8220;#f7f7f7&#8243; global_colors_info=&#8220;{}&#8220;][et_pb_row column_structure=&#8220;1_2,1_2&#8243; _builder_version=&#8220;4.21.0&#8243; _module_preset=&#8220;default&#8220; global_colors_info=&#8220;{}&#8220;][et_pb_column type=&#8220;1_2&#8243; _builder_version=&#8220;4.21.0&#8243; _module_preset=&#8220;default&#8220; global_colors_info=&#8220;{}&#8220;][et_pb_text _builder_version=&#8220;4.27.4&#8243; _module_preset=&#8220;default&#8220; header_2_font_size=&#8220;22px&#8220; max_width=&#8220;100%&#8220; module_alignment=&#8220;center&#8220; custom_margin=&#8220;||||false|false&#8220; global_colors_info=&#8220;{}&#8220;]<\/p>\n<h2 style=\"text-align: left;\">Erfahrene Strafverteidigung in B\u00fcrogemeinschaft<\/h2>\n<p style=\"text-align: left;\">Unsere Strafrechtskanzlei ist ausschlie\u00dflich auf das Strafrecht spezialisiert \u2013 mit einem klaren Fokus auf Strafverteidigung. Wir treten konsequent f\u00fcr die Durchsetzung der Rechte unserer Mandantschaft ein und setzen dabei auf Erfahrung, Detailgenauigkeit und eine verl\u00e4ssliche Arbeitsweise. Von unserem Standort aus vertreten wir bundesweit Unternehmen, F\u00fchrungskr\u00e4fte und Privatpersonen in allen strafrechtlichen Angelegenheiten. Durch vielf\u00e4ltiges Engagement sind wir bestens vernetzt und wirken an der Diskussion und Fortentwicklung des Rechts mit. Zu unserem Team geh\u00f6ren erfahrene Rechtsanw\u00e4ltinnen und Rechtsanw\u00e4lte, darunter Fachanw\u00e4lte f\u00fcr Strafrecht. Wir verbinden fundiertes juristisches Wissen mit strategischem Denken und einer klaren Kommunikation.<\/p>\n<p style=\"text-align: left;\">[\/et_pb_text][\/et_pb_column][et_pb_column type=&#8220;1_2&#8243; _builder_version=&#8220;4.21.0&#8243; _module_preset=&#8220;default&#8220; global_colors_info=&#8220;{}&#8220;][et_pb_image src=&#8220;https:\/\/defenza.de\/wp-content\/uploads\/2025\/07\/TWP_Strafrechtskanzlei-scaled.jpg&#8220; alt=&#8220;Rechtsanw\u00e4lt*innen&#8220; title_text=&#8220;TWP_Strafrechtskanzlei&#8220; _builder_version=&#8220;4.27.4&#8243; _module_preset=&#8220;default&#8220; module_alignment=&#8220;center&#8220; global_colors_info=&#8220;{}&#8220;][\/et_pb_image][\/et_pb_column][\/et_pb_row][\/et_pb_section][et_pb_section fb_built=&#8220;1&#8243; _builder_version=&#8220;4.21.0&#8243; _module_preset=&#8220;default&#8220; global_colors_info=&#8220;{}&#8220;][et_pb_row _builder_version=&#8220;4.21.0&#8243; _module_preset=&#8220;default&#8220; global_colors_info=&#8220;{}&#8220;][et_pb_column type=&#8220;4_4&#8243; _builder_version=&#8220;4.21.0&#8243; _module_preset=&#8220;default&#8220; global_colors_info=&#8220;{}&#8220;][et_pb_text _builder_version=&#8220;4.27.4&#8243; _module_preset=&#8220;default&#8220; header_2_font_size=&#8220;22px&#8220; max_width=&#8220;100%&#8220; module_alignment=&#8220;center&#8220; custom_margin=&#8220;||||false|false&#8220; global_colors_info=&#8220;{}&#8220;]<\/p>\n<h2 style=\"text-align: left;\">H\u00e4ufige Fragen zum Arbeitsstrafrecht<\/h2>\n<p style=\"text-align: left;\">[\/et_pb_text][et_pb_accordion _builder_version=&#8220;4.27.4&#8243; _module_preset=&#8220;default&#8220; global_colors_info=&#8220;{}&#8220;][et_pb_accordion_item title=&#8220;Welche Verst\u00f6\u00dfe geh\u00f6ren zum Arbeitsstrafrecht?&#8220; open=&#8220;on&#8220; _builder_version=&#8220;4.27.4&#8243; _module_preset=&#8220;default&#8220; global_colors_info=&#8220;{}&#8220;]<\/p>\n<p>Zum Arbeitsstrafrecht geh\u00f6ren unter anderem illegale Arbeitnehmer\u00fcberlassung, illegale Ausl\u00e4nderbesch\u00e4ftigung, das Vorenthalten von Sozialversicherungsbeitr\u00e4gen, Verst\u00f6\u00dfe gegen das Mindestlohn- und Schwarzarbeitsgesetz sowie Aufsichtspflichtverletzungen des Arbeitgebers. Auch Verst\u00f6\u00dfe gegen das Arbeitnehmer-Entsendegesetz oder Arbeitszeitverst\u00f6\u00dfe fallen in diesen Bereich.<\/p>\n<p>[\/et_pb_accordion_item][et_pb_accordion_item title=&#8220;Wie l\u00e4uft ein Verfahren im Arbeitsstrafrecht typischerweise ab?&#8220; _builder_version=&#8220;4.27.4&#8243; _module_preset=&#8220;default&#8220; global_colors_info=&#8220;{}&#8220; open=&#8220;off&#8220;]<\/p>\n<p>Ein Verfahren beginnt meist mit einer Kontrolle durch die Zollfahndung oder eine andere Beh\u00f6rde. Danach leitet die Staatsanwaltschaft ein Ermittlungsverfahren ein. Je nach Schwere des Vorwurfs kann es zu einer Hauptverhandlung vor Gericht kommen oder das Verfahren wird gegen Auflagen eingestellt. Wir begleiten Sie in allen Phasen und setzen uns f\u00fcr eine m\u00f6glichst g\u00fcnstige L\u00f6sung ein.<\/p>\n<p>[\/et_pb_accordion_item][et_pb_accordion_item title=&#8220;K\u00f6nnen auch Gesch\u00e4ftsf\u00fchrer und F\u00fchrungskr\u00e4fte pers\u00f6nlich haftbar gemacht werden?&#8220; _builder_version=&#8220;4.27.4&#8243; _module_preset=&#8220;default&#8220; global_colors_info=&#8220;{}&#8220; open=&#8220;off&#8220;]<\/p>\n<p>Ja, strafrechtliche Verantwortung trifft nicht nur das Unternehmen, sondern auch die handelnden Personen. Gesch\u00e4ftsf\u00fchrer, Vorst\u00e4nde und F\u00fchrungskr\u00e4fte k\u00f6nnen pers\u00f6nlich zur Verantwortung gezogen werden, wenn sie ihre Aufsichtspflichten verletzen oder bewusst gegen gesetzliche Vorgaben versto\u00dfen. Eine fr\u00fchzeitige rechtliche Beratung ist daher entscheidend.<\/p>\n<p>[\/et_pb_accordion_item][et_pb_accordion_item title=&#8220;Was sollte ich tun, wenn eine Kontrolle der Zollfahndung stattfindet?&#8220; _builder_version=&#8220;4.27.4&#8243; _module_preset=&#8220;default&#8220; global_colors_info=&#8220;{}&#8220; open=&#8220;off&#8220;]<\/p>\n<p>Bleiben Sie ruhig und kooperieren Sie mit den Beh\u00f6rden, ohne voreilige Aussagen zu machen. Kontaktieren Sie so schnell wie m\u00f6glich einen Strafverteidiger, um Ihre Rechte zu wahren. Wir unterst\u00fctzen Sie dabei, die richtigen Schritte einzuleiten und m\u00f6gliche Fehler zu vermeiden. Eine fr\u00fchzeitige Verteidigung kann entscheidend sein.<\/p>\n<p>[\/et_pb_accordion_item][et_pb_accordion_item title=&#8220;Wie kann ich arbeitsstrafrechtliche Verst\u00f6\u00dfe in meinem Unternehmen vermeiden?&#8220; _builder_version=&#8220;4.27.4&#8243; _module_preset=&#8220;default&#8220; global_colors_info=&#8220;{}&#8220; open=&#8220;off&#8220;]<\/p>\n<p class=\"font-claude-response-body break-words whitespace-normal leading-[1.7]\">Eine sorgf\u00e4ltige Dokumentation aller Arbeitsverh\u00e4ltnisse, die Einhaltung gesetzlicher Vorgaben und regelm\u00e4\u00dfige interne Pr\u00fcfungen helfen, Risiken zu minimieren. Wir beraten Sie pr\u00e4ventiv zu den rechtlichen Anforderungen und unterst\u00fctzen Sie dabei, Compliance-Strukturen aufzubauen. So k\u00f6nnen Sie strafrechtliche Risiken von vornherein vermeiden.<\/p>\n<p>[\/et_pb_accordion_item][et_pb_accordion_item title=&#8220;Mit welchen Strafen muss ich bei einem Versto\u00df rechnen?&#8220; _builder_version=&#8220;4.27.4&#8243; _module_preset=&#8220;default&#8220; global_colors_info=&#8220;{}&#8220; open=&#8220;off&#8220;]<\/p>\n<p>Die Strafen im Arbeitsstrafrecht reichen von Geldstrafen bis zu Freiheitsstrafen, abh\u00e4ngig von der Schwere und dem Umfang des Versto\u00dfes. Auch Betriebsschlie\u00dfungen oder Gewerbeuntersagungen sind m\u00f6glich. Eine individuelle Pr\u00fcfung Ihres Falls ist notwendig, um eine realistische Einsch\u00e4tzung zu geben. Wir setzen uns daf\u00fcr ein, dass die Folgen so gering wie m\u00f6glich ausfallen.<\/p>\n<p>[\/et_pb_accordion_item][et_pb_accordion_item title=&#8220;Kann ein Verfahren auch eingestellt werden?&#8220; _builder_version=&#8220;4.27.4&#8243; _module_preset=&#8220;default&#8220; global_colors_info=&#8220;{}&#8220; open=&#8220;off&#8220;]<\/p>\n<p>Ja, in vielen F\u00e4llen ist eine Verfahrenseinstellung m\u00f6glich, etwa durch eine Einstellung gegen Auflagen gem\u00e4\u00df \u00a7 153a StPO. Voraussetzung ist, dass die Staatsanwaltschaft und gegebenenfalls das Gericht zustimmen. Wir verhandeln in Ihrem Interesse und setzen uns f\u00fcr eine Verfahrenseinstellung ein, wenn dies m\u00f6glich und sinnvoll ist.<\/p>\n<p>[\/et_pb_accordion_item][et_pb_accordion_item title=&#8220;Wie schnell sollte ich einen Strafverteidiger kontaktieren?&#8220; _builder_version=&#8220;4.27.4&#8243; _module_preset=&#8220;default&#8220; global_colors_info=&#8220;{}&#8220; open=&#8220;off&#8220;]<\/p>\n<p>Je fr\u00fcher, desto besser. Bereits bei den ersten Anzeichen eines Ermittlungsverfahrens oder bei einer Kontrolle sollten Sie rechtlichen Beistand hinzuziehen. Fr\u00fchzeitige Verteidigung kann entscheidend sein, um Ihre Rechte zu wahren und das Verfahren positiv zu beeinflussen. Kontaktieren Sie uns bei ersten Hinweisen auf ein strafrechtliches Verfahren.<\/p>\n<p>[\/et_pb_accordion_item][\/et_pb_accordion][\/et_pb_column][\/et_pb_row][\/et_pb_section][et_pb_section fb_built=&#8220;1&#8243; _builder_version=&#8220;4.21.0&#8243; _module_preset=&#8220;default&#8220; background_enable_color=&#8220;off&#8220; background_image=&#8220;https:\/\/defenza.de\/wp-content\/uploads\/2025\/05\/AdobeStock_253031617.jpg&#8220; parallax=&#8220;on&#8220; global_colors_info=&#8220;{}&#8220;][et_pb_row _builder_version=&#8220;4.21.0&#8243; _module_preset=&#8220;default&#8220; global_colors_info=&#8220;{}&#8220;][et_pb_column type=&#8220;4_4&#8243; _builder_version=&#8220;4.21.0&#8243; _module_preset=&#8220;default&#8220; global_colors_info=&#8220;{}&#8220;][et_pb_text _builder_version=&#8220;4.27.4&#8243; _module_preset=&#8220;default&#8220; header_2_font_size=&#8220;22px&#8220; text_orientation=&#8220;center&#8220; max_width=&#8220;100%&#8220; custom_margin=&#8220;||||false|false&#8220; global_colors_info=&#8220;{}&#8220;]<\/p>\n<h2 data-start=\"262\" data-end=\"401\" style=\"text-align: center;\">Sichern Sie sich professionelle Verteidigung im Arbeitsstrafrecht<\/h2>\n<p style=\"text-align: center;\">Arbeitsstrafrechtliche Vorw\u00fcrfe erfordern schnelles und strategisches Handeln. Wir stehen Ihnen von der ersten Einsch\u00e4tzung bis zum Abschluss des Verfahrens zur Seite und setzen uns konsequent f\u00fcr Ihre Interessen ein.<\/p>\n<p>[\/et_pb_text][et_pb_button button_url=&#8220;#kontakt&#8220; button_text=&#8220;Anfrage Beratung&#8220; button_alignment=&#8220;center&#8220; _builder_version=&#8220;4.27.4&#8243; _module_preset=&#8220;default&#8220; custom_button=&#8220;on&#8220; button_text_color=&#8220;#b51f1e&#8220; button_font=&#8220;Nunito||||||||&#8220; button_icon_color=&#8220;RGBA(0,0,0,0)&#8220; background_layout=&#8220;dark&#8220; custom_margin=&#8220;0px|0px|0px|0px|false|false&#8220; custom_padding=&#8220;|20px||20px|false|false&#8220; button_text_size_tablet=&#8220;&#8220; button_text_size_phone=&#8220;18px&#8220; button_text_size_last_edited=&#8220;on|phone&#8220; custom_css_before=&#8220;white-space: nowrap;&#8220; custom_css_main_element=&#8220;white-space: nowrap;&#8220; custom_css_after=&#8220;white-space: nowrap;&#8220; global_colors_info=&#8220;{}&#8220;][\/et_pb_button][\/et_pb_column][\/et_pb_row][\/et_pb_section]<\/p>\n","protected":false},"excerpt":{"rendered":"<p>Vorwurf im Arbeitsstrafrecht? Sch\u00fctzen Sie Ihr Unternehmen jetzt Eine Kontrolle der Zollfahndung oder ein Ermittlungsverfahren kann existenzbedrohend sein. Wir verteidigen Sie engagiert und sorgen daf\u00fcr, dass die Folgen so gering wie m\u00f6glich bleiben. Sofortige Unterst\u00fctzung bei Kontrollen und Ermittlungsverfahren Verteidigung gegen Vorw\u00fcrfe illegaler Besch\u00e4ftigung und Sozialversicherungsbetrug Schutz f\u00fcr Gesch\u00e4ftsf\u00fchrer und F\u00fchrungskr\u00e4fte vor pers\u00f6nlicher Haftung Erfahrene [&hellip;]<\/p>\n","protected":false},"author":4,"featured_media":0,"parent":0,"menu_order":0,"comment_status":"closed","ping_status":"closed","template":"","meta":{"_et_pb_use_builder":"on","_et_pb_old_content":"","_et_gb_content_width":"","om_disable_all_campaigns":false,"_monsterinsights_skip_tracking":false,"_monsterinsights_sitenote_active":false,"_monsterinsights_sitenote_note":"","_monsterinsights_sitenote_category":0,"footnotes":""},"class_list":["post-4161","page","type-page","status-publish","hentry"],"aioseo_notices":[],"_links":{"self":[{"href":"https:\/\/defenza.de\/pt\/wp-json\/wp\/v2\/pages\/4161","targetHints":{"allow":["GET"]}}],"collection":[{"href":"https:\/\/defenza.de\/pt\/wp-json\/wp\/v2\/pages"}],"about":[{"href":"https:\/\/defenza.de\/pt\/wp-json\/wp\/v2\/types\/page"}],"author":[{"embeddable":true,"href":"https:\/\/defenza.de\/pt\/wp-json\/wp\/v2\/users\/4"}],"replies":[{"embeddable":true,"href":"https:\/\/defenza.de\/pt\/wp-json\/wp\/v2\/comments?post=4161"}],"version-history":[{"count":11,"href":"https:\/\/defenza.de\/pt\/wp-json\/wp\/v2\/pages\/4161\/revisions"}],"predecessor-version":[{"id":4619,"href":"https:\/\/defenza.de\/pt\/wp-json\/wp\/v2\/pages\/4161\/revisions\/4619"}],"wp:attachment":[{"href":"https:\/\/defenza.de\/pt\/wp-json\/wp\/v2\/media?parent=4161"}],"curies":[{"name":"wp","href":"https:\/\/api.w.org\/{rel}","templated":true}]}}