{"id":702,"date":"2021-03-08T22:41:14","date_gmt":"2021-03-08T21:41:14","guid":{"rendered":"https:\/\/twp-strafrecht.de\/?page_id=702"},"modified":"2026-01-19T14:19:41","modified_gmt":"2026-01-19T13:19:41","slug":"guel-pinar","status":"publish","type":"page","link":"https:\/\/defenza.de\/pt\/guel-pinar\/","title":{"rendered":"G\u00fcl Pinar"},"content":{"rendered":"<p>[et_pb_section fb_built=&#8220;1&#8243; disabled_on=&#8220;off|off|on&#8220; admin_label=&#8220;Hero Section&#8220; _builder_version=&#8220;4.27.4&#8243; custom_padding=&#8220;0|0px|0px|0px&#8220; global_colors_info=&#8220;{}&#8220;][et_pb_row _builder_version=&#8220;4.21.0&#8243; _module_preset=&#8220;default&#8220; global_colors_info=&#8220;{}&#8220;][et_pb_column type=&#8220;4_4&#8243; _builder_version=&#8220;4.21.0&#8243; _module_preset=&#8220;default&#8220; global_colors_info=&#8220;{}&#8220;][et_pb_image src=&#8220;https:\/\/defenza.de\/wp-content\/uploads\/2025\/09\/Guel_Pinar-scaled.jpg&#8220; title_text=&#8220;G\u00fcl_Pinar&#8220; align=&#8220;center&#8220; src_tablet=&#8220;https:\/\/defenza.de\/wp-content\/uploads\/2025\/09\/Guel_Pinar-scaled.jpg&#8220; src_phone=&#8220;https:\/\/defenza.de\/wp-content\/uploads\/2025\/09\/Guel_Pinar-scaled.jpg&#8220; src_last_edited=&#8220;on|tablet&#8220; disabled_on=&#8220;off|off|on&#8220; _builder_version=&#8220;4.27.4&#8243; _module_preset=&#8220;default&#8220; min_height_last_edited=&#8220;off|tablet&#8220; global_colors_info=&#8220;{}&#8220;][\/et_pb_image][\/et_pb_column][\/et_pb_row][\/et_pb_section][et_pb_section fb_built=&#8220;1&#8243; admin_label=&#8220;Hero Section&#8220; _builder_version=&#8220;4.16&#8243; custom_margin=&#8220;0px||||false|false&#8220; custom_padding=&#8220;0px||0px||false|false&#8220; global_colors_info=&#8220;{}&#8220;][et_pb_row column_structure=&#8220;1_2,1_2&#8243; make_equal=&#8220;on&#8220; _builder_version=&#8220;4.27.4&#8243; width=&#8220;100%&#8220; max_width=&#8220;100%&#8220; custom_padding=&#8220;0px||0px|||&#8220; use_custom_width=&#8220;on&#8220; width_unit=&#8220;off&#8220; custom_width_percent=&#8220;100%&#8220; global_colors_info=&#8220;{}&#8220;][et_pb_column type=&#8220;1_2&#8243; admin_label=&#8220;Spalte&#8220; _builder_version=&#8220;4.16&#8243; custom_padding=&#8220;100px||100px|8%&#8220; custom_padding_tablet=&#8220;60px|10%|60px|10%&#8220; custom_padding_phone=&#8220;&#8220; custom_padding_last_edited=&#8220;on|tablet&#8220; global_colors_info=&#8220;{}&#8220; padding_tablet=&#8220;60px|10%|60px|10%&#8220; padding_last_edited=&#8220;on|tablet&#8220; custom_padding__hover=&#8220;|||&#8220; padding_phone=&#8220;60px|10%|60px|10%&#8220;][et_pb_text _builder_version=&#8220;4.16&#8243; header_font=&#8220;Nunito||||||||&#8220; header_3_font=&#8220;Karla|700||on|||||&#8220; header_3_text_color=&#8220;#b51f1f&#8220; header_3_font_size=&#8220;16px&#8220; header_3_letter_spacing=&#8220;1px&#8220; transform_scale=&#8220;100%|100%&#8220; background_layout=&#8220;dark&#8220; custom_margin=&#8220;0px||20px||false|false&#8220; custom_margin_tablet=&#8220;&#8220; custom_margin_phone=&#8220;-60px||||false|false&#8220; custom_margin_last_edited=&#8220;on|phone&#8220; locked=&#8220;off&#8220; global_colors_info=&#8220;{}&#8220;]<\/p>\n<h3><\/h3>\n<p>[\/et_pb_text][et_pb_divider color=&#8220;#b51f1e&#8220; divider_weight=&#8220;2px&#8220; _builder_version=&#8220;4.16&#8243; transform_scale=&#8220;100%|100%&#8220; max_width=&#8220;150px&#8220; module_alignment=&#8220;right&#8220; height=&#8220;2px&#8220; custom_margin=&#8220;|||&#8220; custom_padding=&#8220;|-60px||&#8220; custom_padding_tablet=&#8220;|0px||&#8220; custom_padding_last_edited=&#8220;off|desktop&#8220; locked=&#8220;off&#8220; global_colors_info=&#8220;{}&#8220;][\/et_pb_divider][et_pb_text _builder_version=&#8220;4.27.4&#8243; locked=&#8220;off&#8220; global_colors_info=&#8220;{}&#8220;]<img loading=\"lazy\" decoding=\"async\" class=\"hide-mobile p10\" src=\"https:\/\/defenza.de\/wp-content\/uploads\/2025\/06\/HB_Dtld_Beste_Anwaelte2025_Guel_Pinar-182x300.png\" width=\"182\" height=\"300\" alt=\"\" style=\"float: left;\" \/><span style=\"color: #000000; text-align: right;\"><\/span><\/p>\n<h1 style=\"text-align: right;\"><span>G\u00fcl Pinar\u00a0<\/span><\/h1>\n<p style=\"text-align: right;\"><span style=\"color: #000000;\">Rechtsanw\u00e4ltin<br \/>\nFachanw\u00e4ltin f\u00fcr Strafrecht<br \/>\nZertifizierte Beraterin Steuerstrafrecht (DAA)<\/span><\/p>\n<p>[\/et_pb_text][et_pb_image src=&#8220;https:\/\/defenza.de\/wp-content\/uploads\/2025\/06\/HB_Dtld_Beste_Anwaelte2025_Guel_Pinar-182&#215;300.png&#8220; title_text=&#8220;HB_Dtld_Beste_Anwaelte2025_Guel_Pinar&#8220; align=&#8220;center&#8220; disabled_on=&#8220;off|on|on&#8220; _builder_version=&#8220;4.27.4&#8243; _module_preset=&#8220;default&#8220; max_width=&#8220;600px&#8220; module_alignment=&#8220;right&#8220; global_colors_info=&#8220;{}&#8220;][\/et_pb_image][et_pb_text _builder_version=&#8220;4.27.4&#8243; custom_margin=&#8220;||35px|||&#8220; locked=&#8220;off&#8220; global_colors_info=&#8220;{}&#8220;]<\/p>\n<p style=\"text-align: left;\">G\u00fcl Pinar ber\u00e4t und verteidigt seit mehr als 25 Jahren ausschlie\u00dflich im Bereich des Strafrechts. Sie kann auf eine hochgradige Spezialisierung und jahrzehntelange forensische Erfahrung aus zahlreichen Gro\u00dfverfahren zur\u00fcckgreifen. Dazu geh\u00f6ren auch Verfahren vor den Oberlandesgerichten, m\u00fcndliche Verhandlungen vor dem Bundesgerichtshof, Verfassungsbeschwerden sowie Verfahren vor parlamentarischen Untersuchungsaussch\u00fcssen. Durch ihre Erfahrung als Strafverteidigerin im Kampf um die Beschuldigtenrechte in Kombination mit ihren kommunikativen F\u00e4higkeiten zeigt sie ihre St\u00e4rke bei der Findung au\u00dfergerichtlicher L\u00f6sungen.<\/p>\n<p style=\"text-align: left;\">Rechtsanw\u00e4ltin Pinar verteidigt in anspruchsvollen Strafverfahren. Neben Wirtschafts- und Steuerstrafverfahren, Bet\u00e4ubungsmittelstrafverfahren und Schwurgerichtsverfahren ist sie auch bei grenz\u00fcberschreitender Strafverfolgung t\u00e4tig und vertritt Beschuldigte in Auslieferungsverfahren und bei \u00dcberstellungen.<\/p>\n<p style=\"text-align: left;\">Seit 2006 ist G\u00fcl Pinar Mitglied des <a href=\"https:\/\/anwaltverein.de\/de\/interessenvertretung\/ausschuesse-im-dav\/strafrecht\" target=\"_blank\" rel=\"noopener\">Strafrechtsausschusses des Deutschen Anwaltvereins<\/a>; sie war und ist in dieser Eigenschaft mit Stellungnahmen zu Gesetzesvorhaben befasst und nimmt als Sachverst\u00e4ndige an Anh\u00f6rungen des Deutschen Bundestages und der Europ\u00e4ischen Kommission teil. Sie ist in sechster Amtsperiode <a href=\"https:\/\/www.rak-hamburg.de\/ueberuns\/organisation\/praesidium_vorstand\">Vorstandsmitglied der Hanseatischen Rechtsanwaltskammer<\/a>, seit 2024 als Mitglied des Pr\u00e4sidiums.<\/p>\n<p style=\"text-align: left;\">G\u00fcl Pinar engagiert sich in der Gestaltung des Strafrechts auch durch eine umfangreiche Vortragst\u00e4tigkeit, die sich auf strafrechtliche Fragestellungen und andere rechtspolitische Themen erstreckt und ist in der Ausbildung des juristischen Nachwuchses aktiv.<\/p>\n<p>[\/et_pb_text][et_pb_code _builder_version=&#8220;4.27.4&#8243; _module_preset=&#8220;default&#8220; max_width=&#8220;600px&#8220; module_alignment=&#8220;right&#8220; custom_margin=&#8220;||35px|||&#8220; global_colors_info=&#8220;{}&#8220;]<a href=\"https:\/\/www.bestlawyers.com\/lawyers\/gul-pinar\/427195\" target=\"_blank\"><!-- [et_pb_line_break_holder] -->    <img decoding=\"async\" src=\"https:\/\/www.bestlawyers.com\/Logos\/ListedLawyer\/427195\/DE\/17\/o\/Basic.png\" title=\"Best Lawyers - Lawyer Logo\" alt=\"Best Lawyers - Lawyer Logo\"><!-- [et_pb_line_break_holder] --><\/a>[\/et_pb_code][et_pb_text _builder_version=&#8220;4.27.4&#8243; locked=&#8220;off&#8220; global_colors_info=&#8220;{}&#8220;]<\/p>\n<p style=\"text-align: left;\"><strong>Mitgliedschaften<\/strong><\/p>\n<ul>\n<li style=\"text-align: left;\"><a href=\"https:\/\/www.ag-strafrecht.de\/\" target=\"_blank\" rel=\"noopener\"><span>Arbeitsgemeinschaft Strafrecht des Deutschen Anwaltvereins (DAV)<\/span><\/a><\/li>\n<li style=\"text-align: left;\"><a href=\"https:\/\/djt.de\/\" target=\"_blank\" rel=\"noopener\"><span>Deutscher Juristentag e.V.<\/span><\/a><\/li>\n<li style=\"text-align: left;\"><a href=\"https:\/\/www.hav.de\/de\/\" target=\"_blank\" rel=\"noopener\" title=\"Hamburgischer Anwaltverein (HAV)\"><span>Hamburgischer Anwaltverein (HAV)<\/span><\/a><\/li>\n<li style=\"text-align: left;\"><span><a href=\"https:\/\/www.strafverteidiger-hamburg.net\/index.php?id=index\" target=\"_blank\" rel=\"noopener\" title=\"Hamburger Arbeitsgemeinschaft f\u00fcr Strafverteidigerinnen und Strafverteidiger\">Hamburger Arbeitsgemeinschaft f\u00fcr Strafverteidigerinnen und Strafverteidiger<\/a><\/span><\/li>\n<li style=\"text-align: left;\"><a href=\"https:\/\/wistev.de\/\" target=\"_blank\" rel=\"noopener\" title=\"Wirtschaftsstrafrechtliche Vereinigung (WisteV)\">Wirtschaftsstrafrechtliche Vereinigung (WisteV)<\/a><\/li>\n<li style=\"text-align: left;\"><a href=\"https:\/\/juwist.com\/\" target=\"_blank\" rel=\"noopener\" title=\"Juristinnen im Wirtschafts- und Steuerstrafrecht (JuWiSt)\">Juristinnen im Wirtschafts- und Steuerstrafrecht (JuWiSt)<\/a><\/li>\n<\/ul>\n<p>[\/et_pb_text][et_pb_text _builder_version=&#8220;4.27.4&#8243; header_font=&#8220;Nunito||||||||&#8220; header_2_font_size=&#8220;22px&#8220; custom_padding=&#8220;||0px|||&#8220; hover_enabled=&#8220;0&#8243; header_2_font_size_tablet=&#8220;22px&#8220; header_2_font_size_phone=&#8220;18px&#8220; header_2_font_size_last_edited=&#8220;on|phone&#8220; locked=&#8220;off&#8220; global_colors_info=&#8220;{}&#8220; sticky_enabled=&#8220;0&#8243;]<\/p>\n<p style=\"text-align: left;\"><strong>Vortr\u00e4ge und Podiumsdiskussionen (Aktuellste)<\/strong><\/p>\n<p  style=\"text-align: left;line-height: 110%;\"><em>Wie steht es wirklich um das Ermittlungsverfahren? Reformbedarf, Digitalisierung und Verteidigungsrechte auf dem Pr\u00fcfstand<\/em> \u2013 47. Strafverteidiger:innentag, 14.03.2026, K\u00f6ln.<\/p>\n<p style=\"text-align: left; line-height: 110%;\"><em> \u201eDas neue Cannabis-Gesetz \u2013 erste Erfahrungen aus der Praxis\u201c<\/em> \u2013 Herbsttagung der 37. Anw\u00e4ltinnenkonferenz der ARGE Anw\u00e4ltinnen im DAV, 18.10.2024, Hamburg.<\/p>\n<p style=\"text-align: left; line-height: 110%;\"><em>Beschlagnahme und Auswertung von Handys, Laptops &amp; Co<\/em> \u2013 74. Deutscher Juristentag, 25. und 26.09.2024, Stuttgart.<\/p>\n<p style=\"text-align: left; line-height: 110%;\"><em>Digitale Beweismittel<\/em> \u2013 Veranstaltung der Bundesdatenschutzbeh\u00f6rde, 12.09.2024, Berlin.<\/p>\n<p style=\"text-align: left; line-height: 110%;\"><em>\u201eWenn der eigene Fehler jemanden die Freiheit kostet\u201c<\/em> \u2013 Veranstaltung des Deutschen Nationalkomitees des Center Union International des Avocats zum Thema \u201eAnwaltsfehler\u201c, 13.05.2024, Hamburg.<\/p>\n<p style=\"text-align: left; line-height: 110%;\"><em>\u201eErmittlungsans\u00e4tze bei \u00a7 129 StGB \u2013 die Verteidigerperspektive\u201c<\/em> \u2013 WisteV-Tagung zum Thema \u201e\u00a7 129 StGB \u2013 Der Kampf gegen wirtschaftskriminelle Vereinigungen\u201c, 22.09.2023, Kiel.<\/p>\n<p style=\"text-align: left; line-height: 110%;\"><em>\u201eEurop\u00e4ische Staatsanwaltschaft \u2013 Spiel ohne Grenzen?\u201c<\/em> \u2013 11. Dreil\u00e4nderforum Strafverteidigung, 17.09.2022, Passau.<\/p>\n<p style=\"text-align: left;\"><strong>Ver\u00f6ffentlichungen<\/strong><\/p>\n<p style=\"text-align: left; line-height: 110%;\"><em>Die Polizei auf deinem Handy<\/em>, <a href=\"https:\/\/rsw.beck.de\/aktuell\/daily\/meldung\/detail\/handy-sicherstellung-auswertung-digitale-beweismittel-regeln\" target=\"_blank\" rel=\"noopener\">beck-aktuell, 2024\/09\/17<\/a><\/p>\n<p style=\"text-align: left; line-height: 110%;\"><em>Europ\u00e4ische Staatsanwaltschaft<\/em> \u2013 ein grenzenloses Spiel?, in: Wenn der Staat Grenzen \u00fcberschreitet, 11. Dreil\u00e4nderforum Strafverteidigung 2022, S. 147-154.<\/p>\n<p style=\"text-align: left; line-height: 110%;\"><em>Frei, aber nicht unabh\u00e4ngig: Zur Stellung der Staatsanwaltschaft im System der Gewaltenteilung<\/em>, <a href=\"https:\/\/verfassungsblog.de\/frei-aber-nicht-unabhangig\/\" target=\"_blank\" rel=\"noopener\" title=\"Verfassungsblog, 2020\/12\/14\">Verfassungsblog, 2020\/12\/14<\/a>.<\/p>\n<p>[\/et_pb_text][\/et_pb_column][et_pb_column type=&#8220;1_2&#8243; disabled_on=&#8220;on|on|off&#8220; _builder_version=&#8220;4.27.4&#8243; background_color=&#8220;#212121&#8243; background_enable_image=&#8220;off&#8220; custom_padding=&#8220;100px|8%|100px|&#8220; custom_padding_tablet=&#8220;60px|10%|60px|10%&#8220; custom_padding_phone=&#8220;&#8220; custom_padding_last_edited=&#8220;on|phone&#8220; global_colors_info=&#8220;{}&#8220; padding_tablet=&#8220;60px|10%|60px|10%&#8220; padding_last_edited=&#8220;on|phone&#8220; custom_padding__hover=&#8220;|||&#8220; padding_phone=&#8220;60px|10%|60px|10%&#8220;][et_pb_image src=&#8220;https:\/\/defenza.de\/wp-content\/uploads\/2025\/09\/Guel_Pinar-scaled.jpg&#8220; alt=&#8220;Rechtsanw\u00e4ltin Pinar&#8220; title_text=&#8220;G\u00fcl_Pinar&#8220; src_last_edited=&#8220;off|desktop&#8220; align_tablet=&#8220;center&#8220; align_phone=&#8220;&#8220; align_last_edited=&#8220;on|desktop&#8220; disabled_on=&#8220;on|on|off&#8220; _builder_version=&#8220;4.27.4&#8243; max_width=&#8220;600px&#8220; max_width_tablet=&#8220;&#8220; max_width_phone=&#8220;&#8220; max_width_last_edited=&#8220;on|desktop&#8220; custom_margin=&#8220;|||-8%&#8220; custom_margin_tablet=&#8220;|||&#8220; custom_margin_last_edited=&#8220;off|desktop&#8220; custom_padding=&#8220;|||&#8220; animation_style=&#8220;slide&#8220; animation_direction=&#8220;right&#8220; animation_intensity_slide=&#8220;4%&#8220; animation_starting_opacity=&#8220;50%&#8220; box_shadow_style=&#8220;preset3&#8243; box_shadow_blur=&#8220;80px&#8220; global_colors_info=&#8220;{}&#8220;][\/et_pb_image][\/et_pb_column][\/et_pb_row][\/et_pb_section]<\/p>\n","protected":false},"excerpt":{"rendered":"<p>G\u00fcl Pinar\u00a0 Rechtsanw\u00e4ltin Fachanw\u00e4ltin f\u00fcr Strafrecht Zertifizierte Beraterin Steuerstrafrecht (DAA)G\u00fcl Pinar ber\u00e4t und verteidigt seit mehr als 25 Jahren ausschlie\u00dflich im Bereich des Strafrechts. Sie kann auf eine hochgradige Spezialisierung und jahrzehntelange forensische Erfahrung aus zahlreichen Gro\u00dfverfahren zur\u00fcckgreifen. Dazu geh\u00f6ren auch Verfahren vor den Oberlandesgerichten, m\u00fcndliche Verhandlungen vor dem Bundesgerichtshof, Verfassungsbeschwerden sowie Verfahren vor parlamentarischen [&hellip;]<\/p>\n","protected":false},"author":2,"featured_media":0,"parent":0,"menu_order":0,"comment_status":"closed","ping_status":"closed","template":"","meta":{"_et_pb_use_builder":"on","_et_pb_old_content":"","_et_gb_content_width":"","om_disable_all_campaigns":false,"_monsterinsights_skip_tracking":false,"_monsterinsights_sitenote_active":false,"_monsterinsights_sitenote_note":"","_monsterinsights_sitenote_category":0,"footnotes":""},"class_list":["post-702","page","type-page","status-publish","hentry"],"aioseo_notices":[],"_links":{"self":[{"href":"https:\/\/defenza.de\/pt\/wp-json\/wp\/v2\/pages\/702","targetHints":{"allow":["GET"]}}],"collection":[{"href":"https:\/\/defenza.de\/pt\/wp-json\/wp\/v2\/pages"}],"about":[{"href":"https:\/\/defenza.de\/pt\/wp-json\/wp\/v2\/types\/page"}],"author":[{"embeddable":true,"href":"https:\/\/defenza.de\/pt\/wp-json\/wp\/v2\/users\/2"}],"replies":[{"embeddable":true,"href":"https:\/\/defenza.de\/pt\/wp-json\/wp\/v2\/comments?post=702"}],"version-history":[{"count":10,"href":"https:\/\/defenza.de\/pt\/wp-json\/wp\/v2\/pages\/702\/revisions"}],"predecessor-version":[{"id":4344,"href":"https:\/\/defenza.de\/pt\/wp-json\/wp\/v2\/pages\/702\/revisions\/4344"}],"wp:attachment":[{"href":"https:\/\/defenza.de\/pt\/wp-json\/wp\/v2\/media?parent=702"}],"curies":[{"name":"wp","href":"https:\/\/api.w.org\/{rel}","templated":true}]}}