{"id":4529,"date":"2026-03-03T12:46:35","date_gmt":"2026-03-03T11:46:35","guid":{"rendered":"https:\/\/defenza.de\/?page_id=4529"},"modified":"2026-03-19T12:02:32","modified_gmt":"2026-03-19T11:02:32","slug":"uluslararasi-ceza-hukuku-sinirlar-oetesinde-savunmaniz","status":"publish","type":"page","link":"https:\/\/defenza.de\/tr\/internationales-strafrecht-ihre-verteidigung-ueber-grenzen-hinweg\/","title":{"rendered":"Uluslararas\u0131 Ceza Hukuku \u2013 S\u0131n\u0131r \u00d6tesinde Savunman\u0131z"},"content":{"rendered":"<p>[et_pb_section fb_built=&#8220;1&#8243; disabled_on=&#8220;off|on|on&#8220; admin_label=&#8220;Hero Section&#8220; _builder_version=&#8220;4.16&#8243; custom_padding=&#8220;0|0px|0px|0px&#8220; global_colors_info=&#8220;{}&#8220;][et_pb_row use_custom_gutter=&#8220;on&#8220; make_equal=&#8220;on&#8220; _builder_version=&#8220;4.16&#8243; width=&#8220;100%&#8220; max_width=&#8220;100%&#8220; custom_padding=&#8220;0px|0|0px|&#8220; use_custom_width=&#8220;on&#8220; width_unit=&#8220;off&#8220; custom_width_percent=&#8220;100%&#8220; global_colors_info=&#8220;{}&#8220;][et_pb_column type=&#8220;4_4&#8243; _builder_version=&#8220;4.16&#8243; custom_padding=&#8220;200px|4%|200px|8%&#8220; custom_padding_tablet=&#8220;60px|10%|60px|10%&#8220; custom_padding_phone=&#8220;&#8220; custom_padding_last_edited=&#8220;on|tablet&#8220; global_colors_info=&#8220;{}&#8220; padding_tablet=&#8220;60px|10%|60px|10%&#8220; padding_last_edited=&#8220;on|tablet&#8220; custom_padding__hover=&#8220;|||&#8220; padding_phone=&#8220;60px|10%|60px|10%&#8220;][et_pb_image src=&#8220;https:\/\/defenza.de\/wp-content\/uploads\/2025\/07\/TWP_Strafrechtskanzlei-scaled.jpg&#8220; alt=&#8220;Rechtsanw\u00e4lt*innen&#8220; title_text=&#8220;TWP_Strafrechtskanzlei&#8220; align_tablet=&#8220;center&#8220; align_phone=&#8220;&#8220; align_last_edited=&#8220;on|desktop&#8220; disabled_on=&#8220;off|on|on&#8220; _builder_version=&#8220;4.27.4&#8243; max_width=&#8220;600px&#8220; max_width_tablet=&#8220;&#8220; max_width_phone=&#8220;&#8220; max_width_last_edited=&#8220;on|desktop&#8220; custom_margin=&#8220;|||-8%&#8220; custom_margin_tablet=&#8220;60px|60px|60px|60px&#8220; custom_margin_phone=&#8220;0px|0px|0px|0px|false|false&#8220; custom_margin_last_edited=&#8220;on|phone&#8220; custom_padding=&#8220;|||&#8220; animation_style=&#8220;slide&#8220; animation_direction=&#8220;right&#8220; animation_intensity_slide=&#8220;4%&#8220; animation_starting_opacity=&#8220;50%&#8220; box_shadow_style=&#8220;preset3&#8243; box_shadow_blur=&#8220;80px&#8220; global_colors_info=&#8220;{}&#8220;][\/et_pb_image][\/et_pb_column][\/et_pb_row][\/et_pb_section][et_pb_section fb_built=&#8220;1&#8243; admin_label=&#8220;Hero Section&#8220; _builder_version=&#8220;4.16&#8243; custom_padding=&#8220;0|0px|0px|0px&#8220; global_colors_info=&#8220;{}&#8220;][et_pb_row column_structure=&#8220;1_2,1_2&#8243; use_custom_gutter=&#8220;on&#8220; make_equal=&#8220;on&#8220; _builder_version=&#8220;4.27.4&#8243; width=&#8220;100%&#8220; max_width=&#8220;100%&#8220; custom_padding=&#8220;0px|0px|0px|||&#8220; use_custom_width=&#8220;on&#8220; width_unit=&#8220;off&#8220; custom_width_percent=&#8220;100%&#8220; global_colors_info=&#8220;{}&#8220;][et_pb_column type=&#8220;1_2&#8243; _builder_version=&#8220;4.16&#8243; custom_padding=&#8220;200px|4%|200px|8%&#8220; custom_padding_tablet=&#8220;60px|10%|60px|10%&#8220; custom_padding_phone=&#8220;&#8220; custom_padding_last_edited=&#8220;on|tablet&#8220; global_colors_info=&#8220;{}&#8220; padding_tablet=&#8220;60px|10%|60px|10%&#8220; padding_last_edited=&#8220;on|tablet&#8220; custom_padding__hover=&#8220;|||&#8220; padding_phone=&#8220;60px|10%|60px|10%&#8220;][et_pb_divider color=&#8220;#b51f1e&#8220; divider_weight=&#8220;2px&#8220; _builder_version=&#8220;4.16&#8243; transform_scale=&#8220;100%|100%&#8220; max_width=&#8220;150px&#8220; module_alignment=&#8220;right&#8220; height=&#8220;2px&#8220; custom_margin=&#8220;|||&#8220; custom_padding=&#8220;|-60px||&#8220; custom_padding_tablet=&#8220;|0px||&#8220; custom_padding_last_edited=&#8220;off|desktop&#8220; locked=&#8220;off&#8220; global_colors_info=&#8220;{}&#8220;][\/et_pb_divider][et_pb_text _builder_version=&#8220;4.27.5&#8243; header_2_font_size=&#8220;22px&#8220; locked=&#8220;off&#8220; global_colors_info=&#8220;{}&#8220;]<\/p>\n<h1>Internationales Strafrecht \u2013 Ihre Verteidigung \u00fcber Grenzen hinweg<\/h1>\n<p style=\"text-align: left;\">Strafverfahren enden heute nicht mehr an nationalen Grenzen. Global vernetzte Wirtschaft, internationale Kooperationen, grenz\u00fcberschreitende Ermittlungen und europaweite Strafverfolgungsmechanismen stellen Betroffene vor v\u00f6llig neue Herausforderungen.<\/p>\n<p style=\"text-align: left;\">Unsere Kanzlei ist spezialisiert auf Internationales Strafrecht \u2013 das umfasst alle Strafverfahren, in denen grenz\u00fcberschreitende Sachverhalte oder internationale Institutionen eine Rolle spielen. Wir verteidigen Mandanten in komplexen Situationen, in denen verschiedene europ\u00e4ische Beh\u00f6rden agieren und es transnationale Ermittlungsstrukturen gibt \u2013 \u00fcberall dort, wo sich nationales Strafrecht, internationale Vorgaben und staatliche Zusammenarbeit \u00fcberlagern.<\/p>\n<p>[\/et_pb_text][et_pb_contact_form use_spam_service=&#8220;on&#8220; recaptcha_list=&#8220;OMmatic reCAPTCHA|OMmatic reCAPTCHA-0&#8243; email=&#8220;kanzlei@defenza.de&#8220; title=&#8220;Handeln Sie jetzt \u2013 kontaktieren Sie uns f\u00fcr eine erste Einsch\u00e4tzung&#8220; custom_message=&#8220;Neue Nachricht von der Webseite:||et_pb_line_break_holder||||et_pb_line_break_holder||Name: ||et_pb_line_break_holder||%%Name%%||et_pb_line_break_holder||||et_pb_line_break_holder||Telefonnummer:||et_pb_line_break_holder||%%phone%%||et_pb_line_break_holder||||et_pb_line_break_holder||E-Mail:||et_pb_line_break_holder||%%Email%%||et_pb_line_break_holder||&#8220; success_message=&#8220;Vielen Dank f\u00fcr Ihre Anfrage. Wir melden uns umgehend!&#8220; submit_button_text=&#8220;Anfrage Beratung&#8220; _builder_version=&#8220;4.27.6&#8243; _module_preset=&#8220;default&#8220; _unique_id=&#8220;da13b1db-cad7-4530-9c27-b903591f8254&#8243; title_level=&#8220;h3&#8243; title_font=&#8220;|600|||||||&#8220; title_text_align=&#8220;left&#8220; title_font_size=&#8220;19px&#8220; title_line_height=&#8220;1.4em&#8220; background_enable_color=&#8220;off&#8220; custom_button=&#8220;on&#8220; button_text_color=&#8220;#FFFFFF&#8220; button_bg_color=&#8220;#b51f1e&#8220; button_border_width=&#8220;0px&#8220; button_font=&#8220;Nunito||||||||&#8220; button_icon_placement=&#8220;left&#8220; text_orientation=&#8220;left&#8220; max_width=&#8220;600px&#8220; module_alignment=&#8220;right&#8220; hover_enabled=&#8220;0&#8243; locked=&#8220;off&#8220; global_colors_info=&#8220;{}&#8220; sticky_enabled=&#8220;0&#8243;][et_pb_contact_field field_id=&#8220;Name&#8220; field_title=&#8220;Name&#8220; fullwidth_field=&#8220;on&#8220; _builder_version=&#8220;4.27.4&#8243; global_colors_info=&#8220;{}&#8220; button_text_size__hover_enabled=&#8220;off&#8220; button_one_text_size__hover_enabled=&#8220;off&#8220; button_two_text_size__hover_enabled=&#8220;off&#8220; button_text_color__hover_enabled=&#8220;off&#8220; button_one_text_color__hover_enabled=&#8220;off&#8220; button_two_text_color__hover_enabled=&#8220;off&#8220; button_border_width__hover_enabled=&#8220;off&#8220; button_one_border_width__hover_enabled=&#8220;off&#8220; button_two_border_width__hover_enabled=&#8220;off&#8220; button_border_color__hover_enabled=&#8220;off&#8220; button_one_border_color__hover_enabled=&#8220;off&#8220; button_two_border_color__hover_enabled=&#8220;off&#8220; button_border_radius__hover_enabled=&#8220;off&#8220; button_one_border_radius__hover_enabled=&#8220;off&#8220; button_two_border_radius__hover_enabled=&#8220;off&#8220; button_letter_spacing__hover_enabled=&#8220;off&#8220; button_one_letter_spacing__hover_enabled=&#8220;off&#8220; button_two_letter_spacing__hover_enabled=&#8220;off&#8220; button_bg_color__hover_enabled=&#8220;off&#8220; button_one_bg_color__hover_enabled=&#8220;off&#8220; button_two_bg_color__hover_enabled=&#8220;off&#8220;][\/et_pb_contact_field][et_pb_contact_field field_id=&#8220;Email&#8220; field_title=&#8220;E-Mail-Adresse&#8220; field_type=&#8220;email&#8220; fullwidth_field=&#8220;on&#8220; _builder_version=&#8220;4.27.4&#8243; global_colors_info=&#8220;{}&#8220; button_text_size__hover_enabled=&#8220;off&#8220; button_one_text_size__hover_enabled=&#8220;off&#8220; button_two_text_size__hover_enabled=&#8220;off&#8220; button_text_color__hover_enabled=&#8220;off&#8220; button_one_text_color__hover_enabled=&#8220;off&#8220; button_two_text_color__hover_enabled=&#8220;off&#8220; button_border_width__hover_enabled=&#8220;off&#8220; button_one_border_width__hover_enabled=&#8220;off&#8220; button_two_border_width__hover_enabled=&#8220;off&#8220; button_border_color__hover_enabled=&#8220;off&#8220; button_one_border_color__hover_enabled=&#8220;off&#8220; button_two_border_color__hover_enabled=&#8220;off&#8220; button_border_radius__hover_enabled=&#8220;off&#8220; button_one_border_radius__hover_enabled=&#8220;off&#8220; button_two_border_radius__hover_enabled=&#8220;off&#8220; button_letter_spacing__hover_enabled=&#8220;off&#8220; button_one_letter_spacing__hover_enabled=&#8220;off&#8220; button_two_letter_spacing__hover_enabled=&#8220;off&#8220; button_bg_color__hover_enabled=&#8220;off&#8220; button_one_bg_color__hover_enabled=&#8220;off&#8220; button_two_bg_color__hover_enabled=&#8220;off&#8220;][\/et_pb_contact_field][et_pb_contact_field field_id=&#8220;phone&#8220; field_title=&#8220;Telefonnummer&#8220; fullwidth_field=&#8220;on&#8220; _builder_version=&#8220;4.27.4&#8243; _module_preset=&#8220;default&#8220; global_colors_info=&#8220;{}&#8220;][\/et_pb_contact_field][\/et_pb_contact_form][\/et_pb_column][et_pb_column type=&#8220;1_2&#8243; disabled_on=&#8220;on|off|off&#8220; _builder_version=&#8220;4.27.4&#8243; background_color=&#8220;#212121&#8243; background_enable_image=&#8220;off&#8220; custom_padding=&#8220;100px||100px|&#8220; custom_padding_tablet=&#8220;60px||60px|&#8220; custom_padding_phone=&#8220;&#8220; custom_padding_last_edited=&#8220;on|desktop&#8220; global_colors_info=&#8220;{}&#8220; padding_tablet=&#8220;60px||60px|&#8220; padding_last_edited=&#8220;on|desktop&#8220; custom_padding__hover=&#8220;|||&#8220; padding_phone=&#8220;60px||60px|&#8220;][et_pb_image src=&#8220;https:\/\/defenza.de\/wp-content\/uploads\/2025\/07\/TWP_Strafrechtskanzlei-scaled.jpg&#8220; alt=&#8220;Rechtsanw\u00e4lt*innen&#8220; title_text=&#8220;TWP_Strafrechtskanzlei&#8220; align_tablet=&#8220;center&#8220; align_phone=&#8220;&#8220; align_last_edited=&#8220;on|desktop&#8220; disabled_on=&#8220;on|off|off&#8220; _builder_version=&#8220;4.27.4&#8243; max_width=&#8220;600px&#8220; max_width_tablet=&#8220;&#8220; max_width_phone=&#8220;&#8220; max_width_last_edited=&#8220;on|desktop&#8220; custom_margin=&#8220;|||-8%&#8220; custom_margin_tablet=&#8220;60px|60px|60px|60px&#8220; custom_margin_phone=&#8220;&#8220; custom_margin_last_edited=&#8220;on|desktop&#8220; custom_padding=&#8220;|||&#8220; animation_style=&#8220;slide&#8220; animation_direction=&#8220;right&#8220; animation_intensity_slide=&#8220;4%&#8220; animation_starting_opacity=&#8220;50%&#8220; box_shadow_style=&#8220;preset3&#8243; box_shadow_blur=&#8220;80px&#8220; global_colors_info=&#8220;{}&#8220;][\/et_pb_image][\/et_pb_column][\/et_pb_row][\/et_pb_section][et_pb_section fb_built=&#8220;1&#8243; _builder_version=&#8220;4.27.4&#8243; _module_preset=&#8220;default&#8220; background_color=&#8220;#f7f7f7&#8243; global_colors_info=&#8220;{}&#8220;][et_pb_row column_structure=&#8220;1_2,1_2&#8243; _builder_version=&#8220;4.21.0&#8243; _module_preset=&#8220;default&#8220; global_colors_info=&#8220;{}&#8220;][et_pb_column type=&#8220;1_2&#8243; _builder_version=&#8220;4.21.0&#8243; _module_preset=&#8220;default&#8220; global_colors_info=&#8220;{}&#8220;][et_pb_text _builder_version=&#8220;4.27.5&#8243; _module_preset=&#8220;default&#8220; header_2_font_size=&#8220;22px&#8220; max_width=&#8220;100%&#8220; module_alignment=&#8220;center&#8220; custom_margin=&#8220;||||false|false&#8220; global_colors_info=&#8220;{}&#8220;]<\/p>\n<h2 style=\"text-align: left;\">Rechtshilfeverfahren zwischen Staaten<\/h2>\n<p style=\"text-align: left;\">Rechtshilfe bezeichnet die formalisierte Zusammenarbeit souver\u00e4ner Staaten zur Durchf\u00fchrung strafprozessualer Ma\u00dfnahmen im Hoheitsgebiet des jeweils anderen Staates. Solche Ma\u00dfnahmen sind z.B. Beweiserhebungen (Zeugenvernehmungen, Urkundenvorlagen); Durchsuchungen und Beschlagnahmen, aber auch Zustellungen und Ladungen. Die Grundlage daf\u00fcr sind bilaterale Vertr\u00e4ge, multilaterale \u00dcbereinkommen (z. B. EU-Rechtshilfe\u00fcbereinkommen) und nationale Rechtshilfegesetze (IRG).<\/p>\n<p style=\"text-align: left;\">[\/et_pb_text][\/et_pb_column][et_pb_column type=&#8220;1_2&#8243; _builder_version=&#8220;4.21.0&#8243; _module_preset=&#8220;default&#8220; global_colors_info=&#8220;{}&#8220;][et_pb_image src=&#8220;https:\/\/defenza.de\/wp-content\/uploads\/2026\/03\/Rechtshilfeverfahren-zwischen-Staaten-scaled.jpeg&#8220; alt=&#8220;Rechtsanw\u00e4lt*innen&#8220; title_text=&#8220;Rechtshilfeverfahren zwischen Staaten&#8220; _builder_version=&#8220;4.27.5&#8243; _module_preset=&#8220;default&#8220; module_alignment=&#8220;center&#8220; global_colors_info=&#8220;{}&#8220;][\/et_pb_image][\/et_pb_column][\/et_pb_row][\/et_pb_section][et_pb_section fb_built=&#8220;1&#8243; _builder_version=&#8220;4.21.0&#8243; _module_preset=&#8220;default&#8220; global_colors_info=&#8220;{}&#8220;][et_pb_row _builder_version=&#8220;4.21.0&#8243; _module_preset=&#8220;default&#8220; custom_margin=&#8220;||||false|false&#8220; global_colors_info=&#8220;{}&#8220;][et_pb_column type=&#8220;4_4&#8243; _builder_version=&#8220;4.21.0&#8243; _module_preset=&#8220;default&#8220; global_colors_info=&#8220;{}&#8220;][et_pb_text _builder_version=&#8220;4.27.5&#8243; header_2_font_size=&#8220;22px&#8220; header_3_font=&#8220;Conneqt Bold||||||||&#8220; header_3_font_size=&#8220;19px&#8220; header_3_line_height=&#8220;1.3em&#8220; text_orientation=&#8220;center&#8220; max_width=&#8220;100%&#8220; module_alignment=&#8220;center&#8220; locked=&#8220;off&#8220; global_colors_info=&#8220;{}&#8220;]<\/p>\n<h2 style=\"text-align: left;\">Europ\u00e4ische Ermittlungsanordnung (EEA) \/ Europ\u00e4ische Ermittlungen<\/h2>\n<p style=\"text-align: left;\"><span style=\"font-weight: 400;\">Die Europ\u00e4ische Ermittlungsanordnung (kurz: EEA) ist ein unionsweit harmonisiertes Instrument der grenz\u00fcberschreitenden Beweiserhebung. Ein EU-Mitgliedstaat kann einen anderen EU-Mitgliedstaat dazu verpflichten, eine konkrete Ermittlungsma\u00dfnahme nach dessen nationalem Recht auszuf\u00fchren. Die Rechtsgrundlage hierzu ist die Richtlinie 2014\/41\/EU, umgesetzt in Deutschland in den \u00a7\u00a7 91a ff. IRG. Die EEA ersetzt in weiten Teilen die fr\u00fchere strafrechtliche Rechtshilfe innerhalb der EU durch ein einheitliches, verbindliches Verfahren mit engen Fristen und reduzierten Ablehnungsgr\u00fcnden.<\/span><\/p>\n<p>[\/et_pb_text][\/et_pb_column][\/et_pb_row][et_pb_row column_structure=&#8220;1_2,1_2&#8243; _builder_version=&#8220;4.27.5&#8243; _module_preset=&#8220;default&#8220; global_colors_info=&#8220;{}&#8220;][et_pb_column type=&#8220;1_2&#8243; _builder_version=&#8220;4.27.5&#8243; _module_preset=&#8220;default&#8220; global_colors_info=&#8220;{}&#8220;][et_pb_text _builder_version=&#8220;4.27.5&#8243; _module_preset=&#8220;default&#8220; global_colors_info=&#8220;{}&#8220;]<\/p>\n<p style=\"text-align: left;\"><span style=\"font-weight: 400;\">Eine EEA ist ein f\u00f6rmliches Ersuchen eines EU-Mitgliedstaats an einen anderen Mitgliedstaat, eine konkrete Ermittlungsma\u00dfnahme durchzuf\u00fchren oder Beweismittel zu \u00fcbermitteln. Beispiele f\u00fcr solche Ermittlungsma\u00dfnahmen sind:<\/span><\/p>\n<ul>\n<li style=\"text-align: left;\"><span style=\"font-weight: 400;\">Durchsuchung und Beschlagnahme<\/span><\/li>\n<li style=\"text-align: left;\"><span style=\"font-weight: 400;\">Telekommunikations\u00fcberwachung<\/span><\/li>\n<li style=\"text-align: left;\"><span style=\"font-weight: 400;\">Vernehmung von Zeugen oder Beschuldigten<\/span><\/li>\n<li style=\"text-align: left;\"><span style=\"font-weight: 400;\">Herausgabe von Dokumenten oder Daten<\/span><\/li>\n<li style=\"text-align: left;\"><span style=\"font-weight: 400;\">verdeckte Ermittlungsma\u00dfnahmen<\/span><\/li>\n<li style=\"text-align: left;\"><span style=\"font-weight: 400;\">\u00dcbermittlung bereits vorhandener Beweismittel<\/span><\/li>\n<li style=\"text-align: left;\"><span style=\"font-weight: 400;\">Informationsabfragen (Bankdaten, Flugdaten, Telekommunikationsverbindungsdaten)<\/span><\/li>\n<\/ul>\n<p style=\"text-align: left;\"><span style=\"font-weight: 400;\">Die ersuchte Beh\u00f6rde f\u00fchrt die Ma\u00dfnahme grunds\u00e4tzlich nach ihrem nationalen Recht durch, muss jedoch den Zweck des ersuchenden Staates ber\u00fccksichtigen.<\/span><\/p>\n<p>[\/et_pb_text][\/et_pb_column][et_pb_column type=&#8220;1_2&#8243; _builder_version=&#8220;4.27.5&#8243; _module_preset=&#8220;default&#8220; global_colors_info=&#8220;{}&#8220;][et_pb_text _builder_version=&#8220;4.27.5&#8243; _module_preset=&#8220;default&#8220; global_colors_info=&#8220;{}&#8220;]<\/p>\n<p style=\"text-align: left;\"><span style=\"font-weight: 400;\">Die EEA ist verbindlich. Ein Mitgliedstaat darf die Durchf\u00fchrung nur in eng begrenzten Ausnahmef\u00e4llen verweigern. M\u00f6gliche Ablehnungsgr\u00fcnde sind u. a.:\u00a0<\/span><\/p>\n<ul style=\"text-align: left;\">\n<li><span style=\"font-weight: 400;\">Immunit\u00e4ten oder Privilegien<\/span><\/li>\n<li><span style=\"font-weight: 400;\">Gefahr der Verletzung grundlegender Rechte<\/span><\/li>\n<li><span style=\"font-weight: 400;\">Verst\u00f6\u00dfe gegen das ne bis in idem-Prinzip<\/span><\/li>\n<li><span style=\"font-weight: 400;\">fehlende Strafbarkeit nach dem Recht des ersuchten Staates.\u00a0<\/span><\/li>\n<\/ul>\n<p style=\"text-align: left;\"><span style=\"font-weight: 400;\">Diese Ablehnungsgr\u00fcnde werden restriktiv ausgelegt, stets nach dem Grundsatz: <\/span><b>EU-Mitgliedstaaten m\u00fcssen kooperieren, nicht blockieren<\/b><span style=\"font-weight: 400;\">.<\/span><\/p>\n<p style=\"text-align: left;\"><span style=\"font-weight: 400;\">Die Richtlinie sieht sehr enge Fristen vor: Maximal 30 Tage f\u00fcr die Entscheidung \u00fcber die Anerkennung und Durchf\u00fchrung; maximal 90 Tage f\u00fcr die vollst\u00e4ndige Ausf\u00fchrung der Ma\u00dfnahme. Verz\u00f6gerungen m\u00fcssen begr\u00fcndet werden und sind nur ausnahmsweise zul\u00e4ssig.<\/span><\/p>\n<p>[\/et_pb_text][\/et_pb_column][\/et_pb_row][et_pb_row _builder_version=&#8220;4.27.5&#8243; _module_preset=&#8220;default&#8220; global_colors_info=&#8220;{}&#8220;][et_pb_column type=&#8220;4_4&#8243; _builder_version=&#8220;4.27.5&#8243; _module_preset=&#8220;default&#8220; global_colors_info=&#8220;{}&#8220;][et_pb_text _builder_version=&#8220;4.27.5&#8243; _module_preset=&#8220;default&#8220; max_width=&#8220;100%&#8220; global_colors_info=&#8220;{}&#8220;]<\/p>\n<p style=\"text-align: left;\"><span style=\"font-weight: 400;\">In prozessualer Hinsicht gibt es die Besonderheit, dass es keine klassischen Rechtshilfesicherungen gibt. Die EEA ersetzt viele Schutzmechanismen traditioneller Rechtshilfe und der ersuchte Staat hat deutlich weniger Spielraum zur Pr\u00fcfung.\u00a0<\/span><\/p>\n<p style=\"text-align: left;\"><span style=\"font-weight: 400;\">Die EEA geht mit einer hohe Eingriffsintensit\u00e4t einher; selbst komplexe oder grundrechtsrelevante Ma\u00dfnahmen \u2013 wie Telekommunikations\u00fcberwachung (TK\u00dc), Durchsuchungen oder verdeckte Ermittlungen \u2013 k\u00f6nnen Gegenstand einer EEA sein. Allerdings haben Beschuldigte oft nur begrenzte M\u00f6glichkeiten, direkt gegen die EEA vorzugehen, da Rechtsmittel sich h\u00e4ufig nur gegen die nationale Umsetzung richten, und der ersuchende Staat als \u201eHerr des Verfahrens\u201c nur eingeschr\u00e4nkt kontrollierbar ist. Die Durchf\u00fchrung richtet sich nach dem Recht des ersuchten Staates, die Verwertung nach dem Recht des ersuchenden Staates \u2013 ein erheblicher Komplexit\u00e4tsfaktor.<\/span><\/p>\n<p>[\/et_pb_text][\/et_pb_column][\/et_pb_row][et_pb_row column_structure=&#8220;1_2,1_2&#8243; _builder_version=&#8220;4.27.5&#8243; _module_preset=&#8220;default&#8220; custom_padding=&#8220;20px|20px|20px|20px|false|false&#8220; border_radii=&#8220;on|1px|1px|1px|1px&#8220; border_width_all=&#8220;3px&#8220; border_color_all=&#8220;#f7f7f7&#8243; global_colors_info=&#8220;{}&#8220;][et_pb_column type=&#8220;1_2&#8243; _builder_version=&#8220;4.27.5&#8243; _module_preset=&#8220;default&#8220; global_colors_info=&#8220;{}&#8220;][et_pb_text _builder_version=&#8220;4.27.5&#8243; _module_preset=&#8220;default&#8220; global_colors_info=&#8220;{}&#8220;]<\/p>\n<p style=\"text-align: left;\"><span style=\"font-weight: 400;\">Die EEA kann \u00fcberraschend wirken und einschneidende Ma\u00dfnahmen ausl\u00f6sen \u2013 h\u00e4ufig ohne vorherige Information der betroffenen Person. Die typischen Erschwernisse sind:<\/span><\/p>\n<ul>\n<li style=\"text-align: left;\"><span style=\"font-weight: 400;\">Durchsuchungen in mehreren Staaten gleichzeitig sind m\u00f6glich<\/span><\/li>\n<li style=\"text-align: left;\"><span style=\"font-weight: 400;\">die beschleunigte Sicherstellung umfangreicher Datenbest\u00e4nde,\u00a0<\/span><\/li>\n<li style=\"text-align: left;\"><span style=\"font-weight: 400;\">parallele Ermittlungen der beteiligten Staaten,\u00a0<\/span><\/li>\n<li style=\"text-align: left;\"><span style=\"font-weight: 400;\">fehlende effektive Rechtsbehelfe,\u00a0<\/span><\/li>\n<li style=\"text-align: left;\"><span style=\"font-weight: 400;\">die Gefahr der Mehrfachverfolgung in unterschiedlichen Staaten,<\/span><\/li>\n<li style=\"text-align: left;\"><span style=\"font-weight: 400;\">\u00a0die problematische Verwertbarkeit unterschiedlich erhobener Beweise.<\/span><\/li>\n<\/ul>\n<p>[\/et_pb_text][\/et_pb_column][et_pb_column type=&#8220;1_2&#8243; _builder_version=&#8220;4.27.5&#8243; _module_preset=&#8220;default&#8220; global_colors_info=&#8220;{}&#8220;][et_pb_text _builder_version=&#8220;4.27.5&#8243; _module_preset=&#8220;default&#8220; background_color=&#8220;#f7f7f7&#8243; custom_padding=&#8220;20px|20px|20px|20px|false|false&#8220; border_radii=&#8220;on|1px|1px|1px|1px&#8220; border_color_all=&#8220;#f7f7f7&#8243; global_colors_info=&#8220;{}&#8220;]<\/p>\n<p style=\"text-align: left;\"><span style=\"font-weight: 400;\">Gerade bei komplexen Wirtschafts- oder Korruptionsverfahren kann eine EEA die Dynamik eines Verfahrens schlagartig ver\u00e4ndern.<\/span><\/p>\n<p>[\/et_pb_text][\/et_pb_column][\/et_pb_row][\/et_pb_section][et_pb_section fb_built=&#8220;1&#8243; _builder_version=&#8220;4.27.5&#8243; _module_preset=&#8220;default&#8220; background_color=&#8220;#f7f7f7&#8243; global_colors_info=&#8220;{}&#8220;][et_pb_row _builder_version=&#8220;4.27.5&#8243; _module_preset=&#8220;default&#8220; global_colors_info=&#8220;{}&#8220;][et_pb_column type=&#8220;4_4&#8243; _builder_version=&#8220;4.27.5&#8243; _module_preset=&#8220;default&#8220; global_colors_info=&#8220;{}&#8220;][et_pb_text _builder_version=&#8220;4.27.5&#8243; _module_preset=&#8220;default&#8220; header_2_font_size=&#8220;22px&#8220; text_orientation=&#8220;center&#8220; max_width=&#8220;100%&#8220; module_alignment=&#8220;center&#8220; global_colors_info=&#8220;{}&#8220;]<\/p>\n<h2 style=\"text-align: center;\">Was wir als spezialisierte Strafverteidiger\/innen tun k\u00f6nnen<\/h2>\n<p>[\/et_pb_text][\/et_pb_column][\/et_pb_row][et_pb_row column_structure=&#8220;1_2,1_2&#8243; _builder_version=&#8220;4.27.5&#8243; _module_preset=&#8220;default&#8220; custom_padding=&#8220;||6px|||&#8220; global_colors_info=&#8220;{}&#8220;][et_pb_column type=&#8220;1_2&#8243; _builder_version=&#8220;4.27.5&#8243; _module_preset=&#8220;default&#8220; global_colors_info=&#8220;{}&#8220;][et_pb_blurb title=&#8220;Pr\u00fcfung der Rechtm\u00e4\u00dfigkeit von Erlass, Anerkennung und Durchf\u00fchrung der EEA&#8220; use_icon=&#8220;on&#8220; font_icon=&#8220;&#x24;||divi||400&#8243; icon_color=&#8220;#b51f1f&#8220; icon_placement=&#8220;left&#8220; image_icon_width=&#8220;22px&#8220; content_max_width=&#8220;500px&#8220; _builder_version=&#8220;4.27.5&#8243; header_font=&#8220;Conneqt Bold|||||on|||&#8220; header_font_size=&#8220;16px&#8220; header_line_height=&#8220;1.8em&#8220; body_font=&#8220;Nunito||||||||&#8220; body_font_size=&#8220;16px&#8220; body_line_height=&#8220;1.8em&#8220; image_icon_custom_padding=&#8220;5px||||false|false&#8220; transform_scale=&#8220;100%|100%&#8220; custom_margin=&#8220;||0px||false|false&#8220; icon_font_size=&#8220;42px&#8220; locked=&#8220;off&#8220; global_colors_info=&#8220;{}&#8220; transform_styles__hover_enabled=&#8220;on|hover&#8220; transform_scale__hover_enabled=&#8220;on|hover&#8220; transform_translate__hover_enabled=&#8220;on|desktop&#8220; transform_rotate__hover_enabled=&#8220;on|desktop&#8220; transform_skew__hover_enabled=&#8220;on|desktop&#8220; transform_origin__hover_enabled=&#8220;on|desktop&#8220; transform_scale__hover=&#8220;110%|110%&#8220;][\/et_pb_blurb][et_pb_blurb title=&#8220;Anfechtung der nationalen Umsetzungsma\u00dfnahmen (z. B. Durchsuchungsbeschl\u00fcsse, Beschlagnahmen)&#8220; use_icon=&#8220;on&#8220; font_icon=&#8220;&#x24;||divi||400&#8243; icon_color=&#8220;#b51f1f&#8220; icon_placement=&#8220;left&#8220; image_icon_width=&#8220;22px&#8220; content_max_width=&#8220;500px&#8220; _builder_version=&#8220;4.27.5&#8243; header_font=&#8220;Conneqt Bold|||||on|||&#8220; header_font_size=&#8220;16px&#8220; header_line_height=&#8220;1.8em&#8220; body_font=&#8220;Nunito||||||||&#8220; body_font_size=&#8220;16px&#8220; body_line_height=&#8220;1.8em&#8220; image_icon_custom_padding=&#8220;5px||||false|false&#8220; transform_scale=&#8220;100%|100%&#8220; custom_margin=&#8220;||0px||false|false&#8220; icon_font_size=&#8220;42px&#8220; locked=&#8220;off&#8220; global_colors_info=&#8220;{}&#8220; transform_styles__hover_enabled=&#8220;on|hover&#8220; transform_scale__hover=&#8220;110%|110%&#8220; transform_scale__hover_enabled=&#8220;on|hover&#8220; transform_translate__hover_enabled=&#8220;on|desktop&#8220; transform_rotate__hover_enabled=&#8220;on|desktop&#8220; transform_skew__hover_enabled=&#8220;on|desktop&#8220; transform_origin__hover_enabled=&#8220;on|desktop&#8220;][\/et_pb_blurb][et_pb_blurb title=&#8220;Koordination paralleler Verfahren in verschiedenen Staaten&#8220; use_icon=&#8220;on&#8220; font_icon=&#8220;&#x24;||divi||400&#8243; icon_color=&#8220;#b51f1f&#8220; icon_placement=&#8220;left&#8220; image_icon_width=&#8220;22px&#8220; content_max_width=&#8220;500px&#8220; _builder_version=&#8220;4.27.5&#8243; header_font=&#8220;Conneqt Bold|||||on|||&#8220; header_font_size=&#8220;16px&#8220; header_line_height=&#8220;1.8em&#8220; body_font=&#8220;Nunito||||||||&#8220; body_font_size=&#8220;16px&#8220; body_line_height=&#8220;1.8em&#8220; image_icon_custom_padding=&#8220;5px||||false|false&#8220; transform_scale=&#8220;100%|100%&#8220; custom_margin=&#8220;||0px||false|false&#8220; icon_font_size=&#8220;42px&#8220; locked=&#8220;off&#8220; global_colors_info=&#8220;{}&#8220; transform_styles__hover_enabled=&#8220;on|hover&#8220; transform_scale__hover=&#8220;110%|110%&#8220; transform_scale__hover_enabled=&#8220;on|hover&#8220; transform_translate__hover_enabled=&#8220;on|desktop&#8220; transform_rotate__hover_enabled=&#8220;on|desktop&#8220; transform_skew__hover_enabled=&#8220;on|desktop&#8220; transform_origin__hover_enabled=&#8220;on|desktop&#8220;][\/et_pb_blurb][\/et_pb_column][et_pb_column type=&#8220;1_2&#8243; _builder_version=&#8220;4.27.5&#8243; _module_preset=&#8220;default&#8220; global_colors_info=&#8220;{}&#8220;][et_pb_blurb title=&#8220;Forensische Analyse der erhobenen Beweismittel und Pr\u00fcfung ihrer Verwertbarkeit&#8220; use_icon=&#8220;on&#8220; font_icon=&#8220;&#x24;||divi||400&#8243; icon_color=&#8220;#b51f1f&#8220; icon_placement=&#8220;left&#8220; image_icon_width=&#8220;22px&#8220; content_max_width=&#8220;500px&#8220; _builder_version=&#8220;4.27.5&#8243; header_font=&#8220;Conneqt Bold|||||on|||&#8220; header_font_size=&#8220;16px&#8220; header_line_height=&#8220;1.8em&#8220; body_font=&#8220;Nunito||||||||&#8220; body_font_size=&#8220;16px&#8220; body_line_height=&#8220;1.8em&#8220; image_icon_custom_padding=&#8220;5px||||false|false&#8220; transform_scale=&#8220;100%|100%&#8220; custom_margin=&#8220;||0px||false|false&#8220; icon_font_size=&#8220;42px&#8220; locked=&#8220;off&#8220; global_colors_info=&#8220;{}&#8220; transform_styles__hover_enabled=&#8220;on|hover&#8220; transform_scale__hover=&#8220;110%|110%&#8220; transform_scale__hover_enabled=&#8220;on|hover&#8220; transform_translate__hover_enabled=&#8220;on|desktop&#8220; transform_rotate__hover_enabled=&#8220;on|desktop&#8220; transform_skew__hover_enabled=&#8220;on|desktop&#8220; transform_origin__hover_enabled=&#8220;on|desktop&#8220;][\/et_pb_blurb][et_pb_blurb title=&#8220;Pr\u00e4vention von Folgeersuchen, insbesondere drohenden Haftbefehlen&#8220; use_icon=&#8220;on&#8220; font_icon=&#8220;&#x24;||divi||400&#8243; icon_color=&#8220;#b51f1f&#8220; icon_placement=&#8220;left&#8220; image_icon_width=&#8220;22px&#8220; content_max_width=&#8220;500px&#8220; _builder_version=&#8220;4.27.5&#8243; header_font=&#8220;Conneqt Bold|||||on|||&#8220; header_font_size=&#8220;16px&#8220; header_line_height=&#8220;1.8em&#8220; body_font=&#8220;Nunito||||||||&#8220; body_font_size=&#8220;16px&#8220; body_line_height=&#8220;1.8em&#8220; image_icon_custom_padding=&#8220;5px||||false|false&#8220; transform_scale=&#8220;100%|100%&#8220; custom_margin=&#8220;||0px||false|false&#8220; icon_font_size=&#8220;42px&#8220; locked=&#8220;off&#8220; global_colors_info=&#8220;{}&#8220; transform_styles__hover_enabled=&#8220;on|hover&#8220; transform_scale__hover=&#8220;110%|110%&#8220; transform_scale__hover_enabled=&#8220;on|hover&#8220; transform_translate__hover_enabled=&#8220;on|desktop&#8220; transform_rotate__hover_enabled=&#8220;on|desktop&#8220; transform_skew__hover_enabled=&#8220;on|desktop&#8220; transform_origin__hover_enabled=&#8220;on|desktop&#8220;][\/et_pb_blurb][et_pb_blurb title=&#8220;Rechtsmittel gegen Verwertung unrechtm\u00e4\u00dfig erhobener Beweise im Hauptverfahren&#8220; use_icon=&#8220;on&#8220; font_icon=&#8220;&#x24;||divi||400&#8243; icon_color=&#8220;#b51f1f&#8220; icon_placement=&#8220;left&#8220; image_icon_width=&#8220;22px&#8220; content_max_width=&#8220;500px&#8220; _builder_version=&#8220;4.27.5&#8243; header_font=&#8220;Conneqt Bold|||||on|||&#8220; header_font_size=&#8220;16px&#8220; header_line_height=&#8220;1.8em&#8220; body_font=&#8220;Nunito||||||||&#8220; body_font_size=&#8220;16px&#8220; body_line_height=&#8220;1.8em&#8220; image_icon_custom_padding=&#8220;5px||||false|false&#8220; transform_scale=&#8220;100%|100%&#8220; custom_margin=&#8220;||20px||false|false&#8220; icon_font_size=&#8220;42px&#8220; locked=&#8220;off&#8220; global_colors_info=&#8220;{}&#8220; transform_styles__hover_enabled=&#8220;on|hover&#8220; transform_scale__hover_enabled=&#8220;on|hover&#8220; transform_translate__hover_enabled=&#8220;on|desktop&#8220; transform_rotate__hover_enabled=&#8220;on|desktop&#8220; transform_skew__hover_enabled=&#8220;on|desktop&#8220; transform_origin__hover_enabled=&#8220;on|desktop&#8220; transform_scale__hover=&#8220;110%|110%&#8220;][\/et_pb_blurb][\/et_pb_column][\/et_pb_row][et_pb_row _builder_version=&#8220;4.27.5&#8243; _module_preset=&#8220;default&#8220; custom_padding=&#8220;7px||7px|||&#8220; global_colors_info=&#8220;{}&#8220;][et_pb_column type=&#8220;4_4&#8243; _builder_version=&#8220;4.27.5&#8243; _module_preset=&#8220;default&#8220; global_colors_info=&#8220;{}&#8220;][et_pb_button button_url=&#8220;#kontakt&#8220; button_text=&#8220;Anfrage Beratung&#8220; button_alignment=&#8220;center&#8220; _builder_version=&#8220;4.27.4&#8243; _module_preset=&#8220;default&#8220; custom_button=&#8220;on&#8220; button_text_color=&#8220;#b51f1e&#8220; button_font=&#8220;Nunito||||||||&#8220; button_icon_color=&#8220;RGBA(0,0,0,0)&#8220; background_layout=&#8220;dark&#8220; custom_margin=&#8220;0px|0px|0px|0px|false|false&#8220; custom_padding=&#8220;|20px||20px|false|false&#8220; button_text_size_tablet=&#8220;&#8220; button_text_size_phone=&#8220;18px&#8220; button_text_size_last_edited=&#8220;on|phone&#8220; custom_css_before=&#8220;white-space: nowrap;&#8220; custom_css_main_element=&#8220;white-space: nowrap;&#8220; custom_css_after=&#8220;white-space: nowrap;&#8220; global_colors_info=&#8220;{}&#8220;][\/et_pb_button][\/et_pb_column][\/et_pb_row][\/et_pb_section][et_pb_section fb_built=&#8220;1&#8243; _builder_version=&#8220;4.27.5&#8243; _module_preset=&#8220;default&#8220; global_colors_info=&#8220;{}&#8220;][et_pb_row _builder_version=&#8220;4.27.5&#8243; _module_preset=&#8220;default&#8220; global_colors_info=&#8220;{}&#8220;][et_pb_column type=&#8220;4_4&#8243; _builder_version=&#8220;4.27.5&#8243; _module_preset=&#8220;default&#8220; global_colors_info=&#8220;{}&#8220;][et_pb_text _builder_version=&#8220;4.27.5&#8243; _module_preset=&#8220;default&#8220; header_2_font_size=&#8220;22px&#8220; max_width=&#8220;100%&#8220; module_alignment=&#8220;center&#8220; custom_margin=&#8220;||||false|false&#8220; locked=&#8220;off&#8220; global_colors_info=&#8220;{}&#8220;]<\/p>\n<h2 style=\"text-align: left;\">Europ\u00e4ischer Haftbefehl<br \/>(EAW oder EU-Hb)<\/h2>\n<p style=\"text-align: left;\"><span style=\"font-weight: 400;\">Ein Europ\u00e4ischer Haftbefehl (engl.: European Arrest Warrant, kurz: EAW) dient der vereinfachten Auslieferung innerhalb der EU. Er ersetzt das klassische Auslieferungsverfahren innerhalb der EU durch ein vereinfachtes, nahezu automatisiertes \u00dcbergabeverfahren zwischen den Mitgliedstaaten. F\u00fcr Betroffene bedeutet das: Festnahme und \u00dcbergabe k\u00f6nnen sehr schnell erfolgen, mit nur geringen Schutzmechanismen.<\/span><\/p>\n<p style=\"text-align: left;\"><span style=\"font-weight: 400;\">Die Rechtsgrundlage hierzu ist der Rahmenbeschluss 2002\/584\/JI des Rates \u00fcber den Europ\u00e4ischen Haftbefehl, die Umsetzung in Deutschland im Gesetz \u00fcber die internationale Rechtshilfe in Strafsachen (IRG), \u00a7\u00a7 78 ff.<\/span><\/p>\n<p>[\/et_pb_text][et_pb_text _builder_version=&#8220;4.27.5&#8243; _module_preset=&#8220;default&#8220; max_width=&#8220;100%&#8220; module_alignment=&#8220;center&#8220; global_colors_info=&#8220;{}&#8220;]<\/p>\n<p style=\"text-align: left;\"><strong>Ein Europ\u00e4ischer Haftbefehl darf erlassen werden:<\/strong><\/p>\n<p>[\/et_pb_text][\/et_pb_column][\/et_pb_row][et_pb_row column_structure=&#8220;1_2,1_2&#8243; _builder_version=&#8220;4.27.5&#8243; _module_preset=&#8220;default&#8220; global_colors_info=&#8220;{}&#8220;][et_pb_column type=&#8220;1_2&#8243; _builder_version=&#8220;4.27.5&#8243; _module_preset=&#8220;default&#8220; global_colors_info=&#8220;{}&#8220;][et_pb_blurb title=&#8220;a. Zur Strafverfolgung&#8220; use_icon=&#8220;on&#8220; font_icon=&#8220;&#xe0f6;||divi||400&#8243; icon_color=&#8220;#b51f1f&#8220; image_icon_width=&#8220;42px&#8220; icon_alignment=&#8220;left&#8220; _builder_version=&#8220;4.27.5&#8243; header_font=&#8220;Conneqt Bold|||||on|||&#8220; header_font_size=&#8220;16px&#8220; header_line_height=&#8220;1.8em&#8220; body_font=&#8220;Nunito||||||||&#8220; body_font_size=&#8220;16px&#8220; body_line_height=&#8220;1.8em&#8220; transform_scale=&#8220;100%|100%&#8220; animation=&#8220;off&#8220; icon_font_size=&#8220;42px&#8220; locked=&#8220;off&#8220; global_colors_info=&#8220;{}&#8220; transform_styles__hover_enabled=&#8220;on|hover&#8220; transform_scale__hover=&#8220;110%|110%&#8220; transform_scale__hover_enabled=&#8220;on|hover&#8220; transform_translate__hover_enabled=&#8220;on|desktop&#8220; transform_rotate__hover_enabled=&#8220;on|desktop&#8220; transform_skew__hover_enabled=&#8220;on|desktop&#8220; transform_origin__hover_enabled=&#8220;on|desktop&#8220;]<\/p>\n<p style=\"text-align: left;\"><span style=\"font-weight: 400;\">wenn der ersuchende Staat der betreffenden Person eine ausreichende Verdachtslage zuschreibt und eine Freiheitsstrafe von mindestens 12 Monaten im Raum steht.<\/span><\/p>\n<p>[\/et_pb_blurb][\/et_pb_column][et_pb_column type=&#8220;1_2&#8243; _builder_version=&#8220;4.27.5&#8243; _module_preset=&#8220;default&#8220; global_colors_info=&#8220;{}&#8220;][et_pb_blurb title=&#8220;b. Zur Strafvollstreckung&#8220; use_icon=&#8220;on&#8220; font_icon=&#8220;&#xe0f6;||divi||400&#8243; icon_color=&#8220;#b51f1f&#8220; image_icon_width=&#8220;42px&#8220; icon_alignment=&#8220;left&#8220; _builder_version=&#8220;4.27.5&#8243; header_font=&#8220;Conneqt Bold|||||on|||&#8220; header_font_size=&#8220;16px&#8220; header_line_height=&#8220;1.8em&#8220; body_font=&#8220;Nunito||||||||&#8220; body_font_size=&#8220;16px&#8220; body_line_height=&#8220;1.8em&#8220; transform_scale=&#8220;100%|100%&#8220; animation=&#8220;off&#8220; icon_font_size=&#8220;42px&#8220; locked=&#8220;off&#8220; global_colors_info=&#8220;{}&#8220; transform_styles__hover_enabled=&#8220;on|hover&#8220; transform_scale__hover=&#8220;110%|110%&#8220; transform_scale__hover_enabled=&#8220;on|hover&#8220; transform_translate__hover_enabled=&#8220;on|desktop&#8220; transform_rotate__hover_enabled=&#8220;on|desktop&#8220; transform_skew__hover_enabled=&#8220;on|desktop&#8220; transform_origin__hover_enabled=&#8220;on|desktop&#8220;]<\/p>\n<p style=\"text-align: left;\"><span style=\"font-weight: 400;\">wenn bereits ein rechtskr\u00e4ftiges Urteil vorliegt und mindestens 4 Monate Freiheitsstrafe zu vollstrecken sind.<\/span><\/p>\n<p>[\/et_pb_blurb][\/et_pb_column][\/et_pb_row][\/et_pb_section][et_pb_section fb_built=&#8220;1&#8243; _builder_version=&#8220;4.27.5&#8243; _module_preset=&#8220;default&#8220; background_color=&#8220;#f7f7f7&#8243; global_colors_info=&#8220;{}&#8220;][et_pb_row column_structure=&#8220;1_2,1_2&#8243; _builder_version=&#8220;4.27.5&#8243; _module_preset=&#8220;default&#8220; global_colors_info=&#8220;{}&#8220;][et_pb_column type=&#8220;1_2&#8243; _builder_version=&#8220;4.27.5&#8243; _module_preset=&#8220;default&#8220; global_colors_info=&#8220;{}&#8220;][et_pb_text _builder_version=&#8220;4.27.5&#8243; _module_preset=&#8220;default&#8220; header_2_font_size=&#8220;22px&#8220; header_3_font=&#8220;Conneqt Bold||||||||&#8220; header_3_font_size=&#8220;19px&#8220; header_3_line_height=&#8220;1.3em&#8220; text_orientation=&#8220;center&#8220; max_width=&#8220;100%&#8220; module_alignment=&#8220;center&#8220; locked=&#8220;off&#8220; global_colors_info=&#8220;{}&#8220;]<\/p>\n<h3 style=\"text-align: left;\"><strong>Ein EAW muss u. a. enthalten:<\/strong><\/h3>\n<p style=\"text-align: left;\">Die Identit\u00e4t der Person, den konkreten Tatvorwurf bzw. Verurteilung, die Rechtsgrundlage und den Strafrahmen, die Beschreibung von Zeit, Ort und Umst\u00e4nden der Tat, die Rechtsgrundlagen und einschl\u00e4gige Vorschriften, Informationen zur gew\u00e4hrleisteten Mindestgarantie bei Abwesenheitsurteilen.<br \/>Formm\u00e4ngel f\u00fchren selten zur Unwirksamkeit \u2013 Gerichte sind verpflichtet, fehlende Angaben nachzufordern, nicht zu verwerfen.<br \/>Der EAW beruht auf dem Prinzip der gegenseitigen Anerkennung. Das bedeutet, der ersuchte Staat hat den Haftbefehl grunds\u00e4tzlich zu vollstrecken, ohne eigene Pr\u00fcfung des Tatverdachts oder der Beweislage.<\/p>\n<p>[\/et_pb_text][\/et_pb_column][et_pb_column type=&#8220;1_2&#8243; _builder_version=&#8220;4.27.5&#8243; _module_preset=&#8220;default&#8220; global_colors_info=&#8220;{}&#8220;][et_pb_text _builder_version=&#8220;4.27.5&#8243; _module_preset=&#8220;default&#8220; background_enable_color=&#8220;off&#8220; custom_padding=&#8220;20px|20px|20px|20px|false|false&#8220; border_radii=&#8220;on|3px|3px|3px|3px&#8220; border_width_all=&#8220;3px&#8220; border_color_all=&#8220;#ffffff&#8220; locked=&#8220;off&#8220; global_colors_info=&#8220;{}&#8220;]<\/p>\n<p style=\"text-align: left;\"><strong>Nur wenige Ablehnungsgr\u00fcnde sind m\u00f6glich:<\/strong><\/p>\n<ul>\n<li style=\"font-weight: 400; text-align: left;\" aria-level=\"1\"><span style=\"font-weight: 400;\">ne bis in idem (Tat wurde bereits in einem EU-Staat rechtskr\u00e4ftig entschieden),<\/span><\/li>\n<li style=\"font-weight: 400; text-align: left;\" aria-level=\"1\"><span style=\"font-weight: 400;\">Minderj\u00e4hrigkeit, Amnestie im ersuchten Staat, Verj\u00e4hrung nach dem Recht des ersuchten Staates (bei Strafverfolgung),<\/span><\/li>\n<li style=\"font-weight: 400; text-align: left;\" aria-level=\"1\"><span style=\"font-weight: 400;\">schwere Grundrechtsverletzungen (z. B. menschenunw\u00fcrdige Haftbedingungen \u2013 restriktiv gepr\u00fcft)<\/span><\/li>\n<\/ul>\n<p>[\/et_pb_text][\/et_pb_column][\/et_pb_row][\/et_pb_section][et_pb_section fb_built=&#8220;1&#8243; _builder_version=&#8220;4.27.5&#8243; _module_preset=&#8220;default&#8220; global_colors_info=&#8220;{}&#8220;][et_pb_row column_structure=&#8220;1_2,1_2&#8243; _builder_version=&#8220;4.27.5&#8243; _module_preset=&#8220;default&#8220; global_colors_info=&#8220;{}&#8220;][et_pb_column type=&#8220;1_2&#8243; _builder_version=&#8220;4.27.5&#8243; _module_preset=&#8220;default&#8220; global_colors_info=&#8220;{}&#8220;][et_pb_text _builder_version=&#8220;4.27.5&#8243; _module_preset=&#8220;default&#8220; header_2_font_size=&#8220;22px&#8220; header_3_font=&#8220;Conneqt Bold||||||||&#8220; header_3_font_size=&#8220;19px&#8220; header_3_line_height=&#8220;1.3em&#8220; text_orientation=&#8220;center&#8220; max_width=&#8220;100%&#8220; module_alignment=&#8220;center&#8220; locked=&#8220;off&#8220; global_colors_info=&#8220;{}&#8220;]<\/p>\n<h3 style=\"text-align: left;\">Leitentscheidungen auf EU\u2011Ebene:<\/h3>\n<p>[\/et_pb_text][et_pb_accordion _builder_version=&#8220;4.27.5&#8243; _module_preset=&#8220;default&#8220; global_colors_info=&#8220;{}&#8220;][et_pb_accordion_item title=&#8220;EuGH \u201eAranyosi\/C\u0103ld\u0103raru\u201c (C\u2011404\/15, C\u2011659\/15 PPU):&#8220; open=&#8220;on&#8220; _builder_version=&#8220;4.27.5&#8243; _module_preset=&#8220;default&#8220; global_colors_info=&#8220;{}&#8220;]<\/p>\n<p><span style=\"font-weight: 400;\">Der EuGH hat klargestellt, dass der Vollstreckungsstaat die \u00dcbergabe aussetzen muss, wenn aufgrund konkreter Informationen ein \u201ereal risk\u201c i.S.v. Art. 4 GRCh \/ Art. 3 EMRK besteht, dass der Betroffene im Ausstellungsstaat unmenschlichen oder erniedrigenden Haftbedingungen ausgesetzt w\u00fcrde. Wenn der Ausstellungsstaat trotz Nachfragen keine hinreichenden, individualisierten Zusicherungen zu den Haftbedingungen gibt, kann dies zu einer (faktischen) Nichtvollstreckung des EHB f\u00fchren.\u200b<\/span><\/p>\n<p>[\/et_pb_accordion_item][et_pb_accordion_item title=&#8220;EuGH \u201eML\u201c (C\u2011220\/18 PPU) und \u201eDorobantu\u201c (C\u2011128\/18):&#8220; _builder_version=&#8220;4.27.5&#8243; _module_preset=&#8220;default&#8220; global_colors_info=&#8220;{}&#8220; open=&#8220;off&#8220;]<\/p>\n<p>Hier pr\u00e4zisiert der EuGH, dass die Gerichte des Vollstreckungsstaats die konkreten Haftanstalten und Haftbedingungen (Zellenfl\u00e4che, \u00dcberbelegung, Sanit\u00e4reinrichtungen etc.) pr\u00fcfen m\u00fcssen und die \u00dcbergabe verweigern d\u00fcrfen, wenn trotz diplomatischer Zusicherungen weiterhin ein reales Risiko menschenrechtswidriger Haft besteht.<\/p>\n<p>[\/et_pb_accordion_item][et_pb_accordion_item title=&#8220;EGMR\u2011Rechtsprechung zur EHB\u2011Vollstreckung&#8220; _builder_version=&#8220;4.27.5&#8243; _module_preset=&#8220;default&#8220; global_colors_info=&#8220;{}&#8220; open=&#8220;off&#8220;]<\/p>\n<p>Der EGMR hat mehrfach entschieden, dass ein Staat die Vollstreckung eines EHB ablehnen darf, wenn der Betroffene bei \u00dcbergabe einem realen Risiko unmenschlicher Haftbedingungen ausgesetzt w\u00e4re. Dabei verlangt der Gerichtshof eine hinreichend konkrete Tatsachengrundlage (z.B. CPT\u2011Berichte, NGOs, fr\u00fchere EGMR\u2011Urteile zum gleichen Land\/Anstalt), die zeigt, dass die Haftbedingungen im konkreten Fall Art. 3 EMRK verletzen w\u00fcrden.\u200b<\/p>\n<p>[\/et_pb_accordion_item][\/et_pb_accordion][\/et_pb_column][et_pb_column type=&#8220;1_2&#8243; _builder_version=&#8220;4.27.5&#8243; _module_preset=&#8220;default&#8220; global_colors_info=&#8220;{}&#8220;][et_pb_text _builder_version=&#8220;4.27.5&#8243; _module_preset=&#8220;default&#8220; header_2_font_size=&#8220;22px&#8220; header_3_font=&#8220;Conneqt Bold||||||||&#8220; header_3_font_size=&#8220;19px&#8220; header_3_line_height=&#8220;1.3em&#8220; text_orientation=&#8220;center&#8220; max_width=&#8220;100%&#8220; module_alignment=&#8220;center&#8220; locked=&#8220;off&#8220; global_colors_info=&#8220;{}&#8220;]<\/p>\n<h3 style=\"text-align: left;\">Deutsche Rechtsprechung zum Europ\u00e4ischen Haftbefehl und Haftbedingungen:<\/h3>\n<p>[\/et_pb_text][et_pb_accordion _builder_version=&#8220;4.27.5&#8243; _module_preset=&#8220;default&#8220; locked=&#8220;off&#8220; global_colors_info=&#8220;{}&#8220;][et_pb_accordion_item title=&#8220;Bundesverfassungsgericht (Az. 2 BvR 424\/17 &#8211; \u201eRum\u00e4nien\u2011Haft\u201c):&#8220; open=&#8220;on&#8220; _builder_version=&#8220;4.27.5&#8243; _module_preset=&#8220;default&#8220; global_colors_info=&#8220;{}&#8220;]<\/p>\n<p>Das BVerfG hat eine Verfassungsbeschwerde gegen eine Auslieferungsentscheidung wegen unzureichender Pr\u00fcfung der drohenden Haftbedingungen in Rum\u00e4nien stattgegeben und betont, dass Deutschland nicht \u201edie Hand zu einer menschenrechtswidrigen Behandlung reichen\u201c darf; die Fachgerichte m\u00fcssen Art. 1 Abs. 1 GG, Art. 4 GRCh und die EuGH\u2011Linie (Aranyosi) ernsthaft pr\u00fcfen und ggf. die Auslieferung unterlassen.\u200b<\/p>\n<p>[\/et_pb_accordion_item][et_pb_accordion_item title=&#8220;OLG\u2011Rechtsprechung (u.a. OLG Bremen, OLG Celle, OLG Hamm): &#8220; _builder_version=&#8220;4.27.5&#8243; _module_preset=&#8220;default&#8220; global_colors_info=&#8220;{}&#8220; open=&#8220;off&#8220;]<\/p>\n<p>Mehrere Oberlandesgerichte haben Europ\u00e4ische Haftbefehle insbesondere aus Rum\u00e4nien, Ungarn, Lettland u.a. Staaten zun\u00e4chst ausgesetzt, konkrete Informationen zu den vorgesehenen Haftanstalten (Zellenfl\u00e4che pro Gefangenem, Belegung, Sanit\u00e4rbereich) eingeholt und den letztlich nicht vollstreckt, wenn die zugesicherten Haftbedingungen das Risiko menschenunw\u00fcrdiger Behandlung nicht ausr\u00e4umen konnten. Der deutsche L\u00e4nderbericht des STREAM\u2011Projekts dokumentiert F\u00e4lle, in denen die Auslieferung nach Ungarn (Fall \u201eML\u201c) endg\u00fcltig abgelehnt wurde, weil selbst neue Zusicherungen die fortbestehende Gefahr inhumaner Haftbedingungen nicht entkr\u00e4ften konnten.\u200b<\/p>\n<p>[\/et_pb_accordion_item][\/et_pb_accordion][\/et_pb_column][\/et_pb_row][\/et_pb_section][et_pb_section fb_built=&#8220;1&#8243; _builder_version=&#8220;4.21.0&#8243; _module_preset=&#8220;default&#8220; background_enable_color=&#8220;off&#8220; background_image=&#8220;https:\/\/defenza.de\/wp-content\/uploads\/2025\/05\/AdobeStock_253031617.jpg&#8220; parallax=&#8220;on&#8220; global_colors_info=&#8220;{}&#8220;][et_pb_row _builder_version=&#8220;4.21.0&#8243; _module_preset=&#8220;default&#8220; global_colors_info=&#8220;{}&#8220;][et_pb_column type=&#8220;4_4&#8243; _builder_version=&#8220;4.21.0&#8243; _module_preset=&#8220;default&#8220; global_colors_info=&#8220;{}&#8220;][et_pb_text _builder_version=&#8220;4.27.4&#8243; _module_preset=&#8220;default&#8220; header_2_font_size=&#8220;22px&#8220; max_width=&#8220;100%&#8220; custom_margin=&#8220;||||false|false&#8220; global_colors_info=&#8220;{}&#8220;]<\/p>\n<h2 data-start=\"262\" data-end=\"401\" style=\"text-align: center;\">Kl\u00e4ren Sie Ihre Situation \u2013 schnell und vertraulich<\/h2>\n<p style=\"text-align: center;\">Ein strafrechtliches Verfahren erfordert schnelles Handeln. Je fr\u00fcher wir Ihren Fall pr\u00fcfen, desto besser k\u00f6nnen wir Sie verteidigen.<\/p>\n<p>[\/et_pb_text][et_pb_button button_url=&#8220;#kontakt&#8220; button_text=&#8220;Anfrage Beratung&#8220; button_alignment=&#8220;center&#8220; _builder_version=&#8220;4.27.4&#8243; _module_preset=&#8220;default&#8220; custom_button=&#8220;on&#8220; button_text_color=&#8220;#b51f1e&#8220; button_font=&#8220;Nunito||||||||&#8220; button_icon_color=&#8220;RGBA(0,0,0,0)&#8220; background_layout=&#8220;dark&#8220; custom_margin=&#8220;0px|0px|0px|0px|false|false&#8220; custom_padding=&#8220;|20px||20px|false|false&#8220; button_text_size_tablet=&#8220;&#8220; button_text_size_phone=&#8220;18px&#8220; button_text_size_last_edited=&#8220;on|phone&#8220; custom_css_before=&#8220;white-space: nowrap;&#8220; custom_css_main_element=&#8220;white-space: nowrap;&#8220; custom_css_after=&#8220;white-space: nowrap;&#8220; global_colors_info=&#8220;{}&#8220;][\/et_pb_button][\/et_pb_column][\/et_pb_row][\/et_pb_section][et_pb_section fb_built=&#8220;1&#8243; _builder_version=&#8220;4.27.5&#8243; _module_preset=&#8220;default&#8220; global_colors_info=&#8220;{}&#8220;][et_pb_row _builder_version=&#8220;4.27.5&#8243; _module_preset=&#8220;default&#8220; global_colors_info=&#8220;{}&#8220;][et_pb_column type=&#8220;4_4&#8243; _builder_version=&#8220;4.27.5&#8243; _module_preset=&#8220;default&#8220; global_colors_info=&#8220;{}&#8220;][et_pb_text _builder_version=&#8220;4.27.5&#8243; _module_preset=&#8220;default&#8220; header_2_font_size=&#8220;22px&#8220; header_3_font=&#8220;Conneqt Bold||||||||&#8220; header_3_font_size=&#8220;19px&#8220; header_3_line_height=&#8220;1.3em&#8220; text_orientation=&#8220;center&#8220; max_width=&#8220;100%&#8220; module_alignment=&#8220;center&#8220; locked=&#8220;off&#8220; global_colors_info=&#8220;{}&#8220;]<\/p>\n<h3 style=\"text-align: left;\">Wann kann (bzw. muss) die Vollstreckung eines Europ\u00e4ischen Haftbefehls verweigert werden?<\/h3>\n<p style=\"text-align: left;\">Bei Abwesenheitsurteilen kann die Vollstreckung eines Europ\u00e4ischen Haftbefehls nur verweigert werden, wenn die in Art. 4a Rahmenbeschluss EHB kodifizierten fair\u2011trial\u2011Garantien nicht vorliegen. Wo diese Mindestgarantien fehlen und auch keine Nachverhandlungsm\u00f6glichkeit besteht, ist eine \u00dcbergabe der jeweiligen Person wegen Verletzung von Art. 47, 48 GRCh \/ Art. 6 EMRK unzul\u00e4ssig.\u200b<\/p>\n<p>[\/et_pb_text][\/et_pb_column][\/et_pb_row][et_pb_row column_structure=&#8220;1_2,1_2&#8243; _builder_version=&#8220;4.27.5&#8243; _module_preset=&#8220;default&#8220; locked=&#8220;off&#8220; global_colors_info=&#8220;{}&#8220;][et_pb_column type=&#8220;1_2&#8243; _builder_version=&#8220;4.27.5&#8243; _module_preset=&#8220;default&#8220; global_colors_info=&#8220;{}&#8220;][et_pb_text _builder_version=&#8220;4.27.5&#8243; _module_preset=&#8220;default&#8220; global_colors_info=&#8220;{}&#8220;]<\/p>\n<p style=\"text-align: left;\"><span style=\"font-weight: 400;\">Art. 4a Abs. 1 des Rahmenbeschlusses 2002\/584\/JI (in der Fassung 2009\/299\/JI) enth\u00e4lt einen fakultativen Versagungsgrund f\u00fcr EAW, der sich auf die Vollstreckung eines in Abwesenheit ergangenen Urteils beruhen. Die \u00dcbergabe darf nur dann trotz Abwesenheitsurteil angeordnet werden, wenn mindestens einer der folgenden F\u00e4lle zutrifft:<\/span><\/p>\n<ul>\n<li style=\"text-align: left;\"><span style=\"font-weight: 400;\">rechtzeitige und pers\u00f6nliche Ladung mit ausdr\u00fccklicher\/konkludenter Verzichtsentscheidung,\u00a0<\/span><\/li>\n<li style=\"text-align: left;\"><span style=\"font-weight: 400;\">wirksame Vertretung durch einen Verteidiger mit Mandat, oder\u00a0<\/span><\/li>\n<li style=\"text-align: left;\"><span style=\"font-weight: 400;\">die gesicherte M\u00f6glichkeit eines neuen vollst\u00e4ndigen Verfahrens nach \u00dcbergabe.\u200b<\/span><\/li>\n<\/ul>\n<p>[\/et_pb_text][\/et_pb_column][et_pb_column type=&#8220;1_2&#8243; _builder_version=&#8220;4.27.5&#8243; _module_preset=&#8220;default&#8220; global_colors_info=&#8220;{}&#8220;][et_pb_text _builder_version=&#8220;4.27.5&#8243; _module_preset=&#8220;default&#8220; global_colors_info=&#8220;{}&#8220;]<\/p>\n<p style=\"text-align: left;\"><span style=\"font-weight: 400;\">Eine Ablehnung wegen Abwesenheitsurteil kommt daher konkret insbesondere in Betracht, wenn:<\/span><\/p>\n<ul>\n<li style=\"text-align: left;\"><span style=\"font-weight: 400;\">der Betroffene weder pers\u00f6nlich geladen noch nachweislich anderweitig konkret \u00fcber Zeit und Ort der Hauptverhandlung informiert war;<\/span><\/li>\n<li style=\"text-align: left;\"><span style=\"font-weight: 400;\">kein bevollm\u00e4chtigter Verteidiger in der Hauptverhandlung anwesend war (also echte \u201eVerfahrensabwesenheit\u201c ohne Vertretung);<\/span><\/li>\n<li style=\"text-align: left;\"><span style=\"font-weight: 400;\">im Ausstellungsstaat keine Zusicherung eines neuen, vollwertigen Verfahrens mit Anwesenheitsrecht (inkl. erneuter Beweisaufnahme) besteht.<\/span><\/li>\n<\/ul>\n<p>[\/et_pb_text][\/et_pb_column][\/et_pb_row][et_pb_row _builder_version=&#8220;4.27.5&#8243; _module_preset=&#8220;default&#8220; background_color=&#8220;#f7f7f7&#8243; custom_padding=&#8220;20px|20px|20px|20px|false|false&#8220; global_colors_info=&#8220;{}&#8220;][et_pb_column type=&#8220;4_4&#8243; _builder_version=&#8220;4.27.5&#8243; _module_preset=&#8220;default&#8220; global_colors_info=&#8220;{}&#8220;][et_pb_blurb use_icon=&#8220;on&#8220; font_icon=&#8220;&#x70;||divi||400&#8243; icon_color=&#8220;#b51f1f&#8220; icon_placement=&#8220;left&#8220; image_icon_width=&#8220;30px&#8220; content_max_width=&#8220;100%&#8220; _builder_version=&#8220;4.27.5&#8243; header_font=&#8220;Conneqt Bold|||||on|||&#8220; header_font_size=&#8220;16px&#8220; header_line_height=&#8220;1.8em&#8220; body_font=&#8220;Nunito||||||||&#8220; body_font_size=&#8220;16px&#8220; body_line_height=&#8220;1.8em&#8220; image_icon_custom_padding=&#8220;8px||||false|false&#8220; transform_scale=&#8220;100%|100%&#8220; icon_font_size=&#8220;42px&#8220; locked=&#8220;off&#8220; global_colors_info=&#8220;{}&#8220; transform_styles__hover_enabled=&#8220;on|hover&#8220; transform_scale__hover=&#8220;110%|110%&#8220; transform_scale__hover_enabled=&#8220;on|hover&#8220; transform_translate__hover_enabled=&#8220;on|desktop&#8220; transform_rotate__hover_enabled=&#8220;on|desktop&#8220; transform_skew__hover_enabled=&#8220;on|desktop&#8220; transform_origin__hover_enabled=&#8220;on|desktop&#8220;]<\/p>\n<p style=\"text-align: left;\">Fehlen diese Garantien, kann das Gericht des Vollstreckungsstaats den EHB nach Art. 4a ablehnen; einige Analysen berichten \u00fcber nationale Entscheidungen (u.a. Deutschland, \u00d6sterreich, Niederlande), in denen Auslieferungen zu polnischen oder italienischen Abwesenheitsurteilen genau aus diesen Gr\u00fcnden verweigert oder bis zur Zusicherung eines echten Wiederaufnahmeverfahrens ausgesetzt wurden.\u200b<\/p>\n<p>[\/et_pb_blurb][\/et_pb_column][\/et_pb_row][et_pb_row _builder_version=&#8220;4.27.5&#8243; _module_preset=&#8220;default&#8220; global_colors_info=&#8220;{}&#8220;][et_pb_column type=&#8220;4_4&#8243; _builder_version=&#8220;4.27.5&#8243; _module_preset=&#8220;default&#8220; global_colors_info=&#8220;{}&#8220;][et_pb_accordion _builder_version=&#8220;4.27.5&#8243; _module_preset=&#8220;default&#8220; locked=&#8220;off&#8220; global_colors_info=&#8220;{}&#8220;][et_pb_accordion_item title=&#8220;EuGH\u2011Leitfall \u201eMelloni\u201c:&#8220; open=&#8220;on&#8220; _builder_version=&#8220;4.27.5&#8243; _module_preset=&#8220;default&#8220; global_colors_info=&#8220;{}&#8220;]<\/p>\n<p>Im Fall \u201eMelloni\u201c (C\u2011399\/11) hat der EuGH entschieden, dass ein Mitgliedstaat die Vollstreckung eines EAW wegen eines Abwesenheitsurteils nicht verweigern darf, wenn der Verurteilte ordnungsgem\u00e4\u00df \u00fcber Termin\/Ort des Verfahrens informiert war und von eigenen Verteidigern vertreten wurde. Nationale h\u00f6here Standards (z.B. generelles Recht auf Neuverhandlung) d\u00fcrfen die abschlie\u00dfende Harmonisierung des Art. 4a nicht unterlaufen; Voraussetzung bleibt aber, dass die Waiver\u2011 und Vertretungskriterien unionsrechtskonform erf\u00fcllt sind.<\/p>\n<p>[\/et_pb_accordion_item][et_pb_accordion_item title=&#8220;Deutsche Praxis und IRG:&#8220; _builder_version=&#8220;4.27.5&#8243; _module_preset=&#8220;default&#8220; global_colors_info=&#8220;{}&#8220; open=&#8220;off&#8220;]<\/p>\n<p>Im deutschen Recht ist Art. 4a \u00fcber \u00a7 83 Abs. 1 Nr. 3, Abs. 2 IRG umgesetzt: Eine Auslieferung zur Vollstreckung eines Abwesenheitsurteils ist unzul\u00e4ssig, wenn der Verfolgte das rechtliche Geh\u00f6r im Ursprungsverfahren nicht in einer Weise wahrnehmen konnte, die den in Art. 6 EMRK verankerten Mindeststandards entspricht, und keine Nachverhandlungsm\u00f6glichkeit besteht. Deutsche Oberlandesgerichte pr\u00fcfen bei der Frage, ob eine Auslieferung zul\u00e4ssig ist daher, ob entweder ordnungsgem\u00e4\u00dfe Ladung und bewusster Fernbleibens\u2011Verzicht oder eine gesicherte Wiederaufnahmezusage des Ausstellungsstaats vorliegt.<\/p>\n<p>[\/et_pb_accordion_item][et_pb_accordion_item title=&#8220;BVerfG, Beschl. v. 03.03.2004 (Az. 2 BvR 26\/04 &#8211; Frankreich):&#8220; _builder_version=&#8220;4.27.5&#8243; _module_preset=&#8220;default&#8220; global_colors_info=&#8220;{}&#8220; open=&#8220;off&#8220;]<\/p>\n<p>Die Auslieferung zur Vollstreckung eines Abwesenheitsurteils ist verfassungsrechtlich unzul\u00e4ssig, wenn der Verfolgte weder \u00fcber Durchf\u00fchrung\/Abschluss des Verfahrens informiert war noch nachtr\u00e4glich eine tats\u00e4chlich wirksame M\u00f6glichkeit hat, Geh\u00f6r zu erlangen und sich zu verteidigen.\u200b<\/p>\n<p>[\/et_pb_accordion_item][et_pb_accordion_item title=&#8220;BVerfG, Beschl. v. 15.12.2015 (Az. 2 BvR 2735\/14 \u2013 Italien):&#8220; _builder_version=&#8220;4.27.5&#8243; _module_preset=&#8220;default&#8220; global_colors_info=&#8220;{}&#8220; open=&#8220;off&#8220;]<\/p>\n<p>Verfassungsbeschwerde gegen Auslieferung zur Vollstreckung eines italienischen Abwesenheitsurteils; das BVerfG best\u00e4tigt, dass \u00a7 83 IRG \/ Art. 4a RB EuHB an die verfassungsgerichtlichen Mindeststandards anzupassen sind, verlangt aber kein \u201eVoll\u2011Neu\u2011Verfahren\u201c, sofern ein effektiver Rechtsbehelf zur umfassenden \u00dcberpr\u00fcfung des Abwesenheitsurteils besteht.\u200b<\/p>\n<p>[\/et_pb_accordion_item][et_pb_accordion_item title=&#8220;KG Berlin, Beschl. v. 28.01.2014 (Az. 151 AuslA 159\/13 (97\/14) \u2013 Polen (Abwesenheitsurteil)):&#8220; _builder_version=&#8220;4.27.5&#8243; _module_preset=&#8220;default&#8220; global_colors_info=&#8220;{}&#8220; open=&#8220;off&#8220;]<\/p>\n<p>Auslieferung nach Polen zur Vollstreckung eines in Abwesenheit ergangenen Urteils f\u00fcr unzul\u00e4ssig erkl\u00e4rt, weil die Konstellation von Art. 4a Abs. 1 lit. c RB EuHB vorlag (nur Anfechtung nach Zustellung des Urteils vorgesehen) und diese Variante damals noch nicht in deutsches Recht umgesetzt war.\u200b<\/p>\n<p>[\/et_pb_accordion_item][\/et_pb_accordion][\/et_pb_column][\/et_pb_row][\/et_pb_section][et_pb_section fb_built=&#8220;1&#8243; _builder_version=&#8220;4.27.5&#8243; _module_preset=&#8220;default&#8220; background_color=&#8220;#f7f7f7&#8243; global_colors_info=&#8220;{}&#8220;][et_pb_row _builder_version=&#8220;4.27.5&#8243; _module_preset=&#8220;default&#8220; global_colors_info=&#8220;{}&#8220;][et_pb_column type=&#8220;4_4&#8243; _builder_version=&#8220;4.27.5&#8243; _module_preset=&#8220;default&#8220; global_colors_info=&#8220;{}&#8220;][et_pb_text _builder_version=&#8220;4.27.5&#8243; _module_preset=&#8220;default&#8220; header_2_font_size=&#8220;22px&#8220; header_3_font=&#8220;Conneqt Bold||||||||&#8220; header_3_font_size=&#8220;19px&#8220; header_3_line_height=&#8220;1.3em&#8220; text_orientation=&#8220;center&#8220; max_width=&#8220;100%&#8220; module_alignment=&#8220;center&#8220; global_colors_info=&#8220;{}&#8220;]<\/p>\n<h3 style=\"text-align: left;\"><span style=\"font-weight: 400;\">Doppelte Strafbarkeit als Voraussetzung<\/span><\/h3>\n<p style=\"text-align: left;\"><span style=\"font-weight: 400;\">Voraussetzung f\u00fcr die Zul\u00e4ssigkeit einer Auslieferung ist die doppelte Strafbarkeit. Das bedeutet, dass die dem Haftbefehl zugrunde liegende Tat sowohl im ersuchenden als auch im vollstreckenden Staat als Straftat geregelt sein muss.\u00a0<\/span><\/p>\n<p style=\"text-align: left;\"><span style=\"font-weight: 400;\">Im Auslieferungsrecht ist die Auslieferung grunds\u00e4tzlich nur zul\u00e4ssig, wenn das Verhalten nach beiden Rechtsordnungen strafbar ist und ein bestimmtes Mindeststrafma\u00df erreicht. Beim Europ\u00e4ischen Haftbefehl entf\u00e4llt dieses Erfordernis jedoch f\u00fcr bestimmte, im EU\u2011Rechtsrahmen aufgez\u00e4hlte schwere Deliktsgruppen (z.B. Terrorismus Korruption, Cyberkriminalit\u00e4t oder Menschenhandel), um die \u00dcbergabe zu beschleunigen. Das hei\u00dft: Der ersuchte Staat pr\u00fcft dann nicht, ob das Verhalten auch nach seinem eigenen Recht strafbar w\u00e4re. <\/span><\/p>\n<p>[\/et_pb_text][\/et_pb_column][\/et_pb_row][et_pb_row _builder_version=&#8220;4.27.5&#8243; _module_preset=&#8220;default&#8220; background_color=&#8220;#FFFFFF&#8220; custom_padding=&#8220;20px|20px|20px|20px|false|false&#8220; locked=&#8220;off&#8220; global_colors_info=&#8220;{}&#8220;][et_pb_column type=&#8220;4_4&#8243; _builder_version=&#8220;4.27.5&#8243; _module_preset=&#8220;default&#8220; global_colors_info=&#8220;{}&#8220;][et_pb_blurb use_icon=&#8220;on&#8220; font_icon=&#8220;&#x70;||divi||400&#8243; icon_color=&#8220;#b51f1f&#8220; icon_placement=&#8220;left&#8220; image_icon_width=&#8220;30px&#8220; content_max_width=&#8220;100%&#8220; _builder_version=&#8220;4.27.5&#8243; header_font=&#8220;Conneqt Bold|||||on|||&#8220; header_font_size=&#8220;16px&#8220; header_line_height=&#8220;1.8em&#8220; body_font=&#8220;Nunito||||||||&#8220; body_font_size=&#8220;16px&#8220; body_line_height=&#8220;1.8em&#8220; image_icon_custom_padding=&#8220;8px||||false|false&#8220; transform_scale=&#8220;100%|100%&#8220; icon_font_size=&#8220;42px&#8220; locked=&#8220;off&#8220; global_colors_info=&#8220;{}&#8220; transform_styles__hover_enabled=&#8220;on|hover&#8220; transform_scale__hover=&#8220;110%|110%&#8220; transform_scale__hover_enabled=&#8220;on|hover&#8220; transform_translate__hover_enabled=&#8220;on|desktop&#8220; transform_rotate__hover_enabled=&#8220;on|desktop&#8220; transform_skew__hover_enabled=&#8220;on|desktop&#8220; transform_origin__hover_enabled=&#8220;on|desktop&#8220;]<\/p>\n<p style=\"text-align: left;\"><span style=\"font-weight: 400;\">Es sind maximal 60 Tage zwischen Festnahme und Entscheidung \u00fcber die \u00dcbergabe, maximal 10 Tage zwischen Entscheidung und \u00dcbergabe. Diese Fristen k\u00f6nnen in Ausnahmef\u00e4llen verl\u00e4ngert werden, sind aber politisch und rechtlich eng.<\/span><\/p>\n<p>[\/et_pb_blurb][\/et_pb_column][\/et_pb_row][\/et_pb_section][et_pb_section fb_built=&#8220;1&#8243; _builder_version=&#8220;4.27.5&#8243; _module_preset=&#8220;default&#8220; background_enable_color=&#8220;off&#8220; background_image=&#8220;https:\/\/defenza.de\/wp-content\/uploads\/2025\/05\/AdobeStock_253031617.jpg&#8220; parallax=&#8220;on&#8220; global_colors_info=&#8220;{}&#8220;][et_pb_row _builder_version=&#8220;4.27.5&#8243; _module_preset=&#8220;default&#8220; global_colors_info=&#8220;{}&#8220;][et_pb_column type=&#8220;4_4&#8243; _builder_version=&#8220;4.27.5&#8243; _module_preset=&#8220;default&#8220; global_colors_info=&#8220;{}&#8220;][et_pb_text _builder_version=&#8220;4.27.5&#8243; _module_preset=&#8220;default&#8220; header_2_font_size=&#8220;22px&#8220; header_3_font=&#8220;Conneqt Bold||||||||&#8220; header_3_font_size=&#8220;19px&#8220; header_3_line_height=&#8220;1.3em&#8220; text_orientation=&#8220;center&#8220; max_width=&#8220;100%&#8220; module_alignment=&#8220;center&#8220; global_colors_info=&#8220;{}&#8220;]<\/p>\n<h2 style=\"text-align: center;\">Was wir als spezialisierte Strafverteidiger\/innen tun k\u00f6nnen<\/h2>\n<p>[\/et_pb_text][\/et_pb_column][\/et_pb_row][et_pb_row column_structure=&#8220;1_2,1_2&#8243; _builder_version=&#8220;4.27.5&#8243; _module_preset=&#8220;default&#8220; custom_padding=&#8220;||6px|||&#8220; global_colors_info=&#8220;{}&#8220;][et_pb_column type=&#8220;1_2&#8243; _builder_version=&#8220;4.27.5&#8243; _module_preset=&#8220;default&#8220; global_colors_info=&#8220;{}&#8220;][et_pb_blurb title=&#8220;Pr\u00fcfung der formellen Voraussetzungen f\u00fcr den Erlass des Europ\u00e4ischen Haftbefehls;&#8220; use_icon=&#8220;on&#8220; font_icon=&#8220;&#x24;||divi||400&#8243; icon_color=&#8220;#b51f1f&#8220; icon_placement=&#8220;left&#8220; image_icon_width=&#8220;22px&#8220; content_max_width=&#8220;500px&#8220; _builder_version=&#8220;4.27.5&#8243; header_font=&#8220;Conneqt Bold|||||on|||&#8220; header_font_size=&#8220;16px&#8220; header_line_height=&#8220;1.8em&#8220; body_font=&#8220;Nunito||||||||&#8220; body_font_size=&#8220;16px&#8220; body_line_height=&#8220;1.8em&#8220; image_icon_custom_padding=&#8220;5px||||false|false&#8220; transform_scale=&#8220;100%|100%&#8220; custom_margin=&#8220;||0px||false|false&#8220; icon_font_size=&#8220;42px&#8220; locked=&#8220;off&#8220; global_colors_info=&#8220;{}&#8220; transform_styles__hover_enabled=&#8220;on|hover&#8220; transform_scale__hover_enabled=&#8220;on|hover&#8220; transform_translate__hover_enabled=&#8220;on|desktop&#8220; transform_rotate__hover_enabled=&#8220;on|desktop&#8220; transform_skew__hover_enabled=&#8220;on|desktop&#8220; transform_origin__hover_enabled=&#8220;on|desktop&#8220; transform_scale__hover=&#8220;110%|110%&#8220;][\/et_pb_blurb][et_pb_blurb title=&#8220;Beantragung einer Verschonung, wenn Gr\u00fcnde daf\u00fcr vorliegen, ggfs. auch Beantragung eines Haftpr\u00fcfungstermins;&#8220; use_icon=&#8220;on&#8220; font_icon=&#8220;&#x24;||divi||400&#8243; icon_color=&#8220;#b51f1f&#8220; icon_placement=&#8220;left&#8220; image_icon_width=&#8220;22px&#8220; content_max_width=&#8220;500px&#8220; _builder_version=&#8220;4.27.5&#8243; header_font=&#8220;Conneqt Bold|||||on|||&#8220; header_font_size=&#8220;16px&#8220; header_line_height=&#8220;1.8em&#8220; body_font=&#8220;Nunito||||||||&#8220; body_font_size=&#8220;16px&#8220; body_line_height=&#8220;1.8em&#8220; image_icon_custom_padding=&#8220;5px||||false|false&#8220; transform_scale=&#8220;100%|100%&#8220; custom_margin=&#8220;||0px||false|false&#8220; icon_font_size=&#8220;42px&#8220; locked=&#8220;off&#8220; global_colors_info=&#8220;{}&#8220; transform_styles__hover_enabled=&#8220;on|hover&#8220; transform_scale__hover=&#8220;110%|110%&#8220; transform_scale__hover_enabled=&#8220;on|hover&#8220; transform_translate__hover_enabled=&#8220;on|desktop&#8220; transform_rotate__hover_enabled=&#8220;on|desktop&#8220; transform_skew__hover_enabled=&#8220;on|desktop&#8220; transform_origin__hover_enabled=&#8220;on|desktop&#8220;][\/et_pb_blurb][et_pb_blurb title=&#8220;Pr\u00fcfung der formalisierten Ablehnungsgr\u00fcnde;&#8220; use_icon=&#8220;on&#8220; font_icon=&#8220;&#x24;||divi||400&#8243; icon_color=&#8220;#b51f1f&#8220; icon_placement=&#8220;left&#8220; image_icon_width=&#8220;22px&#8220; content_max_width=&#8220;500px&#8220; _builder_version=&#8220;4.27.5&#8243; header_font=&#8220;Conneqt Bold|||||on|||&#8220; header_font_size=&#8220;16px&#8220; header_line_height=&#8220;1.8em&#8220; body_font=&#8220;Nunito||||||||&#8220; body_font_size=&#8220;16px&#8220; body_line_height=&#8220;1.8em&#8220; image_icon_custom_padding=&#8220;5px||||false|false&#8220; transform_scale=&#8220;100%|100%&#8220; custom_margin=&#8220;||0px||false|false&#8220; icon_font_size=&#8220;42px&#8220; locked=&#8220;off&#8220; global_colors_info=&#8220;{}&#8220; transform_styles__hover_enabled=&#8220;on|hover&#8220; transform_scale__hover=&#8220;110%|110%&#8220; transform_scale__hover_enabled=&#8220;on|hover&#8220; transform_translate__hover_enabled=&#8220;on|desktop&#8220; transform_rotate__hover_enabled=&#8220;on|desktop&#8220; transform_skew__hover_enabled=&#8220;on|desktop&#8220; transform_origin__hover_enabled=&#8220;on|desktop&#8220;][\/et_pb_blurb][et_pb_blurb title=&#8220;Parallelverteidigung im jeweils anderen beteiligten (ersuchenden oder ersuchten) Staat: Wir koordinieren die Verteidigung im ausl\u00e4ndischen Verfahren \u2013 bei Bedarf unter Hinzuziehung von erfahrenen ausl\u00e4ndischen Kolleginnen oder Kollegen aus unserem Netzwerk.&#8220; use_icon=&#8220;on&#8220; font_icon=&#8220;&#x24;||divi||400&#8243; icon_color=&#8220;#b51f1f&#8220; icon_placement=&#8220;left&#8220; image_icon_width=&#8220;22px&#8220; content_max_width=&#8220;500px&#8220; _builder_version=&#8220;4.27.5&#8243; header_font=&#8220;Conneqt Bold|||||on|||&#8220; header_font_size=&#8220;16px&#8220; header_line_height=&#8220;1.8em&#8220; body_font=&#8220;Nunito||||||||&#8220; body_font_size=&#8220;16px&#8220; body_line_height=&#8220;1.8em&#8220; image_icon_custom_padding=&#8220;5px||||false|false&#8220; transform_scale=&#8220;100%|100%&#8220; custom_margin=&#8220;||0px||false|false&#8220; icon_font_size=&#8220;42px&#8220; locked=&#8220;off&#8220; global_colors_info=&#8220;{}&#8220; transform_styles__hover_enabled=&#8220;on|hover&#8220; transform_scale__hover=&#8220;110%|110%&#8220; transform_scale__hover_enabled=&#8220;on|hover&#8220; transform_translate__hover_enabled=&#8220;on|desktop&#8220; transform_rotate__hover_enabled=&#8220;on|desktop&#8220; transform_skew__hover_enabled=&#8220;on|desktop&#8220; transform_origin__hover_enabled=&#8220;on|desktop&#8220;][\/et_pb_blurb][et_pb_blurb title=&#8220;Beratung, Begleitung und Unterst\u00fctzung der betroffenen Person im Auslieferungsverfahren: Wir sch\u00fctzen gegen Selbstbelastungsrisiken, Missverst\u00e4ndnisse bei Festnahmeverh\u00f6ren oder Drucksituationen.&#8220; use_icon=&#8220;on&#8220; font_icon=&#8220;&#x24;||divi||400&#8243; icon_color=&#8220;#b51f1f&#8220; icon_placement=&#8220;left&#8220; image_icon_width=&#8220;22px&#8220; content_max_width=&#8220;500px&#8220; _builder_version=&#8220;4.27.5&#8243; header_font=&#8220;Conneqt Bold|||||on|||&#8220; header_font_size=&#8220;16px&#8220; header_line_height=&#8220;1.8em&#8220; body_font=&#8220;Nunito||||||||&#8220; body_font_size=&#8220;16px&#8220; body_line_height=&#8220;1.8em&#8220; image_icon_custom_padding=&#8220;5px||||false|false&#8220; transform_scale=&#8220;100%|100%&#8220; custom_margin=&#8220;||0px||false|false&#8220; icon_font_size=&#8220;42px&#8220; locked=&#8220;off&#8220; global_colors_info=&#8220;{}&#8220; transform_styles__hover_enabled=&#8220;on|hover&#8220; transform_scale__hover=&#8220;110%|110%&#8220; transform_scale__hover_enabled=&#8220;on|hover&#8220; transform_translate__hover_enabled=&#8220;on|desktop&#8220; transform_rotate__hover_enabled=&#8220;on|desktop&#8220; transform_skew__hover_enabled=&#8220;on|desktop&#8220; transform_origin__hover_enabled=&#8220;on|desktop&#8220;][\/et_pb_blurb][\/et_pb_column][et_pb_column type=&#8220;1_2&#8243; _builder_version=&#8220;4.27.5&#8243; _module_preset=&#8220;default&#8220; global_colors_info=&#8220;{}&#8220;][et_pb_text _builder_version=&#8220;4.27.5&#8243; _module_preset=&#8220;default&#8220; global_colors_info=&#8220;{}&#8220;]<\/p>\n<p style=\"text-align: left;\"><span style=\"font-weight: 400;\">Unsere Kanzlei verf\u00fcgt \u00fcber besondere Erfahrung in Auslieferungsverfahren und im Umgang mit Europ\u00e4ischen Haftbefehlen. Wir pr\u00fcfen sofort die Rechtm\u00e4\u00dfigkeit des Haftbefehls, identifizieren m\u00f6gliche Ablehnungsgr\u00fcnde und verteidigen unsere Mandanten im Vollstreckungsverfahren des ersuchten Staates. Gleichzeitig koordinieren wir die Verteidigung im ersuchenden Staat, verhandeln \u00fcber eine R\u00fccknahme des Europ\u00e4ischen Haftbefehls oder die Umwandlung in weniger eingriffsintensive Ma\u00dfnahmen und setzen uns f\u00fcr die Aufhebung oder Milderung der Auslieferungshaft ein. Durch unsere internationale Vernetzung und unsere Expertise im internationalen Strafrecht sch\u00fctzen wir Mandanten vor \u00fcberzogenen, politisch motivierten oder unverh\u00e4ltnism\u00e4\u00dfigen \u00dcbergabeverfahren.<\/span><\/p>\n<p>[\/et_pb_text][\/et_pb_column][\/et_pb_row][et_pb_row _builder_version=&#8220;4.27.5&#8243; _module_preset=&#8220;default&#8220; custom_padding=&#8220;7px||7px|||&#8220; global_colors_info=&#8220;{}&#8220;][et_pb_column type=&#8220;4_4&#8243; _builder_version=&#8220;4.27.5&#8243; _module_preset=&#8220;default&#8220; global_colors_info=&#8220;{}&#8220;][et_pb_button button_url=&#8220;#kontakt&#8220; button_text=&#8220;Anfrage Beratung&#8220; button_alignment=&#8220;center&#8220; _builder_version=&#8220;4.27.4&#8243; _module_preset=&#8220;default&#8220; custom_button=&#8220;on&#8220; button_text_color=&#8220;#b51f1e&#8220; button_font=&#8220;Nunito||||||||&#8220; button_icon_color=&#8220;RGBA(0,0,0,0)&#8220; background_layout=&#8220;dark&#8220; custom_margin=&#8220;0px|0px|0px|0px|false|false&#8220; custom_padding=&#8220;|20px||20px|false|false&#8220; button_text_size_tablet=&#8220;&#8220; button_text_size_phone=&#8220;18px&#8220; button_text_size_last_edited=&#8220;on|phone&#8220; custom_css_before=&#8220;white-space: nowrap;&#8220; custom_css_main_element=&#8220;white-space: nowrap;&#8220; custom_css_after=&#8220;white-space: nowrap;&#8220; global_colors_info=&#8220;{}&#8220;][\/et_pb_button][\/et_pb_column][\/et_pb_row][\/et_pb_section][et_pb_section fb_built=&#8220;1&#8243; _builder_version=&#8220;4.27.5&#8243; _module_preset=&#8220;default&#8220; locked=&#8220;off&#8220; global_colors_info=&#8220;{}&#8220;][et_pb_row _builder_version=&#8220;4.27.5&#8243; _module_preset=&#8220;default&#8220; custom_padding=&#8220;||5px|||&#8220; global_colors_info=&#8220;{}&#8220;][et_pb_column type=&#8220;4_4&#8243; _builder_version=&#8220;4.27.5&#8243; _module_preset=&#8220;default&#8220; global_colors_info=&#8220;{}&#8220;][et_pb_text _builder_version=&#8220;4.27.5&#8243; _module_preset=&#8220;default&#8220; header_2_font_size=&#8220;22px&#8220; max_width=&#8220;100%&#8220; module_alignment=&#8220;center&#8220; custom_margin=&#8220;||||false|false&#8220; locked=&#8220;off&#8220; global_colors_info=&#8220;{}&#8220;]<\/p>\n<h2 style=\"text-align: left;\">Europ\u00e4ische Staatsanwaltschaft (EPPO)<\/h2>\n<p style=\"text-align: left;\">Die Europ\u00e4ische Staatsanwaltschaft (European Public Prosecutor\u2019s Office \u2013 EPPO) ist eine seit 2021 operativ t\u00e4tige supranationale Strafverfolgungsbeh\u00f6rde der Europ\u00e4ischen Union. Ihre Einrichtung beruht auf Art. 86 AEUV, der Verordnung (EU) 2017\/1939 (EPPO-Verordnung).<\/p>\n<p style=\"text-align: left;\">Sie ist mit weitreichenden Ermittlungs- und Anklagebefugnissen ausgestattet und verfolgt Straftaten, die die finanziellen Interessen der EU beeintr\u00e4chtigen (sog. PIF-Delikte). F\u00fcr Betroffene bedeutet das: Ermittlungen k\u00f6nnen gleichzeitig mehrere Staaten betreffen, zentral gesteuert werden und sehr schnell erhebliche Eingriffe verursachen.<\/p>\n<p>[\/et_pb_text][et_pb_text _builder_version=&#8220;4.27.5&#8243; _module_preset=&#8220;default&#8220; max_width=&#8220;100%&#8220; module_alignment=&#8220;center&#8220; global_colors_info=&#8220;{}&#8220;]<\/p>\n<p style=\"text-align: left;\"><strong>Die EPPO ist zust\u00e4ndig f\u00fcr:<\/strong><\/p>\n<ul>\n<li style=\"font-weight: 400; text-align: left;\" aria-level=\"1\"><span style=\"font-weight: 400;\">Subventions- und F\u00f6rdermittelbetrug (z. B. EU-Regionalf\u00f6rderung, Agrarzahlungen),<\/span><\/li>\n<li style=\"font-weight: 400; text-align: left;\" aria-level=\"1\"><span style=\"font-weight: 400;\">Korruption und Bestechlichkeit, sofern sie EU-Finanzinteressen betrifft,<\/span><\/li>\n<li style=\"font-weight: 400; text-align: left;\" aria-level=\"1\"><span style=\"font-weight: 400;\">grenz\u00fcberschreitenden Umsatzsteuerbetrug, wenn der Schaden mindestens 10 Millionen Euro \u00fcbersteigt,<\/span><\/li>\n<li style=\"font-weight: 400; text-align: left;\" aria-level=\"1\"><span style=\"font-weight: 400;\">Veruntreuung oder Missbrauch von EU-Mitteln,\u00a0<\/span><\/li>\n<li style=\"font-weight: 400; text-align: left;\" aria-level=\"1\"><span style=\"font-weight: 400;\">wirtschafts- und kontrollrechtliche Delikte im Zusammenhang mit EU-Haushaltsmitteln.<\/span><\/li>\n<\/ul>\n<p>[\/et_pb_text][\/et_pb_column][\/et_pb_row][et_pb_row column_structure=&#8220;2_5,3_5&#8243; _builder_version=&#8220;4.27.5&#8243; _module_preset=&#8220;default&#8220; custom_padding=&#8220;10px|||||&#8220; global_colors_info=&#8220;{}&#8220;][et_pb_column type=&#8220;2_5&#8243; _builder_version=&#8220;4.27.5&#8243; _module_preset=&#8220;default&#8220; global_colors_info=&#8220;{}&#8220;][et_pb_text _builder_version=&#8220;4.27.5&#8243; _module_preset=&#8220;default&#8220; global_colors_info=&#8220;{}&#8220;]<\/p>\n<p style=\"text-align: left;\">Die EPPO ersetzt in diesen Bereichen nicht die nationalen Staatsanwaltschaften, sondern arbeitet neben ihnen \u2013 allerdings mit dem Vorrangrecht, Verfahren an sich zu ziehen.<\/p>\n<p>[\/et_pb_text][\/et_pb_column][et_pb_column type=&#8220;3_5&#8243; _builder_version=&#8220;4.27.5&#8243; _module_preset=&#8220;default&#8220; global_colors_info=&#8220;{}&#8220;][et_pb_accordion _builder_version=&#8220;4.27.5&#8243; _module_preset=&#8220;default&#8220; locked=&#8220;off&#8220; global_colors_info=&#8220;{}&#8220;][et_pb_accordion_item title=&#8220;Struktur der EPPO&#8220; open=&#8220;on&#8220; _builder_version=&#8220;4.27.5&#8243; _module_preset=&#8220;default&#8220; global_colors_info=&#8220;{}&#8220;]<\/p>\n<p>Sie arbeitet nach einem hybriden Modell: Die Zentralstelle hat den Sitz in Luxemburg, geleitet von der Europ\u00e4ischen Generalstaatsanw\u00e4ltin; dort werden strategische Ermittlungsentscheidungen getroffen. Es gibt auf jedem teilnehmenden Mitgliedstaat eine\/n Europ\u00e4ische\/n Staatsanw\u00e4ltin bzw. Staatsanwalt \u2013 das Bindeglied zwischen nationalem System und Luxemburg. Die delegierten Europ\u00e4ische Staatsanw\u00e4ltinnen und Staatsanw\u00e4lte (European Delegated Prosecutors \u2013 EDPs) arbeiten in den Mitgliedstaaten \u2013 und nicht an Zentralstelle \u2013 und f\u00fchren die praktischen Ermittlungen. Sie handeln im Namen und unter der Aufsicht der EPPO, nicht der nationalen Staatsanwaltschaft. Damit ist ein System entstanden, in dem sowohl nationale als auch supranationale Elemente zusammenwirken \u2013 weshalb die Verteidigung in EPPO-Verfahren rechtlich wie taktisch komplex ist.<\/p>\n<p>[\/et_pb_accordion_item][et_pb_accordion_item title=&#8220;Befugnisse der EPPO&#8220; _builder_version=&#8220;4.27.5&#8243; _module_preset=&#8220;default&#8220; global_colors_info=&#8220;{}&#8220; open=&#8220;off&#8220;]<\/p>\n<p>Die EPPO verf\u00fcgt \u00fcber alle Befugnisse einer nationalen Staatsanwaltschaft, jedoch mit erweitertem europ\u00e4ischem Bezug, dazu geh\u00f6ren Durchsuchungen, Beschlagnahmen, Sicherstellungen, Telekommunikations\u00fcberwachung, Finanzermittlungen, Kontenabfragen, Verm\u00f6gensarrest, internationale Ermittlungsteams, schnelle Aktivierung grenz\u00fcberschreitender Ma\u00dfnahmen, Europ\u00e4ische Ermittlungsanordnungen (EEA), Unterst\u00fctzung durch OLAF und Europol. Besonders eingriffsintensiv ist die M\u00f6glichkeit, parallele Ma\u00dfnahmen in mehreren Mitgliedstaaten gleichzeitig zu veranlassen. Die EPPO kann zeitgleich in mehreren Staaten durchsuchen, Verm\u00f6gen einfrieren, Daten sichern, Zeugen vernehmen. Diese Ma\u00dfnahmen k\u00f6nnen erheblichen wirtschaftlichen und pers\u00f6nlichen Schaden verursachen.<\/p>\n<p>[\/et_pb_accordion_item][et_pb_accordion_item title=&#8220;Risiken f\u00fcr Beschuldigte&#8220; _builder_version=&#8220;4.27.5&#8243; _module_preset=&#8220;default&#8220; global_colors_info=&#8220;{}&#8220; open=&#8220;off&#8220;]<\/p>\n<p>Obwohl die EPPO supranational ist, gelten f\u00fcr einzelne Ma\u00dfnahmen weiterhin die nationalen Strafprozessordnungen. Das f\u00fchrt zu komplexen Kompetenzfragen, divergierenden Rechtsschutzm\u00f6glichkeiten und Unklarheiten in der Beweisverwertung. Sobald EU-Mittel betroffen sein k\u00f6nnten, entscheidet die EPPO, ob sie nationale Verfahren \u00fcbernimmt. F\u00fcr in solchen Strafverfahren Beschuldigte bedeutet dies eine kaum planbare Zust\u00e4ndigkeitsverlagerung. Nicht selten stehen EPPO-Verfahren zudem neben nationalen Steuer-, Zoll-, oder Wirtschaftsstrafsachen. Ohne koordinierte Verteidigung drohen widerspr\u00fcchliche Aussagen oder doppelte Risiken.<\/p>\n<p>[\/et_pb_accordion_item][\/et_pb_accordion][\/et_pb_column][\/et_pb_row][\/et_pb_section][et_pb_section fb_built=&#8220;1&#8243; _builder_version=&#8220;4.27.5&#8243; _module_preset=&#8220;default&#8220; background_enable_color=&#8220;off&#8220; background_image=&#8220;https:\/\/defenza.de\/wp-content\/uploads\/2025\/05\/AdobeStock_253031617.jpg&#8220; parallax=&#8220;on&#8220; locked=&#8220;off&#8220; global_colors_info=&#8220;{}&#8220;][et_pb_row _builder_version=&#8220;4.27.5&#8243; _module_preset=&#8220;default&#8220; global_colors_info=&#8220;{}&#8220;][et_pb_column type=&#8220;4_4&#8243; _builder_version=&#8220;4.27.5&#8243; _module_preset=&#8220;default&#8220; global_colors_info=&#8220;{}&#8220;][et_pb_text _builder_version=&#8220;4.27.5&#8243; _module_preset=&#8220;default&#8220; header_2_font_size=&#8220;22px&#8220; header_3_font=&#8220;Conneqt Bold||||||||&#8220; header_3_font_size=&#8220;19px&#8220; header_3_line_height=&#8220;1.3em&#8220; text_orientation=&#8220;center&#8220; max_width=&#8220;100%&#8220; module_alignment=&#8220;center&#8220; global_colors_info=&#8220;{}&#8220;]<\/p>\n<h2 style=\"text-align: center;\">Was wir als in EPPO-Verfahren erfahrene Kanzlei f\u00fcr Sie tun k\u00f6nnen<\/h2>\n<p>[\/et_pb_text][\/et_pb_column][\/et_pb_row][et_pb_row column_structure=&#8220;1_2,1_2&#8243; _builder_version=&#8220;4.27.5&#8243; _module_preset=&#8220;default&#8220; custom_padding=&#8220;||6px|||&#8220; global_colors_info=&#8220;{}&#8220;][et_pb_column type=&#8220;1_2&#8243; _builder_version=&#8220;4.27.5&#8243; _module_preset=&#8220;default&#8220; global_colors_info=&#8220;{}&#8220;][et_pb_accordion open_toggle_text_color=&#8220;#282828&#8243; open_toggle_background_color=&#8220;#FFFFFF&#8220; closed_toggle_background_color=&#8220;#b51f1e&#8220; _builder_version=&#8220;4.27.5&#8243; _module_preset=&#8220;default&#8220; toggle_text_color=&#8220;#ffffff&#8220; locked=&#8220;off&#8220; global_colors_info=&#8220;{}&#8220;][et_pb_accordion_item title=&#8220;Fr\u00fchzeitige Risikoanalyse&#8220; open=&#8220;on&#8220; _builder_version=&#8220;4.27.5&#8243; _module_preset=&#8220;default&#8220; global_colors_info=&#8220;{}&#8220;]<\/p>\n<p>Pr\u00fcfung, ob ein Verfahren in den Anwendungsbereich der EPPO fallen k\u00f6nnte und wie man einer \u00dcbernahme vorbeugt.<\/p>\n<p>[\/et_pb_accordion_item][et_pb_accordion_item title=&#8220;Verteidigung in EPPO-Ermittlungen&#8220; _builder_version=&#8220;4.27.5&#8243; _module_preset=&#8220;default&#8220; global_colors_info=&#8220;{}&#8220; open=&#8220;off&#8220;]<\/p>\n<p>Pr\u00fcfung der Zust\u00e4ndigkeit, Anfechtung von Durchsuchungen, Sicherstellungen und Verm\u00f6gensarrest; Schutz vor parallelen Ma\u00dfnahmen.<\/p>\n<p>[\/et_pb_accordion_item][et_pb_accordion_item title=&#8220;Koordination multinationaler Verteidigung&#8220; _builder_version=&#8220;4.27.5&#8243; _module_preset=&#8220;default&#8220; global_colors_info=&#8220;{}&#8220; open=&#8220;off&#8220;]<\/p>\n<p>Steuerung der Kommunikation mit Delegierten Europ\u00e4ischen Staatsanw\u00e4ltinnen und Staatsanw\u00e4lten und ausl\u00e4ndischen Partnerkanzleien.<\/p>\n<p>[\/et_pb_accordion_item][et_pb_accordion_item title=&#8220;Kontrolle der Beweisverwertung&#8220; _builder_version=&#8220;4.27.5&#8243; _module_preset=&#8220;default&#8220; global_colors_info=&#8220;{}&#8220; open=&#8220;off&#8220;]<\/p>\n<p>Pr\u00fcfung, ob Beweise nach nationalem oder EU-Recht rechtm\u00e4\u00dfig erhoben wurden und wie sie angegriffen werden k\u00f6nnen.<\/p>\n<p>[\/et_pb_accordion_item][et_pb_accordion_item title=&#8220;Pr\u00e4vention &#038; Compliance&#8220; _builder_version=&#8220;4.27.5&#8243; _module_preset=&#8220;default&#8220; global_colors_info=&#8220;{}&#8220; open=&#8220;off&#8220;]<\/p>\n<p>Beratung zu Umgang mit EU-Mitteln, f\u00f6rdermittelrechtlichen Strukturen und zur Vermeidung strafrechtlicher Risiken.<\/p>\n<p>[\/et_pb_accordion_item][\/et_pb_accordion][\/et_pb_column][et_pb_column type=&#8220;1_2&#8243; _builder_version=&#8220;4.27.5&#8243; _module_preset=&#8220;default&#8220; global_colors_info=&#8220;{}&#8220;][et_pb_text _builder_version=&#8220;4.27.5&#8243; _module_preset=&#8220;default&#8220; global_colors_info=&#8220;{}&#8220;]<\/p>\n<p style=\"text-align: left;\"><b>Die besondere Expertise unserer Kanzlei<\/b><\/p>\n<p style=\"text-align: left;\"><span style=\"font-weight: 400;\">Die Anw\u00e4ltinnen und Anw\u00e4lte unserer Kanzlei haben die Entwicklung der EPPO von Beginn an verfolgt und begleitet. Seit der Gr\u00fcndung der EPPO sind wir schon als Strafverteidigerinnen und Strafverteidiger in \u2013 mittlerweile zahlreichen \u2013 EPPO-Verfahren t\u00e4tig. Dar\u00fcber hinaus tragen wir durch Publikationen und Fachaufs\u00e4tze sowie Vortr\u00e4ge und Panels auf strafrechtlichen Fachkonferenzen aktiv zur juristischen Diskussion bei. Dank dieser Verbindung von praxisnaher Verteidigung, wissenschaftlicher Begleitung und internationaler Vernetzung k\u00f6nnen wir Mandanten klar, schnell und strategisch beraten \u2013 in einem Rechtsbereich, der sich noch immer dynamisch weiterentwickelt.<\/span><\/p>\n<p>[\/et_pb_text][\/et_pb_column][\/et_pb_row][et_pb_row _builder_version=&#8220;4.27.5&#8243; _module_preset=&#8220;default&#8220; custom_padding=&#8220;7px||7px|||&#8220; global_colors_info=&#8220;{}&#8220;][et_pb_column type=&#8220;4_4&#8243; _builder_version=&#8220;4.27.5&#8243; _module_preset=&#8220;default&#8220; global_colors_info=&#8220;{}&#8220;][et_pb_button button_url=&#8220;#kontakt&#8220; button_text=&#8220;Anfrage Beratung&#8220; button_alignment=&#8220;center&#8220; _builder_version=&#8220;4.27.4&#8243; _module_preset=&#8220;default&#8220; custom_button=&#8220;on&#8220; button_text_color=&#8220;#b51f1e&#8220; button_font=&#8220;Nunito||||||||&#8220; button_icon_color=&#8220;RGBA(0,0,0,0)&#8220; background_layout=&#8220;dark&#8220; custom_margin=&#8220;0px|0px|0px|0px|false|false&#8220; custom_padding=&#8220;|20px||20px|false|false&#8220; button_text_size_tablet=&#8220;&#8220; button_text_size_phone=&#8220;18px&#8220; button_text_size_last_edited=&#8220;on|phone&#8220; custom_css_before=&#8220;white-space: nowrap;&#8220; custom_css_main_element=&#8220;white-space: nowrap;&#8220; custom_css_after=&#8220;white-space: nowrap;&#8220; global_colors_info=&#8220;{}&#8220;][\/et_pb_button][\/et_pb_column][\/et_pb_row][\/et_pb_section][et_pb_section fb_built=&#8220;1&#8243; _builder_version=&#8220;4.27.5&#8243; _module_preset=&#8220;default&#8220; locked=&#8220;off&#8220; global_colors_info=&#8220;{}&#8220;][et_pb_row _builder_version=&#8220;4.27.5&#8243; _module_preset=&#8220;default&#8220; global_colors_info=&#8220;{}&#8220;][et_pb_column type=&#8220;4_4&#8243; _builder_version=&#8220;4.27.5&#8243; _module_preset=&#8220;default&#8220; global_colors_info=&#8220;{}&#8220;][et_pb_text _builder_version=&#8220;4.27.5&#8243; _module_preset=&#8220;default&#8220; header_2_font_size=&#8220;22px&#8220; max_width=&#8220;100%&#8220; module_alignment=&#8220;center&#8220; custom_margin=&#8220;||||false|false&#8220; locked=&#8220;off&#8220; global_colors_info=&#8220;{}&#8220;]<\/p>\n<h2 style=\"text-align: left;\">Strafverfahren mit Auslandsbezug<\/h2>\n<p style=\"text-align: left;\">Straftaten mit Auslandsbezug gewinnen in der heutigen, global vernetzten Wirtschafts- und Kommunikationswelt zunehmend an Bedeutung. Sie treten \u00fcberall dort auf, wo Tatort, T\u00e4ter, Opfer, Verm\u00f6genswerte, Kommunikation oder Ermittlungshandlungen \u00fcber die Staatsgrenzen hinweg miteinander verkn\u00fcpft sind. Solche F\u00e4lle zeichnen sich durch eine komplexe Verflechtung von nationalem und internationalem Strafrecht aus \u2013 und erfordern deshalb eine besonders pr\u00e4zise Verteidigungsstrategie.<\/p>\n<p>[\/et_pb_text][\/et_pb_column][\/et_pb_row][et_pb_row column_structure=&#8220;2_5,3_5&#8243; _builder_version=&#8220;4.27.5&#8243; _module_preset=&#8220;default&#8220; global_colors_info=&#8220;{}&#8220;][et_pb_column type=&#8220;2_5&#8243; _builder_version=&#8220;4.27.5&#8243; _module_preset=&#8220;default&#8220; global_colors_info=&#8220;{}&#8220;][et_pb_text _builder_version=&#8220;4.27.5&#8243; _module_preset=&#8220;default&#8220; max_width=&#8220;100%&#8220; module_alignment=&#8220;center&#8220; global_colors_info=&#8220;{}&#8220;]<\/p>\n<p style=\"text-align: left;\"><b>Wann liegt ein Strafverfahren mit Auslandsbezug vor?<\/b><\/p>\n<p style=\"text-align: left;\"><span style=\"font-weight: 400;\">Ein Auslandsbezug ist gegeben, wenn eines oder mehrere der folgenden Elemente au\u00dferhalb Deutschlands liegen:<\/span><\/p>\n<p>[\/et_pb_text][\/et_pb_column][et_pb_column type=&#8220;3_5&#8243; _builder_version=&#8220;4.27.5&#8243; _module_preset=&#8220;default&#8220; global_colors_info=&#8220;{}&#8220;][et_pb_accordion _builder_version=&#8220;4.27.5&#8243; _module_preset=&#8220;default&#8220; locked=&#8220;off&#8220; global_colors_info=&#8220;{}&#8220;][et_pb_accordion_item title=&#8220;Tatort im Ausland&#8220; open=&#8220;on&#8220; _builder_version=&#8220;4.27.5&#8243; _module_preset=&#8220;default&#8220; global_colors_info=&#8220;{}&#8220;]<\/p>\n<p><span style=\"font-weight: 400;\">Die Tat wird ganz oder teilweise im Ausland begangen.<\/span><\/p>\n<p><span style=\"font-weight: 400;\"><strong>Beispiele:<\/strong> Korruptionshandlungen eines deutschen Amtstr\u00e4gers im Ausland, Betrug oder Untreue gegen\u00fcber einem ausl\u00e4ndischen Gesch\u00e4ftspartner.<\/span><\/p>\n<p>[\/et_pb_accordion_item][et_pb_accordion_item title=&#8220;T\u00e4ter oder Opfer im Ausland&#8220; _builder_version=&#8220;4.27.5&#8243; _module_preset=&#8220;default&#8220; global_colors_info=&#8220;{}&#8220; open=&#8220;off&#8220;]<\/p>\n<p><span style=\"font-weight: 400;\">Der T\u00e4ter h\u00e4lt sich im Ausland auf oder das Opfer lebt in einem anderen Staat.<\/span><\/p>\n<p>Z. B. Online-Betrug gegen\u00fcber Personen in anderen Staaten.<\/p>\n<p>[\/et_pb_accordion_item][et_pb_accordion_item title=&#8220;Tatfolgen im Ausland&#8220; _builder_version=&#8220;4.27.5&#8243; _module_preset=&#8220;default&#8220; global_colors_info=&#8220;{}&#8220; open=&#8220;off&#8220;]<\/p>\n<p>Die strafrechtlich relevante Folge tritt au\u00dferhalb Deutschlands ein.<\/p>\n<p>Z. B. Verm\u00f6genssch\u00e4den, die in einem anderen Mitgliedstaat entstehen.<\/p>\n<p>[\/et_pb_accordion_item][et_pb_accordion_item title=&#8220;Ausl\u00e4ndische Beteiligte oder Unternehmen&#8220; _builder_version=&#8220;4.27.5&#8243; _module_preset=&#8220;default&#8220; global_colors_info=&#8220;{}&#8220; open=&#8220;off&#8220;]<\/p>\n<p>Bei komplexen Unternehmensstrukturen oder Joint Ventures mit Sitzen in verschiedenen Staaten.<\/p>\n<p>[\/et_pb_accordion_item][et_pb_accordion_item title=&#8220;Grenz\u00fcberschreitende Daten- oder Finanzfl\u00fcsse&#8220; _builder_version=&#8220;4.27.5&#8243; _module_preset=&#8220;default&#8220; global_colors_info=&#8220;{}&#8220; open=&#8220;off&#8220;]<\/p>\n<p>Cyberdelikte, Online-Banking, Kryptow\u00e4hrungen, internationale Verm\u00f6gensverschiebungen.<\/p>\n<p>[\/et_pb_accordion_item][et_pb_accordion_item title=&#8220;Internationale Ermittlungsma\u00dfnahmen&#8220; _builder_version=&#8220;4.27.5&#8243; _module_preset=&#8220;default&#8220; global_colors_info=&#8220;{}&#8220; open=&#8220;off&#8220;]<\/p>\n<p><span style=\"font-weight: 400;\">Einsatz von Europ\u00e4ischer Ermittlungsanordnung (EEA), EPPO, Interpol, Rechtshilfe u. a.)<\/span><\/p>\n<p>[\/et_pb_accordion_item][\/et_pb_accordion][\/et_pb_column][\/et_pb_row][et_pb_row _builder_version=&#8220;4.27.5&#8243; _module_preset=&#8220;default&#8220; custom_padding=&#8220;6px||7px|||&#8220; global_colors_info=&#8220;{}&#8220;][et_pb_column type=&#8220;4_4&#8243; _builder_version=&#8220;4.27.5&#8243; _module_preset=&#8220;default&#8220; global_colors_info=&#8220;{}&#8220;][et_pb_text _builder_version=&#8220;4.27.5&#8243; _module_preset=&#8220;default&#8220; max_width=&#8220;100%&#8220; module_alignment=&#8220;center&#8220; global_colors_info=&#8220;{}&#8220;]<\/p>\n<p style=\"text-align: left;\"><span style=\"font-weight: 400;\">In der Praxis reicht meist schon ein einziges grenz\u00fcberschreitendes Element, um ein Verfahren erheblich zu verkomplizieren.<\/span><\/p>\n<p style=\"text-align: left;\"><span style=\"font-weight: 400;\">H\u00e4ufige Beispiele f\u00fcr Straftaten mit Auslandsbezug sind:<\/span><\/p>\n<ul>\n<li style=\"font-weight: 400; text-align: left;\" aria-level=\"1\"><span style=\"font-weight: 400;\">Umsatzsteuerkarusselle<\/span><\/li>\n<li style=\"font-weight: 400; text-align: left;\" aria-level=\"1\"><span style=\"font-weight: 400;\">internationale Geldw\u00e4sche<\/span><\/li>\n<li style=\"font-weight: 400; text-align: left;\" aria-level=\"1\"><span style=\"font-weight: 400;\">betrugsnahe Strukturen im Au\u00dfenhandel<\/span><\/li>\n<li style=\"font-weight: 400; text-align: left;\" aria-level=\"1\"><span style=\"font-weight: 400;\">unzul\u00e4ssige Verm\u00f6gensverschiebungen<\/span><\/li>\n<\/ul>\n<p>[\/et_pb_text][\/et_pb_column][\/et_pb_row][\/et_pb_section][et_pb_section fb_built=&#8220;1&#8243; _builder_version=&#8220;4.27.5&#8243; _module_preset=&#8220;default&#8220; background_color=&#8220;#f7f7f7&#8243; locked=&#8220;off&#8220; global_colors_info=&#8220;{}&#8220;][et_pb_row _builder_version=&#8220;4.27.5&#8243; _module_preset=&#8220;default&#8220; global_colors_info=&#8220;{}&#8220;][et_pb_column type=&#8220;4_4&#8243; _builder_version=&#8220;4.27.5&#8243; _module_preset=&#8220;default&#8220; global_colors_info=&#8220;{}&#8220;][et_pb_text _builder_version=&#8220;4.27.5&#8243; _module_preset=&#8220;default&#8220; header_2_font_size=&#8220;22px&#8220; header_3_font=&#8220;Conneqt Bold||||||||&#8220; header_3_font_size=&#8220;19px&#8220; header_3_line_height=&#8220;1.3em&#8220; text_orientation=&#8220;center&#8220; max_width=&#8220;100%&#8220; module_alignment=&#8220;center&#8220; global_colors_info=&#8220;{}&#8220;]<\/p>\n<h3 style=\"text-align: left;\">Das deutsche Strafrecht bei Auslandsbezug: Grundsatz der Territorialit\u00e4t und seine Ausnahmen<\/h3>\n<p style=\"text-align: left;\">Grunds\u00e4tzlich gilt gem\u00e4\u00df \u00a7 3 StGB das Territorialprinzip: Deutschland ist zust\u00e4ndig, wenn die Tat in Deutschland begangen wurde. Jedoch erweitern zahlreiche Normen die deutsche Strafbarkeit ins Ausland:<\/p>\n<p>[\/et_pb_text][\/et_pb_column][\/et_pb_row][et_pb_row column_structure=&#8220;1_2,1_2&#8243; _builder_version=&#8220;4.27.5&#8243; _module_preset=&#8220;default&#8220; background_enable_color=&#8220;off&#8220; custom_padding=&#8220;20px|20px|20px|20px|false|false&#8220; locked=&#8220;off&#8220; global_colors_info=&#8220;{}&#8220;][et_pb_column type=&#8220;1_2&#8243; _builder_version=&#8220;4.27.5&#8243; _module_preset=&#8220;default&#8220; global_colors_info=&#8220;{}&#8220;][et_pb_accordion _builder_version=&#8220;4.27.5&#8243; _module_preset=&#8220;default&#8220; locked=&#8220;off&#8220; global_colors_info=&#8220;{}&#8220;][et_pb_accordion_item title=&#8220;\u00a7 7 StGB \u2013 Schutz von Deutschen im Ausland&#8220; open=&#8220;on&#8220; _builder_version=&#8220;4.27.5&#8243; _module_preset=&#8220;default&#8220; global_colors_info=&#8220;{}&#8220;]<\/p>\n<p>Straftaten gegen Deutsche im Ausland k\u00f6nnen verfolgt werden.<\/p>\n<p>[\/et_pb_accordion_item][et_pb_accordion_item title=&#8220;\u00a7 7 Abs. 2 StGB \u2013 Strafbarkeit deutscher T\u00e4ter im Ausland&#8220; _builder_version=&#8220;4.27.5&#8243; _module_preset=&#8220;default&#8220; global_colors_info=&#8220;{}&#8220; open=&#8220;off&#8220;]<\/p>\n<p>Deutsche Staatsangeh\u00f6rige k\u00f6nnen f\u00fcr Auslandstaten belangt werden, sofern die Tat auch dort strafbar ist (Doppelstrafbarkeit).<\/p>\n<p>[\/et_pb_accordion_item][\/et_pb_accordion][\/et_pb_column][et_pb_column type=&#8220;1_2&#8243; _builder_version=&#8220;4.27.5&#8243; _module_preset=&#8220;default&#8220; global_colors_info=&#8220;{}&#8220;][et_pb_accordion _builder_version=&#8220;4.27.5&#8243; _module_preset=&#8220;default&#8220; locked=&#8220;off&#8220; global_colors_info=&#8220;{}&#8220;][et_pb_accordion_item title=&#8220; \u00a7 5 StGB \u2013 Auslandstaten gegen inl\u00e4ndische Rechtsg\u00fcter&#8220; open=&#8220;on&#8220; _builder_version=&#8220;4.27.5&#8243; _module_preset=&#8220;default&#8220; global_colors_info=&#8220;{}&#8220;]<\/p>\n<p>Bei bestimmten Delikten (z. B. Falschgeld, Geldw\u00e4sche, Terrorismus) ist Deutschland stets zust\u00e4ndig.<\/p>\n<p>[\/et_pb_accordion_item][et_pb_accordion_item title=&#8220;\u00a7 6 StGB \u2013 Weltrechtsprinzip&#8220; _builder_version=&#8220;4.27.5&#8243; _module_preset=&#8220;default&#8220; global_colors_info=&#8220;{}&#8220; open=&#8220;off&#8220;]<\/p>\n<p>Bei bestimmten schweren Delikten (z. B. Menschenhandel, Kriegsverbrechen) besteht Zust\u00e4ndigkeit unabh\u00e4ngig vom Tatort.<\/p>\n<p>[\/et_pb_accordion_item][\/et_pb_accordion][\/et_pb_column][\/et_pb_row][et_pb_row _builder_version=&#8220;4.27.5&#8243; _module_preset=&#8220;default&#8220; custom_padding=&#8220;7px|||||&#8220; global_colors_info=&#8220;{}&#8220;][et_pb_column type=&#8220;4_4&#8243; _builder_version=&#8220;4.27.5&#8243; _module_preset=&#8220;default&#8220; global_colors_info=&#8220;{}&#8220;][et_pb_text _builder_version=&#8220;4.27.5&#8243; _module_preset=&#8220;default&#8220; max_width=&#8220;100%&#8220; module_alignment=&#8220;center&#8220; global_colors_info=&#8220;{}&#8220;]<\/p>\n<p style=\"text-align: left;\">Diese Regelungen k\u00f6nnen dazu f\u00fchren, dass deutsche Staatsanwaltschaften weit \u00fcber die Staatsgrenzen hinaus ermitteln d\u00fcrfen \u2013 und dies zunehmend auch tun.<\/p>\n<p>[\/et_pb_text][\/et_pb_column][\/et_pb_row][\/et_pb_section][et_pb_section fb_built=&#8220;1&#8243; _builder_version=&#8220;4.27.5&#8243; _module_preset=&#8220;default&#8220; background_enable_color=&#8220;off&#8220; locked=&#8220;off&#8220; global_colors_info=&#8220;{}&#8220;][et_pb_row _builder_version=&#8220;4.27.5&#8243; _module_preset=&#8220;default&#8220; global_colors_info=&#8220;{}&#8220;][et_pb_column type=&#8220;4_4&#8243; _builder_version=&#8220;4.27.5&#8243; _module_preset=&#8220;default&#8220; global_colors_info=&#8220;{}&#8220;][et_pb_text _builder_version=&#8220;4.27.5&#8243; _module_preset=&#8220;default&#8220; header_2_font_size=&#8220;22px&#8220; header_3_font=&#8220;Conneqt Bold||||||||&#8220; header_3_font_size=&#8220;19px&#8220; header_3_line_height=&#8220;1.3em&#8220; text_orientation=&#8220;center&#8220; max_width=&#8220;100%&#8220; module_alignment=&#8220;center&#8220; global_colors_info=&#8220;{}&#8220;]<\/p>\n<h3 style=\"text-align: left;\">Internationale Zusammenarbeit: Von klassischer Rechtshilfe bis zu EU-Instrumenten<\/h3>\n<p style=\"text-align: left;\">Auslandsbezug bedeutet fast immer Kooperation mit ausl\u00e4ndischen Beh\u00f6rden. Die wichtigsten Mechanismen:<\/p>\n<p>[\/et_pb_text][\/et_pb_column][\/et_pb_row][et_pb_row column_structure=&#8220;1_2,1_2&#8243; _builder_version=&#8220;4.27.5&#8243; _module_preset=&#8220;default&#8220; background_enable_color=&#8220;off&#8220; custom_padding=&#8220;20px|20px|20px|20px|false|false&#8220; locked=&#8220;off&#8220; global_colors_info=&#8220;{}&#8220;][et_pb_column type=&#8220;1_2&#8243; _builder_version=&#8220;4.27.5&#8243; _module_preset=&#8220;default&#8220; global_colors_info=&#8220;{}&#8220;][et_pb_accordion _builder_version=&#8220;4.27.5&#8243; _module_preset=&#8220;default&#8220; locked=&#8220;off&#8220; global_colors_info=&#8220;{}&#8220;][et_pb_accordion_item title=&#8220;Europ\u00e4ischer Haftbefehl (EAW)&#8220; open=&#8220;on&#8220; _builder_version=&#8220;4.27.5&#8243; _module_preset=&#8220;default&#8220; global_colors_info=&#8220;{}&#8220;]<\/p>\n<p>Automatisierte \u00dcberstellung gesuchter Personen innerhalb der EU.<\/p>\n<p>[\/et_pb_accordion_item][et_pb_accordion_item title=&#8220;\u00a7 7 Abs. 2 StGB \u2013 Strafbarkeit deutscher T\u00e4ter im Ausland&#8220; _builder_version=&#8220;4.27.5&#8243; _module_preset=&#8220;default&#8220; global_colors_info=&#8220;{}&#8220; open=&#8220;off&#8220;]<\/p>\n<p>Deutsche Staatsangeh\u00f6rige k\u00f6nnen f\u00fcr Auslandstaten belangt werden, sofern die Tat auch dort strafbar ist (Doppelstrafbarkeit).<\/p>\n<p>[\/et_pb_accordion_item][\/et_pb_accordion][\/et_pb_column][et_pb_column type=&#8220;1_2&#8243; _builder_version=&#8220;4.27.5&#8243; _module_preset=&#8220;default&#8220; global_colors_info=&#8220;{}&#8220;][et_pb_accordion _builder_version=&#8220;4.27.5&#8243; _module_preset=&#8220;default&#8220; locked=&#8220;off&#8220; global_colors_info=&#8220;{}&#8220;][et_pb_accordion_item title=&#8220;EPPO-Verfahren&#8220; open=&#8220;on&#8220; _builder_version=&#8220;4.27.5&#8243; _module_preset=&#8220;default&#8220; global_colors_info=&#8220;{}&#8220;]<\/p>\n<p>Zentralisierte EU-Ermittlungen bei Straftaten zulasten des EU-Haushalts.<\/p>\n<p>[\/et_pb_accordion_item][et_pb_accordion_item title=&#8220;Internationale Rechtshilfe&#8220; _builder_version=&#8220;4.27.5&#8243; _module_preset=&#8220;default&#8220; global_colors_info=&#8220;{}&#8220; open=&#8220;off&#8220;]<\/p>\n<p>z. B. nach dem Europ\u00e4ischen Rechtshilfe\u00fcbereinkommen oder bilateralen Vertr\u00e4gen.<\/p>\n<p>[\/et_pb_accordion_item][et_pb_accordion_item title=&#8220;Interpol-Ausschreibungen, insbs. Red Notice&#8220; _builder_version=&#8220;4.27.5&#8243; _module_preset=&#8220;default&#8220; global_colors_info=&#8220;{}&#8220; open=&#8220;off&#8220;]<\/p>\n<p>Internationale Ausschreibung zur Festnahme oder Aufenthaltsermittlung im Auftrag eines Mitgliedstaats. Red Notices haben keine unmittelbare Rechtswirkung, f\u00fchren aber regelm\u00e4\u00dfig zu Festnahmen oder Einreiseverweigerungen.<\/p>\n<p>[\/et_pb_accordion_item][\/et_pb_accordion][\/et_pb_column][\/et_pb_row][et_pb_row _builder_version=&#8220;4.27.5&#8243; _module_preset=&#8220;default&#8220; custom_padding=&#8220;7px|||||&#8220; global_colors_info=&#8220;{}&#8220;][et_pb_column type=&#8220;4_4&#8243; _builder_version=&#8220;4.27.5&#8243; _module_preset=&#8220;default&#8220; global_colors_info=&#8220;{}&#8220;][et_pb_text _builder_version=&#8220;4.27.5&#8243; _module_preset=&#8220;default&#8220; max_width=&#8220;100%&#8220; module_alignment=&#8220;center&#8220; global_colors_info=&#8220;{}&#8220;]<\/p>\n<p style=\"text-align: left;\">Jede dieser Formen der internationalen Zusammenarbeit birgt spezifische prozessuale Risiken \u2013 insbesondere wegen unterschiedlicher Standards und der Geschwindigkeit der Verfahren.<\/p>\n<p>[\/et_pb_text][\/et_pb_column][\/et_pb_row][\/et_pb_section][et_pb_section fb_built=&#8220;1&#8243; _builder_version=&#8220;4.27.5&#8243; _module_preset=&#8220;default&#8220; background_color=&#8220;#f7f7f7&#8243; locked=&#8220;off&#8220; global_colors_info=&#8220;{}&#8220;][et_pb_row _builder_version=&#8220;4.27.5&#8243; _module_preset=&#8220;default&#8220; global_colors_info=&#8220;{}&#8220;][et_pb_column type=&#8220;4_4&#8243; _builder_version=&#8220;4.27.5&#8243; _module_preset=&#8220;default&#8220; global_colors_info=&#8220;{}&#8220;][et_pb_text _builder_version=&#8220;4.27.5&#8243; _module_preset=&#8220;default&#8220; header_2_font_size=&#8220;22px&#8220; header_3_font=&#8220;Conneqt Bold||||||||&#8220; header_3_font_size=&#8220;19px&#8220; header_3_line_height=&#8220;1.3em&#8220; text_orientation=&#8220;center&#8220; max_width=&#8220;100%&#8220; module_alignment=&#8220;center&#8220; global_colors_info=&#8220;{}&#8220;]<\/p>\n<h3 style=\"text-align: left;\">Aktuell im Fokus: Internationale Sanktionen<\/h3>\n<p>[\/et_pb_text][\/et_pb_column][\/et_pb_row][et_pb_row column_structure=&#8220;1_2,1_2&#8243; _builder_version=&#8220;4.27.5&#8243; _module_preset=&#8220;default&#8220; background_enable_color=&#8220;off&#8220; custom_padding=&#8220;20px|20px|20px|20px|false|false&#8220; locked=&#8220;off&#8220; global_colors_info=&#8220;{}&#8220;][et_pb_column type=&#8220;1_2&#8243; _builder_version=&#8220;4.27.5&#8243; _module_preset=&#8220;default&#8220; global_colors_info=&#8220;{}&#8220;][et_pb_text _builder_version=&#8220;4.27.5&#8243; _module_preset=&#8220;default&#8220; max_width=&#8220;100%&#8220; module_alignment=&#8220;center&#8220; global_colors_info=&#8220;{}&#8220;]<\/p>\n<p style=\"text-align: left;\">Internationale Sanktionen sind rechtsverbindliche Ma\u00dfnahmen internationaler oder supranationaler Stellen (z. B. EU, UN), die gegen bestimmte Personen, Organisationen oder Staaten verh\u00e4ngt werden. Es handelt sich um politisch oder wirtschaftlich motivierte Zwangsma\u00dfnahmen, die mit dem Ziel verh\u00e4ngt werden, v\u00f6lkerrechtswidriges Verhalten, etwa Menschenrechtsverletzungen, Angriffskriege oder die Entwicklung von Massenvernichtungswaffen, ohne milit\u00e4rische Gewalt zu beeinflussen oder zu beenden. Typische Formen sind:\u00a0<\/p>\n<ul>\n<li style=\"text-align: left;\">wirtschaftliche Sanktionen (Handels- und Finanzbeschr\u00e4nkungen)<\/li>\n<li style=\"text-align: left;\">Reiseverbote<\/li>\n<li style=\"text-align: left;\">Waffenembargos<\/li>\n<li style=\"text-align: left;\">Einfrieren von Verm\u00f6genswerten<\/li>\n<\/ul>\n<p style=\"text-align: left;\">Strafrechtliche Rechtsfolgen eines Sanktionsversto\u00dfes in Deutschland sind im Au\u00dfenwirtschaftsgesetz (AWG) geregelt und wurden k\u00fcrzlich versch\u00e4rft, um EU-Mindeststandards zu erf\u00fcllen. Nach dem AWG gibt es straf- oder bu\u00dfgeldbewehrte Verbote.<\/p>\n<p>[\/et_pb_text][\/et_pb_column][et_pb_column type=&#8220;1_2&#8243; _builder_version=&#8220;4.27.5&#8243; _module_preset=&#8220;default&#8220; global_colors_info=&#8220;{}&#8220;][et_pb_text _builder_version=&#8220;4.27.5&#8243; _module_preset=&#8220;default&#8220; max_width=&#8220;100%&#8220; module_alignment=&#8220;center&#8220; global_colors_info=&#8220;{}&#8220;]<\/p>\n<p style=\"text-align: left;\">In diesem Rechtsbereich mit internationalen Bez\u00fcgen gibt es immer wieder \u00c4nderungen der Rechtslage. Aktuell dominieren die EU-Sanktionen gegen Russland aufgrund des Ukraine-Kriegs. Im Oktober 2025 verabschiedete die EU das 19. Paket mit Exportverboten f\u00fcr Dual-Use-G\u00fcter, Energiebeschr\u00e4nkungen (z.B. Fl\u00fcssigerdgas-Importverbot ab April 2026) und Sanktionen gegen die \u201eSchattenflotte\u201c von 444 \u00d6ltankern sowie \u00fcber 2400 Personen\/Unternehmen. Auch chinesische Firmen werden f\u00fcr Drohnen-Komponenten an Russland sanktioniert. Weitere Ma\u00dfnahmen zielen auf Milit\u00e4rwirtschaft und Umgehungsschleusen ab.<\/p>\n<p>[\/et_pb_text][\/et_pb_column][\/et_pb_row][\/et_pb_section][et_pb_section fb_built=&#8220;1&#8243; _builder_version=&#8220;4.27.5&#8243; _module_preset=&#8220;default&#8220; background_enable_color=&#8220;off&#8220; background_image=&#8220;https:\/\/defenza.de\/wp-content\/uploads\/2025\/05\/AdobeStock_253031617.jpg&#8220; parallax=&#8220;on&#8220; locked=&#8220;off&#8220; global_colors_info=&#8220;{}&#8220;][et_pb_row _builder_version=&#8220;4.27.5&#8243; _module_preset=&#8220;default&#8220; global_colors_info=&#8220;{}&#8220;][et_pb_column type=&#8220;4_4&#8243; _builder_version=&#8220;4.27.5&#8243; _module_preset=&#8220;default&#8220; global_colors_info=&#8220;{}&#8220;][et_pb_text _builder_version=&#8220;4.27.5&#8243; _module_preset=&#8220;default&#8220; header_2_font_size=&#8220;22px&#8220; header_3_font=&#8220;Conneqt Bold||||||||&#8220; header_3_font_size=&#8220;19px&#8220; header_3_line_height=&#8220;1.3em&#8220; text_orientation=&#8220;center&#8220; max_width=&#8220;100%&#8220; module_alignment=&#8220;center&#8220; global_colors_info=&#8220;{}&#8220;]<\/p>\n<h2 style=\"text-align: center;\">Was wir als spezialisierte Strafverteidiger\/innen tun k\u00f6nnen:<\/h2>\n<p>[\/et_pb_text][\/et_pb_column][\/et_pb_row][et_pb_row column_structure=&#8220;1_2,1_2&#8243; _builder_version=&#8220;4.27.5&#8243; _module_preset=&#8220;default&#8220; locked=&#8220;off&#8220; global_colors_info=&#8220;{}&#8220;][et_pb_column type=&#8220;1_2&#8243; _builder_version=&#8220;4.27.5&#8243; _module_preset=&#8220;default&#8220; global_colors_info=&#8220;{}&#8220;][et_pb_blurb title=&#8220;Wir kl\u00e4ren, welcher Staat zust\u00e4ndig ist \u2013 und welcher nicht&#8220; use_icon=&#8220;on&#8220; font_icon=&#8220;&#xe0f6;||divi||400&#8243; icon_color=&#8220;#b51f1f&#8220; icon_placement=&#8220;left&#8220; image_icon_width=&#8220;28px&#8220; _builder_version=&#8220;4.27.5&#8243; header_font=&#8220;Conneqt Bold|||||on|||&#8220; header_font_size=&#8220;16px&#8220; header_line_height=&#8220;1.8em&#8220; body_font=&#8220;Nunito||||||||&#8220; body_font_size=&#8220;16px&#8220; body_line_height=&#8220;1.8em&#8220; image_icon_custom_padding=&#8220;8px||||false|false&#8220; transform_scale=&#8220;100%|100%&#8220; animation=&#8220;off&#8220; icon_font_size=&#8220;42px&#8220; locked=&#8220;off&#8220; global_colors_info=&#8220;{}&#8220; transform_styles__hover_enabled=&#8220;on|hover&#8220; transform_scale__hover=&#8220;110%|110%&#8220; transform_scale__hover_enabled=&#8220;on|hover&#8220; transform_translate__hover_enabled=&#8220;on|desktop&#8220; transform_rotate__hover_enabled=&#8220;on|desktop&#8220; transform_skew__hover_enabled=&#8220;on|desktop&#8220; transform_origin__hover_enabled=&#8220;on|desktop&#8220;]<\/p>\n<p style=\"text-align: left;\"><span style=\"font-weight: 400;\">Das Ziel ist die Vermeidung paralleler Verfahren und unn\u00f6tiger Risiken.<\/span><\/p>\n<p>[\/et_pb_blurb][et_pb_blurb title=&#8220;Koordination multinationaler Verteidigung&#8220; use_icon=&#8220;on&#8220; font_icon=&#8220;&#xe0f6;||divi||400&#8243; icon_color=&#8220;#b51f1f&#8220; icon_placement=&#8220;left&#8220; image_icon_width=&#8220;28px&#8220; _builder_version=&#8220;4.27.5&#8243; header_font=&#8220;Conneqt Bold|||||on|||&#8220; header_font_size=&#8220;16px&#8220; header_line_height=&#8220;1.8em&#8220; body_font=&#8220;Nunito||||||||&#8220; body_font_size=&#8220;16px&#8220; body_line_height=&#8220;1.8em&#8220; image_icon_custom_padding=&#8220;8px||||false|false&#8220; transform_scale=&#8220;100%|100%&#8220; animation=&#8220;off&#8220; icon_font_size=&#8220;42px&#8220; locked=&#8220;off&#8220; global_colors_info=&#8220;{}&#8220; transform_styles__hover_enabled=&#8220;on|hover&#8220; transform_scale__hover=&#8220;110%|110%&#8220; transform_scale__hover_enabled=&#8220;on|hover&#8220; transform_translate__hover_enabled=&#8220;on|desktop&#8220; transform_rotate__hover_enabled=&#8220;on|desktop&#8220; transform_skew__hover_enabled=&#8220;on|desktop&#8220; transform_origin__hover_enabled=&#8220;on|desktop&#8220;]<\/p>\n<p style=\"text-align: left;\"><span style=\"font-weight: 400;\">Wir arbeiten mit Partnerkanzleien weltweit zusammen und steuern einheitliche Verteidigungsstrategien in mehreren L\u00e4ndern.<\/span><\/p>\n<p>[\/et_pb_blurb][et_pb_blurb title=&#8220;Kontrolle der Rechtm\u00e4\u00dfigkeit ausl\u00e4ndischer Ma\u00dfnahmen&#8220; use_icon=&#8220;on&#8220; font_icon=&#8220;&#xe0f6;||divi||400&#8243; icon_color=&#8220;#b51f1f&#8220; icon_placement=&#8220;left&#8220; image_icon_width=&#8220;28px&#8220; _builder_version=&#8220;4.27.5&#8243; header_font=&#8220;Conneqt Bold|||||on|||&#8220; header_font_size=&#8220;16px&#8220; header_line_height=&#8220;1.8em&#8220; body_font=&#8220;Nunito||||||||&#8220; body_font_size=&#8220;16px&#8220; body_line_height=&#8220;1.8em&#8220; image_icon_custom_padding=&#8220;8px||||false|false&#8220; transform_scale=&#8220;100%|100%&#8220; animation=&#8220;off&#8220; icon_font_size=&#8220;42px&#8220; locked=&#8220;off&#8220; global_colors_info=&#8220;{}&#8220; transform_styles__hover_enabled=&#8220;on|hover&#8220; transform_scale__hover=&#8220;110%|110%&#8220; transform_scale__hover_enabled=&#8220;on|hover&#8220; transform_translate__hover_enabled=&#8220;on|desktop&#8220; transform_rotate__hover_enabled=&#8220;on|desktop&#8220; transform_skew__hover_enabled=&#8220;on|desktop&#8220; transform_origin__hover_enabled=&#8220;on|desktop&#8220;]<\/p>\n<p style=\"text-align: left;\"><span style=\"font-weight: 400;\">Wir pr\u00fcfen: Rechtshilfeersuchen, Europ\u00e4ische Ermittlungsanordnungen, Europ\u00e4ische Haftbefehle, und die Verwertbarkeit ausl\u00e4ndischer Beweise.<\/span><\/p>\n<p>[\/et_pb_blurb][et_pb_blurb title=&#8220;Schutz vor Auslieferung und internationalen Haftbefehlen&#8220; use_icon=&#8220;on&#8220; font_icon=&#8220;&#xe0f6;||divi||400&#8243; icon_color=&#8220;#b51f1f&#8220; icon_placement=&#8220;left&#8220; image_icon_width=&#8220;28px&#8220; _builder_version=&#8220;4.27.5&#8243; header_font=&#8220;Conneqt Bold|||||on|||&#8220; header_font_size=&#8220;16px&#8220; header_line_height=&#8220;1.8em&#8220; body_font=&#8220;Nunito||||||||&#8220; body_font_size=&#8220;16px&#8220; body_line_height=&#8220;1.8em&#8220; image_icon_custom_padding=&#8220;8px||||false|false&#8220; transform_scale=&#8220;100%|100%&#8220; animation=&#8220;off&#8220; icon_font_size=&#8220;42px&#8220; locked=&#8220;off&#8220; global_colors_info=&#8220;{}&#8220; transform_styles__hover_enabled=&#8220;on|hover&#8220; transform_scale__hover=&#8220;110%|110%&#8220; transform_scale__hover_enabled=&#8220;on|hover&#8220; transform_translate__hover_enabled=&#8220;on|desktop&#8220; transform_rotate__hover_enabled=&#8220;on|desktop&#8220; transform_skew__hover_enabled=&#8220;on|desktop&#8220; transform_origin__hover_enabled=&#8220;on|desktop&#8220;]<\/p>\n<p style=\"text-align: left;\"><span style=\"font-weight: 400;\">Wir verhindern oder begrenzen die Auslieferungshaft, die Festnahmerisiken im Ausland, Interpol-Ausschreibungen.<\/span><\/p>\n<p>[\/et_pb_blurb][\/et_pb_column][et_pb_column type=&#8220;1_2&#8243; _builder_version=&#8220;4.27.5&#8243; _module_preset=&#8220;default&#8220; global_colors_info=&#8220;{}&#8220;][et_pb_blurb title=&#8220;Verteidigung bei Verm\u00f6genszugriffen&#8220; use_icon=&#8220;on&#8220; font_icon=&#8220;&#xe0f6;||divi||400&#8243; icon_color=&#8220;#b51f1f&#8220; icon_placement=&#8220;left&#8220; image_icon_width=&#8220;28px&#8220; _builder_version=&#8220;4.27.5&#8243; header_font=&#8220;Conneqt Bold|||||on|||&#8220; header_font_size=&#8220;16px&#8220; header_line_height=&#8220;1.8em&#8220; body_font=&#8220;Nunito||||||||&#8220; body_font_size=&#8220;16px&#8220; body_line_height=&#8220;1.8em&#8220; image_icon_custom_padding=&#8220;8px||||false|false&#8220; transform_scale=&#8220;100%|100%&#8220; animation=&#8220;off&#8220; icon_font_size=&#8220;42px&#8220; locked=&#8220;off&#8220; global_colors_info=&#8220;{}&#8220; transform_styles__hover_enabled=&#8220;on|hover&#8220; transform_scale__hover=&#8220;110%|110%&#8220; transform_scale__hover_enabled=&#8220;on|hover&#8220; transform_translate__hover_enabled=&#8220;on|desktop&#8220; transform_rotate__hover_enabled=&#8220;on|desktop&#8220; transform_skew__hover_enabled=&#8220;on|desktop&#8220; transform_origin__hover_enabled=&#8220;on|desktop&#8220;]<\/p>\n<p style=\"text-align: left;\"><span style=\"font-weight: 400;\">Wir agieren gegen Arrest, Einfrieren und Beschlagnahme \u2013 national wie international.<\/span><\/p>\n<p>[\/et_pb_blurb][et_pb_blurb title=&#8220;Strategische Koordination und Kommunikation&#8220; use_icon=&#8220;on&#8220; font_icon=&#8220;&#xe0f6;||divi||400&#8243; icon_color=&#8220;#b51f1f&#8220; icon_placement=&#8220;left&#8220; image_icon_width=&#8220;28px&#8220; _builder_version=&#8220;4.27.5&#8243; header_font=&#8220;Conneqt Bold|||||on|||&#8220; header_font_size=&#8220;16px&#8220; header_line_height=&#8220;1.8em&#8220; body_font=&#8220;Nunito||||||||&#8220; body_font_size=&#8220;16px&#8220; body_line_height=&#8220;1.8em&#8220; image_icon_custom_padding=&#8220;8px||||false|false&#8220; transform_scale=&#8220;100%|100%&#8220; animation=&#8220;off&#8220; icon_font_size=&#8220;42px&#8220; locked=&#8220;off&#8220; global_colors_info=&#8220;{}&#8220; transform_styles__hover_enabled=&#8220;on|hover&#8220; transform_scale__hover=&#8220;110%|110%&#8220; transform_scale__hover_enabled=&#8220;on|hover&#8220; transform_translate__hover_enabled=&#8220;on|desktop&#8220; transform_rotate__hover_enabled=&#8220;on|desktop&#8220; transform_skew__hover_enabled=&#8220;on|desktop&#8220; transform_origin__hover_enabled=&#8220;on|desktop&#8220;]<\/p>\n<p style=\"text-align: left;\"><span style=\"font-weight: 400;\">Wir stimmen Aussagen, Dokumentenlieferungen und Verteidigungs- sowie Verhaltensstrategien zwischen den beteiligten Staaten ab. Falls erforderlich, koordinieren wir die Verteidigung und ein strategisch sinnvolles Vorgehen mit anderen Anw\u00e4ltinnen und Anw\u00e4lten.<\/span><\/p>\n<p>[\/et_pb_blurb][et_pb_blurb title=&#8220;Pr\u00e4vention und Compliance&#8220; use_icon=&#8220;on&#8220; font_icon=&#8220;&#xe0f6;||divi||400&#8243; icon_color=&#8220;#b51f1f&#8220; icon_placement=&#8220;left&#8220; image_icon_width=&#8220;28px&#8220; _builder_version=&#8220;4.27.5&#8243; header_font=&#8220;Conneqt Bold|||||on|||&#8220; header_font_size=&#8220;16px&#8220; header_line_height=&#8220;1.8em&#8220; body_font=&#8220;Nunito||||||||&#8220; body_font_size=&#8220;16px&#8220; body_line_height=&#8220;1.8em&#8220; image_icon_custom_padding=&#8220;8px||||false|false&#8220; transform_scale=&#8220;100%|100%&#8220; animation=&#8220;off&#8220; icon_font_size=&#8220;42px&#8220; locked=&#8220;off&#8220; global_colors_info=&#8220;{}&#8220; transform_styles__hover_enabled=&#8220;on|hover&#8220; transform_scale__hover=&#8220;110%|110%&#8220; transform_scale__hover_enabled=&#8220;on|hover&#8220; transform_translate__hover_enabled=&#8220;on|desktop&#8220; transform_rotate__hover_enabled=&#8220;on|desktop&#8220; transform_skew__hover_enabled=&#8220;on|desktop&#8220; transform_origin__hover_enabled=&#8220;on|desktop&#8220;]<\/p>\n<p style=\"text-align: left;\"><span style=\"font-weight: 400;\">Wir beraten Individualpersonen, aber auch Unternehmen und Entscheidungstr\u00e4ger zu Risikofeldern im internationalen Gesch\u00e4ftsverkehr.<\/span><\/p>\n<p>[\/et_pb_blurb][\/et_pb_column][\/et_pb_row][et_pb_row _builder_version=&#8220;4.27.5&#8243; _module_preset=&#8220;default&#8220; custom_padding=&#8220;7px||7px|||&#8220; global_colors_info=&#8220;{}&#8220;][et_pb_column type=&#8220;4_4&#8243; _builder_version=&#8220;4.27.5&#8243; _module_preset=&#8220;default&#8220; global_colors_info=&#8220;{}&#8220;][et_pb_button button_url=&#8220;#kontakt&#8220; button_text=&#8220;Anfrage Beratung&#8220; button_alignment=&#8220;center&#8220; _builder_version=&#8220;4.27.4&#8243; _module_preset=&#8220;default&#8220; custom_button=&#8220;on&#8220; button_text_color=&#8220;#b51f1e&#8220; button_font=&#8220;Nunito||||||||&#8220; button_icon_color=&#8220;RGBA(0,0,0,0)&#8220; background_layout=&#8220;dark&#8220; custom_margin=&#8220;0px|0px|0px|0px|false|false&#8220; custom_padding=&#8220;|20px||20px|false|false&#8220; button_text_size_tablet=&#8220;&#8220; button_text_size_phone=&#8220;18px&#8220; button_text_size_last_edited=&#8220;on|phone&#8220; custom_css_before=&#8220;white-space: nowrap;&#8220; custom_css_main_element=&#8220;white-space: nowrap;&#8220; custom_css_after=&#8220;white-space: nowrap;&#8220; global_colors_info=&#8220;{}&#8220;][\/et_pb_button][\/et_pb_column][\/et_pb_row][\/et_pb_section]<\/p>\n","protected":false},"excerpt":{"rendered":"<p>Internationales Strafrecht \u2013 Ihre Verteidigung \u00fcber Grenzen hinweg Strafverfahren enden heute nicht mehr an nationalen Grenzen. Global vernetzte Wirtschaft, internationale Kooperationen, grenz\u00fcberschreitende Ermittlungen und europaweite Strafverfolgungsmechanismen stellen Betroffene vor v\u00f6llig neue Herausforderungen. Unsere Kanzlei ist spezialisiert auf Internationales Strafrecht \u2013 das umfasst alle Strafverfahren, in denen grenz\u00fcberschreitende Sachverhalte oder internationale Institutionen eine Rolle spielen. Wir [&hellip;]<\/p>\n","protected":false},"author":4,"featured_media":0,"parent":0,"menu_order":0,"comment_status":"closed","ping_status":"closed","template":"","meta":{"_et_pb_use_builder":"on","_et_pb_old_content":"","_et_gb_content_width":"","om_disable_all_campaigns":false,"_monsterinsights_skip_tracking":false,"_monsterinsights_sitenote_active":false,"_monsterinsights_sitenote_note":"","_monsterinsights_sitenote_category":0,"footnotes":""},"class_list":["post-4529","page","type-page","status-publish","hentry"],"aioseo_notices":[],"_links":{"self":[{"href":"https:\/\/defenza.de\/tr\/wp-json\/wp\/v2\/pages\/4529","targetHints":{"allow":["GET"]}}],"collection":[{"href":"https:\/\/defenza.de\/tr\/wp-json\/wp\/v2\/pages"}],"about":[{"href":"https:\/\/defenza.de\/tr\/wp-json\/wp\/v2\/types\/page"}],"author":[{"embeddable":true,"href":"https:\/\/defenza.de\/tr\/wp-json\/wp\/v2\/users\/4"}],"replies":[{"embeddable":true,"href":"https:\/\/defenza.de\/tr\/wp-json\/wp\/v2\/comments?post=4529"}],"version-history":[{"count":28,"href":"https:\/\/defenza.de\/tr\/wp-json\/wp\/v2\/pages\/4529\/revisions"}],"predecessor-version":[{"id":4617,"href":"https:\/\/defenza.de\/tr\/wp-json\/wp\/v2\/pages\/4529\/revisions\/4617"}],"wp:attachment":[{"href":"https:\/\/defenza.de\/tr\/wp-json\/wp\/v2\/media?parent=4529"}],"curies":[{"name":"wp","href":"https:\/\/api.w.org\/{rel}","templated":true}]}}